{"id":3355,"date":"2019-02-19T08:11:11","date_gmt":"2019-02-19T06:11:11","guid":{"rendered":"https:\/\/www.reiniku.edu.ee\/?page_id=3355"},"modified":"2019-09-10T13:09:58","modified_gmt":"2019-09-10T10:09:58","slug":"oppeaasta-2018-2019","status":"publish","type":"page","link":"https:\/\/www.reiniku.edu.ee\/index.php\/oppeaasta-2018-2019\/","title":{"rendered":"\u00d5ppeaasta 2018\/2019"},"content":{"rendered":"<p><strong>\u00d5PIKUTE V\u00c4LJASTAMINE RAAMATUKOGUST<\/strong><\/p>\n<p><strong>Esmasp\u00e4ev, 26. august<\/strong><\/p>\n<p><u>Riia 25 \u00f5ppehoone raamatukogu<\/u><\/p>\n<p><span style=\"font-size: 1rem;\">8:30 \u2013 9:15 &#8211; 2.a, 2.b<br \/>\n<\/span>9:15 \u2013 10:00 &#8211; 2.c, 2.d<\/p>\n<p>10:30 \u2013 11:15 &#8211; \u00a03.a, 3.b<br \/>\n11:15 \u2013 12:15 &#8211; \u00a03.c, 3.d, 3.e<\/p>\n<p>12:30 \u2013 13:15 &#8211; 4.a, 4.b<br \/>\n13:15 \u2013 14:15 &#8211; 4.c, 4.d, 4.e<\/p>\n<p><u>Vanemuise 48 \u00f5ppehoone raamatukogu<\/u><\/p>\n<p>8:30 \u2013 5.a<br \/>\n9:00 \u2013 5.b<br \/>\n9:30 \u2013 5.c<br \/>\n10:30 \u2013 5.d<br \/>\n11.00 \u2013 5. e<\/p>\n<p><strong>Teisip\u00e4ev, 27. august<\/strong><\/p>\n<p><u>Vanemuise 48 \u00f5ppehoone raamatukogu<\/u><\/p>\n<p>8:30 \u2013 6.a<br \/>\n<span style=\"font-size: 1rem;\">9:00 \u2013 6.b<br \/>\n<\/span><span style=\"font-size: 1rem;\">9:30 \u2013 6.c<br \/>\n<\/span>10:00 \u2013 6.d<br \/>\n10.30 \u2013 6. k<br \/>\n11:00 \u2013 7.a<br \/>\n12:00 \u2013 7.b<br \/>\n13:00 \u2013 7.c<br \/>\n14:00 \u2013 7.d<\/p>\n<p><strong>Kolmap\u00e4ev, 28. august<\/strong><\/p>\n<p><u>Vanemuise 48 \u00f5ppehoone raamatukogu<\/u><\/p>\n<p>9:00 \u2013 8.a<br \/>\n10:00 \u2013 8.b<br \/>\n11:00 \u2013 8.c<br \/>\n<span style=\"font-size: 1rem;\">12:00 \u2013 8.d<br \/>\n<\/span>13:00 \u2013 8. e<\/p>\n<p><strong>Neljap\u00e4ev, 29. august<\/strong><\/p>\n<p><u>Vanemuise 48 \u00f5ppehoone raamatukogu<\/u><\/p>\n<p>9:00 \u2013 9.a<br \/>\n10:00 \u2013 9.b<br \/>\n11:00 \u2013 9.c<br \/>\n12:00 \u2013 9.d<\/p>\n<p>22.08.2019<\/p>\n<hr \/>\n<p><strong>MART REINIKU KOOLI 8. LENNU L\u00d5PUAKTUSE PILDID<\/strong><\/p>\n<p>Pilte saab vaadata ja tellida aadressil:<br \/>\nhttp:\/\/www.pildikompanii.ee\/et\/tellimine\/s2\/TMRK-19225<\/p>\n<p>Ligip\u00e4\u00e4sukood: TMRK-19225<\/p>\n<p>15.07.2019<\/p>\n<hr \/>\n<p><strong>MART REINIKU KOOLI 8. LENNU L\u00d5PUAKTUS<\/strong><\/p>\n<p>Olete oodatud Tartu Mart Reiniku Kooli 8. lennu l\u00f5puaktusele 21.06.2019 kell 17.00 Vanemuise Kontserdimajja.<\/p>\n<p>\u00d5nnitlemine toimub orienteeruvalt kell 18:30 &#8211; 19.00. <span style=\"font-size: 1rem;\">Peale \u00f5nnitlemist klasside pildistamine Teatrikohviku terrassil teatripoolsel k\u00fcljel treppide juures.<\/span><\/p>\n<p>\u00d5nnitlemine:<br \/>\n9.a klassi Teatrikohviku terrassil ehk kohe Shakespeari ees<br \/>\n9.b klassi Teatrikohviku terrassil teatripoolsel k\u00fcljel treppide juures<br \/>\n9.c klassi Teatrikohviku terrassil linnapoolsel k\u00fcljel<br \/>\n9.d klassi Kontserdimaja kassade ees<br \/>\n9.k klassi Kontserdimaja kassade ees<\/p>\n<p>VIHMA KORRAL:<br \/>\n9.a klass 2.korruse fuajees linnapoolsel k\u00fcljel<br \/>\n9.b ja 9.c klass 1.korruse fuajees<br \/>\n9.d ja 9.k klass 2.korruse fuajees koolipoolsel k\u00fcljel<\/p>\n<p>20.06.2019<\/p>\n<hr \/>\n<p><strong>\u00d5UEALA<\/strong><\/p>\n<p>1. juunil avati Mart Reiniku kooli kahe maja vahel uus spordi- ja m\u00e4nguv\u00e4ljak. Koolihoovi rajatud v\u00e4ljakul saab m\u00e4ngida nii korvpalli kui ka lauatennist. M\u00e4nguplatsil on kiiged, turnimisatraktsioon ja batuudid, mis on m\u00f5eldud just v\u00e4iksematele lastele. Lisaks organiseeris vanematekogu veel slackline.<\/p>\n<p>03.06.2019<\/p>\n<hr \/>\n<p><strong>TEEL LAULUPEOLE<\/strong><\/p>\n<p>Palju \u00f5nne k\u00f5ikidele kooli kooridele, rahvatantsijatele ja v\u00f5imlejatele. K\u00f5ik kollektiivid p\u00e4\u00e4sesid laulu- ja tantsupeole.<\/p>\n<p>Ait\u00e4h juhendajatele!<\/p>\n<p>31.05.2019<\/p>\n<hr \/>\n<p><strong>SPELLING BEE<\/strong><\/p>\n<p>16. mail toimus Tartu linna koolide 3. ja 4. klassi \u00f5pilaste inglise keele v\u00f5istlus &#8220;Spelling Bee&#8221;. Meie kooli esindasid <strong>Helena Umbleja<\/strong> (3.a), <strong>Joonatan Sepp<\/strong> (3.b), <strong>Kristo Robin Toots<\/strong> (4.a) ja <strong>Villiam Vilep<\/strong> (4.c).<\/p>\n<p>&nbsp;<\/p>\n<p>Suur t\u00e4nu osalejatele!<\/p>\n<p>24.05.2019<\/p>\n<hr \/>\n<p><strong>LOODUSM\u00c4NG <\/strong><\/p>\n<p>17. mail toimus Ilmatsalus Tartu linna koolide Loodusm\u00e4ng 1.-3. klassidele. Meie kooli \u00f5pilased <strong>Taaniel Antons<\/strong> (1.c), <strong>Kerret Kongi<\/strong> (2.b) ja <strong>Helin R\u00e4\u00e4k <\/strong>(3.a) saavutasid tubli <strong>3. koha<\/strong>.<\/p>\n<p>Palju \u00f5nne!<\/p>\n<p>20.05.2019<\/p>\n<hr \/>\n<p><strong>ORIENTEERUMISM\u00c4NG\u00a0<\/strong><\/p>\n<p>Kevadise oreinteerumism\u00e4ngu k\u00fcsimused on leitavad <a href=\"https:\/\/www.reiniku.edu.ee\/wp-content\/uploads\/2019\/05\/Orient-kevad-2019-k\u00fcsimused.pdf\" target=\"_blank\" rel=\"noopener noreferrer\">siit<\/a>!<\/p>\n<p>Head orienteerumist!<\/p>\n<p>17.05.2019<\/p>\n<hr \/>\n<p><strong>REKORD\u00a0<\/strong><\/p>\n<p><strong>Laura-Liis Valdmaa <\/strong>(8.b) on 100. Eesti meistriv\u00f5istlustel parandanud k\u00f5iki Eesti noorte seliliujumise rekordid!<\/p>\n<p>Palju-palju \u00f5nne, Laura-Liis!<\/p>\n<p><a href=\"https:\/\/www.reiniku.edu.ee\/wp-content\/uploads\/2019\/05\/60341430_2656408397720916_7382925335873978368_o-1024x683.jpg\" target=\"_blank\" rel=\"noopener noreferrer\"><img loading=\"lazy\" decoding=\"async\" class=\"alignnone wp-image-3590 \" src=\"https:\/\/www.reiniku.edu.ee\/wp-content\/uploads\/2019\/05\/60341430_2656408397720916_7382925335873978368_o-1024x683-300x200.jpg\" alt=\"\" width=\"330\" height=\"220\" srcset=\"https:\/\/www.reiniku.edu.ee\/wp-content\/uploads\/2019\/05\/60341430_2656408397720916_7382925335873978368_o-1024x683-300x200.jpg 300w, https:\/\/www.reiniku.edu.ee\/wp-content\/uploads\/2019\/05\/60341430_2656408397720916_7382925335873978368_o-1024x683-768x512.jpg 768w, https:\/\/www.reiniku.edu.ee\/wp-content\/uploads\/2019\/05\/60341430_2656408397720916_7382925335873978368_o-1024x683.jpg 1024w, https:\/\/www.reiniku.edu.ee\/wp-content\/uploads\/2019\/05\/60341430_2656408397720916_7382925335873978368_o-1024x683-624x416.jpg 624w\" sizes=\"auto, (max-width: 330px) 100vw, 330px\" \/><\/a><\/p>\n<p>17.05.2019<\/p>\n<hr \/>\n<p><strong>F\u00dc\u00dcSIKAVIKTORIIN \u201eSPEKTER\u201c<\/strong><\/p>\n<p>F\u00fc\u00fcsikaviktoriinil &#8220;Spekter&#8221; saavutasid auhinnalised kohad meie kooli kolm \u00f5pilast.<\/p>\n<p>8.klasside arvestuses sai <strong>Kristin T\u00f5nisson<\/strong> (8.a) <strong>4. koha<\/strong>. 9.klasside arvestuses said <strong>Martin<\/strong> <strong>Toomsite<\/strong> (9.b) <strong>5. koha<\/strong> ja <strong>Markus Saarepuu<\/strong> (9.b) <strong>6. koha<\/strong>.<\/p>\n<p>Palju \u00f5nne!<\/p>\n<p>16.05.2019<\/p>\n<hr \/>\n<p><strong>ULAKASS<\/strong><\/p>\n<p>11.mail toimus arvustuste v\u00f5istluse Ulakass parimate t\u00f6\u00f6de autasustamine. 7.e klassi \u00f5pilane <strong>Ulla<\/strong> <strong>Marie Metspalu<\/strong> p\u00e4lvis Eesti Emakeele\u00f5petajate Seltsi <strong>preemia<\/strong>.<\/p>\n<p>Palju \u00f5nne!<\/p>\n<p>14.05.2019<\/p>\n<hr \/>\n<p><strong>TEHNOLOOGIAKONKURSS<\/strong><\/p>\n<p>13. mail toimus Tartu Kesklinna Koolis 4. klasside poiste tehnoloogia konkurss teemal &#8220;T\u00f5stuk, lift&#8221;. Meie kooli esindasid <strong>Hendrik Arula<\/strong> (4.e) ja <strong>Thor Kaaren K\u00fcbarsepp<\/strong> (4.b). M\u00f5lemad noormehed saavutasid <strong>2. koha<\/strong>.<\/p>\n<p>Palju \u00f5nne!<\/p>\n<p>Ait\u00e4h poiste juhendaja Helle Sauele!<\/p>\n<p>14.05.2019<\/p>\n<hr \/>\n<h4><strong>KOOLIDEVAHELINE V\u00d5ISTLUS STADTRALLY<\/strong><\/h4>\n<p>10. mail toimus selle aasta viimane koolidevaheline v\u00f5istlus saksa keeles -Stadtrally, kus meie 6.d klassi v\u00f5istkond koosseisus <strong>Laura K\u00fclanurm, Sandra Talver<\/strong> ja <strong>Tuuli P\u00e4rnapuu<\/strong> saavutas<strong> 2.<\/strong> <strong>koha<\/strong>. 7.b v\u00f5istkond, kuhu kuulusid <strong>Kreeta Roose, Arabella Antons<\/strong> ja <strong>Lisa Viktooria<\/strong> <strong>Puurand<\/strong>, saavutas <strong>4. koha<\/strong>.<\/p>\n<p>Tublid olid ka meie teised osalejad.<\/p>\n<p>Palju \u00f5nne!<\/p>\n<p>13.05.2019<\/p>\n<hr \/>\n<p><strong>TARTU LINNA JA MAAKONNA \u00d5PILASTE K\u00d5NEV\u00d5ISTLUS<\/strong><\/p>\n<p>Tartu linna ja maakonna p\u00f5hikooli\u00f5pilaste k\u00f5nev\u00f5istlus toimus 9. mail 2019. a Tartu Hansa Koolis. V\u00f5istlusel osales 12 neljaliikmelist v\u00f5istkonda. V\u00f5istlejaid tunnustati meeskondlikult ja individuaalselt.<\/p>\n<p><strong>Laureaadi tiitli<\/strong> saavutas meie kooli <strong>I v\u00f5istkond<\/strong> (<strong>Anette Ama, Laure Kiivit, Helene <\/strong><strong>Hermiine Tamm, Kristin T\u00f5nisson<\/strong>).<\/p>\n<p><strong style=\"font-size: 1rem;\">Parima k\u00f5neleja auh<\/strong><span style=\"font-size: 1rem;\"><strong>inna<\/strong> sai <strong>Laure Kiivit<\/strong> (8.a).<\/span><\/p>\n<p>Palju \u00f5nne!<\/p>\n<p>10.05.2019<\/p>\n<hr \/>\n<p><strong>AJALOOVIKTORIIN<\/strong><\/p>\n<p>Kui paar p\u00e4eva tagasi oli r\u00f5\u00f5m teada anda 5. klassi \u00f5pilaste tublist esinemisest \u00fclelinnalisel ajalooviktoriinil, siis 6.klassi \u00f5pilaste viktoriinil saavutati <strong>3. koht<\/strong>.<\/p>\n<p>V\u00e4ga tublid olid <strong>Laura K\u00fclanurm, Marten Leosk, Jesper Alapert<\/strong> ja<strong> Andreas Soosaar<\/strong> (6.d).<\/p>\n<p>Palju \u00f5nne!<\/p>\n<p>10.05.2019<\/p>\n<hr \/>\n<p><strong>KUNST<\/strong><\/p>\n<p>Vabariiklikul kunstiol\u00fcmpiaadil saavutas <strong>Annette Annok<\/strong> (7b) \u00a012.-13.koha. P\u00f5hikooli kategoorias osales 37 \u00f5pilast.<\/p>\n<p>Vabariiklikul karikatuuriv\u00f5istlusel &#8220;Mida naerad koolij\u00fcts&#8221; teemal &#8220;Remont&#8221; sai \u017e\u00fcrii poolt \u00e4ra m\u00e4rgitud <strong>Aliise Arendi<\/strong> (9d) karikatuur. Ta oli z\u00fcrii poolt \u00e4ram\u00e4rgitud 18 t\u00f6\u00f6 hulgas. Kokku saabus v\u00f5istlusele 456 t\u00f6\u00f6d.<\/p>\n<p>Palju \u00f5nne!<\/p>\n<p>10.05.2019<\/p>\n<hr \/>\n<p><strong>AJALOO-ALANE M\u00c4LUM\u00c4NG<\/strong><\/p>\n<p>6. mail toimus Tartu koolide 5. klasside ajaloo-alane m\u00e4lum\u00e4ng, kus meie kooli esindas v\u00f5istkond koossseisus <strong>Mehis Mikelsaar<\/strong> (5a), <strong>Albert Saks<\/strong> (5a), <strong>Pia Piret Pilving<\/strong> (5c) ja <strong>Andre-Erik Mikk<\/strong> (5c). V\u00f5istkond sai <strong>1. koha.<\/strong><\/p>\n<p>J\u00e4rgmisel aastal on v\u00f5istluse korraldamise au meie koolil.<\/p>\n<p>Palju \u00f5nne!<\/p>\n<p>10.05.2019<\/p>\n<hr \/>\n<p><strong>AJALOOLASTE UURIMUST\u00d6\u00d6DE V\u00d5ISTLUS<\/strong><\/p>\n<p>Meie kooli \u00f5pilased osalesid 20. ajalooalaste uurimist\u00f6\u00f6de v\u00f5istlusel Eesti Vabariigi Presidendi auhindadele. P\u00f5hikoolis sai <strong>2. koha Loviisa L\u00e4tt<\/strong>\u00a0 oma uurimusega metsavenna t\u00fctrest \u00dcvi Kuusist. <strong>5. koha Jessica Uibo<\/strong>, kes kirjutas loo oma vanat\u00e4di Siberi aastatest.<br \/>\nLoovt\u00f6\u00f6 kategoorias sai<strong> raamatupreemia Triin Kuusk<\/strong>, kes uuris meie kooli vana maja ehituslugu ja valmistas selle 1930. aastate kujutisest linooll\u00f5ike. Eesti Ajaloo- ja \u00dchiskonna\u00f5petuse Seltsi <strong>t\u00e4nukirja <\/strong>sai<strong> Ott Allik<\/strong>, kes p\u00fchendus oma vanaema uurimisele.<\/p>\n<p>Ait\u00e4h juhendajatele Karolina Antons, Kaisa Arum\u00e4e ja Helle Saue.<\/p>\n<p>07.05.2019<\/p>\n<hr \/>\n<p><strong>20.ORIENTEERUMISM\u00c4NG<\/strong><\/p>\n<p><a href=\"https:\/\/www.reiniku.edu.ee\/wp-content\/uploads\/2019\/05\/Orienteerumism\u00e4ng-2019-kevad-1.jpg\" target=\"_blank\" rel=\"noopener noreferrer\"><img loading=\"lazy\" decoding=\"async\" class=\"alignnone wp-image-3561\" src=\"https:\/\/www.reiniku.edu.ee\/wp-content\/uploads\/2019\/05\/Orienteerumism\u00e4ng-2019-kevad-1-300x225.jpg\" alt=\"\" width=\"384\" height=\"288\" srcset=\"https:\/\/www.reiniku.edu.ee\/wp-content\/uploads\/2019\/05\/Orienteerumism\u00e4ng-2019-kevad-1-300x225.jpg 300w, https:\/\/www.reiniku.edu.ee\/wp-content\/uploads\/2019\/05\/Orienteerumism\u00e4ng-2019-kevad-1-768x576.jpg 768w, https:\/\/www.reiniku.edu.ee\/wp-content\/uploads\/2019\/05\/Orienteerumism\u00e4ng-2019-kevad-1-624x468.jpg 624w, https:\/\/www.reiniku.edu.ee\/wp-content\/uploads\/2019\/05\/Orienteerumism\u00e4ng-2019-kevad-1.jpg 960w\" sizes=\"auto, (max-width: 384px) 100vw, 384px\" \/><\/a><\/p>\n<p>06.05.2019<\/p>\n<hr \/>\n<p><strong>TEATEJOOKS<\/strong><\/p>\n<p>Tartu koolidevahelistel teatejooksuv\u00f5istlustel saavutas 6.-7. klasside v\u00f5istkond koosseisus: <strong>Lisette Holst<\/strong>, <strong>Joosep Rand<\/strong>,<strong> Merilin Meemann, Artur Ruul, Annabel Valge, Oliver Sillaste, Maria Terep, Andre Songisepp, Martha Holst <\/strong>ja<strong> Henrik Kreinin<\/strong> <strong>1. koha.<\/strong><\/p>\n<p>8.-9. klasside v\u00f5istkond koosseisus:\u00a0 <strong>Hanna Haljasorg, Alfred Holst, Roberta Leppik, Orm Leopold Lukas, Anette Klaaser, Daniel Erik Kiuru, Marion K\u00f6hler, Johan <\/strong><strong>Villem Kaare, Karmen Ilves ja Karl August Kalamees<\/strong> saavutasid seekord Tamme Kooli j\u00e4rel <strong>2. koha.<\/strong><\/p>\n<p>06.05.2019<\/p>\n<hr \/>\n<p><strong>RAHVATANTSIJAD ESINESID T\u00dcRGIS<\/strong><\/p>\n<p>Meie rahvatantsur\u00fchm (6.a ja 6.d klassi \u00f5pilased) osales 18.04 &#8211; 24.04 toimunud Kocaeli rahvusvahelisel lastefestivalil T\u00fcrgis. Eesti oli geograafiliselt k\u00f5ige p\u00f5hjapoolsem delegatsioon, k\u00f5ige l\u00f5unapoolsem esindus oli p\u00e4rit Aafrikast Svaasimaalt. 47 osalenud riigi hulgas oli lapsi Indoneesiast, Mehhikost, Hiinast, Taist ja teistest eksootilistest paikadest, aga esindatud olid ka meie naaberriigid. Pidu algas suure rongk\u00e4iguga ja l\u00f5ppes uhke galakontserdiga. Lapsed esinesid kokku neljal erineval laval ja tegid seda v\u00e4ga h\u00e4sti. Kuna lapsed elasid kodudes, kogesid nad kohalike s\u00fcdamlikkust, siirust ja erilist k\u00fclalislahkust. Tore, et meil on nii entusiastlikud tantsu\u00f5petajad Kaia ja Tiina Tuhkur, kelle juhendamisel on meie lapsed v\u00f5imelised Eestit esindama \u00fcksk\u00f5ik millises maailma paigas.<\/p>\n<p>29.05.2019<\/p>\n<hr \/>\n<p><strong>MUUSIKAPIDU<\/strong><\/p>\n<p>Tartu \u00dclikooli aulas 8.mail kell 18.00<br \/>\nPilet 3 eurot (kohapeal sularahas). Ostes kava toetad kooli aula klaveri renoveerimist.<\/p>\n<p><a href=\"https:\/\/www.reiniku.edu.ee\/wp-content\/uploads\/2019\/04\/Muusikapeo-plakat-2019-j3-1.jpg\" target=\"_blank\" rel=\"noopener noreferrer\"><img loading=\"lazy\" decoding=\"async\" class=\"alignnone wp-image-3477 size-medium\" src=\"https:\/\/www.reiniku.edu.ee\/wp-content\/uploads\/2019\/04\/Muusikapeo-plakat-2019-j3-1-300x300.jpg\" alt=\"\" width=\"300\" height=\"300\" srcset=\"https:\/\/www.reiniku.edu.ee\/wp-content\/uploads\/2019\/04\/Muusikapeo-plakat-2019-j3-1-300x300.jpg 300w, https:\/\/www.reiniku.edu.ee\/wp-content\/uploads\/2019\/04\/Muusikapeo-plakat-2019-j3-1-150x150.jpg 150w, https:\/\/www.reiniku.edu.ee\/wp-content\/uploads\/2019\/04\/Muusikapeo-plakat-2019-j3-1-768x766.jpg 768w, https:\/\/www.reiniku.edu.ee\/wp-content\/uploads\/2019\/04\/Muusikapeo-plakat-2019-j3-1-1024x1022.jpg 1024w, https:\/\/www.reiniku.edu.ee\/wp-content\/uploads\/2019\/04\/Muusikapeo-plakat-2019-j3-1-624x623.jpg 624w\" sizes=\"auto, (max-width: 300px) 100vw, 300px\" \/><\/a><\/p>\n<p>18.04.2019<\/p>\n<hr \/>\n<p><strong>KOOLINOORTE KARIKATUURIV\u00d5ISTLUS<\/strong><\/p>\n<p>Koolinoorte karikatuuriv\u00f5istlusele Mida naerad, koolij\u00fcts, laekus 456 t\u00f6\u00f6d 24 koolist.\u00a0<strong> Aurelia Meldre<\/strong> saavutas <strong>1.koha.<\/strong><\/p>\n<p>Ait\u00e4h \u00f5petaja Helle Saue.<\/p>\n<p>18.04.2019<\/p>\n<hr \/>\n<p><strong>MINILIIGA FINAALTURNIIR\u00a0<\/strong><\/p>\n<p>Meie koolist j\u00f5udsid seekord l\u00f5ppv\u00f5istlusele 5.-6.kl. t\u00fctarlapsed, kes saavutasid <strong>5.koha.<\/strong> Kokku osales v\u00f5rkpalli v\u00f5istluse erinevatel etappidel \u00fcle 100 v\u00f5istkonna. V\u00f5istkonnas m\u00e4ngisid: <strong>Tuuli P\u00e4rnapuu <\/strong>(6.d)<strong>, Tuuli-Mia Haas <\/strong>(6.c),<strong> Liisa Kivioja, <\/strong><strong>Maria Saar ja Grete Liine Klauks <\/strong>(5.b),<strong> Kertu Kiisholts <\/strong>(5.c), ja<strong> Elo-Mai Vilt <\/strong>(5. d).<\/p>\n<p><a href=\"https:\/\/www.reiniku.edu.ee\/wp-content\/uploads\/2019\/04\/Vorkpall-18.04.jpg\" target=\"_blank\" rel=\"noopener noreferrer\"><img loading=\"lazy\" decoding=\"async\" class=\"alignnone wp-image-3472\" src=\"https:\/\/www.reiniku.edu.ee\/wp-content\/uploads\/2019\/04\/Vorkpall-18.04-300x225.jpg\" alt=\"\" width=\"444\" height=\"333\" srcset=\"https:\/\/www.reiniku.edu.ee\/wp-content\/uploads\/2019\/04\/Vorkpall-18.04-300x225.jpg 300w, https:\/\/www.reiniku.edu.ee\/wp-content\/uploads\/2019\/04\/Vorkpall-18.04-768x576.jpg 768w, https:\/\/www.reiniku.edu.ee\/wp-content\/uploads\/2019\/04\/Vorkpall-18.04-624x468.jpg 624w, https:\/\/www.reiniku.edu.ee\/wp-content\/uploads\/2019\/04\/Vorkpall-18.04.jpg 1000w\" sizes=\"auto, (max-width: 444px) 100vw, 444px\" \/><\/a><\/p>\n<p>18.04.2019<\/p>\n<hr \/>\n<p><strong> K\u00d5NEV\u00d5ISTLUS\u00a0<\/strong><\/p>\n<p>17.04. toimus kooli k\u00f5nev\u00f5istlus 7.-9. klasside \u00f5pilastele. Osales 19 tublit \u00f5pilast. \u017d\u00fcrii otsustas j\u00e4rgnevalt:<br \/>\nEripreemia headele alustajatele &#8211; Klaara Erepuu ja Keiti Olgo<br \/>\nEripreemia k\u00f5ige puudutavama k\u00f5ne eest &#8211; Aliise Arendi<br \/>\nEripreemia s\u00fcdamest tulnud ja l\u00e4bielatud k\u00f5ne eest &#8211; Anita Algus<br \/>\n2. koht &#8211; Anett Pluum ja Laura Laas<br \/>\n<strong>1. koht<\/strong> &#8211; <strong>Heleriin Peterson ja Laure Kiivit<\/strong><\/p>\n<p>V\u00f5itjad esindavad kooli Tartu linna k\u00f5nev\u00f5istlusel.<\/p>\n<p>18.04.2019<\/p>\n<hr \/>\n<p><strong>VABARIIKLIK KODUNDUSE OL\u00dcMPIAAD<\/strong><\/p>\n<p>Reedel, 12.04, toimus Tallinnas vabariiklik kodunduse ol\u00fcmpiaad, kus<strong> Loviisa L\u00e4tt<\/strong> 8.b klassist\u00a0 saavutas <strong>2. koha.<\/strong><\/p>\n<p>16.04.2019<\/p>\n<hr \/>\n<p><strong>POISTE KODUNDUSE KONKURSS<\/strong><\/p>\n<p>Kesklinna koolis toimunud Tartu linna 8. klasside poiste kodunduse konkursil &#8220;Poisid kevadises k\u00f6\u00f6gis&#8221;, saavutas <strong>Kristofer Robin Maasalu<\/strong> 8.a klassist <strong>1. koha<\/strong>.<\/p>\n<p>16.04.2019<\/p>\n<hr \/>\n<p><strong style=\"font-size: 1rem;\">Mart Reiniku kooli LAHTISTE USTE N\u00c4DAL 8.-12. aprillil<\/strong><\/p>\n<p>Meie koolil on lastevanemate jaoks sel n\u00e4dalal uksed lahti m\u00f5lemas \u00f5ppehoones.<\/p>\n<p><strong><u>1.-4. klassid \u00f5pivad Riia 25 \u00f5ppehoones<\/u><\/strong><strong><br \/>\n<\/strong>8.-12. aprillil (v.a 9. aprillil) palume praegusi 1.-4. kl lapsevanemaid andma \u00f5ppetundi v\u00f5i korraldama m\u00f5nda \u00fcritust oma lapse klassis (kokkuleppel klassijuhatajaga).<br \/>\n<strong>Avatud \u00f5ppetundide p\u00e4ev 9. aprillil:<br \/>\n<\/strong>\u2022\u00a0\u00a0 \u00a0k\u00fclastamiseks on avatud 1.-4. klasside 2.-5. \u00f5ppetund, vaata <a href=\"https:\/\/www.reiniku.edu.ee\/tunniplaan\/\" target=\"_blank\" rel=\"noopener noreferrer\">https:\/\/www.reiniku.edu.ee\/tunniplaan\/ \u00a0<\/a><br \/>\n<em>1.-2. kl tundide k\u00fclastamine- klassijuhataja koordineerimisel<br \/>\n<\/em><em>3.-4. kl tundide k\u00fclastamine- ilma eelregistreerimata<br \/>\n<\/em>Palume olla klassiruumi juures hiljemalt 5 minutit enne tunni algust ning mitte tulla v\u00e4ikeste lastega.<br \/>\n\u2022\u00a0\u00a0 \u00a0v\u00f5imalus vestelda klassijuhatajate ja aine\u00f5petajatega (kuni kl 15-ni)<\/p>\n<p><strong><u>5.-9. klassid \u00f5pivad Vanemuise 48 \u00f5ppehoones<\/u><\/strong><br \/>\n8.-12. aprillil (v.a 10. aprillil) palume praegusi 5.-9. kl lapsevanemaid andma \u00f5ppetundi v\u00f5i korraldama m\u00f5nda \u00fcritust oma lapse klassis (kokkuleppel klassijuhatajaga).<\/p>\n<p><strong>Avatud \u00f5ppetundide p\u00e4ev 10. aprillil:<br \/>\n<\/strong>\u2022\u00a0\u00a0 \u00a0k\u00fclastamiseks on avatud k\u00f5ik selle p\u00e4eva 5.-9. kl \u00f5ppetunnid, vaata <a href=\"https:\/\/www.reiniku.edu.ee\/tunniplaan\/\" target=\"_blank\" rel=\"noopener noreferrer\">https:\/\/www.reiniku.edu.ee\/tunniplaan\/<\/a><br \/>\n<em>5.-9. kl<\/em><em> tundide k\u00fclastamine- ilma eelregistreerimata<br \/>\n<\/em>\u2022\u00a0\u00a0 \u00a0v\u00f5imalus vestelda klassijuhatajate ja aine\u00f5petajatega (kuni kl 15-ni)<\/p>\n<p>Lahtiste uste n\u00e4dalal on hea v\u00f5imalus tutvuda v\u00e4heke p\u00f5hjalikumalt\u00a0 koolieluga ja saada vastused pere jaoks t\u00e4htsatele haridusk\u00fcsimustele.<\/p>\n<p>Olete oodatud!<br \/>\nMart Reiniku koolipere<\/p>\n<p>12.04.2019<\/p>\n<hr \/>\n<p><strong>PARIM NOOR INSTRUMENTALIST 2019<\/strong><\/p>\n<p>Eesti Muusikakoolide Liidu vabariiklikul konkursil \u201eParim noor instrumentalist 2019&#8243; sai meie kooli 4.a klassi \u00f5pilane <strong>Armin Ruul<\/strong> klaveri erialal oma vanuser\u00fchma A kategoorias <strong>3. koha<\/strong>.<\/p>\n<p>Palju, palju \u00f5nne andekale poisile!<\/p>\n<p>11.04.2019<\/p>\n<hr \/>\n<p><strong>\u00d5PIOSKUSTE OL\u00dcMPIAAD 4. KLASSILE <\/strong><\/p>\n<p>Tartu linna 4. klasside \u00f5pioskuste ol\u00fcmpiaadil olid meie \u00f5pilased V\u00c4GA TUBLID!\u00a0 Auhinnalise esikohaga meid k\u00fcll ei p\u00e4rjatud, kuid hea tulemuse said \u00f5pilased siiski ja mis k\u00f5ige olulisem &#8211; nad olid ise v\u00e4ga \u00f5hinas ja seda meelt, et p\u00e4ev oli hariv ning p\u00f5nev. V\u00f5istkonda kuulusid <strong>Armin Ruul<\/strong> (4.a), <strong>Rahel Pihla<\/strong> (4.a), <strong>Markus T\u00e4tte<\/strong> (4.e) ja <strong>Marie Gordeeva<\/strong> (4.e).<\/p>\n<p>Palju \u00f5nne ja ait\u00e4h \u00f5pilastele ja nende \u00f5petajatele!<\/p>\n<p>11.04.2019<\/p>\n<hr \/>\n<p><strong>\u00d5PIOSKUSTE OL\u00dcMPIAAD 3. KLASSILE<\/strong><\/p>\n<p>3. aprillil toimus Tartu Descartesi Koolis Tartu linna 3. klasside \u00f5pioskuste ol\u00fcmpiaad. Seekordne ol\u00fcmpiaad oli laulu- ja tantsupeoteemaline. Meie kooli esindasid <strong>Robi Abiline<\/strong> (3.a), <strong>Oliver Mutso<\/strong> (3.e), <strong>Anni Olle<\/strong> (3.e) ja <strong>Helin R\u00e4\u00e4k<\/strong> (3.a).<\/p>\n<p>Kiidame tublisid osalejaid ja nende \u00f5petajaid!<\/p>\n<p>10.04.2019<\/p>\n<hr \/>\n<p><strong>NUTI-MATI MATEMAATIKA EESTI KARIKAV\u00d5ISTLUSED<\/strong><\/p>\n<p>Tartu Mart Reiniku Kool saavutas Nuti-Mati matemaatika Eesti karikav\u00f5istlustel suurte koolide arvestuses <strong>7. koha.<\/strong><br \/>\nIndividuaalselt tegi meie kooli \u00f5pilastest parima tulemuse <strong>Stefan Robin Lepp<\/strong> 4.b klassist, kes 4.-5. klassi vanuser\u00fchmas saavustas <strong>5. koha.<\/strong><\/p>\n<p>Suured t\u00e4nud matemaatikud!<\/p>\n<p>9.04.2019<\/p>\n<hr \/>\n<p><strong>V\u00d5RKPALL<\/strong><\/p>\n<p>5.aprillil osalesid 5.-6.klasside t\u00fcdrukute ja poiste v\u00f5istkonnad L\u00f5una regiooni etapil.<br \/>\nPoiste v\u00f5istkond saavutas<strong>\u00a03. koha<\/strong> koosseisus: <strong>Marten Leosk<\/strong> 6. d, <strong>Joosep <\/strong><strong>Olle, Rasmus S\u00f5na, Rasmus Piir, Robin Rohula, Robin Roots<\/strong>\u00a0 5. c klassist.<\/p>\n<p>T\u00fcdrukute v\u00f5istkond saavutas <strong>1.koha<\/strong> ja p\u00e4\u00e4sesid finaalturniiril. V\u00f5istkonda kuulusid: <strong>Tuuli P\u00e4rnapuu <\/strong>6. d, <strong>Tuuli &#8211; Mia Haas <\/strong>6. c,<strong> Kertu Kiisholts <\/strong>5.c,<strong> Elo-Mai Vilt <\/strong>5. d,<strong> Liisa Kivioja, Maria Saar, Grete Liine Klauks <\/strong>5. b klassist.<\/p>\n<p>Lisaks tublidele sportlastele tegutsesid terve p\u00e4eva kohtunike ja sekret\u00e4ridena: Fiona Valkenklau, Iris Tambets, Eliis Kasen\u00f5mm ja Georg Roland P\u00f5der.<\/p>\n<p><a href=\"https:\/\/www.reiniku.edu.ee\/wp-content\/uploads\/2019\/04\/poisid.jpg\" target=\"_blank\" rel=\"noopener noreferrer\"><img loading=\"lazy\" decoding=\"async\" class=\"alignnone wp-image-3449\" src=\"https:\/\/www.reiniku.edu.ee\/wp-content\/uploads\/2019\/04\/poisid-300x225.jpg\" alt=\"\" width=\"428\" height=\"321\" \/>: kl<\/a><a href=\"https:\/\/www.reiniku.edu.ee\/wp-content\/uploads\/2019\/04\/tudrukud.jpg\" target=\"_blank\" rel=\"noopener noreferrer\"><img loading=\"lazy\" decoding=\"async\" class=\"alignnone wp-image-3448\" src=\"https:\/\/www.reiniku.edu.ee\/wp-content\/uploads\/2019\/04\/tudrukud-300x225.jpg\" alt=\"\" width=\"426\" height=\"319\" \/><\/a><\/p>\n<p>8.04.2019<\/p>\n<hr \/>\n<p><strong>\u00d5IGEKIRJAOL\u00dcMPIAAD<\/strong><\/p>\n<p>Tartu linna ja maakonna \u00f5igekirjaol\u00fcmpiaad toimus 29. m\u00e4rtsil. Osalesid <strong>Lauri Laugmaa<\/strong> (4.c), <strong>Karl-Erik Leppik<\/strong> (4.d), <strong>Eliisabet Veere<\/strong> (4.a), <strong>Arno Kallaste<\/strong> (4.a) ja <strong>Armin Ruul<\/strong> (4.a). Meie kooli \u00f5pilastest oli parim tulemus <strong>Lauri Laugmaal<\/strong> (4.c).<\/p>\n<p>Ait\u00e4h osalejatele ja nende juhendajatele!<\/p>\n<p>8.04.2019<\/p>\n<hr \/>\n<p><strong>INGLISE KEELE OL\u00dcMPIAAD<\/strong><\/p>\n<p>27.m\u00e4rtsil toimus koolisisene 7.klasside inglise keele ol\u00fcmpiaad.<br \/>\n<strong>1. koht Liisa Viktooria Puurand<\/strong> (7.b)<br \/>\n<strong>2. koht Danel Bondarenko<\/strong> (7.e)<br \/>\n<strong>3. koht<\/strong> l\u00e4ks jagamisele<strong>:<br \/>\n<\/strong><strong>Sander Laaneloog<\/strong> (7.d)<br \/>\n<strong>Roland P\u00f5ld<\/strong> (7.e)<br \/>\n<strong>Patrick Pilve<\/strong> (7.c)<br \/>\nNemad esindavad meie kooli linna 7.klasside inglise keele ol\u00fcmpiaadil.<\/p>\n<p>2.04.2019<\/p>\n<hr \/>\n<p><strong>\u00d5IGEKIRJAOL\u00dcMPIAAD<\/strong><\/p>\n<p>29.m\u00e4rtsil toimus Tartu linna ja maakonna \u00f5igekirjaol\u00fcmpiaad. Meie kooli\u00f5pilased saavutasid<br \/>\n5. klasside arvestuses:<br \/>\n<strong>Eva Piirsoo &#8211; 5. koht<\/strong> (\u00f5p. Sandra P\u00f5ldaru);<br \/>\n6. klasside arvestuses:<br \/>\n<strong>Jaan Artur Viirsalu<\/strong> &#8211; <strong>1. koht<\/strong> (\u00f5p. Esta Salmistu-Vaas);<br \/>\n<strong>Jesper Alapert &#8211; 2.-3. koht<\/strong> (\u00f5p. Silja Russak);<br \/>\n7. klasside arvestuses:<br \/>\n<strong>Kreeta Roose &#8211; 2.-3. koht<\/strong> (\u00f5p. Tiiu Heinsalu);<br \/>\n8. klasside arvestuses:<br \/>\n<strong>Jessica Uibo &#8211; 1. koht<\/strong> (\u00f5p. Silja Russak);<br \/>\n<strong>Heleriin Peterson &#8211; 3. koht<\/strong> (\u00f5p. Tiiu Heinsalu).<\/p>\n<p>2.04.2019<\/p>\n<hr \/>\n<p><strong>NOORED EUROOPA METSADES<\/strong><\/p>\n<p>Kooli v\u00f5istkond, kuhu kuulusid <strong>Loviisa L\u00e4tt<\/strong> (8.b), <strong>Kristiine Kaldmaa<\/strong> (8.b) ja<strong> Jessica <\/strong><strong>Uibo<\/strong> (8.b) p\u00e4\u00e4sesid \u00fcleriigilisel v\u00f5istlusel &#8220;Noored Euroopa metsades&#8221;<strong> 2. <\/strong><strong>vooru.<\/strong> Sealt valitakse v\u00e4lja Eesti esindajad v\u00f5istluse l\u00f5ppvooru.<\/p>\n<p>2.04.2019<\/p>\n<hr \/>\n<p><strong>KORVPALL<\/strong><\/p>\n<p>P\u00e4rnus toimunud Sportland 3&#215;3 korvpalli vabariiklikel finaalv\u00f5istlustel osales 6.-7.klassi poiste v\u00f5istkond <strong>Espen M\u00e4gi, Andre Paidre, <\/strong><strong>Talis Torn ja Kendal Tanin.<\/strong> P\u00e4\u00e4sme sinna olid nad lunastanud Tartu piirkondlike v\u00f5istluse v\u00f5iduga. Alagrupis tunnistati ainult v\u00f5ite ja kaheksandikfinaalis alistati Tallinna Saksa G\u00fcmnaasium. Tee v\u00f5idule katkes veerandfinaalis, kus kaotati lisaajal \u00fche punktiga J\u00fcri G\u00fcmnaasiumile. J\u00fcrilased j\u00f5udsid hiljem finaali ja saavutasid seal II koha. Meie poisid j\u00e4id jagama 5.-8. kohta.<\/p>\n<p><a href=\"https:\/\/www.reiniku.edu.ee\/wp-content\/uploads\/2019\/04\/85120_2019_03_27_3x3_012.jpg\" target=\"_blank\" rel=\"noopener noreferrer\"><img loading=\"lazy\" decoding=\"async\" class=\"alignnone wp-image-3434 \" src=\"https:\/\/www.reiniku.edu.ee\/wp-content\/uploads\/2019\/04\/85120_2019_03_27_3x3_012-300x200.jpg\" alt=\"\" width=\"456\" height=\"304\" srcset=\"https:\/\/www.reiniku.edu.ee\/wp-content\/uploads\/2019\/04\/85120_2019_03_27_3x3_012-300x200.jpg 300w, https:\/\/www.reiniku.edu.ee\/wp-content\/uploads\/2019\/04\/85120_2019_03_27_3x3_012-768x512.jpg 768w, https:\/\/www.reiniku.edu.ee\/wp-content\/uploads\/2019\/04\/85120_2019_03_27_3x3_012.jpg 1024w, https:\/\/www.reiniku.edu.ee\/wp-content\/uploads\/2019\/04\/85120_2019_03_27_3x3_012-624x416.jpg 624w\" sizes=\"auto, (max-width: 456px) 100vw, 456px\" \/><\/a><\/p>\n<p>2.04.2019<\/p>\n<hr \/>\n<p><strong>TEHNOLOOGIA\u00d5PETUSE KONKURSS<\/strong><\/p>\n<p><strong>\u00a0<\/strong>28. m\u00e4rtsil toimus Tartu Linna tehnoloogia\u00f5petuse konkurss 7. klassidele.\u00a0 <strong>Olaf Olev Alakivi (7.d) <\/strong>sai<strong> 2. koha<\/strong>. V\u00f5istlust\u00f6\u00f6 teemaks oli &#8220;Puidust lillepott&#8221;.<\/p>\n<p>Suured t\u00e4nud juhendaja Aivar Sarapuule!<\/p>\n<p>2.04.2019<\/p>\n<hr \/>\n<p><strong>N\u00c4ITERING<br \/>\n<\/strong><\/p>\n<p><strong>\u00a0<\/strong>28. m\u00e4rtsil toimus Elvas XII Mitteteatrite Festival. Meie kooli \u00f5pilane <strong>Annaliisa Kivi<\/strong> (4.a) sai karakterrolli preemia ja <strong>Maria Nemsitsveridze <\/strong>(4.b) ja <strong>Johanna Liiva<\/strong> (4.c) said kiituse kandva rolli eest.<\/p>\n<p>31. m\u00e4rtsil toimus Tartu Kooliteatrite Festival.\u00a0Truppi tunnustati selge loo ja k\u00f5lava k\u00f5ne eest.\u00a0 <strong>Maria Nemsitsveridze<\/strong> (4.b) sai kiireima reageerija preemia ning <strong>Annaliisa Kivi<\/strong> (4.a) hea ja t\u00e4pse rollilahenduse preemia.<\/p>\n<p>Kiitus \u00f5pilastele!<\/p>\n<p>Suured t\u00e4nud n\u00e4iteringi juhendajatele Avele ja Terjele!<\/p>\n<p>1.04.2019<\/p>\n<hr \/>\n<p><strong>KODUNDUSE OL\u00dcMPIAAD<\/strong><\/p>\n<p>22. m\u00e4rtsil toimus Tartu linna kodunduse ol\u00fcmpiaad teemal &#8220;Bakterid ja seened k\u00f6\u00f6gis&#8221;, kus 8.b klassi \u00f5pilane <strong>Loviisa L\u00e4tt<\/strong> saavutas <strong>1.koha. <\/strong>Tema esindab meie kooli ka vabariiklikus voorus.<\/p>\n<p>Suured t\u00e4nud juhendajatele!<\/p>\n<p>26.03.2019<\/p>\n<hr \/>\n<p><strong>ETLUSKONKURSS<\/strong><\/p>\n<p>21. m\u00e4rtsil toimus Liivide etluskonkursi piirkonnavoor.<br \/>\n5.a klassi \u00f5pilane<strong> Mehis Mikelsaar<\/strong> saavutas <strong>2.koha<\/strong> ja 9.a klassi \u00f5pilane <strong>Eliise Luka Tegova<\/strong> saavutas<strong> 3.koha.<\/strong><br \/>\nV\u00e4ga tubli oli ka 7.b klassi \u00f5pilane Arabella Antons.<\/p>\n<p>22.03.2019<\/p>\n<hr \/>\n<p><strong>VEEBIP\u00d5HINE ASTRONOOMIAVIKTORIIN<\/strong><\/p>\n<p>8. m\u00e4rtsil 2019 toimus veebip\u00f5hine astronoomiaviktoriin &#8220;Pulsar.&#8221;<br \/>\n8. klassi \u00f5pilaste (103 osalejat) arvestuses saavutas <strong>Ott Allik<\/strong> (8.c) 14.koha, <strong>Markus Tamm<\/strong> (8.b) 16. koha ja <strong>Kristiine Kaldmaa<\/strong> (8.b) 18. koha.<\/p>\n<p>Tublid olid ka teised osalejad!<\/p>\n<p>Ait\u00e4h \u00f5pilastele ja juhendaja Sirle Morozovale!<\/p>\n<p>19.03.2019<\/p>\n<hr \/>\n<p><strong>NUTISPORDI TARTUMAA FINAAL<\/strong><\/p>\n<p>14. m\u00e4rtsil toimus meie koolis Nutispordi Tartumaa finaal, kuhu 4 etapi tulemuste p\u00f5hjal p\u00e4\u00e4ses 25 meie kooli \u00f5pilast.<br \/>\nMeie kooli \u00f5pilased saavutasid h\u00e4id tulemusi:<\/p>\n<p>4.-5. klassi Tippsport:<br \/>\n<strong>2. Stefan Robin Lepp (4.b)<\/strong><br \/>\n5. Kris Sirk (5.c)<br \/>\n7. Lauri Sibul (5.a)<br \/>\n9. Kristofer P\u00f5lluste (5.c)<br \/>\n11. Eva Piirsoo (5.a)<\/p>\n<p>6.-7. klassi Tippsport:<br \/>\n<strong>3. Andreas Soosaar (6.d)<\/strong><br \/>\n5. Rasmus Raie (7.b)<br \/>\n6. Jaan Artur Viirsalu (6.a)<br \/>\n7. Marten Leosk (6.d)<br \/>\n9. Kreeta Roose (7.b)<br \/>\n10. Olaf Olev Avakivi (7.d)<\/p>\n<p>8.-9. klassi Tippsport:<br \/>\n<strong>1. Kristiine Kaldmaa (8.b)<\/strong><br \/>\n<strong>2. Vanessa Viiding (9.b)<\/strong><br \/>\n4. Johanna Kaare (9.b)<br \/>\n5. Hanna Haljasorg (8.b)<br \/>\n8. Hendrik Jaks (8.b)<br \/>\n9. Jessica Uibo (8.b)<br \/>\n10. Miia Marta T\u00e4rgla (9.b)<\/p>\n<p>Rahvasport A-grupp:<br \/>\n<strong>1. Mari Kaldmaa (9.a)<\/strong><br \/>\n<strong>2. Tristan K\u00f6hler (7.b)<\/strong><\/p>\n<p>Rahvasport B-grupp:<br \/>\n<strong>1. Merilin Meemann (6.b)<\/strong><br \/>\n<strong>3. Malin P\u00fcttsepp (9.b)<\/strong><\/p>\n<p>Ait\u00e4h \u00f5pilastele ja nende \u00f5petajatele!<\/p>\n<p>19.03.2019<\/p>\n<hr \/>\n<p><strong>MATEMAATIKAOL\u00dcMPIAAD<\/strong><\/p>\n<p>9. m\u00e4rtsil toimus \u00fclelinnaline 4.-6. klasside matemaatikaol\u00fcmpiaad.<br \/>\nMeie kooli \u00f5pilased saavutasid h\u00e4id tulemusi:<\/p>\n<p>4. klassides osales 62 \u00f5pilast<br \/>\n20.-25. Armin Ruul (4.a)<br \/>\n20.-25. Taavet Siimon (4.b)<br \/>\n20.-25. Lauri Laugmaa (4.c)<\/p>\n<p>5. klassides osales 64 \u00f5pilast<br \/>\n<strong>1.-2. Jan-Eerik Ehrlich (5.a)<\/strong><br \/>\n13. Kristofer P\u00f5lluste (5.c)<br \/>\n22. Markus Mitt (5.c)<\/p>\n<p>6. klassides osales 57 \u00f5pilast<br \/>\n<strong>1. Marten Leosk (6.d)<\/strong><br \/>\n8.-9. Jaan Artur Viirsalu (6.a)<br \/>\n10.-11. Andreas Soosaar (6.d)<br \/>\n13.-15. Jesper Alapert (6.d)<br \/>\n23. Samuel T\u00e4tte (6.d)<\/p>\n<p>Ait\u00e4h \u00f5pilastele ja nende \u00f5petajatele!<\/p>\n<p>12.03.2019<\/p>\n<hr \/>\n<p><strong>RAHVASTEPALLIV\u00d5ISTLUSED<\/strong><\/p>\n<p>7. m\u00e4rtsil toimus L\u00f5una-Eesti rahvastepalliv\u00f5istlus 1.-3. klassi \u00f5pilastele. Osales 10 poiste ja 10 t\u00fcdrukute v\u00f5istkonda. Meie kooli <strong>3. kl t\u00fcdrukute v\u00f5istkond<\/strong> saavutas <strong>3. koha<\/strong>. Lapsed said medali, diplomi ja kommipaki, koolile anti karikas. Poiste v\u00f5istkond esines edukalt Tartu m\u00e4ngudel.<\/p>\n<p>Palju \u00f5nne lastele ja juhendajatele \u00fchise saavutuse eest!<\/p>\n<p><a href=\"https:\/\/www.reiniku.edu.ee\/wp-content\/uploads\/2019\/03\/20190307_1340322.jpg\" target=\"_blank\" rel=\"noopener noreferrer\"><img loading=\"lazy\" decoding=\"async\" class=\"alignnone wp-image-3395\" src=\"https:\/\/www.reiniku.edu.ee\/wp-content\/uploads\/2019\/03\/20190307_1340322-300x225.jpg\" alt=\"\" width=\"397\" height=\"298\" srcset=\"https:\/\/www.reiniku.edu.ee\/wp-content\/uploads\/2019\/03\/20190307_1340322-300x225.jpg 300w, https:\/\/www.reiniku.edu.ee\/wp-content\/uploads\/2019\/03\/20190307_1340322-768x576.jpg 768w, https:\/\/www.reiniku.edu.ee\/wp-content\/uploads\/2019\/03\/20190307_1340322-1024x768.jpg 1024w, https:\/\/www.reiniku.edu.ee\/wp-content\/uploads\/2019\/03\/20190307_1340322-624x468.jpg 624w\" sizes=\"auto, (max-width: 397px) 100vw, 397px\" \/><\/a><\/p>\n<p>8.03.2019<\/p>\n<hr \/>\n<p><strong>ILUSA K\u00c4EKIRJA KONKURSS<\/strong><\/p>\n<p>5. m\u00e4rtsil toimus Kesklinna koolis \u00fclelinnaline Ilusa k\u00e4ekirja konkurss 3. klassidele. Meie kooli esindasid <strong>Adeele Vulf<\/strong> (3.b) ja <strong>Robert P\u00e4rn<\/strong> (3.d).<\/p>\n<p>Lapsed t\u00f5id kaasa t\u00e4nukirjad hea osalemise eest.<\/p>\n<p><a href=\"https:\/\/www.reiniku.edu.ee\/wp-content\/uploads\/2019\/03\/53832676_412438776226932_7610170032575741952_n.jpg\" target=\"_blank\" rel=\"noopener noreferrer\"><img loading=\"lazy\" decoding=\"async\" class=\"alignnone wp-image-3392 \" src=\"https:\/\/www.reiniku.edu.ee\/wp-content\/uploads\/2019\/03\/53832676_412438776226932_7610170032575741952_n-225x300.jpg\" alt=\"\" width=\"239\" height=\"319\" srcset=\"https:\/\/www.reiniku.edu.ee\/wp-content\/uploads\/2019\/03\/53832676_412438776226932_7610170032575741952_n-225x300.jpg 225w, https:\/\/www.reiniku.edu.ee\/wp-content\/uploads\/2019\/03\/53832676_412438776226932_7610170032575741952_n-768x1024.jpg 768w, https:\/\/www.reiniku.edu.ee\/wp-content\/uploads\/2019\/03\/53832676_412438776226932_7610170032575741952_n-624x832.jpg 624w\" sizes=\"auto, (max-width: 239px) 100vw, 239px\" \/><\/a><\/p>\n<p>7.03.2019<\/p>\n<hr \/>\n<p><strong>SAKSA KEELE T\u00d5LKEV\u00d5ISTLUS<\/strong><\/p>\n<p>Tartu linna 8. klasside t\u00f5lkev\u00f5istlusel saavutas <strong>Laure Kiivit <\/strong>(8.a) <strong>2. koha<\/strong>.<\/p>\n<p>Palju \u00f5nne!<\/p>\n<p>7.03.2019<\/p>\n<hr \/>\n<p><strong>LIIKUMISPIDU<\/strong><\/p>\n<p><a href=\"https:\/\/www.reiniku.edu.ee\/wp-content\/uploads\/2019\/03\/Liikumispidu-2019.jpg\" target=\"_blank\" rel=\"noopener noreferrer\"><img loading=\"lazy\" decoding=\"async\" class=\"alignnone wp-image-3384\" src=\"https:\/\/www.reiniku.edu.ee\/wp-content\/uploads\/2019\/03\/Liikumispidu-2019-300x300.jpg\" alt=\"\" width=\"510\" height=\"510\" srcset=\"https:\/\/www.reiniku.edu.ee\/wp-content\/uploads\/2019\/03\/Liikumispidu-2019-300x300.jpg 300w, https:\/\/www.reiniku.edu.ee\/wp-content\/uploads\/2019\/03\/Liikumispidu-2019-150x150.jpg 150w, https:\/\/www.reiniku.edu.ee\/wp-content\/uploads\/2019\/03\/Liikumispidu-2019-768x768.jpg 768w, https:\/\/www.reiniku.edu.ee\/wp-content\/uploads\/2019\/03\/Liikumispidu-2019-1024x1024.jpg 1024w, https:\/\/www.reiniku.edu.ee\/wp-content\/uploads\/2019\/03\/Liikumispidu-2019-624x624.jpg 624w, https:\/\/www.reiniku.edu.ee\/wp-content\/uploads\/2019\/03\/Liikumispidu-2019.jpg 1080w\" sizes=\"auto, (max-width: 510px) 100vw, 510px\" \/><\/a><\/p>\n<p>Pileteid saab osta <a href=\"https:\/\/www.piletimaailm.com\/performances\/4630-mrk-liikumispidu\" target=\"_blank\" rel=\"noopener noreferrer\">SIIT!<\/a><\/p>\n<p>06.03.2019<\/p>\n<hr \/>\n<p><strong>TEHNOLOOGIA KONKURSS<\/strong><\/p>\n<p>21. veebruaril toimus Tartu linna\u00a0tehnoloogia\u00f5petuses konkurss 5. klassidele. V\u00f5istlust\u00f6\u00f6 teemaks oli prillide valmistamine.<br \/>\n<strong>2.koha<\/strong> saavutas <strong>Robin Roots<\/strong>, juhendajaks Aivar Sarapuu.<\/p>\n<p>Palju \u00f5nne!<\/p>\n<p>25.02.2019<\/p>\n<hr \/>\n<p><strong>LAUATENNIS<\/strong><\/p>\n<p>Linna koolidevahelistel lauatennisev\u00f5istlustel saavutasid tubli\u00a0v\u00f5istkondliku <strong>2.koha<\/strong> meie 8.d klassi \u00f5pilased <strong>Rene Sorksep <\/strong>ja<strong> Kuldar\u00a0Eelsoo<\/strong>.<\/p>\n<p>20.02.2019<\/p>\n<hr \/>\n<p><strong>RAHVASTEPALL<\/strong><\/p>\n<p>13.veebruaril toimus 3.klasside rahvastepalli v\u00f5istlus. Meie v\u00f5istkonnal l\u00e4ksid esimesed m\u00e4ngud\u00a0v\u00e4ga vaevaliselt, aga iga j\u00e4rgmise m\u00e4nguga asi paranes. Tulemuseks p\u00e4\u00e4s alagrupi finaali, kus saavutati\u00a0<strong>2. koht<\/strong>\u00a0ja minnakse edasi L\u00f5una-Eesti regiooni v\u00f5istlusele 7. m\u00e4rtsil Valgas.<\/p>\n<p>V\u00f5istkonda kuulusid:<\/p>\n<ul>\n<li>3.a klass &#8211; <strong>Lisandra P\u00e4rnamets, Mirjam M\u00e4e, Franka Leppik, Gerda Laur<\/strong><\/li>\n<li>3.c klass &#8211; <strong>Grettel Tamm<\/strong><\/li>\n<li>3.d klass &#8211; <strong>Saara Olt, K\u00e4di Kuusik, Mirjam Kokk<\/strong><\/li>\n<li>3.e klass &#8211; <strong>Arabel Pedoson<\/strong><\/li>\n<\/ul>\n<p>Suurep\u00e4rane tulemus t\u00fcdrukutelt ja ait\u00e4h juhendaja Tiiu Petersonile!<\/p>\n<p>19.02.2019<\/p>\n<hr \/>\n<p><strong>KOOLI \u00d5IGEKIRJAOL\u00dcMPIAAD<\/strong><\/p>\n<p>13.02 toimus 5.-9. klasside \u00f5igekirjaol\u00fcmpiaad, millest v\u00f5ttis osa 76 \u00f5pilast.<\/p>\n<p>Parimad olid:<\/p>\n<ul>\n<li><strong>Eva Piirsoo<\/strong> (5.c), <strong>Markus Mitt<\/strong> (5.c), <strong>Helena Laur<\/strong> (5.a), <strong>Carolin Raukas<\/strong> (5.c), <strong>Lisandra<\/strong> <strong>Punnar<\/strong> (5.c);<\/li>\n<li><strong style=\"font-size: 1rem;\">Jaan Artur Viirsalu<\/strong><span style=\"font-size: 1rem;\"> \u00a0(6.a), <\/span><strong style=\"font-size: 1rem;\">Jesper\u00a0 Alapert<\/strong><span style=\"font-size: 1rem;\"> \u00a0(6.d), <\/span><strong style=\"font-size: 1rem;\">Markus Kaur<\/strong><span style=\"font-size: 1rem;\"> \u00a0(6.a), <\/span><strong style=\"font-size: 1rem;\">Mirtel Pruulmann<\/strong><span style=\"font-size: 1rem;\"> (6.a), <\/span><strong style=\"font-size: 1rem;\">Arabella Hellisto<\/strong><span style=\"font-size: 1rem;\"> (6.d);<\/span><\/li>\n<li><strong style=\"font-size: 1rem;\">Kreeta Roose<\/strong><span style=\"font-size: 1rem;\"> (7.b), <\/span><strong style=\"font-size: 1rem;\">Kris Kaspar Kalda<\/strong><span style=\"font-size: 1rem;\"> (7.a), <\/span><strong style=\"font-size: 1rem;\">Arabella Antons<\/strong><span style=\"font-size: 1rem;\"> (7.b), <\/span><strong style=\"font-size: 1rem;\">Emma Pastak<\/strong><span style=\"font-size: 1rem;\"> (7.a), <\/span><strong style=\"font-size: 1rem;\">Miina Lensment<\/strong><span style=\"font-size: 1rem;\"> (7.b);<\/span><\/li>\n<li><strong style=\"font-size: 1rem;\">Laure Kiivit<\/strong><span style=\"font-size: 1rem;\"> (8.a), <\/span><strong style=\"font-size: 1rem;\">Jessica Uibo<\/strong><span style=\"font-size: 1rem;\"> (8.b), <\/span><strong style=\"font-size: 1rem;\">Heleriin Peterson<\/strong><span style=\"font-size: 1rem;\"> (8.a), <\/span><strong style=\"font-size: 1rem;\">Kristin T\u00f5nisson<\/strong><span style=\"font-size: 1rem;\"> (8.a), <\/span><strong style=\"font-size: 1rem;\">Marion K\u00f6hler<\/strong><span style=\"font-size: 1rem;\"> (8.b);<\/span><\/li>\n<li><strong style=\"font-size: 1rem;\">Vanessa Viiding<\/strong><span style=\"font-size: 1rem;\"> (9.b), <\/span><strong style=\"font-size: 1rem;\">Merit Tomson<\/strong><span style=\"font-size: 1rem;\"> (9.a), <\/span><strong style=\"font-size: 1rem;\">Lauren Aunpuu<\/strong><span style=\"font-size: 1rem;\"> (9.a), <\/span><strong style=\"font-size: 1rem;\">Johanna Kaare<\/strong><span style=\"font-size: 1rem;\"> (9.b), <\/span><strong style=\"font-size: 1rem;\">Mari Kaldmaa<\/strong><span style=\"font-size: 1rem;\"> (9.a).<\/span><\/li>\n<\/ul>\n<p>15.02.2019<\/p>\n<hr \/>\n<p><strong>V\u00d5RKPALL<\/strong><\/p>\n<p>Esmasp\u00e4eval v\u00f5istlesid Tartu linna p\u00f5hikoolide t\u00fctarlaste v\u00f5rkpalli v\u00f5istkonnad. T\u00fcdrukud m\u00e4ngisid seitse m\u00e4ngu, millest kaotasid napilt kaks m\u00e4ngu. Tulemuseks v\u00e4ga tugev <strong>3.koht<\/strong> Tamme ja Raatuse koolide j\u00e4rel.<\/p>\n<p>V\u00f5istkonna moodustasid: <strong>Laura Laas<\/strong> (9.a),\u00a0<strong>Greteli V\u00e4hi<\/strong> ja <strong>Kertu Kokk<\/strong> (9.d),\u00a0<strong>Rahel Pettai<\/strong> (9.b), <strong>Kristiine Kaldmaa<\/strong> (8.b), <strong>Kadriann Vengerfeldt<\/strong> (8.c),\u00a0<strong>Reesi Paju<\/strong> ja <strong>Kertu Virum\u00e4e<\/strong> (7.b),\u00a0 <strong>Tuuli P\u00e4rnapuu<\/strong> (6.d), <strong>Tuuli-Mia Haas<\/strong> (6.c).<\/p>\n<p>Tublid t\u00fcdrukud!<\/p>\n<p>13.02.2019<\/p>\n<hr \/>\n<p><strong>ETLUSKONKURSS<\/strong><\/p>\n<p>Laup\u00e4eval (09.02) toimunud vabariiklikul etluskonkursil p\u00e4rjati <strong>Arabella Antons<\/strong> (7.b) laureaaditiitliga. Juhendaja oli Tiiu Heinsalu.<\/p>\n<p>Palju \u00f5nne!<\/p>\n<p>11.02.2019<\/p>\n<hr \/>\n<p><strong>MATEMAATIKA OL\u00dcMPIAADI LINNAVOOR<\/strong><\/p>\n<p>Kolmap\u00e4eval (06.02) toimunud linna matemaatika ol\u00fcmpiaadil saavutasid meie kooli \u00f5pilased h\u00e4id tulemusi.<\/p>\n<p>7. klasside arvestuses saavutas\u00a0<strong>Kristjan Kukk<\/strong>\u00a0(7.c) 3. koha.\u00a0<strong>Annette Annok<\/strong> (7.b) sai 16. koha.<\/p>\n<p>8. klasside arvestuses saavutas\u00a0<strong>Kristiine Kaldmaa<\/strong>\u00a0(8.b) \u00fcheksanda, <strong>Markus Tamm<\/strong> (8.b) 14.\u00a0ja<strong> Lauri Haidak<\/strong> (samuti 8.b) 17. koha.<\/p>\n<p>9. klasside arvestuses oli <strong>Andreas Lindsalu<\/strong> (9.b) seitsmes, <strong>Raivo\u00a0<\/strong><strong>Rander<\/strong> (9.a) kaheksas. <strong>Vanessa Viiding<\/strong> (9.b) sai 17. koha<\/p>\n<p>11.02.2019<\/p>\n<hr \/>\n<p><strong>KUNSTIOL\u00dcMPIAAD<\/strong><\/p>\n<p>Laup\u00e4eval (09.02) toimunud Tartu linna ja Tartumaa kunstiol\u00fcmpiaadil saavutas p\u00f5hikooli\u00a0arvestuses <strong>Annette Annok<\/strong> (7.b) Tartu linnas III-IV koha.<\/p>\n<p>11.02.2019<\/p>\n<hr \/>\n<p><strong>NUTIM\u00c4NG QWERTY<\/strong><\/p>\n<p>Teisip\u00e4eval, 05.02. osalesid kaks 3.e klassi poissi <strong>Markus Vassiljev<\/strong> ja <strong>Hans-Eerik Liblik<\/strong> nutim\u00e4ngus QWERTY, mis toimus Tartu Veeriku Koolis. \u00d5pilased omandasid algt\u00f5ed programmeerimisest ja panid selle abil liikuma pisikesed robotid. \u00d5hkkond oli t\u00f6ine ja nutikas ning poisid osalesid edukalt!<\/p>\n<p>15.02.2019<\/p>\n<hr \/>\n<p><strong>V\u00d5RKPALLI MINILIIGA<\/strong><\/p>\n<p>4.-7.veebruar toimus meie koolis Tartu linna 4.-6.klasside v\u00f5rkpalliv\u00f5istlus ehk v\u00f5rkpalli Miniliiga.<\/p>\n<p>T\u00fctarlaste v\u00f5istkondi oli kaheksa, meie m\u00f5lemad v\u00f5istkonnad olid v\u00e4ga tublid:<br \/>\n<strong>1.koht<\/strong>\u00a0&#8211; Tuuli P\u00e4rnapuu (6.d), Tuuli-Mia Haas (6.c), Liisa Kivioja (5.b), Kertu Kiisholts ja Fiona Valkenklau (m\u00f5lemad 5.c), Elo-Mai Vilt (5.d).<br \/>\n<strong>5.koht<\/strong>\u00a0&#8211; Eliis Kasen\u00f5mm (6.b), Maris Raukas ja Iris Tambets (m\u00f5lemad 5.d), Grete Liine Klauks (5.b), Alina Furmanjuk ja Isaura Merilo (4.d).<\/p>\n<p>Poiste v\u00f5istkondi osales neli, meie m\u00f5lemad v\u00f5istkonnad esindasid kooli h\u00e4sti:<br \/>\n<strong>1.koht<\/strong>\u00a0&#8211; Marten Leosk (6.d), Robin Rohula, Rasmus Piir, Rasmus S\u00f5na (k\u00f5ik 5.c), Robin Roots (5.d).<br \/>\n<strong>3.koht<\/strong>\u00a0&#8211; Oskar Roots (6.d), Kevin Kuusik, Devin Andres (m\u00f5lemad 5.b), Kristofer P\u00f5lluste ja Kris Sirk (m\u00f5lemad 5.c).<\/p>\n<p>Esikoha saavutanud v\u00f5istkondadel on v\u00f5imalus oma v\u00f5imed proovile panna L\u00f5una-regiooni Miniliiga turniiril m\u00e4rtsis-aprillis.<\/p>\n<p>V\u00e4ga tubli saavutus!<br \/>\nAit\u00e4h juhendajatele!<\/p>\n<p>8.02.2019<\/p>\n<hr \/>\n<p><strong>S\u00d5BRAP\u00c4EV 14.veebruar<\/strong><\/p>\n<p><strong>S\u00f5brap\u00e4ev Riia 25 \u00f5ppehoones<br \/>\n<\/strong><a href=\"https:\/\/www.reiniku.edu.ee\/wp-content\/uploads\/2019\/02\/S\u00f5brap\u00e4ev-v\u00e4ike-maja.png\" target=\"_blank\" rel=\"noopener noreferrer\"><img loading=\"lazy\" decoding=\"async\" class=\"alignnone wp-image-3289\" src=\"https:\/\/www.reiniku.edu.ee\/wp-content\/uploads\/2019\/02\/S\u00f5brap\u00e4ev-v\u00e4ike-maja-300x225.png\" alt=\"\" width=\"460\" height=\"345\" srcset=\"https:\/\/www.reiniku.edu.ee\/wp-content\/uploads\/2019\/02\/S\u00f5brap\u00e4ev-v\u00e4ike-maja-300x225.png 300w, https:\/\/www.reiniku.edu.ee\/wp-content\/uploads\/2019\/02\/S\u00f5brap\u00e4ev-v\u00e4ike-maja-768x576.png 768w, https:\/\/www.reiniku.edu.ee\/wp-content\/uploads\/2019\/02\/S\u00f5brap\u00e4ev-v\u00e4ike-maja-1024x768.png 1024w, https:\/\/www.reiniku.edu.ee\/wp-content\/uploads\/2019\/02\/S\u00f5brap\u00e4ev-v\u00e4ike-maja-624x468.png 624w, https:\/\/www.reiniku.edu.ee\/wp-content\/uploads\/2019\/02\/S\u00f5brap\u00e4ev-v\u00e4ike-maja.png 1536w\" sizes=\"auto, (max-width: 460px) 100vw, 460px\" \/><\/a><\/p>\n<p><strong>S\u00f5brap\u00e4ev Vanemuise 48 \u00f5ppehoones<br \/>\n<\/strong><a href=\"https:\/\/www.reiniku.edu.ee\/wp-content\/uploads\/2019\/02\/S\u00d5BRAP\u00c4EV-suurte-majas.jpg\"><img loading=\"lazy\" decoding=\"async\" class=\"alignnone wp-image-3288\" src=\"https:\/\/www.reiniku.edu.ee\/wp-content\/uploads\/2019\/02\/S\u00d5BRAP\u00c4EV-suurte-majas-212x300.jpg\" alt=\"\" width=\"425\" height=\"601\" srcset=\"https:\/\/www.reiniku.edu.ee\/wp-content\/uploads\/2019\/02\/S\u00d5BRAP\u00c4EV-suurte-majas-212x300.jpg 212w, https:\/\/www.reiniku.edu.ee\/wp-content\/uploads\/2019\/02\/S\u00d5BRAP\u00c4EV-suurte-majas-768x1086.jpg 768w, https:\/\/www.reiniku.edu.ee\/wp-content\/uploads\/2019\/02\/S\u00d5BRAP\u00c4EV-suurte-majas-724x1024.jpg 724w, https:\/\/www.reiniku.edu.ee\/wp-content\/uploads\/2019\/02\/S\u00d5BRAP\u00c4EV-suurte-majas-624x883.jpg 624w, https:\/\/www.reiniku.edu.ee\/wp-content\/uploads\/2019\/02\/S\u00d5BRAP\u00c4EV-suurte-majas.jpg 1240w\" sizes=\"auto, (max-width: 425px) 100vw, 425px\" \/><\/a><\/p>\n<p>6.02.2019<\/p>\n<hr \/>\n<p><strong>BIOLOOGIAOL\u00dcMPIAADI PIIRKONNAVOORU TULEMUSED<\/strong><\/p>\n<p>Laup\u00e4eval (02.02) toimusid bioloogiaol\u00fcmpiaadi piirkonnavoorud. Tartu linna voorus saavutas 7. klasside arvestuses\u00a0<strong>Arabella Antons\u00a0<\/strong>(7.b)<strong> 3. koha.<\/strong>\u00a0<strong>Anna Jaska <\/strong>(samuti 7.b) jagas<strong> 7.-8. kohta<\/strong>.\u00a0 8. klasside arvestuses saavutas <strong>Jessica Uibo\u00a0<\/strong>(8.b) <strong>3. koha<\/strong>, <strong>Loviisa L\u00e4tt<\/strong> (samuti 8.b) jagas <strong>9.-10. kohta<\/strong>.<\/p>\n<p>6.02.2019<\/p>\n<hr \/>\n<p><strong>NUPUTA LINNAVOOR<\/strong><\/p>\n<p>Reedel osales NUPUTA linnavoorus kaks 5.-6. klasside v\u00f5istkonda ja kaks\u00a07. klassi v\u00f5istkonda. Osalejad olid tublid ja esimestele viiele kohale oli t\u00f5sine rebimine (vahed pool v\u00f5i \u00fcks punkt).<\/p>\n<p>5.-6. klasside arvestuses saavutasid <strong>4.koha<\/strong>\u00a0Kristofer\u00a0P\u00f5lluste, Joosep Olle, Jesper Alapert, Andreas Soosaar ning <strong>5.koha<\/strong>\u00a0Fiona Vankenklau, Emma Maria Lepmets, Eliise Siimon, Oskar\u00a0Roots.<\/p>\n<p>7. klasside arvestuses saavutasid <strong>4.koha<\/strong>\u00a0Kertu Hurbola, Kreeta Roose ja Annette Annok. H\u00e4sti esinesid ka Klaus J\u00f5ela, Joosep Rand, Annabel Valge.<\/p>\n<p>5.02.2019<\/p>\n<hr \/>\n<p><strong>V\u00d5ISTKONDLIK NUPUTA V\u00d5ISTLUS<\/strong><\/p>\n<p>22. jaanuaril toimus koolis <strong>5. klasside<\/strong> v\u00f5istkondlik Nuputa v\u00f5istlus, kus parimateks osutusid:<\/p>\n<p>1. koht 5.c v\u00f5istkond NEWP &#8211; Joosep Olle ja Kristofer P\u00f5lluste<br \/>\n2. koht 5.c v\u00f5istkond Koerad &#8211; Fiona Valkenklau ja Emma Maria Lepmets<br \/>\n3. koht 5.c v\u00f5istkond &#8211; ABC Markus Mitt ja Kevin Keskk\u00fcla<\/p>\n<p>Kokku osales\u00a012 v\u00f5istkonda ja k\u00f5ik osalejad olid tublid!<\/p>\n<p>5.02.2019<\/p>\n<hr \/>\n<p><strong>L\u00d5PUS\u00d5RMUSE KONKURSS<\/strong><\/p>\n<p><a href=\"https:\/\/www.reiniku.edu.ee\/wp-content\/uploads\/2019\/02\/MRK-l\u00f5pus\u00f5rmuse-konkurss.jpg\"><img loading=\"lazy\" decoding=\"async\" class=\"alignnone wp-image-3271\" src=\"https:\/\/www.reiniku.edu.ee\/wp-content\/uploads\/2019\/02\/MRK-l\u00f5pus\u00f5rmuse-konkurss-300x300.jpg\" alt=\"\" width=\"531\" height=\"531\" srcset=\"https:\/\/www.reiniku.edu.ee\/wp-content\/uploads\/2019\/02\/MRK-l\u00f5pus\u00f5rmuse-konkurss-300x300.jpg 300w, https:\/\/www.reiniku.edu.ee\/wp-content\/uploads\/2019\/02\/MRK-l\u00f5pus\u00f5rmuse-konkurss-150x150.jpg 150w, https:\/\/www.reiniku.edu.ee\/wp-content\/uploads\/2019\/02\/MRK-l\u00f5pus\u00f5rmuse-konkurss-768x768.jpg 768w, https:\/\/www.reiniku.edu.ee\/wp-content\/uploads\/2019\/02\/MRK-l\u00f5pus\u00f5rmuse-konkurss-1024x1024.jpg 1024w, https:\/\/www.reiniku.edu.ee\/wp-content\/uploads\/2019\/02\/MRK-l\u00f5pus\u00f5rmuse-konkurss-624x624.jpg 624w, https:\/\/www.reiniku.edu.ee\/wp-content\/uploads\/2019\/02\/MRK-l\u00f5pus\u00f5rmuse-konkurss.jpg 1080w\" sizes=\"auto, (max-width: 531px) 100vw, 531px\" \/><\/a><\/p>\n<p>1.02.2019<\/p>\n<hr \/>\n<p><strong>TEHNOLOOGIA\u00d5PETUSE KONKURSS<\/strong><\/p>\n<p>25. jaanuaril toimus Tartu Linna tehnoloogia\u00f5petuse konkurss 8.klassidele, mille korraldajaks oli Tartu Mart Reiniku kool. V\u00f5istlust\u00f6\u00f6 teemaks oli kasepuidust karbi valmistamine.<\/p>\n<p>Sellel korral olid v\u00f5idut\u00f6\u00f6d nii v\u00f5rdsed, et otsustati v\u00e4lja anda kaks esimest kohta:<br \/>\nI koht <strong>Martin Vendt<\/strong> (Mart Reiniku Kool), juhendaja Aivar Sarapuu<br \/>\nI koht <strong>Markus Tamme<\/strong> (Mart Reiniku Kool), juhendaja Urmas Hein<\/p>\n<p>Palju \u00f5nne!<\/p>\n<p>28.01.2019<\/p>\n<hr \/>\n<p><strong>RAHVASTEPALL<\/strong><\/p>\n<p>25. jaanuaril toimus Tartu alagrupi Dumle vabariiklik 3. kl poiste rahvastepalliv\u00f5istlus. Meie kooli v\u00f5istkond saavutas <strong>III koha<\/strong>. Meeskonda kuulusid: <strong>Daniel Songisepp, Rainer Meier<\/strong> (3.b),\u00a0<strong>Ronald Sepp, Kristjan Koort<\/strong> (3.c), <strong>Oskar Klaassen, Reivo Kalle Toomik<\/strong> (3.d), <strong>Arthur Holst, Evor K\u00e4gu,\u00a0<\/strong><strong>Kaur Metsma<\/strong> (3.a).<\/p>\n<p>KIITUS tublidele m\u00e4ngijatele!<\/p>\n<p><a href=\"https:\/\/www.reiniku.edu.ee\/wp-content\/uploads\/2019\/01\/20190125_1257062.jpg\" target=\"_blank\" rel=\"noopener noreferrer\"><img loading=\"lazy\" decoding=\"async\" class=\"alignnone wp-image-3248\" src=\"https:\/\/www.reiniku.edu.ee\/wp-content\/uploads\/2019\/01\/20190125_1257062-300x225.jpg\" alt=\"\" width=\"408\" height=\"306\" srcset=\"https:\/\/www.reiniku.edu.ee\/wp-content\/uploads\/2019\/01\/20190125_1257062-300x225.jpg 300w, https:\/\/www.reiniku.edu.ee\/wp-content\/uploads\/2019\/01\/20190125_1257062-768x576.jpg 768w, https:\/\/www.reiniku.edu.ee\/wp-content\/uploads\/2019\/01\/20190125_1257062-1024x768.jpg 1024w, https:\/\/www.reiniku.edu.ee\/wp-content\/uploads\/2019\/01\/20190125_1257062-624x468.jpg 624w\" sizes=\"auto, (max-width: 408px) 100vw, 408px\" \/><\/a><\/p>\n<p>28.01.2019<\/p>\n<hr \/>\n<p><strong>INGLISE KEELE VIKTORIIN<\/strong><\/p>\n<p>10. jaanuaril osalesid peaaegu k\u00f5ik 5. klasside \u00f5pilased inglise keele viktoriinis. Kooli kolm parimat <strong>Alexandra Kerr<\/strong> (I, 5.a), <strong>Erik Aleksander P\u00e4ri<\/strong><br \/>\n(II, 5.b) ja <strong>Rasmus Piir<\/strong> (III, 5.c) osalesid v\u00f5istkonnana linna v\u00f5istlusel ja saavutasid v\u00e4ga tubli <strong>4.-5. koha<\/strong>. Neid edestasid ainult erikooli ja -klasside \u00f5pilased.<\/p>\n<p>Kiitus tublidele keeletundjatele!<\/p>\n<p>28.01.2019<\/p>\n<hr \/>\n<p><strong>MUUSIKAKLASS<\/strong><\/p>\n<p><strong>Vestlused 2019\/2020. \u00f5a 1. kl muusikaklassi soovijatele<\/strong> toimuvad <strong>22.\u00a0aprillil kell 14.00-18.00 ja 23. aprillil kell 10.00-14.00 <\/strong>Vanemuise 48 \u00f5ppehoones.\u00a0<strong>Muusikaklassi soovijail palume broneerida 18.03.-15.04. sobiv vestluse aeg<\/strong> (igale lapsele planeeritud 10 minutit) <strong>telefonil <\/strong><strong>7361960 v\u00f5i sekret\u00e4ri juures<\/strong> (Vanemuise 48). Seda v\u00f5ib teha enne taotluse esitamist.<\/p>\n<p>L\u00fchivestlused toimuvad kahes osas:<\/p>\n<ul>\n<li>Klassi\u00f5petaja vestleb lapsega (vanema juuresolekul), vestluse juures viibib kooli ps\u00fchholoog.<\/li>\n<li>Muusika\u00f5petaja vestleb ja musitseerib koos lapsega individuaalselt (laulab ette vabalt valitud laulu, koputab j\u00e4rele r\u00fctme, kuulab helik\u00f5rgusi ja laulab j\u00e4rele).<\/li>\n<\/ul>\n<p>T\u00e4psem info on k\u00e4ttesaadav kooli kodulehel &#8211; <a href=\"https:\/\/www.reiniku.edu.ee\/index.php\/oppetoo\/vastuvott\/\" target=\"_blank\" rel=\"noopener noreferrer\">Avalik teave\/Vastuv\u00f5tt<\/a><\/p>\n<p>24.01.2019<\/p>\n<hr \/>\n<p><strong>TULEMUS F\u00dc\u00dcSIKAOL\u00dcMPIAADILT<\/strong><\/p>\n<p>F\u00fc\u00fcsikaol\u00fcmpiaadi Tartu piirkonnavoorus osalesid ka Reiniku \u00f5pilased. 9.b klassi \u00f5pilane <strong>Andreas Lindsalu<\/strong> saavutas 5. koha.<\/p>\n<p>24.01.2019<\/p>\n<hr \/>\n<p><strong>REAAL- JA LOODUSTEADUSTE VIKORIIN<\/strong><\/p>\n<p>Tartu Jaan Poska G\u00fcmnaasiumis toimus reaal-ja loodusteaduste viktoriin. K\u00fcsimusi esitati bioloogia, keemia, f\u00fc\u00fcsika, geograafia, matemaatika ja informaatika valdkonnast. Meie kooli v\u00f5istkonnal l\u00e4ks v\u00e4ga h\u00e4sti. Saavutasime <strong>II koha<\/strong>. (Punktisumma oli sama, mis esimesel kohal, aga aeg pisut aeglasem).<\/p>\n<p>V\u00f5istkonda kuulusid: <strong>Kirke K\u00fctt, Kertu K\u00fctt, Pauline \u00d6\u00f6pik, Heleri Savolainen.<\/strong><\/p>\n<p>Palju \u00f5nne!<\/p>\n<p>24.01.2019<\/p>\n<hr \/>\n<p><strong>TARTU LINNA \u00d5PILASTE ETLUSKONKURSS<\/strong><\/p>\n<p>17. jaan toimus Tartu linna \u00f5pilaste etluskonkurss, kus osales kokku 28 4.-12.klass \u00f5pilast.<\/p>\n<p>\u017d\u00fcrii koosseisus Lennart Peep (teatri Must Kast lavastaja), Anu Tonts (Vanemuise dramaturg) ja Rasmus Kull (Vanemuise ooperisolist) tegi j\u00e4rgmise otsuse:<\/p>\n<p>7.- 9. klass<br \/>\nI koht <strong>Arabella Antons<\/strong> (Mart Reiniku Kool), juh Tiiu Heinsalu<br \/>\nII &#8211; III koht <strong>Merit Tomson<\/strong> (Mart Reiniku Kool), juh Silja Russak<\/p>\n<p>Nii Arabella kui ja Merit esindavad meie kooli ja linna vabariiklikul etluskonkursil.<br \/>\nJust see vanuseaste olla \u017e\u00fcrii meelest olnud eriti meisterlik.<\/p>\n<p>V\u00e4ga tublilt esinesid ka 4.-6.kl arvestuses Mehis Mikelsaar ja Marie Kiivit.<\/p>\n<p>Palju \u00f5nne!<\/p>\n<p>18.01.2019<\/p>\n<hr \/>\n<p><strong>S\u00d5UDEERGOMEETRIV\u00d5ISTLUS<\/strong><\/p>\n<p>16. jaanuaril Tamme koolis toimunud Tartu koolidevahelistel s\u00f5udeergomeetriv\u00f5istlustel l\u00e4ks meie koolil traditsiooniliselt h\u00e4sti. Kaheksa p\u00f5hikooli konkurentsis saavutasime seekord 596 punktiga <strong>II koha<\/strong> (I Tamme 631 p, III H\u00e4rma 361 p).<\/p>\n<p>Individuaalselt saavutasid 6.-7. klassi t\u00fcdrukud <strong>K\u00e4rt Olt<\/strong> <strong>III koha<\/strong> ja <strong>Martha Holst<\/strong> <strong>IV koha<\/strong>.<br \/>\nVanemate t\u00fcdrukute seas saavutas <strong>Hanna Haljasorg II koha<\/strong>, poistest oli <strong>Mihkel Kruusmann III<\/strong> ja <strong>Rait Roland Rodi IV<\/strong>.<\/p>\n<p>V\u00f5istkondlikes s\u00f5itudes saavutasid nooremad t\u00fcdrukud <strong>K\u00e4rt Olt, Martha Holst, Anna Jaska <\/strong>ja<strong> Liisa Puurand<\/strong> <strong>II koha<\/strong>.<br \/>\n<strong>Jaagup Vana, Ronald Puhk, Erik Nikopensius<\/strong> ja <strong>Oliver Sillaste<\/strong> saavutasid <strong>III koha<\/strong>.<br \/>\n<strong>III koha<\/strong> saavutasid ka vanemad t\u00fcdrukud: <strong>Hanna Haljasorg, Vanessa Viiding, Ida-Tuule J\u00f5gi<\/strong> ja <strong>Rahel Pettai<\/strong>.<br \/>\nTublilt v\u00f5istlesid ka Mihkel Kruusmann, Rait Roland Rodi, Kristjan M\u00e4estu ja Gomer Noorhani.<\/p>\n<p>Palju \u00f5nne!<\/p>\n<p>18.01.2019<\/p>\n<hr \/>\n<p><strong>V\u00d5ISTKONDLIK NUPUTA V\u00d5ISTLUS<\/strong><\/p>\n<p>14. jaanuaril toimus koolis <strong>6. klasside <\/strong>v\u00f5istkondlik Nuputa v\u00f5istlus, kus parimateks osutusid:<br \/>\n1. koht 6.a v\u00f5istkond Tammepuu &#8211; Jaan Artur Viirsalu ja Markus Kaur;<br \/>\n2. koht 6.d v\u00f5istkond Mata 2.0 &#8211; Andreas Soosaar ja Jesper Alapert;<br \/>\n3. koht 6.d v\u00f5istkond Harilik pliiats &#8211; Eliise Siimon ja Oskar Roots;<br \/>\n4. koht 6.d v\u00f5istkond Pannkoogid moosiga &#8211; Rasmus K\u00f5llo ja Markus Kongi;<br \/>\n5. koht 6.a v\u00f5istkond Team Geeniused &#8211; Oskar P\u00f5der ja Marie Kiivit.<\/p>\n<p>15. jaanuaril toimus v\u00f5istlus <strong>7. klasside <\/strong>\u00f5pilastele, kus parimateks osutusid:<br \/>\n1. koht 7.a v\u00f5istkond Ruubik &#8211; Klaus J\u00f5ela, Joosep Rand ja Annabel Valge;<br \/>\n2. koht 7.b v\u00f5istkond Karud &#8211; Kertu Hurbola, Kreeta Roose ja Annette Annok;<br \/>\n3.-4. koht 7.b v\u00f5istkond Kermit &#8211; Hugo Salmar, Tristan K\u00f6hler ja Andreas J\u00fcrgenson;<br \/>\n3.-4. koht 7.b v\u00f5istkond Kajakas &#8211; Arabella Antons, Kertu Virum\u00e4e ja Anna Jaska;<br \/>\n5. koht 7.a v\u00f5istkond V\u00e4ledad &#8211; Markos M\u00f5ttus-Asson, Artur Ruul, Mart Nikopensius.<\/p>\n<p>16.01.2019<\/p>\n<hr \/>\n<p><strong>RIIGIKOHTU KAASUSKONKURSS<\/strong><\/p>\n<p>Riigikohtu 99. aastap\u00e4evale p\u00fchendatud t\u00e4nuaktusel autasustati 18 kooli\u00f5pilast, kes n\u00e4itasid silmapaistvat arutlusoskust kaasuskonkursil.<\/p>\n<p><em>\u201eKonkursi \u017e\u00fcrii esimehe riigikohtunik Paavo Randma s\u00f5nul t\u00f5usid ka sel aastal positiivselt esile 9. klassi \u00f5pilaste t\u00f6\u00f6d, millest nii m\u00f5nigi tegi loogika ja v\u00e4ljenduse poolest silmad ette g\u00fcmnaasiumiastmele.\u201c<\/em><\/p>\n<p>Konkursil osalemiseks tuli \u00f5pilastel lahendada \u00fcks kolmest elulisest \u00f5igusvaidlusest. T\u00f6\u00f6de hindamisel pidas \u017e\u00fcrii k\u00f5ige olulisemaks, et lahendus l\u00e4htuks eelk\u00f5ige konkursil osaleja \u00f5iglustundest ja v\u00e4\u00e4rtushinnangutest.<\/p>\n<p>Meie kooli 9. klassi \u00f5pilasel l\u00e4ks v\u00e4ga h\u00e4sti: I koha saavutas <strong>Lauren Aunpuu<\/strong> (9.a)<\/p>\n<p>Palju \u00f5nne!<br \/>\nSuur t\u00e4nu juhendaja Karolina Antonsile!<br \/>\nV\u00f5idut\u00f6\u00f6d on koondatud spetsiaalselt konkursi tarbeks loodud veebilehele, kuhu p\u00e4\u00e4seb <a href=\"https:\/\/www.riigikohus.ee\/kaasuskonkurss\/2018\/\" target=\"_blank\" rel=\"noopener noreferrer\">SIIT<\/a>.<\/p>\n<p><a href=\"https:\/\/www.reiniku.edu.ee\/wp-content\/uploads\/2019\/02\/Aunpuu-Pikam\u00e4e_1.jpg\" target=\"_blank\" rel=\"noopener noreferrer\"><img loading=\"lazy\" decoding=\"async\" class=\"alignnone wp-image-3280 size-medium\" src=\"https:\/\/www.reiniku.edu.ee\/wp-content\/uploads\/2019\/02\/Aunpuu-Pikam\u00e4e_1-200x300.jpg\" alt=\"\" width=\"200\" height=\"300\" srcset=\"https:\/\/www.reiniku.edu.ee\/wp-content\/uploads\/2019\/02\/Aunpuu-Pikam\u00e4e_1-200x300.jpg 200w, https:\/\/www.reiniku.edu.ee\/wp-content\/uploads\/2019\/02\/Aunpuu-Pikam\u00e4e_1-768x1152.jpg 768w, https:\/\/www.reiniku.edu.ee\/wp-content\/uploads\/2019\/02\/Aunpuu-Pikam\u00e4e_1-683x1024.jpg 683w, https:\/\/www.reiniku.edu.ee\/wp-content\/uploads\/2019\/02\/Aunpuu-Pikam\u00e4e_1-624x936.jpg 624w, https:\/\/www.reiniku.edu.ee\/wp-content\/uploads\/2019\/02\/Aunpuu-Pikam\u00e4e_1.jpg 1233w\" sizes=\"auto, (max-width: 200px) 100vw, 200px\" \/><\/a><\/p>\n<p>16.01.2019<\/p>\n<hr \/>\n<p><strong>NUPUTA JA KOOLI MATEMAATIKAOL\u00dcMPIAAD<\/strong><\/p>\n<p>Detsembrikuus toimusid NUPUTA v\u00f5istlus 5.-7. klassidele ja ol\u00fcmpiaad 7.-9. klassidele. Osav\u00f5tjaid oli rohkesti.<\/p>\n<p><strong>Parimad NUPUTA\u00a0 v\u00f5istlusel:<\/strong><\/p>\n<p>5.klass: 1. Emma Maria Leppmets (5.c), 2. Robin Puusaar (5.c),\u00a03. Oskar August Kruse (5.c), 4. Kristofer P\u00f5lluste (5.c), 5. Joosep Olle (5.c).<\/p>\n<p>6.klass:\u00a01. Jesper Alapert (6.d), 2. Andreas Soosaar (6.d), 3. Eliise Siimon (6.d), 4. Jaan Artur Viirsalu (6.a), 5. Oskar Roots (6.d).<\/p>\n<p>7.klass:\u00a01. Kertu Hurbola (7.b), 2.-3. Tristan K\u00f6hler (7.b), 2.-3. Kristjan Kukk (7.c), 4.-5. Annette Annok (7.b), 4.-5. Hugo Salmar (7.b).<\/p>\n<p><strong>Parimad matemaatikaol\u00fcmpiaadil:<\/strong><\/p>\n<p>7.klass: 1. Annette Annok (7.b), 2. Kristjan Kukk (7.c), 3. Annabel Valge (7.a), 4. Tristan K\u00f6hler (7.b), 5. Kertu Hurbola (7.b).<\/p>\n<p>8.klass: 1. Miree Madleen P\u00fcttsepp (8.b), 2. Lauri Haidak (8.b), 3. Martin Vendt (8.a), 4.-5. Loviisa L\u00e4tt (8.b), 4.-5. Mihkel Kruusmann (8.b).<\/p>\n<p>9.klass:\u00a01. Johanna Kaare (9.b), 2. Andreas Lindsalu (9.b), 3. Vanessa Viiding (9.b), 4. Raivo Rander (9.a), 5.-6. Kertu K\u00fctt (9.a),<br \/>\n5.-6. Ida Tuule J\u00f5gi (9.b).<\/p>\n<p>7.01.2019<\/p>\n<hr \/>\n<p><strong>J\u00d5ULUKONTSERT<\/strong><\/p>\n<p><a href=\"https:\/\/www.reiniku.edu.ee\/wp-content\/uploads\/2018\/12\/J\u00f5ulukontsert.jpg\"><img loading=\"lazy\" decoding=\"async\" class=\"alignnone wp-image-3152\" src=\"https:\/\/www.reiniku.edu.ee\/wp-content\/uploads\/2018\/12\/J\u00f5ulukontsert-300x193.jpg\" alt=\"\" width=\"487\" height=\"313\" srcset=\"https:\/\/www.reiniku.edu.ee\/wp-content\/uploads\/2018\/12\/J\u00f5ulukontsert-300x193.jpg 300w, https:\/\/www.reiniku.edu.ee\/wp-content\/uploads\/2018\/12\/J\u00f5ulukontsert-768x495.jpg 768w, https:\/\/www.reiniku.edu.ee\/wp-content\/uploads\/2018\/12\/J\u00f5ulukontsert-1024x660.jpg 1024w, https:\/\/www.reiniku.edu.ee\/wp-content\/uploads\/2018\/12\/J\u00f5ulukontsert-624x402.jpg 624w, https:\/\/www.reiniku.edu.ee\/wp-content\/uploads\/2018\/12\/J\u00f5ulukontsert.jpg 1122w\" sizes=\"auto, (max-width: 487px) 100vw, 487px\" \/><\/a><\/p>\n<p>16.12.2018<\/p>\n<hr \/>\n<p><strong>MAIRE OJA SAI TUNNUSTUSE<\/strong><\/p>\n<p>Meil on hea meel teatada, et Maire Oja on silma paistnud p\u00fchendunud matemaatika\u00f5petajana ja matemaatika \u00f5ppimise populariseerijana, seet\u00f5ttu tunnustati teda\u00a0prof. Gerhard R\u00e4go nimelise medaliga. Prof. G. R\u00e4go nimelist medalit on antud 175 isikule v\u00f5i kollek\u00adtiivile silmapaistvate teenete eest \u00f5petaja- v\u00f5i \u00f5ppej\u00f5ut\u00f6\u00f6s, \u00f5ppe- ja metoodilise kirjanduse, programmide, \u00f5ppetehnika jms. v\u00e4ljat\u00f6\u00f6tamise ning t\u00f5husa kaasabi osuta\u00admise eest matemaatika \u00f5petamise t\u00e4iustamisele Eesti koolides.<\/p>\n<p>Palju \u00f5nne, Maire Oja!<\/p>\n<p><a href=\"https:\/\/www.reiniku.edu.ee\/wp-content\/uploads\/2018\/12\/Maire-Oja_2018_2.jpg\" target=\"_blank\" rel=\"noopener noreferrer\"><img loading=\"lazy\" decoding=\"async\" class=\"alignnone wp-image-3149\" src=\"https:\/\/www.reiniku.edu.ee\/wp-content\/uploads\/2018\/12\/Maire-Oja_2018_2-199x300.jpg\" alt=\"\" width=\"249\" height=\"375\" srcset=\"https:\/\/www.reiniku.edu.ee\/wp-content\/uploads\/2018\/12\/Maire-Oja_2018_2-199x300.jpg 199w, https:\/\/www.reiniku.edu.ee\/wp-content\/uploads\/2018\/12\/Maire-Oja_2018_2-768x1156.jpg 768w, https:\/\/www.reiniku.edu.ee\/wp-content\/uploads\/2018\/12\/Maire-Oja_2018_2-680x1024.jpg 680w, https:\/\/www.reiniku.edu.ee\/wp-content\/uploads\/2018\/12\/Maire-Oja_2018_2-624x939.jpg 624w, https:\/\/www.reiniku.edu.ee\/wp-content\/uploads\/2018\/12\/Maire-Oja_2018_2.jpg 2000w\" sizes=\"auto, (max-width: 249px) 100vw, 249px\" \/><\/a><\/p>\n<p>12.12.2018<\/p>\n<hr \/>\n<p><strong>KOOLI ETLUSKONKURSS<\/strong><\/p>\n<p>11.dets toimus 5.-9.kl \u00f5pilaste etluskonkurss, kus osalejad pidid esitama proosapala. Esinejaid oli 27 ja k\u00f5ik olid v\u00e4ga tublid.<\/p>\n<p>\u017d\u00fcrii otsustas:<\/p>\n<p>5.-6.kl arvestuses 1.koht <strong>Marie Kiivit<\/strong> (6.a), 2.koht <strong>Mehis Mikelsaar<\/strong> (5.a), 3.koht <strong>Martin Lillevere<\/strong> (5.b).<\/p>\n<p>7.-9.klasside arvestuses 1.koht <strong>Arabella Antons<\/strong> (7.b) ja <strong>Merit Tomson<\/strong> (9.a), 3.koht <strong>Laure Kiivit<\/strong> (8.a).<\/p>\n<p>Eripreemia said <strong>Klaara Erepuu<\/strong> (7.e), <strong>Kertu K\u00fctt<\/strong> (9.a), <strong>Kaspar Kiisk<\/strong> (9.a), <strong>Greete Jalast<\/strong> (9.a), <strong>Pauline \u00d6\u00f6pik<\/strong> (9.b).<\/p>\n<p>Linna etluskonkursile l\u00e4hevad meie kooli esindama <strong>Marie<\/strong>, <strong>Mehis<\/strong>, <strong>Arabella<\/strong> ja <strong>Merit<\/strong>.<\/p>\n<p>Osalesid veel <strong>Anett Pluum<\/strong> (9.b), <strong>Andreas Soosaar<\/strong> (6.d), <strong>Lisette Plado<\/strong> (5.d), <strong>Drevis Sebastian<\/strong> <strong>Harut\u0161i<\/strong> (5.e), <strong>Eva Piirsoo<\/strong> (5.c),<strong> Robin Puusaar<\/strong> (5.c), <strong>Jan-Eerik Ehrlich<\/strong> (5.a), <strong>Heleriin Haljaste<\/strong> (5.a), <strong>Alexandra Joan Kerr<\/strong> (5.a), <strong>Kristi Vendt<\/strong> (5.a), <strong>Albert Saks<\/strong> (5.a), <strong>Magnus Puija<\/strong> (6.d), <strong>Keiti<\/strong> <strong>Olgo<\/strong> (7.e),<strong> Kreeta Roose<\/strong> (7.b), <strong>Martha Holst<\/strong> (7.b), <strong>Kirke K\u00fctt<\/strong> (9.a).<\/p>\n<p>Ait\u00e4h k\u00f5igile tublidele etlejatele ja nende \u00f5petajatele!<\/p>\n<p>12.12.2018<\/p>\n<hr \/>\n<p><strong>HEA TEGU 2018<\/strong><\/p>\n<p>J\u00e4tkame oma kooli ilusat traditsiooni kinkida j\u00f5ulude eel veidi helgust neile, kellel seda v\u00e4ga vaja on. Sellel aastal teeme heateo krooniliselt haigetele lastele ehk toetame kahte fondi, mis just sellega tegelevad. T\u00e4psem info piltidelt.<\/p>\n<ul>\n<li>Valminud on <a href=\"https:\/\/youtu.be\/x0-2CBovsKw\" target=\"_blank\" rel=\"noopener noreferrer\">video<\/a>, milles Janno Puusepp, meie \u00fche toetatava fondi looja, r\u00e4\u00e4gib \u00fche liigutava lapsep\u00f5lveloo.\u00a0 Lisaks saate tutvuta <a href=\"https:\/\/arhiiv.err.ee\/guid\/20161024094109201000300112290E2BA238B440000004380B00000D0F031361\" target=\"_blank\" rel=\"noopener noreferrer\">saatega &#8220;Iseolemine&#8221;<\/a>, kus Janno Puusepp r\u00e4\u00e4gib oma elust ts\u00fcstilise fibroosiga.<\/li>\n<li>Armandi personaalne unistuste p\u00e4ev. Tegemist oli v\u00e4ga mastaapse ettev\u00f5tmisega, kus koos Kaitsev\u00e4ega panustas pea 50 inimest \u00fche v\u00e4ikese poisi unistuse t\u00e4itmisse. Ringvaate meeskond k\u00e4is terve p\u00e4ev kaasas ning tegid sellest <a href=\"https:\/\/bit.ly\/2zNuQE7\" target=\"_blank\" rel=\"noopener noreferrer\">loo oma saatesse.\u00a0<\/a>\u00a0Unistuste p\u00e4eva oma\u00a0 <a href=\"https:\/\/bit.ly\/2K02TgN\" target=\"_blank\" rel=\"noopener noreferrer\">video<\/a> ja <a href=\"https:\/\/bit.ly\/2DlQOS6\" target=\"_blank\" rel=\"noopener noreferrer\">kodulehe postitus.<\/a><\/li>\n<\/ul>\n<p>Ole hea ja loovuta oma taskurahast n\u00e4iteks 2 eurot ja tee sellega v\u00f5imalikuks m\u00f5ne krooniliselt haige lapse unistuste p\u00e4ev v\u00f5i vajalik ravim! Usu, Sinu rahakotti ei j\u00e4\u00e4 sellest auku, aga Sinu s\u00fcda saab helgem!<\/p>\n<p>Ait\u00e4h, kes te r\u00f5\u00f5msalt kaasa tulete ja oma panuse annate!<\/p>\n<p>Kampaania toimub 26. november &#8211; 7. detsember.<\/p>\n<p><strong>Kampaania on l\u00f5ppenud<\/strong> ja saime tulemuseks, et <strong>k\u00f5ik meie kooli klassid osalesid<\/strong>, millega kogusime <strong>kokku 2110. &#8211; eurot<\/strong>.\u00a0 Jagades selle summa kahe fondi vahel, saame laste unistusi t\u00e4ita ja neid kumbagi aidata 1055.- euroga.<\/p>\n<p>Suur t\u00e4nu k\u00f5igile &#8211; \u00f5petajatele, \u00f5pilastele, vanematele!<br \/>\nUute heade tegudeni!<\/p>\n<p><a href=\"https:\/\/www.reiniku.edu.ee\/wp-content\/uploads\/2018\/11\/MRKHEATEGU2018.jpg\" target=\"_blank\" rel=\"noopener noreferrer\"><img loading=\"lazy\" decoding=\"async\" class=\"alignnone wp-image-3100\" src=\"https:\/\/www.reiniku.edu.ee\/wp-content\/uploads\/2018\/11\/MRKHEATEGU2018-212x300.jpg\" alt=\"\" width=\"285\" height=\"403\" srcset=\"https:\/\/www.reiniku.edu.ee\/wp-content\/uploads\/2018\/11\/MRKHEATEGU2018-212x300.jpg 212w, https:\/\/www.reiniku.edu.ee\/wp-content\/uploads\/2018\/11\/MRKHEATEGU2018-768x1086.jpg 768w, https:\/\/www.reiniku.edu.ee\/wp-content\/uploads\/2018\/11\/MRKHEATEGU2018-724x1024.jpg 724w, https:\/\/www.reiniku.edu.ee\/wp-content\/uploads\/2018\/11\/MRKHEATEGU2018-624x883.jpg 624w, https:\/\/www.reiniku.edu.ee\/wp-content\/uploads\/2018\/11\/MRKHEATEGU2018.jpg 1240w\" sizes=\"auto, (max-width: 285px) 100vw, 285px\" \/><\/a> <a href=\"https:\/\/www.reiniku.edu.ee\/wp-content\/uploads\/2018\/11\/MRKHEATEGU20182.jpg\" target=\"_blank\" rel=\"noopener noreferrer\"><img loading=\"lazy\" decoding=\"async\" class=\"alignnone wp-image-3101\" src=\"https:\/\/www.reiniku.edu.ee\/wp-content\/uploads\/2018\/11\/MRKHEATEGU20182-212x300.jpg\" alt=\"\" width=\"285\" height=\"403\" srcset=\"https:\/\/www.reiniku.edu.ee\/wp-content\/uploads\/2018\/11\/MRKHEATEGU20182-212x300.jpg 212w, https:\/\/www.reiniku.edu.ee\/wp-content\/uploads\/2018\/11\/MRKHEATEGU20182-768x1086.jpg 768w, https:\/\/www.reiniku.edu.ee\/wp-content\/uploads\/2018\/11\/MRKHEATEGU20182-724x1024.jpg 724w, https:\/\/www.reiniku.edu.ee\/wp-content\/uploads\/2018\/11\/MRKHEATEGU20182-624x883.jpg 624w, https:\/\/www.reiniku.edu.ee\/wp-content\/uploads\/2018\/11\/MRKHEATEGU20182.jpg 1240w\" sizes=\"auto, (max-width: 285px) 100vw, 285px\" \/><\/a><\/p>\n<p>12.12.2018<\/p>\n<hr \/>\n<p><strong>LASTEVANEMATE KOOSOLEK\u00a0<\/strong><\/p>\n<p><strong>4.b, 4.c, 4.d, 4.e klassi lastevanemate koosolek<\/strong> toimub teisip\u00e4eval, <strong>11. detsembril kell 18.00 <\/strong>Vanemuise 48 \u00f5ppehoone (5.-9. kl) v\u00e4ikeses saalis (II korrus).<br \/>\n<span style=\"font-size: 1rem;\">P\u00e4evakord: Reaalklassi moodustamine alates 5. klassist.<\/span><\/p>\n<p>Olete oodatud!<br \/>\nMRK juhtkond<\/p>\n<p>7.12.2018<\/p>\n<hr \/>\n<p><strong>J\u00d5ULULAAT<\/strong><\/p>\n<p><a href=\"https:\/\/www.reiniku.edu.ee\/wp-content\/uploads\/2018\/12\/Reiniku_plakat_18_2.jpg\" target=\"_blank\" rel=\"noopener noreferrer\"><img loading=\"lazy\" decoding=\"async\" class=\"alignnone wp-image-3130\" src=\"https:\/\/www.reiniku.edu.ee\/wp-content\/uploads\/2018\/12\/Reiniku_plakat_18_2-210x300.jpg\" alt=\"\" width=\"444\" height=\"634\" srcset=\"https:\/\/www.reiniku.edu.ee\/wp-content\/uploads\/2018\/12\/Reiniku_plakat_18_2-210x300.jpg 210w, https:\/\/www.reiniku.edu.ee\/wp-content\/uploads\/2018\/12\/Reiniku_plakat_18_2.jpg 420w\" sizes=\"auto, (max-width: 444px) 100vw, 444px\" \/><\/a><\/p>\n<p>7.12.2018<\/p>\n<hr \/>\n<p><strong>SAALIJALGPALLI KOOLIDEVAHELISED V\u00d5ISTLUSED<\/strong><\/p>\n<p>Eile (04.12) toimunud koolidevahelisel saalijalgpalli v\u00f5istlusel saavutas meie kooli meeskond (k\u00f5ik \u00f5pilased 3.c klassist) <strong>III koha<\/strong>. Meie kooli v\u00f5istkonnas m\u00e4ngisid:\u00a0<strong>Richard Bunder<\/strong>,\u00a0<strong>Neeme Esperk<\/strong>,\u00a0<strong>Joosep Kivitar<\/strong>,\u00a0<strong>Kristjan Koort<\/strong>,\u00a0<strong>Rasmus Mitt<\/strong>,\u00a0<strong>Kaspar P\u00e4rna<\/strong>,\u00a0<strong>Ronald Sepp\u00a0<\/strong>ja\u00a0<strong>Konrad Erik Stokmann<\/strong>. V\u00f5itis Annelinna g\u00fcmnaasium ja teine oli Miina H\u00e4rma g\u00fcmnaasium.<\/p>\n<p>V\u00e4ga tubli tulemus- III koht! Palju \u00f5nne!<\/p>\n<p>4.12.2018<\/p>\n<hr \/>\n<p><strong>SOTSIAALSETE OSKUSTE OL\u00dcMPIAAD<\/strong><\/p>\n<p>3. detsembril osalesid 4. klasside \u00f5pilased sotsiaalsete oskuste ol\u00fcmpiaadil koosseisus <strong>Hendrik Arula, Elisabeth Koppel, Hanna Gloria Adson<\/strong> ja <strong>Otto Salmar<\/strong>. \u00d5pilased olid nutikad ja tundsid r\u00f5\u00f5mu koostegutsemisest. Jagati tarkust ja sooviti julgust k\u00fcberkiusu \u00e4ratundmisel ja sellele vastuastumisel!<\/p>\n<p>Kohti ei jagatud, k\u00f5ik olid v\u00e4ga tublid!<\/p>\n<p>Ait\u00e4h \u00f5pilastele ja sotsiaalpedagoog Triinule!<\/p>\n<p>4.12.2018<\/p>\n<hr \/>\n<p><strong>TARTU KOOLIDE KARIKAV\u00d5ISTLUSED KERGEJ\u00d5USTIKUS<\/strong><\/p>\n<p>Meie kooli \u00f5pilased osalesid 29. novembril toimunud Tartu koolide karikav\u00f5istlusel kergej\u00f5ustikus. Tulemused olid j\u00e4rgmised.<\/p>\n<p><strong><u>T\u00fcdrukud 6.-7.klass<\/u><\/strong><\/p>\n<ul>\n<li>60 m jooksus saavutas <strong>Annagret Kala<\/strong> III kohta.<\/li>\n<li>600 m jooksus sai I koha v\u00e4ga veenva eduga<strong>Martha Holst.<\/strong><\/li>\n<li>4&#215;200 m teatejooksus tuli meie kooli v\u00f5istkond, kuhu kuulusid <strong>Lisette Holst<\/strong>, <strong>Martha Holst<\/strong>, <strong>Melani Muro<\/strong>, <strong>Annegret Kala<\/strong>, I kohale.<\/li>\n<li><u>K<\/u><u>\u00f5ikide alade kokkuv\u00f5ttes olid meie t\u00fcdrukud II kohal.<\/u><strong style=\"font-size: 1rem;\"><u>\u00a0<\/u><\/strong><\/li>\n<\/ul>\n<p><strong><u>T\u00fcdrukud 8.-9.klass<\/u><\/strong><\/p>\n<ul>\n<li>60 m jooksus tuli III kohale <strong>Leelo-Aino J\u00fcrgenstein.<\/strong><\/li>\n<li>600 m jooksus sai <strong>Vanessa Viiding<\/strong> III koha.<\/li>\n<li>K\u00f5rgush\u00fcppes saavutas <strong>Laure Kiivit<\/strong> I koha.<\/li>\n<li>Kaugush\u00fcppe sai I koha <strong>Marion K\u00f6hler.<\/strong><\/li>\n<li>4&#215;200 m teatejooksus tuli meie v\u00f5istkond, kuhu kuulusid <strong>Marion K\u00f6hler<\/strong>,<strong> Laura-Liis<\/strong> <strong>Valdmaa<\/strong>, <strong>Leelo Aino J\u00fcrgenstein<\/strong>, <strong>Vanessa Viiding<\/strong>, III kohale.<\/li>\n<li><u>Kokkuv\u00f5ttes said t\u00fcdrukud 8.-9.klasside arvestuses I koha.<\/u><strong style=\"font-size: 1rem;\">\u00a0<\/strong><\/li>\n<\/ul>\n<p><strong><u>Poisid 6.-7.klass<\/u><\/strong><\/p>\n<ul>\n<li>K\u00f5rgush\u00fcppes saavutas <strong>Henrik Kreinin<\/strong> I koha.<\/li>\n<li>Kuulit\u00f5uke sai III koha <strong>Ronald Puhk.<\/strong><\/li>\n<li>4&#215;200 m teatejooksul saavutas meie meeskond, kuhu kuulusid <strong>Hugo Salmar<\/strong>, <strong>Andri<\/strong> <strong>Songisepp<\/strong>, <strong>Tristan K\u00f5hler<\/strong>, <strong>Henrik Kreinin<\/strong>, II koha.<\/li>\n<li><u>Kokkuv\u00f5ttes saavutati 6.-7.klasside poiste arvestuses III koht.<\/u><\/li>\n<\/ul>\n<p><strong><u>Poisid 8.-9.klass<\/u><\/strong><\/p>\n<ul>\n<li>60 m jooksus sai I koha <strong>Karl August Kalamees.<\/strong><br \/>\nKarl August ei ole mitte ainult k\u00f5ige kiirem siin piirkonnas, vaid on ka Balti meister 100 m jooksus U 16 vanuseklassis.<\/li>\n<li>K\u00f5rgush\u00fcppes saavutas <strong>Alfred Holst<\/strong>\u00a0II koha.<\/li>\n<li>4&#215;200 m teatejooksus tuli meie meeskond, kuhu kuulusid <strong>Orm Leopold Lukas<\/strong>, <strong>Alfred Holst<\/strong>, <strong>Carlos Luts<\/strong>, <strong>Karl August Kalamees<\/strong>, I kohale.<\/li>\n<li><u>Ka \u00fcldv\u00f5it<\/u><u> tuli meie meeskonnale.<\/u><\/li>\n<\/ul>\n<p>Suurep\u00e4rased tulemused, meil on palju tublisid sportlasi!<\/p>\n<p>Ait\u00e4h kehalise \u00f5petajatele \u00f5pilaste juhendamise eest!<\/p>\n<p><a href=\"https:\/\/www.reiniku.edu.ee\/wp-content\/uploads\/2018\/12\/kerge12.jpg\" target=\"_blank\" rel=\"noopener noreferrer\"><img loading=\"lazy\" decoding=\"async\" class=\"alignnone wp-image-3128\" src=\"https:\/\/www.reiniku.edu.ee\/wp-content\/uploads\/2018\/12\/kerge12-300x169.jpg\" alt=\"\" width=\"403\" height=\"227\" srcset=\"https:\/\/www.reiniku.edu.ee\/wp-content\/uploads\/2018\/12\/kerge12-300x169.jpg 300w, https:\/\/www.reiniku.edu.ee\/wp-content\/uploads\/2018\/12\/kerge12-768x431.jpg 768w, https:\/\/www.reiniku.edu.ee\/wp-content\/uploads\/2018\/12\/kerge12-1024x575.jpg 1024w, https:\/\/www.reiniku.edu.ee\/wp-content\/uploads\/2018\/12\/kerge12-624x351.jpg 624w\" sizes=\"auto, (max-width: 403px) 100vw, 403px\" \/><\/a> <a href=\"https:\/\/www.reiniku.edu.ee\/wp-content\/uploads\/2018\/12\/kerge-122.jpg\" target=\"_blank\" rel=\"noopener noreferrer\"><img loading=\"lazy\" decoding=\"async\" class=\"alignnone wp-image-3127\" src=\"https:\/\/www.reiniku.edu.ee\/wp-content\/uploads\/2018\/12\/kerge-122-300x225.jpg\" alt=\"\" width=\"306\" height=\"230\" srcset=\"https:\/\/www.reiniku.edu.ee\/wp-content\/uploads\/2018\/12\/kerge-122-300x225.jpg 300w, https:\/\/www.reiniku.edu.ee\/wp-content\/uploads\/2018\/12\/kerge-122-768x576.jpg 768w, https:\/\/www.reiniku.edu.ee\/wp-content\/uploads\/2018\/12\/kerge-122-1024x768.jpg 1024w, https:\/\/www.reiniku.edu.ee\/wp-content\/uploads\/2018\/12\/kerge-122-624x468.jpg 624w\" sizes=\"auto, (max-width: 306px) 100vw, 306px\" \/><\/a> <a href=\"https:\/\/www.reiniku.edu.ee\/wp-content\/uploads\/2018\/12\/kerge-162.jpg\" target=\"_blank\" rel=\"noopener noreferrer\"><img loading=\"lazy\" decoding=\"async\" class=\"alignnone wp-image-3126\" src=\"https:\/\/www.reiniku.edu.ee\/wp-content\/uploads\/2018\/12\/kerge-162-300x225.jpg\" alt=\"\" width=\"305\" height=\"229\" srcset=\"https:\/\/www.reiniku.edu.ee\/wp-content\/uploads\/2018\/12\/kerge-162-300x225.jpg 300w, https:\/\/www.reiniku.edu.ee\/wp-content\/uploads\/2018\/12\/kerge-162-768x576.jpg 768w, https:\/\/www.reiniku.edu.ee\/wp-content\/uploads\/2018\/12\/kerge-162-1024x768.jpg 1024w, https:\/\/www.reiniku.edu.ee\/wp-content\/uploads\/2018\/12\/kerge-162-624x468.jpg 624w\" sizes=\"auto, (max-width: 305px) 100vw, 305px\" \/><\/a> <a href=\"https:\/\/www.reiniku.edu.ee\/wp-content\/uploads\/2018\/12\/kerge-17.jpg\" target=\"_blank\" rel=\"noopener noreferrer\"><img loading=\"lazy\" decoding=\"async\" class=\"alignnone wp-image-3125\" src=\"https:\/\/www.reiniku.edu.ee\/wp-content\/uploads\/2018\/12\/kerge-17-300x169.jpg\" alt=\"\" width=\"401\" height=\"225\" srcset=\"https:\/\/www.reiniku.edu.ee\/wp-content\/uploads\/2018\/12\/kerge-17-300x169.jpg 300w, https:\/\/www.reiniku.edu.ee\/wp-content\/uploads\/2018\/12\/kerge-17-768x431.jpg 768w, https:\/\/www.reiniku.edu.ee\/wp-content\/uploads\/2018\/12\/kerge-17-1024x575.jpg 1024w, https:\/\/www.reiniku.edu.ee\/wp-content\/uploads\/2018\/12\/kerge-17-624x351.jpg 624w\" sizes=\"auto, (max-width: 401px) 100vw, 401px\" \/><\/a><\/p>\n<p>30.11.2018<\/p>\n<hr \/>\n<p><strong>ERMi V\u00d5ISTUJOONISTAMINE<\/strong><\/p>\n<p>T\u00e4na kogunes Eesti Rahva Muuseumisse 160 \u00f5pilast 32. \u00fcldhariduskoolist \u00fcle Eesti, et v\u00f5tta osa\u00a0 22. v\u00f5istujoonistamisest. Seekordne v\u00f5istlus oli p\u00fchendatud etnoloog Ants Viirese 100. s\u00fcnniaastap\u00e4evale ning kandis pealkirja \u201ePuud ja inimesed\u201c. Meie koolist osalesid v\u00f5istlusel: <strong>Emma K\u00f5vamaa<\/strong> 2.b, <strong>Birgit Vilba<\/strong> 3.d, <strong>Ursula Kippasto<\/strong> 4.d, <strong>Naomie Berry<\/strong> 6.b, <strong>Annette Annok<\/strong> 7.b, <strong>Ulla Marie Metspalu<\/strong> 7.e. \u00d5pilaste t\u00f6id saab n\u00e4ha <a href=\"https:\/\/drive.google.com\/open?id=0B71b8ikfrbX4MXJzUGd6LVlTdFE\" target=\"_blank\" rel=\"noopener noreferrer\">https:\/\/drive.google.com\/open?id=0B71b8ikfrbX4MXJzUGd6LVlTdFE<\/a><\/p>\n<p>Meie \u00f5pilased olid v\u00e4ga tublid!<\/p>\n<p>Ait\u00e4h \u00f5pilastele ja nende \u00f5petajatele!<\/p>\n<p>28.11.2018<\/p>\n<hr \/>\n<p><strong>SAKSA KEELE VIKTORIIN\u00a0<\/strong><\/p>\n<p>Reedel (23.11) toimunud saksa keele viktoriinil saavutas meie kooli v\u00f5istkond koosseisus\u00a0<strong>Johanna Kaare<\/strong>, <strong>Martin Toomiste<\/strong> ja <strong>Markus Saarepuu<\/strong> (k\u00f5ik 9.b) 8. koha.<\/p>\n<p>26.11.2018<\/p>\n<hr \/>\n<p><strong>V EESTI KOOLIDE TEADUSTEATRITE FESTIVAL<\/strong><\/p>\n<p>Neljap\u00e4eval ja reedel (22-23.11) osalesid meie kooli \u00f5pilased teadusteatrite festivalil Viljandis. Teatrit tegid: <strong>Arabella Antons<\/strong>, <strong>Andre Paidre<\/strong>, <strong>Liisa Viktooria Puurand<\/strong>, <strong>Jaagup Vana<\/strong> ja <strong>Kertu Virum\u00e4e<\/strong> (k\u00f5ik 7.b). \u00d5pilased olid v\u00e4ga tublid!<\/p>\n<p>26.11.2018<\/p>\n<hr \/>\n<p><strong>DUMLE RAHVASTEPALLI V\u00d5ISTLUSED<\/strong><\/p>\n<p>23.11. toimusid V\u00f5rus 4.-5.kl. \u00f5pilaste L\u00f5una-Eesti rahvastepalli v\u00f5istlused. Osales 10 poiste ja 10 t\u00fcdrukute v\u00f5istkonda. Meie kooli v\u00f5istkonnad j\u00e4id 5. nii poiste kui t\u00fcdrukute arvestuses.<br \/>\nPoiste meeskonna moodustasid <strong>Robin Roots<\/strong> (5.d), <strong>Robin Rohula<\/strong> (5.c), <strong>Rasmus S\u00f5na<\/strong> (5.c), <strong>Kris Sirk<\/strong> (5.c), <strong>Marcus Laanesar<\/strong> (5.d), <strong>Markus Marem\u00e4e<\/strong> (5.c), <strong>Taavet Siimon<\/strong> (4.b), <strong>Kaarel Kutsar<\/strong> (4.c).<br \/>\nT\u00fcdrukute naiskonna moodustasid <strong>Cathi-Marii Ronk<\/strong> (5.b), <strong>Liisa Kivioja<\/strong> (5.b), <strong>Kirke Hurbola<\/strong> (5.a), <strong>Heleriin Haljaste<\/strong> (5.a), <strong>Maria Saar<\/strong> (5.b), <strong>Marie Oras<\/strong> (5.b), <strong>Hanna Paigelkaln<\/strong> (5.b), <strong>Maris Raukas<\/strong> (5.d).<\/p>\n<p>26.11.2018<\/p>\n<hr \/>\n<p><strong>FRISBEE TARTU KOOLIDE KARIKAV\u00d5ISTLUSED<\/strong><\/p>\n<p>Meie kooli v\u00f5istkond koosseisus <strong>Laura Laas<\/strong>, <strong>Anette Klaaser<\/strong> (m\u00f5lemad 9.a), <strong>Alfred Holst<\/strong> (9.d), <strong>Daniel Erik Kiuru<\/strong>,<strong> Markus\u00a0<\/strong><strong>Logina<\/strong> ja <strong>Jaagup Sass<\/strong> (k\u00f5ik 9.b) osalesid reedel 13 osav\u00f5tjaga Tartu koolide karikav\u00f5istlustel Ultimate Frisbees. Saavutati neljas koht, mis on v\u00e4ga tubli tulemus!<\/p>\n<p>26.11.2018<\/p>\n<hr \/>\n<p><strong>V\u00d5ISTLUSM\u00c4NG &#8220;RENE\u2019D OTSIDES\u201c<\/strong><\/p>\n<p>22. novembri \u00f5htul osales 3. klassi 4-liikmeline v\u00f5istkond Tartu Descartes\u2019i Koolis l\u00f5busal v\u00f5istlusm\u00e4ngul &#8220;Rene&#8217;d otsides&#8221;. V\u00f5istkonda kuulusid <strong>Maren Tiidrus<\/strong> (3.b), <strong>Joonatan Sepp<\/strong> (3.b), <strong>Rasmus Mitt<\/strong> (3.c) ja <strong>Arti M\u00f6lter<\/strong> (3.c). Laste \u00fclesandeks oli pimedas koolimajas otsida \u00fcles Rene. Kasutada v\u00f5is taskulampe ja vihjete avamiseks QR koodilugejat oma nutiseadmes.<\/p>\n<p>V\u00f5istlus oli p\u00f5nev ja lapsed v\u00e4ga tublid!<\/p>\n<p>Ait\u00e4h osalejatele ja toeks olnud \u00f5petaja Eliisele ja Kristale!<\/p>\n<p>23.11.2018<\/p>\n<hr \/>\n<p><strong>L\u00dcHIJUTUV\u00d5ISTLUSE TULEMUSED<\/strong><\/p>\n<p>Meie kooli \u00f5pilased osalesid Tartu linna ja maakonna l\u00fchijutuv\u00f5istlusel &#8220;Elamus&#8221; ja olid v\u00e4ga tublid.<\/p>\n<p>IV-V klass arvestuses sai\u00a0<strong>Liselle Michelson<\/strong>\u00a0(5.a) I koha.<br \/>\nVI-VII klasside arvestuses sai\u00a0<strong>Klaara Erepuu<\/strong>\u00a0(7.e) II koha <strong>Gerda Marleen P\u00e4rli<\/strong>\u00a0(7.d) ja <strong>Max Hristjuk<\/strong>\u00a0(6.b) saavutasid III koha.<br \/>\nVIII-IX klasside arvestuses tuli II kohale\u00a0<strong>Stella Saks<\/strong>\u00a0(9.a) ja III kohale\u00a0<strong>Miree Madleen P\u00fcttsepp<\/strong>\u00a0(8.b).<\/p>\n<p>21.11.2018<\/p>\n<hr \/>\n<p><strong>GIS V\u00d5ISTLUS<\/strong><\/p>\n<p>Tartu linnas korraldatud GIS-i tundmise v\u00f5istlustel (16.11) saavutasid meie kooli \u00f5pilased\u00a0<strong>Kertu K\u00fctt<\/strong>, <strong>Greete Jalast<\/strong>, <strong>Elise Luka Tegova<\/strong>\u00a0(k\u00f5ik 9. a) III koha.\u00a0<strong>Robert Parts<\/strong>\u00a0(9. b) j\u00e4i neljandaks.<\/p>\n<p>Tublid olid ka <strong>Markus Saarepuu<\/strong>, <strong>Martin Toomiste<\/strong>, <strong>Andreas Lindsalu<\/strong> (k\u00f5ik 9. b).<\/p>\n<p>19.11.2018<\/p>\n<hr \/>\n<p><strong>KOOLI AASTAP\u00c4EVA N\u00c4DAL<\/strong><\/p>\n<p style=\"text-align: center;\"><a href=\"https:\/\/www.reiniku.edu.ee\/wp-content\/uploads\/2018\/11\/KOOLI-AASTAP\u00c4EVA-N\u00c4DAL.jpg\" target=\"_blank\" rel=\"noopener noreferrer\"><img loading=\"lazy\" decoding=\"async\" class=\"alignnone wp-image-3065\" src=\"https:\/\/www.reiniku.edu.ee\/wp-content\/uploads\/2018\/11\/KOOLI-AASTAP\u00c4EVA-N\u00c4DAL-212x300.jpg\" alt=\"\" width=\"339\" height=\"479\" srcset=\"https:\/\/www.reiniku.edu.ee\/wp-content\/uploads\/2018\/11\/KOOLI-AASTAP\u00c4EVA-N\u00c4DAL-212x300.jpg 212w, https:\/\/www.reiniku.edu.ee\/wp-content\/uploads\/2018\/11\/KOOLI-AASTAP\u00c4EVA-N\u00c4DAL-768x1085.jpg 768w, https:\/\/www.reiniku.edu.ee\/wp-content\/uploads\/2018\/11\/KOOLI-AASTAP\u00c4EVA-N\u00c4DAL-725x1024.jpg 725w, https:\/\/www.reiniku.edu.ee\/wp-content\/uploads\/2018\/11\/KOOLI-AASTAP\u00c4EVA-N\u00c4DAL-624x882.jpg 624w, https:\/\/www.reiniku.edu.ee\/wp-content\/uploads\/2018\/11\/KOOLI-AASTAP\u00c4EVA-N\u00c4DAL.jpg 1123w\" sizes=\"auto, (max-width: 339px) 100vw, 339px\" \/><\/a> <a href=\"https:\/\/www.reiniku.edu.ee\/wp-content\/uploads\/2018\/11\/Valgus-reinikus-2018.jpg\" target=\"_blank\" rel=\"noopener noreferrer\"><img loading=\"lazy\" decoding=\"async\" class=\"alignnone wp-image-3066\" src=\"https:\/\/www.reiniku.edu.ee\/wp-content\/uploads\/2018\/11\/Valgus-reinikus-2018-300x200.jpg\" alt=\"\" width=\"522\" height=\"348\" srcset=\"https:\/\/www.reiniku.edu.ee\/wp-content\/uploads\/2018\/11\/Valgus-reinikus-2018-300x200.jpg 300w, https:\/\/www.reiniku.edu.ee\/wp-content\/uploads\/2018\/11\/Valgus-reinikus-2018-768x512.jpg 768w, https:\/\/www.reiniku.edu.ee\/wp-content\/uploads\/2018\/11\/Valgus-reinikus-2018-1024x683.jpg 1024w, https:\/\/www.reiniku.edu.ee\/wp-content\/uploads\/2018\/11\/Valgus-reinikus-2018-624x416.jpg 624w\" sizes=\"auto, (max-width: 522px) 100vw, 522px\" \/><\/a> <a href=\"https:\/\/www.reiniku.edu.ee\/wp-content\/uploads\/2018\/11\/Vilistlasturniir-2018.jpg\" target=\"_blank\" rel=\"noopener noreferrer\"><img loading=\"lazy\" decoding=\"async\" class=\"alignnone wp-image-3067\" src=\"https:\/\/www.reiniku.edu.ee\/wp-content\/uploads\/2018\/11\/Vilistlasturniir-2018-300x157.jpg\" alt=\"\" width=\"573\" height=\"300\" srcset=\"https:\/\/www.reiniku.edu.ee\/wp-content\/uploads\/2018\/11\/Vilistlasturniir-2018-300x157.jpg 300w, https:\/\/www.reiniku.edu.ee\/wp-content\/uploads\/2018\/11\/Vilistlasturniir-2018-768x403.jpg 768w, https:\/\/www.reiniku.edu.ee\/wp-content\/uploads\/2018\/11\/Vilistlasturniir-2018-1024x537.jpg 1024w, https:\/\/www.reiniku.edu.ee\/wp-content\/uploads\/2018\/11\/Vilistlasturniir-2018-624x327.jpg 624w, https:\/\/www.reiniku.edu.ee\/wp-content\/uploads\/2018\/11\/Vilistlasturniir-2018.jpg 1200w\" sizes=\"auto, (max-width: 573px) 100vw, 573px\" \/><\/a><\/p>\n<p>14.11.2018<\/p>\n<hr \/>\n<p><strong>INTELLEKTUAALM\u00c4NG &#8220;\u00d5PILANE- NOOR UURIJA&#8221;<\/strong><\/p>\n<p>Neljap\u00e4eval (15.11) osalesid <strong>Ida Tuule J\u00f5gi<\/strong>, <strong>Martin Toomiste <\/strong>(m\u00f5lemad 9.b),\u00a0<strong>Kirke K\u00fctt<\/strong>, <strong>Kertu K\u00fctt\u00a0<\/strong>ja\u00a0<strong>Roberta\u00a0<\/strong><strong>Leppik<\/strong>\u00a0 (k\u00f5ik 9.a) Pu\u0161kini koolis intellektuaalm\u00e4ngul &#8220;\u00d5pilane &#8211; noor uurija&#8221; \u00d5pilased jaotati erinevatesse v\u00f5istkondadesse, sama kooli \u00f5pilased ei saanud olla samas v\u00f5istkonnas. Meie \u00f5pilased p\u00e4\u00e4sesid esikolmikusse: <strong>Kirke<\/strong>\u00a0v\u00f5istkond saavutas 1. koha,\u00a0<strong>Ida Tuule<\/strong> oma 3. koha.<\/p>\n<p>16.11.2018<\/p>\n<hr \/>\n<p><strong>KOOST\u00d6\u00d6 TARTU LASTEKUNSTIKOOLIGA<\/strong><\/p>\n<p>Meie kooli koost\u00f6\u00f6projekt Tartu Lastekunstikooliga andis v\u00f5imaluse 8.a klassi \u00f5pilastel \u00f5ppida kunsti loovamalt 14 tunni ulatuses kunsti \u00f5ppekava j\u00e4rgi paremate \u00f5ppevahendite olemasolul ja innustavamas keskkonnas. Projektis k\u00e4sitleti riiklikus \u00f5ppekavas olevaid teemasid, mida oli<br \/>\nkunstikoolis t\u00f5husam ja tehniliselt parem k\u00e4sitleda ning h\u00f5lmas inimese kujutamist ja proportsiooni\u00f5petust:<\/p>\n<ul>\n<li>\u00a0Savist modelleerimine(skulptuur, mahuliste vormide loomine, n\u00e4o osad, proprtsioonid)<\/li>\n<li>Natuurist joonistamine (kujutamise viisid, tehnikad)<\/li>\n<li>K\u00f5rgtr\u00fckk-graafika<\/li>\n<\/ul>\n<p>Teemad olid omavahel seotud ja keskendusid inimese kujutamisele. Projekt l\u00f5ppes n\u00e4ituse kujundamisega meie Vanemuise \u00f5ppehoone fuajees ja esimesel korrusel ning avati 12. novembril. \u00d5pilasi juhendasid Diana L\u00f5hmus, Riho Kall ja Eike Eplik. Osalejad j\u00e4id tehtuga v\u00e4ga rahule!<\/p>\n<p>Pilte \u00f5pilaste t\u00f6\u00f6dest saab n\u00e4ha <a href=\"https:\/\/drive.google.com\/drive\/folders\/0B71b8ikfrbX4MVlBdHRtUnhaQXM\" target=\"_blank\" rel=\"noopener noreferrer\">SIIT<\/a>.<\/p>\n<p><a href=\"https:\/\/www.reiniku.edu.ee\/wp-content\/uploads\/2018\/11\/IMG_8985.jpg\"><img loading=\"lazy\" decoding=\"async\" class=\"alignnone wp-image-3060\" src=\"https:\/\/www.reiniku.edu.ee\/wp-content\/uploads\/2018\/11\/IMG_8985-300x225.jpg\" alt=\"\" width=\"333\" height=\"250\" srcset=\"https:\/\/www.reiniku.edu.ee\/wp-content\/uploads\/2018\/11\/IMG_8985-300x225.jpg 300w, https:\/\/www.reiniku.edu.ee\/wp-content\/uploads\/2018\/11\/IMG_8985-768x576.jpg 768w, https:\/\/www.reiniku.edu.ee\/wp-content\/uploads\/2018\/11\/IMG_8985-1024x768.jpg 1024w, https:\/\/www.reiniku.edu.ee\/wp-content\/uploads\/2018\/11\/IMG_8985-624x468.jpg 624w\" sizes=\"auto, (max-width: 333px) 100vw, 333px\" \/><\/a> <a href=\"https:\/\/www.reiniku.edu.ee\/wp-content\/uploads\/2018\/11\/IMG_8987.jpg\"><img loading=\"lazy\" decoding=\"async\" class=\"alignnone wp-image-3061\" src=\"https:\/\/www.reiniku.edu.ee\/wp-content\/uploads\/2018\/11\/IMG_8987-300x225.jpg\" alt=\"\" width=\"334\" height=\"250\" srcset=\"https:\/\/www.reiniku.edu.ee\/wp-content\/uploads\/2018\/11\/IMG_8987-300x225.jpg 300w, https:\/\/www.reiniku.edu.ee\/wp-content\/uploads\/2018\/11\/IMG_8987-768x576.jpg 768w, https:\/\/www.reiniku.edu.ee\/wp-content\/uploads\/2018\/11\/IMG_8987-1024x768.jpg 1024w, https:\/\/www.reiniku.edu.ee\/wp-content\/uploads\/2018\/11\/IMG_8987-624x468.jpg 624w\" sizes=\"auto, (max-width: 334px) 100vw, 334px\" \/><\/a><\/p>\n<p>14.11.2018<\/p>\n<hr \/>\n<p><strong>INGLISE KEELE OL\u00dcMPIAAD 9.KL \u00d5PILASTELE<\/strong><\/p>\n<p>6. novembril toimus 9. klasside koolisisene inglise keele ol\u00fcmpiaad. K\u00f5ige parema tulemuse saavutas<strong> Daniel Erik Kiuru<\/strong> (9.b). Tema j\u00e4rel said <strong>Nora Nele Hinto<\/strong> (9.c), <strong>Kenomar Kustavus\u00a0<\/strong>(9.d), <strong>Aliise Arendi<\/strong> (9.d) ja <strong>Lisete Liiva<\/strong> (9.b) v\u00f5rdselt teise tulemuse.<\/p>\n<p>Nimetatud \u00f5pilased esindavad meie kooli Tartu linna ol\u00fcmpiaadil.<\/p>\n<p>Kokku osales ol\u00fcmpiaadil 37 \u00f5pilast.<\/p>\n<p>14.11.2018<\/p>\n<hr \/>\n<p><strong>SCRABBLE TARTU KOOLINOORTE MEISTRIV\u00d5ISTLUSED<\/strong><\/p>\n<p>Laup\u00e4eval, 10.novembril toimusid seitsmendat korda Tartu koolinoorte meistriv\u00f5istlused Scrabble m\u00e4ngus.<\/p>\n<p>Meie kooli esindasid <strong>Robin Puusaar<\/strong>\u00a0(5.c), <strong>Marten Leosk<\/strong>\u00a0(6.d), <strong>Martin\u00a0<\/strong><strong>Toomiste<\/strong> ja <strong>Markus Saarepuu<\/strong>\u00a0(m\u00f5lemad 9.b).<\/p>\n<p>5.-8.kl vanuser\u00fchmas sai Marten Leosk 3.koha.<br \/>\n9.-12.kl vanuser\u00fchmas sai Martin Toomiste eriauhinna k\u00f5ige suurema punktisummaga s\u00f5na eest (287 punkti sai s\u00f5na \u0161ar\u017eides eest), kokkuv\u00f5ttes oli ta neljas.<\/p>\n<p><a href=\"https:\/\/www.reiniku.edu.ee\/wp-content\/uploads\/2018\/11\/Scrabble-1.jpg\" target=\"_blank\" rel=\"noopener noreferrer\"><img loading=\"lazy\" decoding=\"async\" class=\"alignnone wp-image-3072\" src=\"https:\/\/www.reiniku.edu.ee\/wp-content\/uploads\/2018\/11\/Scrabble-1-300x199.jpg\" alt=\"\" width=\"347\" height=\"230\" srcset=\"https:\/\/www.reiniku.edu.ee\/wp-content\/uploads\/2018\/11\/Scrabble-1-300x199.jpg 300w, https:\/\/www.reiniku.edu.ee\/wp-content\/uploads\/2018\/11\/Scrabble-1-768x509.jpg 768w, https:\/\/www.reiniku.edu.ee\/wp-content\/uploads\/2018\/11\/Scrabble-1-1024x678.jpg 1024w, https:\/\/www.reiniku.edu.ee\/wp-content\/uploads\/2018\/11\/Scrabble-1-624x413.jpg 624w, https:\/\/www.reiniku.edu.ee\/wp-content\/uploads\/2018\/11\/Scrabble-1.jpg 1463w\" sizes=\"auto, (max-width: 347px) 100vw, 347px\" \/><\/a> <a href=\"https:\/\/www.reiniku.edu.ee\/wp-content\/uploads\/2018\/11\/Scrabble-2.jpg\" target=\"_blank\" rel=\"noopener noreferrer\"><img loading=\"lazy\" decoding=\"async\" class=\"alignnone wp-image-3073\" src=\"https:\/\/www.reiniku.edu.ee\/wp-content\/uploads\/2018\/11\/Scrabble-2-300x199.jpg\" alt=\"\" width=\"347\" height=\"230\" srcset=\"https:\/\/www.reiniku.edu.ee\/wp-content\/uploads\/2018\/11\/Scrabble-2-300x199.jpg 300w, https:\/\/www.reiniku.edu.ee\/wp-content\/uploads\/2018\/11\/Scrabble-2-768x509.jpg 768w, https:\/\/www.reiniku.edu.ee\/wp-content\/uploads\/2018\/11\/Scrabble-2-1024x678.jpg 1024w, https:\/\/www.reiniku.edu.ee\/wp-content\/uploads\/2018\/11\/Scrabble-2-624x413.jpg 624w, https:\/\/www.reiniku.edu.ee\/wp-content\/uploads\/2018\/11\/Scrabble-2.jpg 1463w\" sizes=\"auto, (max-width: 347px) 100vw, 347px\" \/><\/a><\/p>\n<p>12.11.2018<\/p>\n<hr \/>\n<p><strong>TULEMUSI KORVPALLIV\u00d5ISTLUSTELT<\/strong><\/p>\n<p>Tartu linna ja maakonna \u00fchistel Sportland 3&#215;3 korvpalliv\u00f5istlustel L\u00e4hte spordihoones l\u00e4ks meil j\u00e4llegi v\u00e4ga h\u00e4sti!<\/p>\n<p>6.-7.klassi poisse oli kohal 12 v\u00f5istkonda. <strong>Kendal Tanin<\/strong>, <strong>Talis Torn<\/strong>,\u00a0<strong>Andre Paidre<\/strong> ja <strong>Espen M\u00e4gi<\/strong> v\u00f5itsid k\u00f5ik oma vastased v\u00e4ga kindlalt ja saavutasid \u00fclekaaluka esikoha!<\/p>\n<p>4.-5.klassi poisid <strong>Marcus Laanesar<\/strong>, <strong>Samuel Samar\u00fc\u00fctel<\/strong>, <strong>Kaarel Kutsar<\/strong> ja\u00a0<strong>Taavet Siimon<\/strong> saavutasid samuti v\u00e4ga tubli kolmanda koha. Kusjuurest finaalip\u00e4\u00e4sust j\u00e4i puudu vaid \u00fcks punkt.<\/p>\n<p><a href=\"https:\/\/www.reiniku.edu.ee\/wp-content\/uploads\/2018\/11\/6.-7.klass_.jpg\" target=\"_blank\" rel=\"noopener noreferrer\"><img loading=\"lazy\" decoding=\"async\" class=\"alignnone wp-image-3055 \" src=\"https:\/\/www.reiniku.edu.ee\/wp-content\/uploads\/2018\/11\/6.-7.klass_-300x168.jpg\" alt=\"\" width=\"400\" height=\"224\" srcset=\"https:\/\/www.reiniku.edu.ee\/wp-content\/uploads\/2018\/11\/6.-7.klass_-300x168.jpg 300w, https:\/\/www.reiniku.edu.ee\/wp-content\/uploads\/2018\/11\/6.-7.klass_-768x431.jpg 768w, https:\/\/www.reiniku.edu.ee\/wp-content\/uploads\/2018\/11\/6.-7.klass_.jpg 1024w, https:\/\/www.reiniku.edu.ee\/wp-content\/uploads\/2018\/11\/6.-7.klass_-624x350.jpg 624w\" sizes=\"auto, (max-width: 400px) 100vw, 400px\" \/><\/a><\/p>\n<p>12.11.2018<\/p>\n<hr \/>\n<p><strong>TULEMUSI RAHVASTEPALLI V\u00d5ISTLUSTELT<\/strong><\/p>\n<p>7. ja 8. novembril toimusid meie koolis koolidevahelised rahvastepalli v\u00f5istlused 5. klasside t\u00fcdrukutele. Osales 11 kooli, k\u00f5rvale j\u00e4id vaid Miina H\u00e4rma g\u00fcmnaasium ja Hansa kool. V\u00f5itjaks tuli meie kooli v\u00f5istkond, teiseks j\u00e4i Veeriku Kool ja kolmandaks Tamme kool.<br \/>\nMeie v\u00f5istkonna moodustasid:<br \/>\n<strong>Kirke Hurbola<\/strong>, <strong>Heleriin Haljaste<\/strong>, <strong>Lisette Leopard <\/strong>(k\u00f5ik 5.a), <strong>Cathy-Marii Ronk<\/strong>, <strong>Maria Saar<\/strong>, <strong>Liisa Kivioja<\/strong>, <strong>Marie Oras<\/strong>, <strong>Hanna Pagelkaln\u00a0<\/strong>(k\u00f5ik 5.b)\u00a0ja <strong>Maris Raukas <\/strong>(5.d).<\/p>\n<p>12.11.2018<\/p>\n<hr \/>\n<p><strong>KOOLITEATRITE FESTIVAL<\/strong><\/p>\n<p>Meie kooli n\u00e4itetrupp &#8220;K\u00e4rjelind&#8221; osales 2.-3.novembril Viimsis \u00fcleriigilisel kooliteatrite festivalil V\u00e4ike Lava. <strong>Johanna Liiva<\/strong>\u00a0(4.c ) sai tunnustatud n\u00e4itlejapreemiaga. K\u00f5ik teised lapsed olid samuti tublid.<\/p>\n<p>Palju \u00f5nne, Johanna!<\/p>\n<p>Kiitus osalejatele, \u00f5petaja Avele ja Terjele!<\/p>\n<p>7.11.2018<\/p>\n<hr \/>\n<p><strong>ETLUSKONKURSS \u201eKOIDULAULIKU VALGEL\u201c<\/strong><\/p>\n<p>30.okt toimus kooli etluskonkurss &#8220;Koidulauliku valgel&#8221;, kus osales 25 5.-9.klassi \u00f5pilast.<\/p>\n<p>1.koha said <strong>Arabella Antons<\/strong> ja <strong>Eliise Luka Tegova<\/strong>, kes esindavad meie kooli linnas.<\/p>\n<p>3.koha sai <strong>Greete Jalast<\/strong>.<\/p>\n<p>V\u00e4ga-v\u00e4ga tublid olid <strong>Laure Kiivit<\/strong>, <strong>Helena Hermiine Tamm<\/strong> ja <strong>Naomie Berry<\/strong>.<\/p>\n<p>V\u00e4ga tublid olid <strong>Merit Tomson<\/strong>, <strong>Krisliin Kivimaa<\/strong>, <strong>Martin Vendt<\/strong>, <strong>Kristjan Baumann<\/strong>.<\/p>\n<p>Tublid olid <strong>Hemely Leetna<\/strong>, <strong>Kreeta Roose,<\/strong> <strong>Tristan K\u00f6hler<\/strong>, <strong>Orm Leopold Lukas<\/strong>, <strong>Danel<\/strong> <strong>Bondarenko<\/strong>, <strong>Aurelia Tomson<\/strong>, <strong>Albert Saks<\/strong>, <strong>Jan Eerik Ehrlich<\/strong>, <strong>Lauri Haidak<\/strong>, <strong>Laurelin<\/strong> <strong>Palum\u00e4gi<\/strong>, <strong>Roland P\u00f5ld<\/strong>, <strong>Markus Tamm<\/strong>, <strong>Kertu Virum\u00e4e<\/strong>, <strong>Andri Kutsar<\/strong> ja <strong>Kristi Vendt<\/strong>.<\/p>\n<p>Ait\u00e4h k\u00f5igile tublidele etlejatele!<\/p>\n<p>1.11.2018<\/p>\n<hr \/>\n<p><strong>SAALIHOKITURNIIR<\/strong><\/p>\n<p>Tartu ja Tartumaa koolidevahelisel saalihokiturniiril olid meie kooli \u00f5pilased v\u00e4ga edukad. 8.-9.kl vanuseklassis saavutati I koht. V\u00f5istkonnas m\u00e4ngisid: <strong>Rait Roland Rodi<\/strong>, <strong>Daniel Erik Kiuru<\/strong>, <strong>Rait<\/strong> <strong>K\u00f5llo<\/strong>, <strong>Robert Parts<\/strong>, <strong>Marten Murrand<\/strong>, <strong>Georg Lillo<\/strong>, <strong>Carlos Luts<\/strong>.<\/p>\n<p>1.11.2018<\/p>\n<hr \/>\n<p><strong>NOORTE LUULEPR\u00d5MM<\/strong><\/p>\n<p>19. oktoobril toimus Tartu II Laste- ja noortekirjanduse festivali raames Noorte Luulepr\u00f5mm 2018. 6.-11. aastaste vanusegrupis meie kooli esindanud <strong>Marie Gordeeva<\/strong> (4.e) saavutas enda kirjutatud luuletustega auv\u00e4\u00e4rse III koha.<\/p>\n<p>Palju \u00f5nne!<\/p>\n<p>30.10.2018<\/p>\n<hr \/>\n<p><strong>eTWINNING-PROJEKT<\/strong><\/p>\n<p>Mart Reiniku koolile on antud Euroopa kvaliteedim\u00e4rk silmapaistva t\u00f6\u00f6 eest eTwinning-projektiga &#8220;Welcome to the Handicrafts Fair&#8221;. Projektis osalesid\u00a0<strong>3.d klassi \u00d5PILASED<\/strong>\u00a0ja <strong>\u00f5petaja MEILI L\u00c4\u00c4NEMETS<\/strong>, kelle\u00a0<span style=\"font-size: 1rem;\">\u00a0t\u00f6id on tunnustatud k\u00f5ige k\u00f5rgemal Euroopa tasemel. Projekt pannakse v\u00e4lja spetsiaalsele lehek\u00fcljele Euroopa portaalis aadressil <\/span><a style=\"font-size: 1rem;\" href=\"http:\/\/www.etwinning.net\">www.etwinning.net<\/a><\/p>\n<p>Palju \u00f5nne suurep\u00e4rase saavutuse eest!<\/p>\n<p>Edu edaspidiseks!<\/p>\n<p><a href=\"https:\/\/www.reiniku.edu.ee\/wp-content\/uploads\/2018\/10\/etw_europeanqualitylabel_138663_et-page-001.jpg\" target=\"_blank\" rel=\"noopener noreferrer\"><img loading=\"lazy\" decoding=\"async\" class=\"alignnone wp-image-3036\" src=\"https:\/\/www.reiniku.edu.ee\/wp-content\/uploads\/2018\/10\/etw_europeanqualitylabel_138663_et-page-001-300x219.jpg\" alt=\"\" width=\"421\" height=\"307\" srcset=\"https:\/\/www.reiniku.edu.ee\/wp-content\/uploads\/2018\/10\/etw_europeanqualitylabel_138663_et-page-001-300x219.jpg 300w, https:\/\/www.reiniku.edu.ee\/wp-content\/uploads\/2018\/10\/etw_europeanqualitylabel_138663_et-page-001-768x560.jpg 768w, https:\/\/www.reiniku.edu.ee\/wp-content\/uploads\/2018\/10\/etw_europeanqualitylabel_138663_et-page-001-1024x747.jpg 1024w, https:\/\/www.reiniku.edu.ee\/wp-content\/uploads\/2018\/10\/etw_europeanqualitylabel_138663_et-page-001-624x455.jpg 624w, https:\/\/www.reiniku.edu.ee\/wp-content\/uploads\/2018\/10\/etw_europeanqualitylabel_138663_et-page-001.jpg 1553w\" sizes=\"auto, (max-width: 421px) 100vw, 421px\" \/><\/a><\/p>\n<p>24.10.2018<\/p>\n<hr \/>\n<p><strong>LUGEMISPESADE KOKKUTULEK<\/strong><\/p>\n<p>18. oktoobril toimus Tartu linna koolide Lugemispesade XIV kokkutulek. Lugemishuvilisi kutsus kokku Tartu Descartes&#8217;i Kool. \u00dchiselt uuriti Ellen Niidu raamatut &#8220;Triinu ja Taavi lood&#8221;. Meie koolist osalesid <strong>Kaitlyn Victoria Kerr<\/strong> 2.b, <strong>Ehe J\u00e4rv<\/strong> 2.c, <strong>Raminta Rebane<\/strong> 2.d, <strong>Artur Kuperjanov<\/strong> 2.d ja <strong>Bretlyn M\u00e4esepp<\/strong> 2.e klassist. Koos tantsiti, rebiti paberist \u00f5unu, maiustati ja vastati \u00f5igesti k\u00f5igile k\u00fcsimustele. \u00dcritus oli tore, meeldis k\u00f5igile!<\/p>\n<p>Ait\u00e4h osalejatele!<\/p>\n<p>19.10.2018<\/p>\n<hr \/>\n<p><strong>AJALOORINGI ORIENTEERUMINE<\/strong><\/p>\n<p>19. ajalooringi orienteerumine on l\u00e4bi, Tartu keskaegne linnam\u00fc\u00fcr selge ja v\u00f5itjad selgunud! Autasustamisel oli kohal kirjanik Juhan Voolaid, kes isiklikult osav\u00f5tjaid diplomeeris.<\/p>\n<p>\u00d5PILASTE karika teenisid auga v\u00e4lja <strong>Ulla Marie Metspalu, Maarius Merilo <\/strong>ja<strong> Roland P\u00f5ld<\/strong> 7.e klassist! Palju \u00f5nne!<\/p>\n<p>\u00d5PETAJATE-VILISTLASTE m\u00f5\u00f5duv\u00f5tt oli eriti tihe ja tasav\u00e4gine, aga pisukese paremusega p\u00e4lvisid karika &#8211; <strong>Silja Russak, Sirle Morozova <\/strong>ja<strong> Gea Kiudorf<\/strong>! Samuti suured \u00f5nnesoovid!<\/p>\n<p>T\u00e4name ka lapsevanem Leelo Saart ja \u00fcht anon\u00fc\u00fcmset abimeest, kes aitas auhinnalauda katta!<\/p>\n<p>T\u00e4psemad tulemused <a href=\"https:\/\/www.reiniku.edu.ee\/wp-content\/uploads\/2018\/10\/19-orient-tulemused.pdf\" target=\"_blank\" rel=\"noopener noreferrer\">SIIT<\/a>.<\/p>\n<p><a href=\"https:\/\/www.reiniku.edu.ee\/wp-content\/uploads\/2018\/10\/IMG_3237.jpg\" target=\"_blank\" rel=\"noopener noreferrer\"><img loading=\"lazy\" decoding=\"async\" class=\"alignnone wp-image-3005\" src=\"https:\/\/www.reiniku.edu.ee\/wp-content\/uploads\/2018\/10\/IMG_3237-300x169.jpg\" alt=\"\" width=\"347\" height=\"195\" srcset=\"https:\/\/www.reiniku.edu.ee\/wp-content\/uploads\/2018\/10\/IMG_3237-300x169.jpg 300w, https:\/\/www.reiniku.edu.ee\/wp-content\/uploads\/2018\/10\/IMG_3237-768x432.jpg 768w, https:\/\/www.reiniku.edu.ee\/wp-content\/uploads\/2018\/10\/IMG_3237-1024x575.jpg 1024w, https:\/\/www.reiniku.edu.ee\/wp-content\/uploads\/2018\/10\/IMG_3237-624x351.jpg 624w\" sizes=\"auto, (max-width: 347px) 100vw, 347px\" \/><\/a><a href=\"https:\/\/www.reiniku.edu.ee\/wp-content\/uploads\/2018\/10\/IMG_3241.jpg\" target=\"_blank\" rel=\"noopener noreferrer\"><img loading=\"lazy\" decoding=\"async\" class=\"alignnone wp-image-3006\" src=\"https:\/\/www.reiniku.edu.ee\/wp-content\/uploads\/2018\/10\/IMG_3241-300x169.jpg\" alt=\"\" width=\"345\" height=\"195\" srcset=\"https:\/\/www.reiniku.edu.ee\/wp-content\/uploads\/2018\/10\/IMG_3241-300x169.jpg 300w, https:\/\/www.reiniku.edu.ee\/wp-content\/uploads\/2018\/10\/IMG_3241-768x432.jpg 768w, https:\/\/www.reiniku.edu.ee\/wp-content\/uploads\/2018\/10\/IMG_3241-1024x576.jpg 1024w, https:\/\/www.reiniku.edu.ee\/wp-content\/uploads\/2018\/10\/IMG_3241-624x351.jpg 624w\" sizes=\"auto, (max-width: 345px) 100vw, 345px\" \/><\/a><\/p>\n<p>Kohtumiseni kevadel, kui oleme laulupeo lainel!<\/p>\n<p>10.10.2018<\/p>\n<hr \/>\n<p><strong>KOOLIP\u00c4RIMUS 2018<\/strong><\/p>\n<p>Eesti Kirjandusmuuseumi folkloristikaoskond korraldas \u00fcle-eestilise koolip\u00e4rimuse kogumisaktsiooni &#8220;Koolip\u00e4rimus 2018&#8221;. \u00dcritus valiti \u00fcheks Euroopa kultuurip\u00e4randi aasta s\u00f5lms\u00fcndmuseks. Ettev\u00f5tmise patrooniks oli Tartu linnakirjanik Mika Ker\u00e4nen.<br \/>\nMeie kooli \u00f5pilased kutsuti auhindamisele t\u00e4nu p\u00f5hjalikele ankeetidele, lisamaterjalidele ja uurimustele.<\/p>\n<p>T\u00e4nu\u00fcritusel osalesid <strong>Arabella Antons <\/strong>(7.b), <strong>Kristin T\u00f5nisson <\/strong>(8.a), <strong>Laure Kiivit<\/strong> (8.a) ja <strong>Anette Ama<\/strong> (8.a). Neid juhendas \u00f5p <strong>Tiiu Heinsalu<\/strong>. Kokku osales kampaanias \u00fcle 3700 \u00f5pilase.<\/p>\n<p><a href=\"https:\/\/www.reiniku.edu.ee\/wp-content\/uploads\/2018\/10\/kooliparimus1.jpg\" target=\"_blank\" rel=\"noopener noreferrer\"><img loading=\"lazy\" decoding=\"async\" class=\"alignnone wp-image-3000 \" src=\"https:\/\/www.reiniku.edu.ee\/wp-content\/uploads\/2018\/10\/kooliparimus1-300x169.jpg\" alt=\"\" width=\"346\" height=\"195\" srcset=\"https:\/\/www.reiniku.edu.ee\/wp-content\/uploads\/2018\/10\/kooliparimus1-300x169.jpg 300w, https:\/\/www.reiniku.edu.ee\/wp-content\/uploads\/2018\/10\/kooliparimus1-768x432.jpg 768w, https:\/\/www.reiniku.edu.ee\/wp-content\/uploads\/2018\/10\/kooliparimus1-1024x576.jpg 1024w, https:\/\/www.reiniku.edu.ee\/wp-content\/uploads\/2018\/10\/kooliparimus1-624x351.jpg 624w\" sizes=\"auto, (max-width: 346px) 100vw, 346px\" \/><\/a><\/p>\n<p>8.10.2018<\/p>\n<hr \/>\n<p><strong>LOODUS LUMMAB<\/strong><\/p>\n<p>3. oktoobril toimus Tartu Kivilinna Koolis looduse tundmise v\u00f5istlusel &#8220;Loodus lummab&#8221; osalesid meie kooli 2. klasside \u00f5pilased <strong>Greta Veenpere, Artur Kuperjanov, Kerret Kongi<\/strong> ja <strong>Kristjan Lokotar<\/strong>. 1. voorus t\u00e4ideti veebi\u00fclesandeid, 2. voorus pidid lapsed tegelema v\u00e4ga huvitavate, kuid\u00a0 keerukate katsetega. Saavutati tubli V koht.<\/p>\n<p>Kiitus k\u00f5igile \u00f5pilastele!<\/p>\n<p>4.10.2018<\/p>\n<hr \/>\n<p><strong>LAULUPEOMUUSEUMI JOONISTUSV\u00d5ISTLUS<\/strong><\/p>\n<p>27. septembril osalesid meie kooli \u00f5pilased <strong>Eliise Kiviste, Sohvi Kallus, Kirke Laas, Adeele Vulf, Gerda K\u00e4\u00e4rmaa, Birgit Vilba, Kiia Raudsepp, Petra Abrams, Mia Asuk\u00fcl<\/strong> ja <strong>Naomie Berry<\/strong> Tartu Laulupeomuuseumi joonistusv\u00f5istlusel. \u00d5pilased joonistasid teemal &#8220;Mu koduke. Eestimaa l\u00e4bi lapse silmade&#8221;. Signe Kivi poolt said tunnustatud ja p\u00e4lvisid Tartu Kunstimuuseumi eripreemia<strong> Birgit Vilba, Eliise Kiviste, Adeele Vulf<\/strong> ja <strong>Kiia Raudsepp<\/strong>. \u00c4ra m\u00e4rgiti ka <strong>Gerda K\u00e4\u00e4rmaa<\/strong> ja <strong>Mia Asuk\u00fcli<\/strong> t\u00f6\u00f6d.<\/p>\n<p>Kiitus k\u00f5igile v\u00e4ga tublidele joonistajatele!<\/p>\n<p>1.10.2018<\/p>\n<hr \/>\n<p><strong>SCRABBLE&#8217;I RING<\/strong><\/p>\n<p><a href=\"https:\/\/www.reiniku.edu.ee\/wp-content\/uploads\/2018\/09\/scrabble.png\" target=\"_blank\" rel=\"noopener noreferrer\"><img loading=\"lazy\" decoding=\"async\" class=\"alignnone wp-image-2985\" src=\"https:\/\/www.reiniku.edu.ee\/wp-content\/uploads\/2018\/09\/scrabble-300x179.png\" alt=\"\" width=\"615\" height=\"367\" srcset=\"https:\/\/www.reiniku.edu.ee\/wp-content\/uploads\/2018\/09\/scrabble-300x179.png 300w, https:\/\/www.reiniku.edu.ee\/wp-content\/uploads\/2018\/09\/scrabble-768x459.png 768w, https:\/\/www.reiniku.edu.ee\/wp-content\/uploads\/2018\/09\/scrabble-624x373.png 624w, https:\/\/www.reiniku.edu.ee\/wp-content\/uploads\/2018\/09\/scrabble.png 797w\" sizes=\"auto, (max-width: 615px) 100vw, 615px\" \/><\/a><\/p>\n<p>28.09.2018<\/p>\n<hr \/>\n<p><strong>TEATEJOOKSUDE P\u00c4EV<\/strong><\/p>\n<p>Tartu koolide teatejooksude p\u00e4eval olid k\u00f5ik v\u00e4ga tublid !<\/p>\n<p><strong>20 x 60 m teatejooksus saavutasid 6.-7. klasside t\u00fcdrukud II koha.<\/strong><\/p>\n<ul>\n<li>6.a &#8211; Annegret Kala, Liisa Prei, Grete Kraus, Marie Kiivit<\/li>\n<li>6.b &#8211; Merilin Meemann, Mona Leis<\/li>\n<li>6.c &#8211; Anete \u0160inkarev<\/li>\n<li>6.d &#8211; Melani Muro<\/li>\n<li>7.a &#8211; Annabel Valge, Annaliisa Karu, Stiina- Kirke Jurs<\/li>\n<li>7.b &#8211; Gerda Emily Treufeldt, Martha Holst, Reesi Paju, K\u00e4rt Olt, Kreeta Roose, Anna Jaska<\/li>\n<li>7.c &#8211; Lysette Jakobson, Marleen Markus<\/li>\n<li>7.d &#8211; Sanne-Lee Pannel, Gerda-Marleen P\u00e4rli<\/li>\n<\/ul>\n<p><a href=\"https:\/\/www.reiniku.edu.ee\/wp-content\/uploads\/2018\/09\/6.-7.kl-t\u00fcdrukud-II-koht.jpg\" target=\"_blank\" rel=\"noopener noreferrer\"><img loading=\"lazy\" decoding=\"async\" class=\"alignnone wp-image-2981\" src=\"https:\/\/www.reiniku.edu.ee\/wp-content\/uploads\/2018\/09\/6.-7.kl-t\u00fcdrukud-II-koht-300x225.jpg\" alt=\"\" width=\"372\" height=\"279\" srcset=\"https:\/\/www.reiniku.edu.ee\/wp-content\/uploads\/2018\/09\/6.-7.kl-t\u00fcdrukud-II-koht-300x225.jpg 300w, https:\/\/www.reiniku.edu.ee\/wp-content\/uploads\/2018\/09\/6.-7.kl-t\u00fcdrukud-II-koht-768x576.jpg 768w, https:\/\/www.reiniku.edu.ee\/wp-content\/uploads\/2018\/09\/6.-7.kl-t\u00fcdrukud-II-koht-1024x768.jpg 1024w, https:\/\/www.reiniku.edu.ee\/wp-content\/uploads\/2018\/09\/6.-7.kl-t\u00fcdrukud-II-koht-624x468.jpg 624w\" sizes=\"auto, (max-width: 372px) 100vw, 372px\" \/><\/a><a href=\"https:\/\/www.reiniku.edu.ee\/wp-content\/uploads\/2018\/09\/IMG_20180920_164722.jpg\" target=\"_blank\" rel=\"noopener noreferrer\"><img loading=\"lazy\" decoding=\"async\" class=\"alignnone wp-image-2982\" src=\"https:\/\/www.reiniku.edu.ee\/wp-content\/uploads\/2018\/09\/IMG_20180920_164722-300x168.jpg\" alt=\"\" width=\"509\" height=\"285\" srcset=\"https:\/\/www.reiniku.edu.ee\/wp-content\/uploads\/2018\/09\/IMG_20180920_164722-300x168.jpg 300w, https:\/\/www.reiniku.edu.ee\/wp-content\/uploads\/2018\/09\/IMG_20180920_164722-768x431.jpg 768w, https:\/\/www.reiniku.edu.ee\/wp-content\/uploads\/2018\/09\/IMG_20180920_164722-1024x575.jpg 1024w, https:\/\/www.reiniku.edu.ee\/wp-content\/uploads\/2018\/09\/IMG_20180920_164722-624x350.jpg 624w\" sizes=\"auto, (max-width: 509px) 100vw, 509px\" \/><\/a><\/p>\n<p><strong>30 x 60 m segateatejooksus (15P + 15T) saavutasid 8.- 9. klassid I koha.<\/strong><\/p>\n<ul>\n<li>8.a &#8211; Triinu Adov, Heleriin Peterson, Gleen Gross,\u00a0Orm Lukas, Albert Aadla, Martin Vendt<\/li>\n<li>8.b &#8211; Marion K\u00f6hler, Hanna Haljasorg, Laura-Liisa Valdmaa,\u00a0Mihkel Kruusmann, Kristjan M\u00e4estu<\/li>\n<li>8.c &#8211;\u00a0Karl Lumiste<\/li>\n<li>8.d &#8211; Oskar Muru<\/li>\n<li>9.a &#8211; Karmen Ilves, Anete Klaaser, Roberta Leppik, Karl August Kalamees, Kaspar Kiisk, Georg Lillo<\/li>\n<li>9.b &#8211; Leelo Aino J\u00fcrgenstein, Heleri Savolainen, Vanessa Viiding, Daniel Erik Kiuru<\/li>\n<li>9.c &#8211; Anette Kaidma, Maria Tars,\u00a0Ottomar Sibul, Andero Uuk<\/li>\n<li>9.d &#8211; Madlen Muro,\u00a0Carlos Luts, Alfred Holst, Egert Kasemaa<\/li>\n<\/ul>\n<p><a href=\"https:\/\/www.reiniku.edu.ee\/wp-content\/uploads\/2018\/09\/IMG_20180920_165540.jpg\" target=\"_blank\" rel=\"noopener noreferrer\"><img loading=\"lazy\" decoding=\"async\" class=\"alignnone wp-image-2980\" src=\"https:\/\/www.reiniku.edu.ee\/wp-content\/uploads\/2018\/09\/IMG_20180920_165540-300x168.jpg\" alt=\"\" width=\"506\" height=\"284\" srcset=\"https:\/\/www.reiniku.edu.ee\/wp-content\/uploads\/2018\/09\/IMG_20180920_165540-300x168.jpg 300w, https:\/\/www.reiniku.edu.ee\/wp-content\/uploads\/2018\/09\/IMG_20180920_165540-768x431.jpg 768w, https:\/\/www.reiniku.edu.ee\/wp-content\/uploads\/2018\/09\/IMG_20180920_165540-1024x575.jpg 1024w, https:\/\/www.reiniku.edu.ee\/wp-content\/uploads\/2018\/09\/IMG_20180920_165540-624x350.jpg 624w\" sizes=\"auto, (max-width: 506px) 100vw, 506px\" \/><\/a><\/p>\n<p><strong>4 x 400 m teatejooksus saavutasid 8.-9.klasside t\u00fcdrukud III koha.<\/strong><\/p>\n<ul>\n<li>9.b &#8211; Ida Tuule J\u00f5gi, Johanna Kaare, Vanessa Viiding<\/li>\n<li>9.c &#8211; Maria Tars<\/li>\n<\/ul>\n<p><a href=\"https:\/\/www.reiniku.edu.ee\/wp-content\/uploads\/2018\/09\/4x400-8.-9.-kl-pronks.jpg\" target=\"_blank\" rel=\"noopener noreferrer\"><img loading=\"lazy\" decoding=\"async\" class=\"alignnone wp-image-2978\" src=\"https:\/\/www.reiniku.edu.ee\/wp-content\/uploads\/2018\/09\/4x400-8.-9.-kl-pronks-300x225.jpg\" alt=\"\" width=\"423\" height=\"317\" srcset=\"https:\/\/www.reiniku.edu.ee\/wp-content\/uploads\/2018\/09\/4x400-8.-9.-kl-pronks-300x225.jpg 300w, https:\/\/www.reiniku.edu.ee\/wp-content\/uploads\/2018\/09\/4x400-8.-9.-kl-pronks-768x576.jpg 768w, https:\/\/www.reiniku.edu.ee\/wp-content\/uploads\/2018\/09\/4x400-8.-9.-kl-pronks-1024x768.jpg 1024w, https:\/\/www.reiniku.edu.ee\/wp-content\/uploads\/2018\/09\/4x400-8.-9.-kl-pronks-624x468.jpg 624w\" sizes=\"auto, (max-width: 423px) 100vw, 423px\" \/><\/a><\/p>\n<p><strong>4 x 400 m teatejooksus saavutasid 8.-9.klasside poisid I koha.<\/strong><\/p>\n<ul>\n<li>8.a &#8211;\u00a0Orm Lukas<\/li>\n<li>9.a &#8211; Karl August Kalamees, Kaspar Kiisk<\/li>\n<li>9.b &#8211; Daniel Erik Kiuru<\/li>\n<\/ul>\n<p><a href=\"https:\/\/www.reiniku.edu.ee\/wp-content\/uploads\/2018\/09\/4x400m.jpg\" target=\"_blank\" rel=\"noopener noreferrer\"><img loading=\"lazy\" decoding=\"async\" class=\"alignnone wp-image-2976\" src=\"https:\/\/www.reiniku.edu.ee\/wp-content\/uploads\/2018\/09\/4x400m-300x168.jpg\" alt=\"\" width=\"478\" height=\"268\" srcset=\"https:\/\/www.reiniku.edu.ee\/wp-content\/uploads\/2018\/09\/4x400m-300x168.jpg 300w, https:\/\/www.reiniku.edu.ee\/wp-content\/uploads\/2018\/09\/4x400m-768x431.jpg 768w, https:\/\/www.reiniku.edu.ee\/wp-content\/uploads\/2018\/09\/4x400m-1024x575.jpg 1024w, https:\/\/www.reiniku.edu.ee\/wp-content\/uploads\/2018\/09\/4x400m-624x350.jpg 624w, https:\/\/www.reiniku.edu.ee\/wp-content\/uploads\/2018\/09\/4x400m.jpg 1600w\" sizes=\"auto, (max-width: 478px) 100vw, 478px\" \/><\/a><\/p>\n<p>25.09.2018<\/p>\n<hr \/>\n<p><strong>TARTU LINN TUNNUSTAS MEIE KOOLI \u00d5PETAJAID<\/strong><\/p>\n<p>T\u00e4navu sai Tartu linnas aasta p\u00f5hikooli \u00f5petaja auhinna meie ajaloo- ja \u00fchiskonna\u00f5petaja <strong>Karolina Antons<\/strong> ning aasta klassi\u00f5petaja auhinna<br \/>\n<strong>Aive K\u00e4\u00e4rik<\/strong>.<\/p>\n<p>Palju \u00f5nne!<\/p>\n<p><a href=\"https:\/\/www.reiniku.edu.ee\/wp-content\/uploads\/2018\/09\/KAROLINA-ANTONS.jpg\" target=\"_blank\" rel=\"noopener noreferrer\"><img loading=\"lazy\" decoding=\"async\" class=\"alignnone wp-image-2963\" src=\"https:\/\/www.reiniku.edu.ee\/wp-content\/uploads\/2018\/09\/KAROLINA-ANTONS-200x300.jpg\" alt=\"\" width=\"236\" height=\"354\" srcset=\"https:\/\/www.reiniku.edu.ee\/wp-content\/uploads\/2018\/09\/KAROLINA-ANTONS-200x300.jpg 200w, https:\/\/www.reiniku.edu.ee\/wp-content\/uploads\/2018\/09\/KAROLINA-ANTONS-768x1154.jpg 768w, https:\/\/www.reiniku.edu.ee\/wp-content\/uploads\/2018\/09\/KAROLINA-ANTONS-681x1024.jpg 681w, https:\/\/www.reiniku.edu.ee\/wp-content\/uploads\/2018\/09\/KAROLINA-ANTONS-624x938.jpg 624w, https:\/\/www.reiniku.edu.ee\/wp-content\/uploads\/2018\/09\/KAROLINA-ANTONS.jpg 1500w\" sizes=\"auto, (max-width: 236px) 100vw, 236px\" \/><\/a>\u00a0<a href=\"https:\/\/www.reiniku.edu.ee\/wp-content\/uploads\/2018\/09\/AIVE-K\u00c4\u00c4RIK.jpg\" target=\"_blank\" rel=\"noopener noreferrer\"><img loading=\"lazy\" decoding=\"async\" class=\"alignnone wp-image-2962\" src=\"https:\/\/www.reiniku.edu.ee\/wp-content\/uploads\/2018\/09\/AIVE-K\u00c4\u00c4RIK-200x300.jpg\" alt=\"\" width=\"236\" height=\"354\" srcset=\"https:\/\/www.reiniku.edu.ee\/wp-content\/uploads\/2018\/09\/AIVE-K\u00c4\u00c4RIK-200x300.jpg 200w, https:\/\/www.reiniku.edu.ee\/wp-content\/uploads\/2018\/09\/AIVE-K\u00c4\u00c4RIK-768x1154.jpg 768w, https:\/\/www.reiniku.edu.ee\/wp-content\/uploads\/2018\/09\/AIVE-K\u00c4\u00c4RIK-681x1024.jpg 681w, https:\/\/www.reiniku.edu.ee\/wp-content\/uploads\/2018\/09\/AIVE-K\u00c4\u00c4RIK-624x938.jpg 624w, https:\/\/www.reiniku.edu.ee\/wp-content\/uploads\/2018\/09\/AIVE-K\u00c4\u00c4RIK.jpg 1700w\" sizes=\"auto, (max-width: 236px) 100vw, 236px\" \/><\/a><br \/>\nKarolina Antons\u00a0 \u00a0 \u00a0 \u00a0 \u00a0 \u00a0 \u00a0 \u00a0 \u00a0 \u00a0 \u00a0 \u00a0 \u00a0 \u00a0 \u00a0 \u00a0 \u00a0 \u00a0 \u00a0 Aive K\u00e4\u00e4rik<\/p>\n<p>24.09.2018<\/p>\n<hr \/>\n<p><strong>ROBOOTIKARING<\/strong><\/p>\n<p>Robootikaringi registreerumine algab esmasp\u00e4eval, 24.septembril kell 19.00. R\u00fchmas on 12 kohta, mis t\u00e4idetakse registreerimise ajalise j\u00e4rjekorra alusel. Registreerimine toimub ARNO keskkonnas (juhendi leiab siit: <a href=\"http:\/\/confluence.loc.piksel.ee\/pages\/viewpage.action?pageId=10617573#Huviringidel%C3%BChitutvustus-Huviringiastumisetaotlus\" target=\"_blank\" rel=\"noopener noreferrer\">http:\/\/confluence.loc.piksel.ee\/pages\/viewpage.action?pageId=10617573#Huviringidel%C3%BChitutvustus-Huviringiastumisetaotlus<\/a>)<\/p>\n<p>Ringid on leitavad Arno keskkonnas siit: <a href=\"https:\/\/tartu.ee\/arno\/ctrl\/ee\/Koolid\/vaata\/16\" target=\"_blank\" rel=\"noopener noreferrer\">https:\/\/tartu.ee\/arno\/ctrl\/ee\/Koolid\/vaata\/16<\/a><br \/>\n(huviringide nimekiri asub lehel allpool)<\/p>\n<p>T\u00c4HELEPANU! Arno keskkonnas on huviringide moodul alles loodud ja Reiniku kool on \u00fcheks selle testijaks, seega palume m\u00f5istvat suhtumist.<\/p>\n<p>K\u00fcsimuste korral p\u00f6\u00f6rduda huvijuhi poole (liisa.aasmae<img decoding=\"async\" src=\"https:\/\/www.reiniku.edu.ee\/wp-content\/uploads\/2016\/04\/at.gif\" alt=\"\" border=\"0\" \/>reiniku.edu.ee)<\/p>\n<p><a href=\"https:\/\/www.reiniku.edu.ee\/wp-content\/uploads\/2018\/09\/Robootika.jpg\"><img loading=\"lazy\" decoding=\"async\" class=\"alignnone wp-image-2956\" src=\"https:\/\/www.reiniku.edu.ee\/wp-content\/uploads\/2018\/09\/Robootika-300x157.jpg\" alt=\"\" width=\"585\" height=\"306\" srcset=\"https:\/\/www.reiniku.edu.ee\/wp-content\/uploads\/2018\/09\/Robootika-300x157.jpg 300w, https:\/\/www.reiniku.edu.ee\/wp-content\/uploads\/2018\/09\/Robootika-768x403.jpg 768w, https:\/\/www.reiniku.edu.ee\/wp-content\/uploads\/2018\/09\/Robootika-1024x537.jpg 1024w, https:\/\/www.reiniku.edu.ee\/wp-content\/uploads\/2018\/09\/Robootika-624x327.jpg 624w, https:\/\/www.reiniku.edu.ee\/wp-content\/uploads\/2018\/09\/Robootika.jpg 1200w\" sizes=\"auto, (max-width: 585px) 100vw, 585px\" \/><\/a><\/p>\n<p>21.09.2018<\/p>\n<hr \/>\n<p><strong>VANEMATEKOGU\u00a0<\/strong><\/p>\n<p>K\u00f5ik huvilised on oodatud <strong>vanematekogu<\/strong> 1. selle-aastasele kogunemisel <strong>9.oktoobril kell 17.30<\/strong> Vanemuise tn \u00f5ppehoone <strong>kabinetis 12<\/strong>.<\/p>\n<p>Lisainformatsiooni saab Kristilt &#8211; kristiterep@gmail.com<\/p>\n<p>Vanematekogust t\u00e4psemalt saad lugeda <a href=\"https:\/\/www.reiniku.edu.ee\/index.php\/vanematekogu\/\" target=\"_blank\" rel=\"noopener noreferrer\">SIIT<\/a>.<\/p>\n<p>19.09.2018<\/p>\n<hr \/>\n<p><strong>AJALOORINGI ORIENTEERUMISM\u00c4NGU K\u00dcSIMUSED<\/strong><\/p>\n<p>Ajalooringi orienteerumism\u00e4ng saab alguse n\u00fc\u00fcd!<br \/>\nK\u00fcsimused leiad <a href=\"https:\/\/drive.google.com\/file\/d\/1KSEJCDi_rWxqvDUagX2yB9lVEMx7G9qY\/view?usp=sharing\" target=\"_blank\" rel=\"noopener noreferrer\">SIIT<\/a>.<\/p>\n<p>17.09.2018<\/p>\n<hr \/>\n<p><strong>LASTEVANEMATE KOOSOLEK<\/strong><\/p>\n<p>Tartu Mart Reiniku Kooli <strong>LASTEVANEMATE \u00dcLDKOOSOLEKUD<\/strong> toimuvad Riia 25 \u00f5ppehoones:<\/p>\n<ul>\n<li><strong>5.-9. klassidele T, 18. septembril<\/strong> kell 18.00<\/li>\n<li><strong>1.-4. klassidele K, 19. septembril<\/strong> kell 18.00<\/li>\n<\/ul>\n<p>P\u00e4rast \u00fcldkoosolekut toimuvad klassikoosolekud.<br \/>\n<span style=\"font-size: 1rem;\">Oodatud on k\u00f5ik vanemad!<\/span><\/p>\n<p>14.09.2018<\/p>\n<hr \/>\n<p><strong>MALERING<\/strong><\/p>\n<p><a href=\"https:\/\/www.reiniku.edu.ee\/wp-content\/uploads\/2018\/09\/Malering.jpg\" target=\"_blank\" rel=\"noopener noreferrer\"><img loading=\"lazy\" decoding=\"async\" class=\"alignnone wp-image-2906\" src=\"https:\/\/www.reiniku.edu.ee\/wp-content\/uploads\/2018\/09\/Malering-300x157.jpg\" alt=\"\" width=\"592\" height=\"310\" srcset=\"https:\/\/www.reiniku.edu.ee\/wp-content\/uploads\/2018\/09\/Malering-300x157.jpg 300w, https:\/\/www.reiniku.edu.ee\/wp-content\/uploads\/2018\/09\/Malering-768x403.jpg 768w, https:\/\/www.reiniku.edu.ee\/wp-content\/uploads\/2018\/09\/Malering-1024x537.jpg 1024w, https:\/\/www.reiniku.edu.ee\/wp-content\/uploads\/2018\/09\/Malering-624x327.jpg 624w, https:\/\/www.reiniku.edu.ee\/wp-content\/uploads\/2018\/09\/Malering.jpg 1200w\" sizes=\"auto, (max-width: 592px) 100vw, 592px\" \/><\/a><\/p>\n<p>14.09.2018<\/p>\n<hr \/>\n<p><strong>S\u00dcGISN\u00c4ITUS\u00a0<\/strong><\/p>\n<p><a href=\"https:\/\/www.reiniku.edu.ee\/wp-content\/uploads\/2018\/09\/s\u00fcgisn\u00e4itus.jpg\" target=\"_blank\" rel=\"noopener noreferrer\"><img loading=\"lazy\" decoding=\"async\" class=\"alignnone wp-image-2903\" src=\"https:\/\/www.reiniku.edu.ee\/wp-content\/uploads\/2018\/09\/s\u00fcgisn\u00e4itus-300x300.jpg\" alt=\"\" width=\"573\" height=\"573\" srcset=\"https:\/\/www.reiniku.edu.ee\/wp-content\/uploads\/2018\/09\/s\u00fcgisn\u00e4itus-300x300.jpg 300w, https:\/\/www.reiniku.edu.ee\/wp-content\/uploads\/2018\/09\/s\u00fcgisn\u00e4itus-150x150.jpg 150w, https:\/\/www.reiniku.edu.ee\/wp-content\/uploads\/2018\/09\/s\u00fcgisn\u00e4itus-768x768.jpg 768w, https:\/\/www.reiniku.edu.ee\/wp-content\/uploads\/2018\/09\/s\u00fcgisn\u00e4itus-1024x1024.jpg 1024w, https:\/\/www.reiniku.edu.ee\/wp-content\/uploads\/2018\/09\/s\u00fcgisn\u00e4itus-624x624.jpg 624w, https:\/\/www.reiniku.edu.ee\/wp-content\/uploads\/2018\/09\/s\u00fcgisn\u00e4itus.jpg 1080w\" sizes=\"auto, (max-width: 573px) 100vw, 573px\" \/><\/a><\/p>\n<p>14.09.2018<\/p>\n<hr \/>\n<p><strong>NOORED KOTKAD<\/strong><\/p>\n<p><a href=\"https:\/\/www.reiniku.edu.ee\/wp-content\/uploads\/2018\/09\/noored-kotkad-\u00fcksik.jpg\" target=\"_blank\" rel=\"noopener noreferrer\"><img loading=\"lazy\" decoding=\"async\" class=\"alignnone wp-image-2901\" src=\"https:\/\/www.reiniku.edu.ee\/wp-content\/uploads\/2018\/09\/noored-kotkad-\u00fcksik-300x189.jpg\" alt=\"\" width=\"402\" height=\"253\" srcset=\"https:\/\/www.reiniku.edu.ee\/wp-content\/uploads\/2018\/09\/noored-kotkad-\u00fcksik-300x189.jpg 300w, https:\/\/www.reiniku.edu.ee\/wp-content\/uploads\/2018\/09\/noored-kotkad-\u00fcksik-768x483.jpg 768w, https:\/\/www.reiniku.edu.ee\/wp-content\/uploads\/2018\/09\/noored-kotkad-\u00fcksik-624x392.jpg 624w, https:\/\/www.reiniku.edu.ee\/wp-content\/uploads\/2018\/09\/noored-kotkad-\u00fcksik.jpg 845w\" sizes=\"auto, (max-width: 402px) 100vw, 402px\" \/><\/a><\/p>\n<p>13.09.2018<\/p>\n<hr \/>\n<p><strong>AJALOORINGI 19. ORIENTEERUMISM\u00c4NG<\/strong><\/p>\n<p><a href=\"https:\/\/www.reiniku.edu.ee\/wp-content\/uploads\/2018\/09\/2018-sygist-orient.jpg\" target=\"_blank\" rel=\"noopener noreferrer\"><img loading=\"lazy\" decoding=\"async\" class=\"alignnone wp-image-2889 \" src=\"https:\/\/www.reiniku.edu.ee\/wp-content\/uploads\/2018\/09\/2018-sygist-orient-300x230.jpg\" alt=\"\" width=\"541\" height=\"415\" srcset=\"https:\/\/www.reiniku.edu.ee\/wp-content\/uploads\/2018\/09\/2018-sygist-orient-300x230.jpg 300w, https:\/\/www.reiniku.edu.ee\/wp-content\/uploads\/2018\/09\/2018-sygist-orient-768x590.jpg 768w, https:\/\/www.reiniku.edu.ee\/wp-content\/uploads\/2018\/09\/2018-sygist-orient-1024x787.jpg 1024w, https:\/\/www.reiniku.edu.ee\/wp-content\/uploads\/2018\/09\/2018-sygist-orient-624x479.jpg 624w, https:\/\/www.reiniku.edu.ee\/wp-content\/uploads\/2018\/09\/2018-sygist-orient.jpg 1053w\" sizes=\"auto, (max-width: 541px) 100vw, 541px\" \/><\/a><\/p>\n<p>11.09.2018<\/p>\n<hr \/>\n<p><strong>HUVIRINGID<\/strong><\/p>\n<p><a href=\"https:\/\/www.reiniku.edu.ee\/wp-content\/uploads\/2018\/09\/Matemaatikaring.jpg\" target=\"_blank\" rel=\"noopener noreferrer\"><img loading=\"lazy\" decoding=\"async\" class=\"alignnone wp-image-2881\" src=\"https:\/\/www.reiniku.edu.ee\/wp-content\/uploads\/2018\/09\/Matemaatikaring-300x300.jpg\" alt=\"\" width=\"310\" height=\"310\" srcset=\"https:\/\/www.reiniku.edu.ee\/wp-content\/uploads\/2018\/09\/Matemaatikaring-300x300.jpg 300w, https:\/\/www.reiniku.edu.ee\/wp-content\/uploads\/2018\/09\/Matemaatikaring-150x150.jpg 150w, https:\/\/www.reiniku.edu.ee\/wp-content\/uploads\/2018\/09\/Matemaatikaring-768x768.jpg 768w, https:\/\/www.reiniku.edu.ee\/wp-content\/uploads\/2018\/09\/Matemaatikaring-1024x1024.jpg 1024w, https:\/\/www.reiniku.edu.ee\/wp-content\/uploads\/2018\/09\/Matemaatikaring-624x624.jpg 624w, https:\/\/www.reiniku.edu.ee\/wp-content\/uploads\/2018\/09\/Matemaatikaring.jpg 1080w\" sizes=\"auto, (max-width: 310px) 100vw, 310px\" \/><\/a> <a href=\"https:\/\/www.reiniku.edu.ee\/wp-content\/uploads\/2018\/09\/R\u00fctmika-ring.jpg\" target=\"_blank\" rel=\"noopener noreferrer\"><img loading=\"lazy\" decoding=\"async\" class=\"alignnone wp-image-2882\" src=\"https:\/\/www.reiniku.edu.ee\/wp-content\/uploads\/2018\/09\/R\u00fctmika-ring-300x157.jpg\" alt=\"\" width=\"592\" height=\"310\" srcset=\"https:\/\/www.reiniku.edu.ee\/wp-content\/uploads\/2018\/09\/R\u00fctmika-ring-300x157.jpg 300w, https:\/\/www.reiniku.edu.ee\/wp-content\/uploads\/2018\/09\/R\u00fctmika-ring-768x403.jpg 768w, https:\/\/www.reiniku.edu.ee\/wp-content\/uploads\/2018\/09\/R\u00fctmika-ring-1024x537.jpg 1024w, https:\/\/www.reiniku.edu.ee\/wp-content\/uploads\/2018\/09\/R\u00fctmika-ring-624x327.jpg 624w, https:\/\/www.reiniku.edu.ee\/wp-content\/uploads\/2018\/09\/R\u00fctmika-ring.jpg 1200w\" sizes=\"auto, (max-width: 592px) 100vw, 592px\" \/><\/a><\/p>\n<p>10.09.2018<\/p>\n<hr \/>\n<p><strong>ARVUTIRING 3. JA 4. KLASSIDELE<\/strong><\/p>\n<p>Arvutiringi 3. ja 4. klassidele registreerumine algab reedel, 7.septembril kell 19.00. Igas r\u00fchmas on meil 15 kohta, mis t\u00e4idetakse registreerimise ajalise j\u00e4rjekorra alusel. Registreerimine toimub ARNO keskkonnas (juhendi leiab siit:<br \/>\n<a href=\"http:\/\/confluence.loc.piksel.ee\/pages\/viewpage.action?pageId=10617573#Huviringidel%C3%BChitutvustus-Huviringiastumisetaotlus\" target=\"_blank\" rel=\"noopener noreferrer\">http:\/\/confluence.loc.piksel.ee\/pages\/viewpage.action?pageId=10617573#Huviringidel%C3%BChitutvustus-Huviringiastumisetaotlus<\/a>)<\/p>\n<p>3.klasside arvutiring hakkab toimuma teisip\u00e4eviti kell 8.00-8.45 Riia 25 arvutiklassis. Esimene kohtumine 18.september.<\/p>\n<p>4.klasside arvutiringid hakkavad toimuma Riia 25 arvutiklassis:<br \/>\n* I grupp kolmap\u00e4eval kell 13.55-14.40. Esimene kohtumine 19.septembril.<br \/>\n* II grupp reedel kell 8.00-8.45. Esimene kohtumine 21.septembril.<\/p>\n<p>Ringid on leitavad Arno keskkonnas siit:<br \/>\n<a href=\"https:\/\/tartu.ee\/arno\/ctrl\/ee\/Koolid\/vaata\/16\" target=\"_blank\" rel=\"noopener noreferrer\">https:\/\/tartu.ee\/arno\/ctrl\/ee\/Koolid\/vaata\/16<\/a><br \/>\n(huviringide nimekiri asub lehel allpool)<\/p>\n<p>T\u00c4HELEPANU! Arno keskkonnas on huviringide moodul alles loodud ja Reiniku kool on \u00fcheks selle testijaks, seega palume m\u00f5istvat suhtumist.<\/p>\n<p>Ringi kirjeldus: Arvuti\u00f5petuse huviringis l\u00e4htutakse igap\u00e4evase arvuti ning internetikasutaja vajadustest. \u00d5petamise \u00fcldeesm\u00e4rk on tagada info ja kommunikatsioonivahendite rakendamise p\u00e4devused igap\u00e4evaelus ja \u00f5pikeskkonna kujundamiseks. Propageeritakse ohutuid k\u00e4itumisviise v\u00f5rgukeskkonnas. N\u00e4ited, \u00fclesanded jm seotakse \u00f5pilasele tuttava igap\u00e4evaeluga. Peamiselt \u00f5pitakse kasutama MS paketi rakendusi (Word, Excel, PowerPoint), kuid ka internetis turvaliselt ning asjakohaselt toimetama.<br \/>\nTegevuste sisu on \u00fcles ehitatud lapses\u00f5bralikult, m\u00e4nguliselt ja huvipakkuvalt, samas harivalt. R\u00fchmas valitseb heatahtlik ning s\u00f5bralik t\u00f6\u00f6meeleolu.<\/p>\n<p>K\u00fcsimuste korral kirjutada huvijuhile liisa.aasmae@reiniku.edu.ee<\/p>\n<p>5.09.2018<\/p>\n<hr \/>\n<p><strong>2018\/2019 \u00d5PPEAASTA AVAAKTUSED 3.SEPTEMBRIL\u00a0<\/strong><\/p>\n<ul>\n<li>1. klasside aktus toimub kell 13.00 Riia 25 aulas.<br \/>\nNB! P\u00e4rast aktust toimub ka 1.klasside \u00f5pilaspileti piltide tegemine.<\/li>\n<li><span style=\"font-size: 1rem;\">2.-9. klasside aktus toimub<\/span><span style=\"font-size: 1rem;\">\u00a0kell 11.00 kooli staadionil.<\/span><\/li>\n<\/ul>\n<p>23.08.2018<\/p>\n<hr \/>\n<p><strong>\u00d5PIKUTE V\u00c4LJASTAMINE<\/strong><\/p>\n<table style=\"border-collapse: collapse; width: 100%;\" border=\"1\">\n<tbody>\n<tr>\n<td style=\"width: 50%;\"><strong>Esmasp\u00e4ev, 27. august<\/strong><br \/>\nRiia 25 \u00f5ppehoone raamatukogu<br \/>\n8.30 \u2013 9.15 &#8211; 2.a, 2.b<br \/>\n9.15 \u2013 10.15 &#8211; 2.c, 2.d, 2.e10.30 \u2013 11.15 &#8211; 3.a, 3.b<br \/>\n11.15 \u2013 12.15 &#8211; 3.c, 3.d, 3.e12.30 \u2013 13.15 &#8211; 4.a, 4.b<br \/>\n13.15 \u2013 14.15 &#8211; 4.c, 4.d, 4.e<\/td>\n<td style=\"width: 50%;\"><strong>Neljap\u00e4ev, 30. august<\/strong><br \/>\nVanemuise 48<br \/>\n9.00 \u2013 8.a<br \/>\n10.00 \u2013 8.b<br \/>\n11.00 \u2013 8.c<br \/>\n12.00 \u2013 8.d<\/td>\n<\/tr>\n<tr>\n<td style=\"width: 50%;\"><strong>Teisip\u00e4ev, 28. august<\/strong><br \/>\nVanemuise 48 \u00f5ppehoone raamatukogu<br \/>\n9.00 \u2013 5.a<br \/>\n9.30 \u2013 5.b<br \/>\n10.00 \u2013 5.c<br \/>\n10.30 \u2013 5.d<br \/>\n11.00 \u2013 5. k12.00 \u2013 6.a<br \/>\n12.30 \u2013 6.b<br \/>\n13.00 \u2013 6.c<br \/>\n13.30 \u2013 6.d<\/td>\n<td style=\"width: 50%;\"><strong>Reede, 31. august<\/strong><br \/>\nVanemuise 48<br \/>\n9.30 \u2013 9.k<br \/>\n10.00 \u2013 9.a<br \/>\n11.00 \u2013 9.b<br \/>\n12.00 \u2013 9.c<br \/>\n13.00 \u2013 9.d<\/td>\n<\/tr>\n<tr>\n<td style=\"width: 50%;\"><strong>Kolmap\u00e4ev, 29. august<\/strong><br \/>\nVanemuise 48<br \/>\n9.00 \u2013 7.a<br \/>\n10.00 \u2013 7.b<br \/>\n11.00 \u2013 7.c<br \/>\n12.00 \u2013 7.d<br \/>\n13.00 \u2013 7.e<\/td>\n<td style=\"width: 50%;\"><\/td>\n<\/tr>\n<\/tbody>\n<\/table>\n<p>23.08.2018<\/p>\n<hr \/>\n<p><strong>MRK POISTEKOORI TEGEMISTEST<\/strong><\/p>\n<p><a href=\"https:\/\/www.reiniku.edu.ee\/wp-content\/uploads\/2018\/07\/100.jpg\" target=\"_blank\" rel=\"noopener noreferrer\"><img loading=\"lazy\" decoding=\"async\" class=\"alignnone wp-image-2791\" src=\"https:\/\/www.reiniku.edu.ee\/wp-content\/uploads\/2018\/07\/100-300x171.jpg\" alt=\"\" width=\"405\" height=\"231\" srcset=\"https:\/\/www.reiniku.edu.ee\/wp-content\/uploads\/2018\/07\/100-300x171.jpg 300w, https:\/\/www.reiniku.edu.ee\/wp-content\/uploads\/2018\/07\/100.jpg 598w\" sizes=\"auto, (max-width: 405px) 100vw, 405px\" \/><\/a>\u00a0 \u00a0 \u00a0\u00a0<a href=\"https:\/\/www.reiniku.edu.ee\/wp-content\/uploads\/2018\/07\/101.jpg\" target=\"_blank\" rel=\"noopener noreferrer\"><img loading=\"lazy\" decoding=\"async\" class=\"alignnone wp-image-2792\" src=\"https:\/\/www.reiniku.edu.ee\/wp-content\/uploads\/2018\/07\/101-300x224.jpg\" alt=\"\" width=\"407\" height=\"304\" srcset=\"https:\/\/www.reiniku.edu.ee\/wp-content\/uploads\/2018\/07\/101-300x224.jpg 300w, https:\/\/www.reiniku.edu.ee\/wp-content\/uploads\/2018\/07\/101-624x466.jpg 624w, https:\/\/www.reiniku.edu.ee\/wp-content\/uploads\/2018\/07\/101.jpg 651w\" sizes=\"auto, (max-width: 407px) 100vw, 407px\" \/><\/a><\/p>\n<p>MRK poistekoor osales Kuressaares toimunud XVI poistekooride laulu- ja spordilaagris ja Eesti Meestelaulu Seltsi 30. aastap\u00e4eva juubelilaulup\u00e4eval Kuressaare lossihoovis.<br \/>\nPidustuste raames on j\u00e4\u00e4dvustatud meie koorilauljad nii helis kui pildis.<br \/>\n* Saarte h\u00e4\u00e4l: <a href=\"https:\/\/www.saartehaal.ee\/2018\/06\/17\/galerii-lossihoovis-laulis-isa-laulis-poega\/\" target=\"_blank\" rel=\"noopener noreferrer\">https:\/\/www.saartehaal.ee\/2018\/06\/17\/galerii-lossihoovis-laulis-isa-laulis-poega\/<\/a><br \/>\n* Facebookis: <a href=\"https:\/\/www.facebook.com\/search\/top\/?q=eesti%20meestelaulu%20selts\" target=\"_blank\" rel=\"noopener noreferrer\">https:\/\/www.facebook.com\/search\/top\/?q=eesti%20meestelaulu%20selts<\/a><br \/>\n* Aktuaalne kaamera (algus 18:20): <a href=\"https:\/\/etv.err.ee\/v\/paevakajasaated\/aktuaalne_kaamera\/saated2100\/2b3e2625-c7a0-4f54-90d8-e78a8256be57\/aktuaalne-kaamera-ilm\" target=\"_blank\" rel=\"noopener noreferrer\">https:\/\/etv.err.ee\/v\/paevakajasaated\/aktuaalne_kaamera\/saated2100\/2b3e2625-c7a0-4f54-90d8-e78a8256be57\/aktuaalne-kaamera-ilm<\/a><\/p>\n<p>Laagris toimusid erinevad sportlikud tegevused, mille tulemusena v\u00f5ideti I koht jalgpallis.<\/p>\n<p><a href=\"https:\/\/www.reiniku.edu.ee\/wp-content\/uploads\/2018\/07\/102.jpg\" target=\"_blank\" rel=\"noopener noreferrer\"><img loading=\"lazy\" decoding=\"async\" class=\"alignnone wp-image-2793\" src=\"https:\/\/www.reiniku.edu.ee\/wp-content\/uploads\/2018\/07\/102-300x222.jpg\" alt=\"\" width=\"346\" height=\"256\" srcset=\"https:\/\/www.reiniku.edu.ee\/wp-content\/uploads\/2018\/07\/102-300x222.jpg 300w, https:\/\/www.reiniku.edu.ee\/wp-content\/uploads\/2018\/07\/102-624x462.jpg 624w, https:\/\/www.reiniku.edu.ee\/wp-content\/uploads\/2018\/07\/102.jpg 651w\" sizes=\"auto, (max-width: 346px) 100vw, 346px\" \/><\/a><\/p>\n<p>3.07.2018<\/p>\n","protected":false},"excerpt":{"rendered":"<p>\u00d5PIKUTE V\u00c4LJASTAMINE RAAMATUKOGUST Esmasp\u00e4ev, 26. august Riia 25 \u00f5ppehoone raamatukogu 8:30 \u2013 9:15 &#8211; 2.a, 2.b 9:15 \u2013 10:00 &#8211; 2.c, 2.d 10:30 \u2013 11:15 &#8211; \u00a03.a, 3.b 11:15 \u2013 12:15 &#8211; \u00a03.c, 3.d, 3.e 12:30 \u2013 13:15 &#8211; 4.a, 4.b 13:15 \u2013 14:15 &#8211; 4.c, 4.d, 4.e Vanemuise 48 \u00f5ppehoone raamatukogu 8:30 \u2013 5.a [&hellip;]<\/p>\n","protected":false},"author":2,"featured_media":0,"parent":0,"menu_order":0,"comment_status":"closed","ping_status":"closed","template":"","meta":{"footnotes":""},"class_list":["post-3355","page","type-page","status-publish","hentry"],"_links":{"self":[{"href":"https:\/\/www.reiniku.edu.ee\/index.php\/wp-json\/wp\/v2\/pages\/3355","targetHints":{"allow":["GET"]}}],"collection":[{"href":"https:\/\/www.reiniku.edu.ee\/index.php\/wp-json\/wp\/v2\/pages"}],"about":[{"href":"https:\/\/www.reiniku.edu.ee\/index.php\/wp-json\/wp\/v2\/types\/page"}],"author":[{"embeddable":true,"href":"https:\/\/www.reiniku.edu.ee\/index.php\/wp-json\/wp\/v2\/users\/2"}],"replies":[{"embeddable":true,"href":"https:\/\/www.reiniku.edu.ee\/index.php\/wp-json\/wp\/v2\/comments?post=3355"}],"version-history":[{"count":7,"href":"https:\/\/www.reiniku.edu.ee\/index.php\/wp-json\/wp\/v2\/pages\/3355\/revisions"}],"predecessor-version":[{"id":3737,"href":"https:\/\/www.reiniku.edu.ee\/index.php\/wp-json\/wp\/v2\/pages\/3355\/revisions\/3737"}],"wp:attachment":[{"href":"https:\/\/www.reiniku.edu.ee\/index.php\/wp-json\/wp\/v2\/media?parent=3355"}],"curies":[{"name":"wp","href":"https:\/\/api.w.org\/{rel}","templated":true}]}}