{"id":4744,"date":"2021-03-17T13:53:40","date_gmt":"2021-03-17T11:53:40","guid":{"rendered":"https:\/\/www.reiniku.edu.ee\/?page_id=4744"},"modified":"2021-05-20T09:53:52","modified_gmt":"2021-05-20T06:53:52","slug":"oppeaasta-2020-2021","status":"publish","type":"page","link":"https:\/\/www.reiniku.edu.ee\/index.php\/oppeaasta-2020-2021\/","title":{"rendered":"\u00d5ppeaasta 2020\/2021"},"content":{"rendered":"<hr \/>\n<p><strong>INGLISE\u00a0KEELE\u00a0KOOLISISENE\u00a0VIKTORIIN\u00a05.\u00a0JA 8.KLASSI\u00a0\u00d5PILASTELE<\/strong><\/p>\n<p>19. \u00a0ja 21. jaanuaril toimus meie kooli k\u00f5ikidele 5. klassi \u00f5pilastele koolisisene inglise keele viktoriin, milles saavutas 1. koha <strong>Aleksander Seisler<\/strong> (5.c) 2. koha <strong>Sten Timmu Tigane<\/strong> (5.a) ja 3. koha <strong>Joonatan Sepp<\/strong> (5.b).<\/p>\n<ol start=\"20\">\n<li>jaanuaril toimus 8. klasside koolisisene inglise keele ol\u00fcmpiaad. 1. koha sai <strong>Jaan Artur Viirsalu<\/strong> (8.a), 2. ja 3. kohta j\u00e4id jagama <strong>Karl Leonhard Saar<\/strong> (8.a) ja <strong>Grete Elisabeth Laumets<\/strong> (8.c).<\/li>\n<\/ol>\n<p>K\u00f5ik need \u00f5pilased esindavad meie kooli linna ol\u00fcmpiaadil.<\/p>\n<p>Palju \u00f5nne!<\/p>\n<p>Ait\u00e4h inglise keele \u00f5petajatele!<\/p>\n<p>26.01.2021<\/p>\n<hr \/>\n<p><strong>RIIGIKOHTU XVI KAASUSKONKURSS<\/strong><\/p>\n<p>Riigikohtu XVI kaasuskonkursil saavutas meie kooli 9.b klassi \u00f5pilane\u00a0<strong>Kertu Virum\u00e4e<\/strong> p\u00f5hikooli vanuseastmes\u00a0<strong>III koha<\/strong>. Kokku esitati selleaastasele konkursile (p\u00f5hikool ja g\u00fcmnaasium) 109 t\u00f6\u00f6d.<\/p>\n<p>Palju \u00f5nne!<\/p>\n<p>Ait\u00e4h, \u00f5petaja Karolina Antons!<\/p>\n<p>14.01.2021<\/p>\n<hr \/>\n<p><strong>\u00d5ppet\u00f6\u00f6 korraldus alates 18. jaanuarist Mart Reiniku koolis<\/strong><\/p>\n<p>J\u00e4tkame \u00f5ppet\u00f6\u00f6d s\u00fcgisel v\u00e4lja t\u00f6\u00f6tatud kodulehel olevate juhiste alusel.<\/p>\n<p>Algklasside \u00f5pilased (1.-4. kl) ja k\u00f5ik 9. klasside \u00f5pilased on koolis ja osalevad \u00f5ppet\u00f6\u00f6s k\u00f5ikidel t\u00f6\u00f6p\u00e4evadel.<\/p>\n<p>Vanema kooliastme (5.-8. kl) \u00f5pilased on koolis ja osalevad \u00f5ppet\u00f6\u00f6s neli p\u00e4eva n\u00e4dalas ning on \u00fchel p\u00e4eval vastava graafiku alusel hajutamise eesm\u00e4rgil kodus iseseisval \u00f5ppel.<\/p>\n<p>Koolimaja siseruumides on k\u00f5igil tungiv soovitus kanda maski.<\/p>\n<p>J\u00e4rgime hajutatust kooli \u00fcldkasutatavates ruumides. \u00d5pilased k\u00e4ivad s\u00f6\u00f6mas klassile ette n\u00e4htud ajal.<\/p>\n<p>P\u00fcsigem terved!<\/p>\n<p>MRK juhtkond<\/p>\n<p>14.01.2021<\/p>\n<hr \/>\n<p><strong>\u00d5ppet\u00f6\u00f6 korraldus Tartu Mart Reiniku koolis<\/strong><\/p>\n<p>Vastavalt Tartu linnavalitsuse kriisikomisjoni otsusele 06.01.2021 toimub \u00f5ppet\u00f6\u00f6 Tartu koolides p\u00e4rast vaheaega esimesel n\u00e4dalal (11.01 &#8211; 15.01) osalise kontakt\u00f5ppe vormis.<\/p>\n<p>Mart Reiniku koolis:<\/p>\n<ul>\n<li>\u00d5ppet\u00f6\u00f6 toimub koolis kontakt\u00f5ppena <strong>1.-4. klassidel<\/strong> (Riia 25); <strong style=\"font-size: 1rem;\">7.k klassil<\/strong><span style=\"font-size: 1rem;\"> ja <\/span><strong style=\"font-size: 1rem;\">k\u00f5ikidel 9. klassidel<\/strong><span style=\"font-size: 1rem;\"> (Vanemuise 48).<\/span><\/li>\n<\/ul>\n<p>*Kui kontakt\u00f5ppes oleval \u00f5pilasel on haigustunnused, peab \u00f5pilane j\u00e4\u00e4ma koju. *Haigestumisest v\u00f5i eneseisolatsiooni j\u00e4\u00e4misest tuleb koheselt teavitada klassijuhatajat.<\/p>\n<p>*Koolimaja siseruumides on k\u00f5igile tungiv soovitus kanda maski, v.a alla 12-aastased \u00f5pilased.<\/p>\n<p>*Huviringid j\u00e4tkuvad ainult klassip\u00f5hiselt.<\/p>\n<ul>\n<li>\u00d5ppet\u00f6\u00f6 toimub distants\u00f5ppe vormis <strong>5.<\/strong> <strong>-8. klassidel<\/strong> (\u00f5pilased on kodus) iseseisva t\u00f6\u00f6na v\u00f5i veebitunnina.<\/li>\n<\/ul>\n<p>*Veebitunni kutse konkreetsesse tundi saavad \u00f5pilased \u00f5petajalt.<\/p>\n<p>*Tunni\u00fclesanded, \u00f5ppematerjalid ja\/v\u00f5i veebitunniga liitumise juhised paneb \u00f5petaja eKooli \u00fcldjuhul eelmise p\u00e4eva \u00f5htuks.<\/p>\n<p>*Kontakt\u00f5pe v\u00f5ib toimuda ka erivajadustega \u00f5pilastele kokkuleppel \u00f5pilase ja tema vanemaga.<\/p>\n<ul>\n<li>Tunnid toimuvad tunniplaani alusel.<\/li>\n<li>Tundide ajad:<\/li>\n<\/ul>\n<ol>\n<li>8.00 \u2013 8.45<\/li>\n<li>9.00 \u2013 9.45<\/li>\n<li>10.00 \u2013 10.45<\/li>\n<li>11.05. \u2013 11.50<\/li>\n<li>12.10 \u2013 12.55<\/li>\n<li>13.10 \u2013 13.55<\/li>\n<li>14.05 \u2013 14.50<\/li>\n<li>15.00 \u2013 15.45<\/li>\n<\/ol>\n<ul>\n<li>Info edaspidise \u00f5ppet\u00f6\u00f6 korralduse kohta anname alates 14. jaanuarist.<\/li>\n<\/ul>\n<p>MRK juhtkond<\/p>\n<p>8.01.2021<\/p>\n<hr \/>\n<p><strong>Hea koolipere<\/strong><\/p>\n<p>Head uut aastat!<\/p>\n<p>Hetkeseisuga saame teatada, et t\u00e4psem koolikorralduslik info esimese koolin\u00e4dala (11.-15.01.) kohta selgub reedel, 8. jaanuari p\u00e4rastl\u00f5unaks.<\/p>\n<p>Sellekohase info paneme kooli kodulehele ja klassi listidesse.<\/p>\n<p>Parimate soovidega<\/p>\n<p>MRK juhtkond<\/p>\n<p>6.01.2021<\/p>\n<hr \/>\n<p><strong>Hea koolipere<br \/>\n<\/strong><\/p>\n<p>Vastavalt valitsuse otsusele on Mart Reiniku kooli 1.-9. klassid distants\u00f5ppel 14.-22. detsembrini.<br \/>\nDistants\u00f5ppe ajal antakse 1.-4. klasside \u00f5pilastele eKooli kaudu koduste \u00fclesannete all teatavaid \u00fclesandeid, millega \u00f5pilane peaks \u00fcldjuhul iseseisvalt hakkama saada.<\/p>\n<p>\u00d5pilaste juhendamise ja toetamise veebi vahendusel (<em>Zoom<\/em>itund vms) koosk\u00f5lastab iga klassi\u00f5petaja vanematega.<\/p>\n<p>5.-9.klasside \u00f5pilaste tunnid toimuvad tunniplaani alusel. \u00d5ppet\u00f6\u00f6 toimub iseseisva t\u00f6\u00f6na v\u00f5i veebitunnina. Veebitunni kutse konkreetsesse tundi saavad \u00f5pilased \u00f5petajalt.<\/p>\n<p>Tundide ajad:<\/p>\n<ol>\n<li>9.00 9.45<\/li>\n<li>10.00 10.45<\/li>\n<li>11.00 11.45<\/li>\n<li>12.00 12.45<\/li>\n<li>13.00 13.45<\/li>\n<li>14.00 14.45<\/li>\n<li>15.00 15.45<\/li>\n<\/ol>\n<p>\u00dcksikute \u00f5pilaste \u00f5ppet\u00f6\u00f6 j\u00e4tkub vanematega ja\/v\u00f5i \u00f5pilastega koosk\u00f5lastatult kontakt\u00f5ppe vormis koolimajas.<\/p>\n<p>Talvine koolivaheaeg kestab 23. detsembrist 10. jaanuarini.<br \/>\nLoodame v\u00e4ga, et saame taas tavap\u00e4rase \u00f5ppet\u00f6\u00f6ga j\u00e4tkata 11. jaanuaril 2021.<\/p>\n<p>Seniks hoidkem distantsi ja olge terved!<br \/>\nRahulikku j\u00f5uluaega ja aastal\u00f5ppu soovides<\/p>\n<p>MRK juhtkond<\/p>\n<hr \/>\n<p><strong>RAHVUSARHIIVI LOOVKONKURSS<\/strong><\/p>\n<p>Rahvusarhiivi 100. aastap\u00e4eva puhul toimus \u00f5pilaste loovkonkurss teemal &#8220;Mina ja arhiiv&#8221;, kus<strong> 1. koha<\/strong> p\u00e4lvis 9.b klassi \u00f5pilane <strong>Arabella Antons<\/strong>.<\/p>\n<p>Virtuaaln\u00e4itusega saab tutvuda <a href=\"https:\/\/blog.ra.ee\/loovkonkurss\/\" target=\"_blank\" rel=\"noopener noreferrer\">SIIN<\/a>.<\/p>\n<p>Arabella video tegi konkursi tarvis klassivend Jaagup Vana. Videot saad vaadata <a href=\"https:\/\/drive.google.com\/file\/d\/1Jo6dCHkoBNTEMpfQRc2xkSK3iIKkzsEA\/view?usp=sharing\" target=\"_blank\" rel=\"noopener noreferrer\">SIIT<\/a>.<\/p>\n<p>Ait\u00e4h, \u00f5petaja Karolina Antons!<\/p>\n<p>12.12.2020<\/p>\n<hr \/>\n<p><strong>EESTI NOORTE PIANISTIDE KONKURSS<\/strong><\/p>\n<p>Meie kooli 6.a klassi \u00f5pilane <strong>Markus Kadaste<\/strong>, kes \u00f5pib H.Elleri nim Muusikakoolis klaverit saavutas Eesti Noorte pianistide konkursil &#8220;Eesti k\u00f5la IX&#8221; oma vanuser\u00fchmas <strong>esikoha ning kaks eripreemiat<\/strong>: klassikalise suurvormi ning Eesti helilooja teose esituse eest.<\/p>\n<p>Palju \u00f5nne!<\/p>\n<p>10.12.2020<\/p>\n<hr \/>\n<p><strong>LASTEVANEMATE KOOSOLEK<\/strong><\/p>\n<p>Hetkeolukorda arvestades toimub <strong>KOOSOLEK<\/strong> <strong>4. klasside<\/strong> (4.b, 4.c, 4.d, 4.e) <strong>vanematele<\/strong> teisip\u00e4eval, <strong>8. detsembril kell 18.00<\/strong> <strong>veebi vahendusel zoomi keskkonnas<\/strong>.<\/p>\n<p>P\u00e4evakord:<\/p>\n<ul>\n<li>Reaalklassi moodustamine alates 5. klassist.<\/li>\n<\/ul>\n<p>Koosolekuga \u00fchinemise link koos vajalike andmetega on saadetud klassi listi kaudu vanematele.<\/p>\n<p>Olete oodatud koosolekule zoomis!<\/p>\n<p>MRK juhtkond<\/p>\n<p>8.12.2020<\/p>\n<hr \/>\n<p><strong>TARTU AASTA NOOR TEGIJA<\/strong><\/p>\n<p>Tartu Linnavalitsus tunnustas meie kooli \u00f5pilasesinduse asepresidenti <strong>Martin Lilleveri<\/strong> tiitliga Tartu aasta noor tegija. Martin on aktiivne \u00f5pilasesinduse liige olnud mitmeid aastaid ja alati valmis tegutsema ning ei kohku \u00fchegi \u00fclesande eest.<\/p>\n<p>Ait\u00e4h, Martin, et panustad meie kooli edendamisse!<\/p>\n<p>7.12.2020<\/p>\n<hr \/>\n<p><strong>JUTUV\u00d5ISTLUS<\/strong><\/p>\n<p>Tartu linna ja maakonna jutuv\u00f5istlusel &#8220;Inimene ja masin&#8221; osalesid ka meie kooli \u00f5pilased.<br \/>\n7.klasside arvestuses saavutas\u00a0 <strong>Lisette Leopard<\/strong> (7.a) <strong>2.-3. koha<\/strong>\u00a0 ja\u00a0<strong>eripreemia<\/strong> sai <strong>Carolin Raukas.<\/strong><br \/>\n8.klasside arvestuses saavutas <strong>1. koha\u00a0Magnus Puija<\/strong> (8.d) ja\u00a0<strong>Eliise Siimon\u00a0<\/strong>(8.d) <strong>3. koha<\/strong>.<\/p>\n<p>Palju \u00f5nne!<\/p>\n<p>Ait\u00e4h, \u00f5petaja Silja Russak!<\/p>\n<p>3.12.2020<\/p>\n<hr \/>\n<p><strong>V\u00d5ISTUJOONISTAMINE ERMis<\/strong><\/p>\n<p>ERMis oli koos 57 kunstilembelist last \u00fcle Eesti, et v\u00f5tta osa 24. v\u00f5istujoonistamisest.<br \/>\nSeekord oli teemaks \u201eMinu oma muinasjutt\u201c ja inspiratsiooniallikatena pakuti kolme muinasjutulist n\u00e4itust.<br \/>\nV\u00f5istlejate \u00fclesandeks oli joonistada pilt, millel on kujutatud \u00fcks ERMi n\u00e4itustel leiduv ese, pilt vms. K\u00f5ik muu pildil kujutatu j\u00e4i v\u00f5istlejate endi fantaasia hooleks.<br \/>\n\u017d\u00fcrii \u00fclesandeks oli v\u00e4lja selgitada v\u00f5idut\u00f6\u00f6d neljas vanuser\u00fchmas.<\/p>\n<p>4.-6.\u00a0klasside arvestuses saavutas\u00a0<strong>Thor\u00a0Kaaren\u00a0K\u00fcbarsepp<\/strong> (6.c)<strong> 2.koha<\/strong> ja<br \/>\n7.-9.\u00a0klasside arvestuse\u00a0jagas <strong>Annette\u00a0Annok<\/strong> (9.b) <strong>1.\u00a0 ja\u00a0 2.kohta<\/strong>.<\/p>\n<p>Meie koolist osalesid veel j\u00e4rgmised tublid \u00f5pilased: Elle Marie Parveots (3.d), Otto Klaos (2.d) ja Berit Vaino (7.b)<\/p>\n<p>Palju\u00a0\u00f5nne!<\/p>\n<p>Ait\u00e4h, \u00f5petajad Helle Saue ja Silja Lokk!<\/p>\n<p><a href=\"https:\/\/www.reiniku.edu.ee\/wp-content\/uploads\/2020\/11\/Anette-Annok-pilt.jpg\"><img loading=\"lazy\" decoding=\"async\" class=\"alignnone size-medium wp-image-4529\" src=\"https:\/\/www.reiniku.edu.ee\/wp-content\/uploads\/2020\/11\/Anette-Annok-pilt-225x300.jpg\" alt=\"\" width=\"225\" height=\"300\" srcset=\"https:\/\/www.reiniku.edu.ee\/wp-content\/uploads\/2020\/11\/Anette-Annok-pilt-225x300.jpg 225w, https:\/\/www.reiniku.edu.ee\/wp-content\/uploads\/2020\/11\/Anette-Annok-pilt-624x833.jpg 624w, https:\/\/www.reiniku.edu.ee\/wp-content\/uploads\/2020\/11\/Anette-Annok-pilt.jpg 760w\" sizes=\"auto, (max-width: 225px) 100vw, 225px\" \/><\/a><a href=\"https:\/\/www.reiniku.edu.ee\/wp-content\/uploads\/2020\/11\/Thedori-pilt.jpg\"><img loading=\"lazy\" decoding=\"async\" class=\"alignnone size-medium wp-image-4530\" src=\"https:\/\/www.reiniku.edu.ee\/wp-content\/uploads\/2020\/11\/Thedori-pilt-225x300.jpg\" alt=\"\" width=\"225\" height=\"300\" srcset=\"https:\/\/www.reiniku.edu.ee\/wp-content\/uploads\/2020\/11\/Thedori-pilt-225x300.jpg 225w, https:\/\/www.reiniku.edu.ee\/wp-content\/uploads\/2020\/11\/Thedori-pilt-768x1024.jpg 768w, https:\/\/www.reiniku.edu.ee\/wp-content\/uploads\/2020\/11\/Thedori-pilt-624x832.jpg 624w, https:\/\/www.reiniku.edu.ee\/wp-content\/uploads\/2020\/11\/Thedori-pilt.jpg 803w\" sizes=\"auto, (max-width: 225px) 100vw, 225px\" \/><\/a><\/p>\n<p>30.11.2020<\/p>\n<hr \/>\n<p><strong>MRK KRINGLIJOOKS<\/strong><\/p>\n<p>Kooli s\u00fcnnip\u00e4eva kringlijooksu v\u00f5istlus oli v\u00e4ga tasav\u00e4gine ja kohtade vahe oli vaid sajandikes sekundites.<br \/>\nPalju \u00f5nne k\u00f5igile! Kringlijooksu tulemused on siin:<\/p>\n<p>Esimesed klassid:<br \/>\nI koht 1.b, II koht 1.d, III koht 1.c<\/p>\n<p>Teised klassid:<br \/>\nI koht 2.b, II koht 2.a, III koht 2.d<\/p>\n<p>Kolmandad klassid:<br \/>\nI koht 3.a, II koht 3.c, III koht 3.b<\/p>\n<p>Neljandad klassid:<br \/>\nI koht 4.a, II koht 4.c, III koht 4.d<\/p>\n<p>Viiendad klassid:<br \/>\nI koht 5.a, II koht 5.b, III koht 5.c<\/p>\n<p>Kuuendad klassid:<br \/>\nI koht 6.a, II koht 6.d, III koht 6.c<\/p>\n<p>Seitsmendad klassid:<br \/>\nI koht 7.c, II koht 7.a, III koht 7.d<\/p>\n<p>Kaheksandad klassid:<br \/>\nI koht 8.b, II koht 8.a, III koht 8.d<\/p>\n<p>\u00dcheksandad klassid:<br \/>\nI koht 9.a, II koht 9.b, III koht 9.d<\/p>\n<p>25.11.2020<\/p>\n<hr \/>\n<p><strong>SAKSA \u00a0KEELE OL\u00dcMPIAAD<\/strong><\/p>\n<p>8. ja 20. novembril toimus Tartu\u00a0 koolide 8.-9.klasside \u00f5pilastele saksa keele maiskonnalooline ol\u00fcmpiaad, milles osalesid meie \u00f5pilased <strong>Kreeta Roose\u00a0<\/strong>(9.b) ja <strong>Heliisa Theadora Sunts <\/strong>(9.c).<br \/>\n52 v\u00f5istleja seas saavutas Heliisa Theadora tubli 12. koha ja Kreeta, kes p\u00e4\u00e4ses edasi teise vooru, saavutas \u00fclipingelises v\u00f5istluses <strong>2. koha<\/strong> kaotades kummaski voorus esikohale vaid 0,5 punktiga.<\/p>\n<p>Palju \u00f5nne!<\/p>\n<p>Ait\u00e4h, \u00f5petaja Sirje Viileberg!<\/p>\n<p>25.11.2020<\/p>\n<hr \/>\n<p><strong>TUNNE KODULINNA PUID<\/strong><\/p>\n<p>Tartu linna v\u00f5istlusel &#8220;Tunne kodulinna puid&#8221; saavutasid\u00a0 \u00a0<strong>2.koha<\/strong> 9.e klassi noormehed\u00a0\u00a0<strong>Roland P\u00f5ld<\/strong>, <strong>Maarius Merilo<\/strong> ja <strong>Kristjan Endrekson-Hendriksman<\/strong>\u00a0j\u00e4\u00e4des g\u00fcmnaasiumi \u00f5pilastest maha vaid \u00fche punktiga.<\/p>\n<p>Palju \u00f5nne!<\/p>\n<p>25.11.2020<\/p>\n<hr \/>\n<p><strong>MRK S\u00dcNNIP\u00c4EV<\/strong><\/p>\n<p>23.-27.novembril t\u00e4histame kooliperega kooli s\u00fcnnip\u00e4eva.<br \/>\n<strong>Valguskiire tegemine helkuritest<\/strong> &#8211; ajavahemikul 23. &#8211; 27.november ootame \u00f5pilaste, \u00f5petajate, vilistlaste helkureid staadioni aiale etteantud joonele.<br \/>\n<strong>Mart Reiniku haua korrastamine<\/strong> &#8211; 23. novembril kell 15.00 ootab \u00f5petaja Karolina Antons \u00f5pilasi kooli ees.<br \/>\n<strong>Kringlijooks<\/strong> &#8211; kringlijooksud toimuvad kehalise kasvatuse tundide ajal \u00f5ues. V\u00f5itjatele antakse kringlid \u00fcle klassijuhatajatunnis.<br \/>\n<strong>Klassijuhatajatund<\/strong> &#8211; 27. novembril kell 10.00 5.-9. klassidel, kell 11.00 1.-4. klassidel.<\/p>\n<p>Vilistlasturniiri sel aastal ei toimu!<\/p>\n<p>18.11.2020<\/p>\n<hr \/>\n<p><strong>KOOLI ETLUSKONKURSS<\/strong><\/p>\n<p>17.nov toimus kooli etluskonkurss 4.-9. klasside \u00f5pilastele. Esinejaid oli palju ja k\u00f5ik olid v\u00e4ga tublid. Oleme t\u00e4itsa etluskallakuga kool!<\/p>\n<p>4.-6. klasside arvestuses olid tulemused j\u00e4rgmised:<\/p>\n<p><strong>1.koht Kirke Miina Tegova<\/strong> (5.a), <strong>2.koht\u00a0\u00a0Maria Lokk<\/strong> (5.a), <strong>3.koht Ehe J\u00e4rv<\/strong> (4.c)<\/p>\n<p><strong>\u00d5pilas\u017e\u00fcrii<\/strong> (Arabella Antons, Klaara Erepuu, Keiti Olgo, Mehis Mikelsaar) valis <strong>peapreemia<\/strong> v\u00e4\u00e4riliseks <strong>Markus Kadaste<\/strong> (6.a).<\/p>\n<p><strong>\u00d5pilas\u017e\u00fcrii eripreemia &#8211; Kirke Miina Tegova<\/strong> (5.a) ja <strong>Laurete Langi\u00a0<\/strong>(6.c)<\/p>\n<p>7.-9. klasside arvestuse olid tulemused j\u00e4rgmised:<\/p>\n<p><strong>1.koht Arabella Antons<\/strong> (9.b), <strong>2.koht Klaara Erepuu<\/strong> (9.e), <strong>3.koht Keiti Olgo<\/strong> (9.e)<\/p>\n<p><strong>Eripreemia &#8211;\u00a0 Albert Saks<\/strong> (7.a)<\/p>\n<p><strong>\u00d5pilas\u017e\u00fcrii<\/strong> (Kirke Miina Tegova, Annaliisa Kivi, Stefan Robin Lepp)\u00a0<strong>peapreemia\u00a0 &#8211; Arabella Antons<\/strong> (9.b)<\/p>\n<p><strong>\u00d5pilas\u017e\u00fcrii eripreemia &#8211;\u00a0 Keiti Olgo<\/strong> (9.e)<br \/>\nEtluskonkursil osalesid veel Annaliisa Kivi, Laurette Langi, Mirtel Virk, Uku Ruudi R\u00e4nisoo, Hanna Gloria Adson, Ida Marie M\u00f6lder, Rahel Pihla Juhan H\u00f5lpus, Stefan Robin Lepp, Riho Adari, Katri Kade, Aurelia Urm, Kusti Allik, Kristella P\u00f5lluste,\u00a0\u00a0Anna Raassalu, Rainer Meier, Marta Tiru, Kertu Virum\u00e4e, Martin Lillevere, Kristi Vendt, Laurelin Palum\u00e4gi, Marii-Merell Ross, Heleriin Haljaste, Oskar Roots,\u00a0\u00a0Mehis Mikelsaar, Aurelia Tomson, Andreas Soosaar, Lisandra Punnar, Kevin Keskk\u00fcla, Carolin Raukas.<\/p>\n<p>Palju \u00f5nne k\u00f5igile v\u00f5itjatele!<\/p>\n<p>19.11.2020<\/p>\n<hr \/>\n<p><strong>TEHNOLOOGIA\u00d5PETUSE KONKURSS<\/strong><\/p>\n<p>16. novembril toimus Tartu linna tehnoloogia\u00f5petuse konkurss 9. klassidele.<br \/>\nV\u00f5istlust\u00f6\u00f6 teemaks oli \u201eT\u00f6\u00f6vahendite kast\u201c. Meie kooli \u00f5pilane<strong> Kristjan Kukk<\/strong> (9.c) saavutas <strong>1.\u00a0koha.<br \/>\n<\/strong>Palju \u00f5nne!<\/p>\n<p>Ait\u00e4h, \u00f5petaja Aivar Sarapuu!<\/p>\n<p><a href=\"https:\/\/www.reiniku.edu.ee\/wp-content\/uploads\/2020\/11\/K_Kukk.jpg\"><img loading=\"lazy\" decoding=\"async\" class=\"alignnone size-medium wp-image-4502\" src=\"https:\/\/www.reiniku.edu.ee\/wp-content\/uploads\/2020\/11\/K_Kukk-254x300.jpg\" alt=\"\" width=\"254\" height=\"300\" srcset=\"https:\/\/www.reiniku.edu.ee\/wp-content\/uploads\/2020\/11\/K_Kukk-254x300.jpg 254w, https:\/\/www.reiniku.edu.ee\/wp-content\/uploads\/2020\/11\/K_Kukk-866x1024.jpg 866w, https:\/\/www.reiniku.edu.ee\/wp-content\/uploads\/2020\/11\/K_Kukk-768x908.jpg 768w, https:\/\/www.reiniku.edu.ee\/wp-content\/uploads\/2020\/11\/K_Kukk-1299x1536.jpg 1299w, https:\/\/www.reiniku.edu.ee\/wp-content\/uploads\/2020\/11\/K_Kukk-1732x2048.jpg 1732w, https:\/\/www.reiniku.edu.ee\/wp-content\/uploads\/2020\/11\/K_Kukk-624x738.jpg 624w, https:\/\/www.reiniku.edu.ee\/wp-content\/uploads\/2020\/11\/K_Kukk.jpg 1888w\" sizes=\"auto, (max-width: 254px) 100vw, 254px\" \/><\/a><\/p>\n<p>18.11.2020<\/p>\n<hr \/>\n<p><strong>MRK INGLISE KEELE OL\u00dcMPIAAD<\/strong><\/p>\n<p>Koolis toimunud 9. klasside inglise keele ol\u00fcmpiaadil saavutas <strong>1.koha<\/strong>\u00a0<strong>Aleksander Roots<\/strong> (9.e),<strong> 2.<\/strong><strong>koha<\/strong>\u00a0<strong>Markos M\u00f5ttus-Asson <\/strong>(9.a) ja <strong>3.kohale<\/strong> tuli <strong>Kreeta Roose <\/strong>(9.b)<strong>.\u00a0<\/strong><\/p>\n<p>Palju \u00f5nne!<\/p>\n<p>18.11.2020<\/p>\n<hr \/>\n<p><strong>MRK HEATEGU<\/strong><\/p>\n<p>Juba j\u00e4rgmisel kuul saab MRK koolipere teha head! T\u00e4psem info l\u00e4hiajal!<\/p>\n<p><a href=\"https:\/\/www.reiniku.edu.ee\/wp-content\/uploads\/2020\/11\/HT2020-1-page-001.jpg\" target=\"_blank\" rel=\"noopener noreferrer\"><img loading=\"lazy\" decoding=\"async\" class=\"alignnone wp-image-4478 size-large\" src=\"https:\/\/www.reiniku.edu.ee\/wp-content\/uploads\/2020\/11\/HT2020-1-page-001-1024x576.jpg\" alt=\"\" width=\"625\" height=\"352\" srcset=\"https:\/\/www.reiniku.edu.ee\/wp-content\/uploads\/2020\/11\/HT2020-1-page-001-1024x576.jpg 1024w, https:\/\/www.reiniku.edu.ee\/wp-content\/uploads\/2020\/11\/HT2020-1-page-001-300x169.jpg 300w, https:\/\/www.reiniku.edu.ee\/wp-content\/uploads\/2020\/11\/HT2020-1-page-001-768x432.jpg 768w, https:\/\/www.reiniku.edu.ee\/wp-content\/uploads\/2020\/11\/HT2020-1-page-001-1536x864.jpg 1536w, https:\/\/www.reiniku.edu.ee\/wp-content\/uploads\/2020\/11\/HT2020-1-page-001-624x351.jpg 624w, https:\/\/www.reiniku.edu.ee\/wp-content\/uploads\/2020\/11\/HT2020-1-page-001.jpg 2000w\" sizes=\"auto, (max-width: 625px) 100vw, 625px\" \/><\/a><\/p>\n<p>06.11.2020<\/p>\n<hr \/>\n<p><strong>LUULEV\u00d5ISTLUS<\/strong><\/p>\n<p>Tartu laste- ja noortekirjanduse festivali luulev\u00f5istlusest v\u00f5tsid osa ka meie kooli \u00f5pilased.\u00a0<strong>Carolin<\/strong> <strong>Raukas<\/strong> (7.c) saavutas keskmises vanuseastmes <strong>1. koha<\/strong> ja <strong>Kirke Miina Tegova<\/strong> (5.a) klassist p\u00e4lvis \u017e\u00fcrii <strong>eripreemia<\/strong>.<\/p>\n<p>Palju \u00f5nne!<\/p>\n<p>Ait\u00e4h, \u00f5petajad Sandra P\u00f5ldaru ja Silja Russak!<\/p>\n<p>16.10.2020<\/p>\n<hr \/>\n<p><strong>ORIENTEERUMISM\u00c4NGU TULEMUSED<\/strong><\/p>\n<p>Palju \u00f5nne, <strong>Roland P\u00f5ld<\/strong> (9.e), esimene \u00fcksik orienteerumiskuningas!<br \/>\n(Kuninganna on olemas juba aastate tagant: Kadi Sepp!)<br \/>\n\u00d5petajate ja vilistlaste karika v\u00f5itsid taas <strong>Silja Russak<\/strong> ja <strong>Sirle Morozova<\/strong>!<br \/>\nOrienteerumism\u00e4ngul osalenud aktiivseim klass oli <strong>5.b<\/strong>.<\/p>\n<p><img loading=\"lazy\" decoding=\"async\" class=\"alignnone wp-image-4457 size-medium\" src=\"https:\/\/www.reiniku.edu.ee\/wp-content\/uploads\/2020\/10\/\u00d5petajad-2020-300x225.jpg\" alt=\"\" width=\"300\" height=\"225\" srcset=\"https:\/\/www.reiniku.edu.ee\/wp-content\/uploads\/2020\/10\/\u00d5petajad-2020-300x225.jpg 300w, https:\/\/www.reiniku.edu.ee\/wp-content\/uploads\/2020\/10\/\u00d5petajad-2020-1024x768.jpg 1024w, https:\/\/www.reiniku.edu.ee\/wp-content\/uploads\/2020\/10\/\u00d5petajad-2020-768x576.jpg 768w, https:\/\/www.reiniku.edu.ee\/wp-content\/uploads\/2020\/10\/\u00d5petajad-2020-1536x1152.jpg 1536w, https:\/\/www.reiniku.edu.ee\/wp-content\/uploads\/2020\/10\/\u00d5petajad-2020-2048x1536.jpg 2048w, https:\/\/www.reiniku.edu.ee\/wp-content\/uploads\/2020\/10\/\u00d5petajad-2020-624x468.jpg 624w\" sizes=\"auto, (max-width: 300px) 100vw, 300px\" \/><img loading=\"lazy\" decoding=\"async\" class=\"alignleft wp-image-4456 size-medium\" src=\"https:\/\/www.reiniku.edu.ee\/wp-content\/uploads\/2020\/10\/\u00d5pilane-2020-300x225.jpg\" alt=\"\" width=\"300\" height=\"225\" srcset=\"https:\/\/www.reiniku.edu.ee\/wp-content\/uploads\/2020\/10\/\u00d5pilane-2020-300x225.jpg 300w, https:\/\/www.reiniku.edu.ee\/wp-content\/uploads\/2020\/10\/\u00d5pilane-2020-1024x768.jpg 1024w, https:\/\/www.reiniku.edu.ee\/wp-content\/uploads\/2020\/10\/\u00d5pilane-2020-768x576.jpg 768w, https:\/\/www.reiniku.edu.ee\/wp-content\/uploads\/2020\/10\/\u00d5pilane-2020-1536x1152.jpg 1536w, https:\/\/www.reiniku.edu.ee\/wp-content\/uploads\/2020\/10\/\u00d5pilane-2020-2048x1536.jpg 2048w, https:\/\/www.reiniku.edu.ee\/wp-content\/uploads\/2020\/10\/\u00d5pilane-2020-624x468.jpg 624w\" sizes=\"auto, (max-width: 300px) 100vw, 300px\" \/><\/p>\n<p>K\u00f5ik tulemused on leitavad <a href=\"https:\/\/www.reiniku.edu.ee\/wp-content\/uploads\/2020\/10\/Tulemused-2020-s\u00fcgis-pdf.pdf\" target=\"_blank\" rel=\"noopener noreferrer\">siit<\/a><\/p>\n<p>16.10.2020<\/p>\n<hr \/>\n<p><strong>\u00d5PETAJATE P\u00c4EV<\/strong><\/p>\n<p>\u00d5pilasesinduse 2019\/20 \u00f5ppeaasta eesm\u00e4rk oli j\u00e4rgnev: suurendada koolis s\u00f5bralikkust l\u00e4bi s\u00f5nade ja tegude. Soovime, et ka sina m\u00e4rkaksid s\u00f5bralikke tegusid, s\u00f5nu, \u00f5pilasi, \u00f5petajaid. \u00d5petajate p\u00e4eval, 5.oktoobril, \u00f5petajate p\u00e4eva s\u00fcndmusel, mis algab 15.00 Riia 25 aulas, soovime \u00fcle anda MRK k\u00f5ige s\u00f5bralikum \u00f5petaja 2020 tiitli. Vajame selleks sinu abi.<\/p>\n<p>Kirjuta oma arvamus siia: <a class=\"oajrlxb2 g5ia77u1 qu0x051f esr5mh6w e9989ue4 r7d6kgcz rq0escxv nhd2j8a9 nc684nl6 p7hjln8o kvgmc6g5 cxmmr5t8 oygrvhab hcukyx3x jb3vyjys rz4wbd8a qt6c0cv9 a8nywdso i1ao9s8h esuyzwwr f1sip0of lzcic4wl py34i1dx gpro0wi8\" role=\"link\" href=\"https:\/\/l.facebook.com\/l.php?u=https%3A%2F%2Fforms.gle%2F6YYTiwYvi5FpJ4vn8%3Ffbclid%3DIwAR3VUA77tYoNPFy2BmIs49vfrz1D0vxnC2hi0VVj8ltk96NRwBsYJDjeDh4&amp;h=AT0vGJym4GSP3tk3oYK_dHCpo5afUednpjX97kZ2UN6DiMJUOex8lD28gd-vYv2tLv7x1FCvwaYIwy2imMUgziXx11oRVEcCYCHXW595k-GDV_Z6EjS_Ile5uB_cWGV33Ihf&amp;__tn__=-UK-R&amp;c[0]=AT0X70K3JXCXcaqD4BK_dvY3Q34Cmac0RZdNtFSK9Z2wrEHyTu1IqlzDwA4_pl4mxDBHhbdkpahRDNdr0lcIEaEoxWtAKXIBQ5CB-NMFcMc00VP02gDjwLsNK4Hucg7dGKv2DL3Q7QfPb-eAPUImhLRpUi_L6sOKnLGau0VjJw\" target=\"_blank\" rel=\"nofollow noopener noreferrer\">https:\/\/forms.gle\/6YYTiwYvi5FpJ4vn8<\/a><\/p>\n<p>02.10.2020<\/p>\n<hr \/>\n<p><strong>ORIENTEERUMISM\u00c4NG<\/strong><\/p>\n<p>Alanud on j\u00e4rjekordne orienteerumism\u00e4ng! K\u00fcsimused on leitavad <a href=\"https:\/\/www.reiniku.edu.ee\/wp-content\/uploads\/2020\/09\/22.-orient-m\u00e4ng-l\u00f5plik-versioon.pdf\" target=\"_blank\" rel=\"noopener noreferrer\">siit!<\/a><\/p>\n<p>28.09.2020<\/p>\n<hr \/>\n<p><strong>LASTEVANEMATE KOOSOLEKUTE AJAD<\/strong><\/p>\n<p>Sel s\u00fcgisel ei toimu \u00fcldkoosolekuid. Klassikoosolekute ajagraafiku leiate <a href=\"https:\/\/www.reiniku.edu.ee\/wp-content\/uploads\/2020\/09\/Lastevanemate-koosoleku-ajad.pdf\" target=\"_blank\" rel=\"noopener noreferrer\">siit<\/a><\/p>\n<p>18.09.2020<\/p>\n<hr \/>\n<p><strong>\u00d5PILASESINDUSE LIIKMED\u00a0<\/strong><\/p>\n<p>Ootame igast klassist kahte kuni nelja \u00f5pilast \u00f5pilasesinduse liikmeks. <span style=\"font-size: 1rem;\">Registreeri ennast siin: <\/span><a style=\"font-size: 1rem;\" href=\"https:\/\/forms.gle\/46HuNpoS4b4nJeMBA\" target=\"_blank\" rel=\"noopener noreferrer\">https:\/\/forms.gle\/46HuNpoS4b4nJeMBA<\/a><\/p>\n<p>21.09.2020<\/p>\n<hr \/>\n<p><strong>OLULINE INFO LAPSEVANEMATELE<\/strong><\/p>\n<p>Olulise info kooli alguse ja tegutsemisjuhiste kohta leiate <a href=\"https:\/\/www.reiniku.edu.ee\/wp-content\/uploads\/2020\/08\/Kiri-lapsevanematele-.pdf\" target=\"_blank\" rel=\"noopener noreferrer\">siit<\/a><\/p>\n<p>31.08.2020<\/p>\n<hr \/>\n","protected":false},"excerpt":{"rendered":"<p>INGLISE\u00a0KEELE\u00a0KOOLISISENE\u00a0VIKTORIIN\u00a05.\u00a0JA 8.KLASSI\u00a0\u00d5PILASTELE 19. \u00a0ja 21. jaanuaril toimus meie kooli k\u00f5ikidele 5. klassi \u00f5pilastele koolisisene inglise keele viktoriin, milles saavutas 1. koha Aleksander Seisler (5.c) 2. koha Sten Timmu Tigane (5.a) ja 3. koha Joonatan Sepp (5.b). jaanuaril toimus 8. klasside koolisisene inglise keele ol\u00fcmpiaad. 1. koha sai Jaan Artur Viirsalu (8.a), 2. ja 3. kohta [&hellip;]<\/p>\n","protected":false},"author":2,"featured_media":0,"parent":0,"menu_order":0,"comment_status":"closed","ping_status":"closed","template":"","meta":{"footnotes":""},"class_list":["post-4744","page","type-page","status-publish","hentry"],"_links":{"self":[{"href":"https:\/\/www.reiniku.edu.ee\/index.php\/wp-json\/wp\/v2\/pages\/4744","targetHints":{"allow":["GET"]}}],"collection":[{"href":"https:\/\/www.reiniku.edu.ee\/index.php\/wp-json\/wp\/v2\/pages"}],"about":[{"href":"https:\/\/www.reiniku.edu.ee\/index.php\/wp-json\/wp\/v2\/types\/page"}],"author":[{"embeddable":true,"href":"https:\/\/www.reiniku.edu.ee\/index.php\/wp-json\/wp\/v2\/users\/2"}],"replies":[{"embeddable":true,"href":"https:\/\/www.reiniku.edu.ee\/index.php\/wp-json\/wp\/v2\/comments?post=4744"}],"version-history":[{"count":3,"href":"https:\/\/www.reiniku.edu.ee\/index.php\/wp-json\/wp\/v2\/pages\/4744\/revisions"}],"predecessor-version":[{"id":4748,"href":"https:\/\/www.reiniku.edu.ee\/index.php\/wp-json\/wp\/v2\/pages\/4744\/revisions\/4748"}],"wp:attachment":[{"href":"https:\/\/www.reiniku.edu.ee\/index.php\/wp-json\/wp\/v2\/media?parent=4744"}],"curies":[{"name":"wp","href":"https:\/\/api.w.org\/{rel}","templated":true}]}}