{"id":7100,"date":"2024-10-18T09:30:53","date_gmt":"2024-10-18T06:30:53","guid":{"rendered":"https:\/\/www.reiniku.edu.ee\/?page_id=7100"},"modified":"2024-10-18T09:37:15","modified_gmt":"2024-10-18T06:37:15","slug":"oppeaasta-2023-24","status":"publish","type":"page","link":"https:\/\/www.reiniku.edu.ee\/index.php\/oppeaasta-2023-24\/","title":{"rendered":"\u00d5ppeaasta 2023\/2024"},"content":{"rendered":"<hr \/>\n<p><strong>HEA S\u00dcGISEL KOOLITULEVA LAPSE VANEM!<\/strong><\/p>\n<p><strong>TARTU MART REINIKU KOOL<\/strong> OOTAB ENDALE K\u00dcLLA\u00a0 S\u00dcGISEL KOOLITULEVAID LAPSI KOOS VANEMATEGA.<\/p>\n<p><strong>KOOLI ja \u00d5PETAJAGA TUTVUMINE <\/strong>toimub neljap\u00e4eval, <strong>6. juunil <\/strong><strong>kell 18.00 &#8211; ~19.40 <\/strong>algklasside \u00f5ppehoones Riia 25.<\/p>\n<p><strong>Olete oodatud!<\/strong><\/p>\n<p>31.05.2024<\/p>\n<hr \/>\n<p><strong>29.AJALOORINGI ORIENTEERUMISM\u00c4NGU TULEMUSED JA VASTUSED<\/strong><\/p>\n<p>29. Ajalooringi orienteerumism\u00e4ng on l\u00f5ppenud, vastused teada ja tulemused avaldatud!<\/p>\n<p><a href=\"https:\/\/www.reiniku.edu.ee\/wp-content\/uploads\/2024\/05\/29.orient-TULEMUSED-1.pdf\" target=\"_blank\" rel=\"noopener\">Orienteerumism\u00e4ngu tulemused<\/a><\/p>\n<p><a href=\"https:\/\/www.reiniku.edu.ee\/wp-content\/uploads\/2024\/05\/Roosi-tanava-VASTUSED.pdf\">Orienteerumism\u00e4ngu vastused<\/a><\/p>\n<p>29.05.2024<\/p>\n<hr \/>\n<p><strong>AJALOO M\u00c4LUM\u00c4NG 6.KLASSIDE \u00d5PILASTELE<\/strong><\/p>\n<p>6.klasside m\u00e4lum\u00e4ng l\u00e4ks edukalt. 6.b klassi meeskond &#8220;Elle ja poisid&#8221; ehk <strong>Elle Parveots<\/strong>, <strong>Ville<\/strong> <strong>Virum\u00e4e<\/strong>, <strong>Mihkel Maks<\/strong> ja <strong>Taaniel Antons<\/strong> said \u00fclelinnalisel m\u00e4lum\u00e4ngul <strong>I koha<\/strong>.<br \/>\nPalju \u00f5nne!<\/p>\n<p>24.05.2024<\/p>\n<hr \/>\n<p><strong>TARTU I MUUSIKAKOOLI &amp; TARTU MART REINIKU KOOLI<br \/>\n<\/strong><strong>PUHKPILLI\u00d5PILASTE KEVADKONTSERT<\/strong><\/p>\n<p><img loading=\"lazy\" decoding=\"async\" class=\"\" src=\"https:\/\/www.reiniku.edu.ee\/wp-content\/uploads\/2024\/05\/Plakat2305.jpg\" width=\"347\" height=\"491\" \/><\/p>\n<p>20.05.2024<\/p>\n<hr \/>\n<p><strong>TULEMUSED AJALOOST<\/strong><\/p>\n<p>\u00d5pilaste 25. ajalooalaste uurimist\u00f6\u00f6de v\u00f5istlusel Eesti Vabariigi Presidendi auhindadele p\u00e4lvis p\u00f5hikooli astmes uurimist\u00f6\u00f6de kategoorias <strong>II koha Kaarel Jagom\u00e4gi<\/strong> uurimist\u00f6\u00f6ga &#8220;Minu vanavanaisa lugu &#8211; Saarepeedilt Kol\u00f5male ja tagasi&#8221;.<br \/>\nKaarel tegi omamoodi ajalugu, sest p\u00e4lvis sama t\u00f6\u00f6 laiendusega ehk tegi juurde oma vanavanaisa eluteed j\u00e4lgivad interaktiivsed kaardid, ka loovt\u00f6\u00f6 kategoorias <strong>II koha<\/strong>.<br \/>\nKaarli t\u00f6\u00f6 sai lisaks <strong>5 eripreemiat<\/strong>: Eesti Rahva Muuseumilt, Eesti M\u00e4lu Instituudilt, Rahvusarhiivilt, Vabamult ja Ene Mihkelsoni Seltsilt.<br \/>\nEesti Ajaloo ja \u00dchiskonna\u00f5petajate Seltsi t\u00e4nukirja p\u00e4lvis <strong>Evor K\u00e4gu<\/strong>.<\/p>\n<p>Lisaks sellele toimus 16.mail \u00fclelinnaline 7. klasside m\u00e4lum\u00e4ng ajaloos, kus meie kooli v\u00f5istkond p\u00e4lvis 4. koha koosseisus<strong> Kaur Arand Kalvik<\/strong>,<strong> Lukas Metslaid<\/strong>, <strong>Matilda Pastak<\/strong> ja <strong>Hugo Pastak<\/strong>.<br \/>\nPalju \u00f5nne!<\/p>\n<p>Ait\u00e4h, \u00f5petaja Karolina Antons!<\/p>\n<p>20.05.2024<\/p>\n<hr \/>\n<p><b>RAHVUSVAHELINE PROJEKT<\/b><\/p>\n<p>6.a klass osaleb rahvusvahelises projektis \u201eLet\u2019s create the future together\u201c, mille raames k\u00fclastasime 6.-10. maini L\u00e4tit. Koos l\u00e4tlaste ja leedukatega r\u00e4\u00e4kisime sotsiaalsest j\u00e4tkusuutlikkusest; osalesime t\u00f6\u00f6tubades Kusa ja Madona noorte keskustes; \u00f5ppisime l\u00e4ti ja leedu keele viisakusv\u00e4ljendeid; m\u00e4ngisime koos pallim\u00e4nge; kogesime elu pimedana Pimedate \u00dchingu kogemustoas; k\u00fclastasime Gulbene kitsar\u00f6\u00f6pmelise raudtee muuseumit ja k\u00e4isime Getli\u0146i EKO pr\u00fcgim\u00e4el ekskursioonil. Meile reis v\u00e4ga meeldis ja ootame s\u00f5pru k\u00fclla Tartusse 2024. aasta oktoobris.<\/p>\n<p><img loading=\"lazy\" decoding=\"async\" class=\"\" src=\"https:\/\/www.reiniku.edu.ee\/wp-content\/uploads\/2024\/05\/Untitled-design.jpg\" width=\"515\" height=\"412\" \/><\/p>\n<p>15.05.2024<\/p>\n<hr \/>\n<p><strong>ULAKASS<\/strong><\/p>\n<p>Vabariiklikul arvustustev\u00f5istlusel Ulakass sai <strong>Taaniel Antons<\/strong> (6.b) \u017e\u00fcrii eripreemia. \u017d\u00fcrii kommentaar oli: &#8220;Autor suudab l\u00fchidalt ja kompaktselt anda edasi teose p\u00f5hiidee, luues selle p\u00f5hjal usaldusv\u00e4\u00e4rse ja asjakohase \u00fcldistuse.&#8221; M\u00e4rkimisv\u00e4\u00e4rne on ka see, et Taaniel v\u00f5istles endast vanematega, 7.-9.kl \u00f5pilastega.<\/p>\n<p>Palju \u00f5nne!<\/p>\n<p>16.05.2024<\/p>\n<hr \/>\n<p><strong>AJALOORINGI 29. ORIENTEERUMISM\u00c4NG<\/strong><\/p>\n<p>Alanud on j\u00e4rjekorras juba 29. orienteerumism\u00e4ng, mille teemaks seekord Roosi t\u00e4nav.<\/p>\n<p><a href=\"https:\/\/www.reiniku.edu.ee\/wp-content\/uploads\/2024\/05\/Kus-29.-orient.pdf\" target=\"_blank\" rel=\"noopener\">K\u00fcsimusteleht<\/a><\/p>\n<p><a href=\"https:\/\/www.reiniku.edu.ee\/wp-content\/uploads\/2024\/05\/Vastusteleht.docx\" target=\"_blank\" rel=\"noopener\">Vastusteleht<\/a><\/p>\n<p><img loading=\"lazy\" decoding=\"async\" class=\"alignnone wp-image-6797 size-large\" src=\"https:\/\/www.reiniku.edu.ee\/wp-content\/uploads\/2024\/05\/Reklaam-1024x576.jpg\" alt=\"\" width=\"625\" height=\"352\" srcset=\"https:\/\/www.reiniku.edu.ee\/wp-content\/uploads\/2024\/05\/Reklaam-1024x576.jpg 1024w, https:\/\/www.reiniku.edu.ee\/wp-content\/uploads\/2024\/05\/Reklaam-300x169.jpg 300w, https:\/\/www.reiniku.edu.ee\/wp-content\/uploads\/2024\/05\/Reklaam-768x432.jpg 768w, https:\/\/www.reiniku.edu.ee\/wp-content\/uploads\/2024\/05\/Reklaam-624x351.jpg 624w, https:\/\/www.reiniku.edu.ee\/wp-content\/uploads\/2024\/05\/Reklaam.jpg 1280w\" sizes=\"auto, (max-width: 625px) 100vw, 625px\" \/><\/p>\n<p>13.05.2024<\/p>\n<hr \/>\n<p><strong>STADTRALLY TULEMUSED<\/strong><\/p>\n<p>Saksa keele v\u00f5istkondlikul orienteerumism\u00e4ngul Stadtrally osales kokku 70 v\u00f5istkonda. Meie kooli 7 v\u00f5istkonnad olid k\u00f5ik tublid ja meile kuulusid 5., 8., 9., 10., 11. ja 13. koht. Viiendale kohale tuli v\u00f5istkond Drei Goldfliegen, kuhu kuulusid <strong>Ehe J\u00e4rv<\/strong>, <strong>Emma K\u00f5vamaa<\/strong> ja <strong>Eliise Kiviste<\/strong> (7.b). Kiitus k\u00f5igile osalejatele.<\/p>\n<p>Palju \u00f5nne!<\/p>\n<p>Ait\u00e4h, \u00f5petajad Sirje Viilebeg ja Silja Lokk!<\/p>\n<p>15.05.2024<\/p>\n<hr \/>\n<p><strong>VEEBIVIKTORIIN BRANDENBURGI LIIDUMAAST<\/strong><\/p>\n<p>Vabariiklikust veebiviktoriinist Brandenburgi liidumaa kohta osales kokku 689 p\u00f5hikooli ja g\u00fcmnaasiumi \u00f5pilast, nende hulgas ka meie kooli \u00fcheksandate klasside saksa keele \u00f5ppijad. \u00d5igesti vastanute seas p\u00e4lvis autasu meie <strong>Kristel Reimus<\/strong> (9.e).<\/p>\n<p>Palju \u00f5nne!<\/p>\n<p>15.05.2024<\/p>\n<hr \/>\n<p><strong>K\u00d5NEV\u00d5ISTLUS<\/strong><\/p>\n<p>Reedel toimus Tartu linna k\u00f5nev\u00f5istlus 7.-9. klasside \u00f5pilastele. \u017d\u00fcrii andis v\u00e4lja \u00fche v\u00f5istkondliku auhinna ning tunnustas individuaalselt viit enam silma paistnud k\u00f5nelejat.<br \/>\nK\u00f5nev\u00f5istluse v\u00f5itjaks p\u00e4rjati <strong>Tartu Mart Reiniku Kool<\/strong>.<br \/>\nI v\u00f5istkond oli koosseisus <strong>Helena Umbleja<\/strong>, <strong>Iti M\u00f5ts<\/strong>, <strong>Maria Lokk<\/strong> (8.a) ja II v\u00f5istkond koosseisus <strong>Aurelia Urm<\/strong>, <strong>Eliisabet Veere<\/strong>, <strong>Karl Terep<\/strong> (9.a).<br \/>\n<strong>Helena Umbleja<\/strong> p\u00e4lvis puudutava k\u00f5neleja preemia ja <strong>Eliisabet Veere<\/strong> ausa s\u00f5nav\u00f5tja preemia.<\/p>\n<p>Palju \u00f5nne!<\/p>\n<p>Ait\u00e4h, \u00f5petaja Silja Russak!<\/p>\n<p>13.05 2024<\/p>\n<hr \/>\n<p><strong>\u00dcLELINNALINE 5.KLASSI \u00d5PILASTE M\u00c4LUM\u00c4NG AJALOOS<\/strong><\/p>\n<p>\u00dclelinnalisel 5. klasside m\u00e4lum\u00e4ngul ajaloos saavutas meie kooli v\u00f5istkond v\u00e4ga tasav\u00e4gises peamurdmises <strong>II koha<\/strong>. V\u00f5istkonda kuulusid <strong>Ekke J\u00e4rv<\/strong>, <strong>Johannes Metslaid<\/strong>, <strong>Aleksander Morozov<\/strong> ja <strong>Hendrik Seppel<\/strong> (5.b).<br \/>\nProovile pandi nad j\u00e4rgmiste teemade tundmises: muistne vabadusv\u00f5itlus, Poola ja Tartu, Miina H\u00e4rma 160, sini-must-valge lipp 140.<br \/>\nV\u00e4ga tublilt osales ka meie kooli teine 5. klasside meeskond.<\/p>\n<p>Palju \u00f5nne!<\/p>\n<p>Ait\u00e4h, \u00f5petaja Karolina Antons!<\/p>\n<p>13.05.2024<\/p>\n<hr \/>\n<p><strong>\u00dcLELINNALINE 8.KLASSI \u00d5PILASTE M\u00c4LUM\u00c4NG AJALOOS<\/strong><\/p>\n<p>Ajaloo m\u00e4lum\u00e4ngul saavutasid <strong>Mari Ann Merits<\/strong>,<strong> Kaarel Jagom\u00e4gi<\/strong>, <strong>Robert P\u00e4rn<\/strong> ja <strong>Reivo Kalle Toomik<\/strong> <strong>2. koha<\/strong>. Teemadeks olid Estica, Tartu ja Tartumaa, \u00e4rkamisaeg, leiutised, sport, varia.<\/p>\n<p>Palju \u00f5nne!<\/p>\n<p>Ait\u00e4h, \u00f5petaja Karolina Antons!<\/p>\n<p>10.05.2024<\/p>\n<hr \/>\n<p><strong>KIRJANDUSLIK M\u00c4LUM\u00c4NG<\/strong><\/p>\n<p>Esmasp\u00e4eval toimus Tartu Jaan Poska G\u00fcmnaasiumis juba VIII korda kirjanduslik m\u00e4lum\u00e4ng.<br \/>\nMeie kooli 9.a klassi v\u00f5istkond koosseisus <strong>Maria Nemsitsveridze<\/strong>, <strong>Rahel Pihla <\/strong>ja <strong>Markus Kadaste<\/strong> saavutasid <strong>2.koha<\/strong> (esikohast lahutas vaid 1 punkt).<br \/>\nTubli oli ka 8.a kl v\u00f5istkond koosseisus <strong>Helena Umbleja<\/strong>, <strong>Iti M\u00f5ts<\/strong> ja <strong>Ronja Arjus<\/strong>, kes said 4.koha.<\/p>\n<p>Palju \u00f5nne!<\/p>\n<p>Ait\u00e4h, \u00f5petaja Silja Russak!<\/p>\n<p>10.05.2024<\/p>\n<hr \/>\n<p><strong>6.KLASSI \u00d5PILASTE TEHNOLOOGIA\u00d5PETUSE KONKURSS<\/strong><\/p>\n<p>Tamme koolis toimunud Tartu linna 6.klassi tehnoloogia\u00f5petuse konkursil l\u00e4ks meie kooli \u00f5pilastel h\u00e4sti. <strong>1. koht<\/strong> l\u00e4ks jagamisele kolme \u00f5pilase vahel ja <strong>Morten Hindrik Muru<\/strong> t\u00f6\u00f6 oli \u00fcks neist. Tubli oli ka <strong>Rico Helenurm <\/strong>&#8211; tema t\u00f6\u00f6 tunnistati <strong>3. koha<\/strong> diplomi v\u00e4\u00e4riliseks.<\/p>\n<p>Palju \u00f5nne!<\/p>\n<p>6.05.2024<\/p>\n<hr \/>\n<p><strong>MRK MUUSIKAPIDU<\/strong><\/p>\n<p>Ootame teid k\u00f5iki meie kevadisele muusikapeole!<\/p>\n<p>Kohapeal on m\u00fc\u00fcgil ka kavalehed (1\u20ac).<\/p>\n<p><img loading=\"lazy\" decoding=\"async\" class=\"\" src=\"https:\/\/www.reiniku.edu.ee\/wp-content\/uploads\/2024\/04\/muusikapidu.jpg\" width=\"355\" height=\"503\" \/><\/p>\n<p>19.04.2024<\/p>\n<hr \/>\n<p><strong>\u00dcLERIIGILINE AJALOOV\u00d5ISTLUS MAMMUT<\/strong><\/p>\n<p>Teaduskooli korraldatud \u00fcleriigiline 5-vooruline ajaloov\u00f5istlus on l\u00e4bi. Meie kooli \u00f5pilastel l\u00e4ks v\u00e4ga h\u00e4sti.<\/p>\n<p>5.klassidest osales \u00fcle riigi 1674 \u00f5pilast.<br \/>\n<strong>1. koha<\/strong> saavutas <strong>Hendrik Seppel<\/strong> (5.b), <strong>2. koha Aleksander Morozov<\/strong> (5.b).<br \/>\nII j\u00e4rgu diplomid (81-90%) said meie koolist <strong>Elisabeth Ts\u00e4kko<\/strong>, <strong>Merete Kennik<\/strong>, <strong>Nora Ts\u00e4kko<\/strong>, <strong>Karita Lumiste<\/strong>, <strong>Ekke J\u00e4rv<\/strong>, <strong>Mirjam Virk<\/strong>.<br \/>\nIII j\u00e4rgu diplomid (71-80%) omanikud on <strong>Kaspar Klaassen<\/strong>, <strong>Eliisabet Kivi,<\/strong> <strong>Rosanna S\u00e4\u00e4lik<\/strong>, <strong>Taavi Pihla<\/strong>, <strong>Karolina Emilia Kirss<\/strong>, <strong>Kirke Kallaste<\/strong>, <strong>Benjamin Aas<\/strong>,<strong> Viktoriia Sulaeva<\/strong>,<strong> Aron<\/strong> <strong>Sten Sarv, Otto Klaus<\/strong>.<\/p>\n<p>6.klassidest osales \u00fcle riigi 1553 \u00f5pilast.<br \/>\n<strong>3. koha<\/strong> sai <strong>Taaniel Antons<\/strong> (6.b), 14. koha <strong>Elle Parveots<\/strong> (6.b)<br \/>\nII j\u00e4rgu diplomid (81-90%) said meie koolist <strong>Mihkel Maks<\/strong>, <strong>Kertu M\u00e4rtson<\/strong>, <strong>Lenna Kallastu<\/strong>, <strong>Sofi<\/strong> <strong>Marie Puusepp<\/strong>, <strong>Saskia Hunt<\/strong>, <strong>Mihkel T\u00e4mm<\/strong>, <strong>Fredi Adamka<\/strong>.<br \/>\nIII j\u00e4rgu diplomid (71-80%) omanikud on <strong>Kristofer Org<\/strong>, <strong>Nare Sahakyan<\/strong>, <strong>Romet Normet<\/strong>, <strong>Marlen K\u00e4rg<\/strong>.<\/p>\n<p>7.klassidest osales \u00fcle riigi 1727 \u00f5pilast ja meie parim oli III j\u00e4rgu saavutanud \u00f5pilane<br \/>\n13. koht <strong>Annika Pungar<\/strong> (7.a).<\/p>\n<p>Palju \u00f5nne!<\/p>\n<p>Ait\u00e4h, ajaloo\u00f5petajad!<\/p>\n<p>19.04.2024<\/p>\n<hr \/>\n<p><strong>V\u00d5RK- JA KORVPALLIV\u00d5ISTLUSTEST<\/strong><strong><br \/>\n<\/strong><\/p>\n<p>Meie kooli poisid v\u00f5itsid m\u00f5ni n\u00e4dal tagasi v\u00f5rkpallis Tartu Kooliliiga v\u00f5istlused ja p\u00e4\u00e4sesid t\u00e4nu selle L\u00f5una-Eesti regiooni finaalturniirile, mis toimus L\u00e4htel. Poisid saavutasid kuue v\u00f5istkonna konkurentsis V\u00f5ru Kreutzwaldi Kooli ja Elva G\u00fcmnaasiumi j\u00e4rel <strong>III koha<\/strong>. V\u00f5istkonnas m\u00e4ngisid <strong>Taavet Siimon, Remo Liidemaa, Romet Normet, Patrik P\u00f5lgast, Rainer Meier, Uku Tsirk, Kristo Robin Toots <\/strong>ja <strong>Armin Ruul<\/strong>.<\/p>\n<p>K\u00f5rvek\u00fcla spordihoones toimunud Tartumaa koolide meistriv\u00f5istlustel 3&#215;3 korvpallis saavutasid 4. \u2013 5. klasside konkurentsis meie poisid <strong>Romet Reilik, Sten Marten Laas, Timo<\/strong> <strong>Hiiesalu<\/strong> ja <strong>Gregor Aasmaa<\/strong> Karlova kooli j\u00e4rel <strong>II koha<\/strong>. V\u00f5istkondi \u00a0osales kokku 18.<br \/>\nVanemas vanuseklassis ja samuti tugevas alagrupis osalenud <strong>Martin Teppo, Tomi-Dailan<\/strong> <strong>Deket, Marten Tiidrus<\/strong> ja <strong>Johann Oidram<\/strong> saavutasid napilt <strong>III koha<\/strong>.<\/p>\n<p>Palju \u00f5nne!<\/p>\n<p>Ait\u00e4h, kehalise kasvatuse \u00f5petajad!<\/p>\n<p>19.04.2024<\/p>\n<hr \/>\n<p><strong><u>VASTUV\u00d5TT 2024\/2025 \u00f5a MUUSIKAKLASSI<\/u><\/strong><\/p>\n<p>Tartu Mart Reiniku Kool avab s\u00fcgisel koolitulevatele lastele <strong>muusikaklassi. <\/strong><\/p>\n<p><strong>NB! <\/strong>Ka muusikaklassi \u00f5pilastel on v\u00f5imalus 4. klassi l\u00f5pus soovi korral kandideerida reaalklassi.<\/p>\n<p><iframe loading=\"lazy\" title=\"MRK muusikaklass 2024\/2025\" width=\"625\" height=\"352\" src=\"https:\/\/www.youtube.com\/embed\/WFIXp5fQq4E?feature=oembed\" frameborder=\"0\" allow=\"accelerometer; autoplay; clipboard-write; encrypted-media; gyroscope; picture-in-picture; web-share\" referrerpolicy=\"strict-origin-when-cross-origin\" allowfullscreen><\/iframe><\/p>\n<p><strong>MUUSIKAKLASS<\/strong> moodustatakse koolis toimuva vestluse ja musitseerimise alusel.<\/p>\n<p><strong>Vestlused 2024\/2025 \u00f5a 1. kl muusikaklassi soovijatele toimuvad 16. <\/strong><strong style=\"font-size: 1rem;\">aprillil kell 14.30-18.00 <\/strong><span style=\"font-size: 1rem;\">ja<\/span><strong style=\"font-size: 1rem;\"> 17. aprillil kell 14.30-18.00 <\/strong><span style=\"font-size: 1rem;\">Vanemuine 48 \u00f5ppehoones.<\/span><\/p>\n<p><strong>Muusikaklassi soovijail palume broneerida eelnevalt sobiv vestluse aeg<\/strong> (igale lapsele planeeritud 15 minutit) <strong>telefonil 736 1960 v\u00f5i sekret\u00e4ri juures<\/strong> (Vanemuise 48). Seda v\u00f5ib teha enne taotluse esitamist.<\/p>\n<p>L\u00fchivestlused toimuvad kahes osas:<\/p>\n<ul>\n<li>Klassi\u00f5petaja vestleb lapsega (soovi korral vanema juuresolekul);<\/li>\n<\/ul>\n<ul>\n<li>Muusika\u00f5petaja vestleb ja musitseerib koos lapsega: laps laulab ette omal valikul eelnevalt \u00f5pitud laulu, koputab j\u00e4rele r\u00fctme, kuulab helik\u00f5rgusi ja laulab j\u00e4rele.<\/li>\n<\/ul>\n<p>Muusika\u00f5petaja vestleb vanema(te)ga.<\/p>\n<p>Muusikaklassi klassijuhatajaks saab \u00f5petaja Merike K\u00e4rner.<\/p>\n<p>Muusika\u00f5petaja on Triin Saariste.<\/p>\n<p>Tulemuste teavitamine toimub individuaalselt e-posti teel maikuu teise n\u00e4dala jooksul. Muusikaklassi \u00f5pilaste nimekirja kodulehel ei avaldata.<\/p>\n<p>Esmased uute esimeste klasside nimekirjad saavad paika juunikuu esimese n\u00e4dala jooksul.<\/p>\n<p><strong>Uute 2024\/2025 \u00f5a 1. klasside tutvumis\u00fcritus\u00a0<\/strong><strong>toimub <\/strong><strong>6. juunil<\/strong><strong> kell 18.00 algklasside \u00f5ppehoones (Riia 25).<\/strong><\/p>\n<hr \/>\n<p>Ootame k\u00f5iki Reinivisioonile!<\/p>\n<p>Meie kooli liikumispidu toob sel aastal lavale tantsulised etteasted Eurovisiooni lauluv\u00f5istluse v\u00f5idulugude ja Eestit esindanud lugude saatel.<\/p>\n<p>Piletid Reinivisioonile:\u00a0<a href=\"https:\/\/piletikeskus.ee\/et\/e\/agvf4t\" target=\"_blank\" rel=\"noopener noreferrer\">https:\/\/piletikeskus.ee\/et\/e\/agvf4t<\/a><\/p>\n<p><a href=\"https:\/\/www.reiniku.edu.ee\/wp-content\/uploads\/2024\/03\/1200-x-1200-REINIVISIOON-plakat.jpg\"><img loading=\"lazy\" decoding=\"async\" class=\"alignnone wp-image-6712\" src=\"https:\/\/www.reiniku.edu.ee\/wp-content\/uploads\/2024\/03\/1200-x-1200-REINIVISIOON-plakat-300x300.jpg\" alt=\"\" width=\"450\" height=\"450\" srcset=\"https:\/\/www.reiniku.edu.ee\/wp-content\/uploads\/2024\/03\/1200-x-1200-REINIVISIOON-plakat-300x300.jpg 300w, https:\/\/www.reiniku.edu.ee\/wp-content\/uploads\/2024\/03\/1200-x-1200-REINIVISIOON-plakat-1024x1024.jpg 1024w, https:\/\/www.reiniku.edu.ee\/wp-content\/uploads\/2024\/03\/1200-x-1200-REINIVISIOON-plakat-150x150.jpg 150w, https:\/\/www.reiniku.edu.ee\/wp-content\/uploads\/2024\/03\/1200-x-1200-REINIVISIOON-plakat-768x768.jpg 768w, https:\/\/www.reiniku.edu.ee\/wp-content\/uploads\/2024\/03\/1200-x-1200-REINIVISIOON-plakat-624x624.jpg 624w, https:\/\/www.reiniku.edu.ee\/wp-content\/uploads\/2024\/03\/1200-x-1200-REINIVISIOON-plakat.jpg 1200w\" sizes=\"auto, (max-width: 450px) 100vw, 450px\" \/><\/a><\/p>\n<hr \/>\n<p><strong>TARTU LINNA JA MAAKONNA \u00d5IGEKIRJAOL\u00dcMPIAAD<\/strong><\/p>\n<p>Reedel, 05. aprillil toimus Tartu linna ja maakonna \u00f5igekirjaol\u00fcmpiaad.<br \/>\nMart Reiniku Kooli 4. b klassi \u00f5pilane <strong>Lilit R\u00e4\u00e4k<\/strong> saavutas m\u00e4rkimisv\u00e4\u00e4rse <strong>1. koha<\/strong>.<\/p>\n<p>4. klassidest osalesid tublilt veel <strong>Mia Mariette Riis <\/strong>(4.b) ja <strong>Anni Peterson<\/strong> (4.d).<\/p>\n<p>Palju \u00f5nne!<\/p>\n<p>Suur ait\u00e4h, \u00f5petaja Merike K\u00e4rner!<\/p>\n<p>12.04.2024<\/p>\n<hr \/>\n<p><strong>BIOLOOGIAOL\u00dcMPIAADI \u00a0PIIRKONNAVOOR<\/strong><\/p>\n<p>Eelmisel n\u00e4dalal osalesid meie kooli parimad bioloogia tundjad ol\u00fcmpiaadi piirkonnavoorus. 6.klasside arvestuses saavutas <strong>Taaniel Antons<\/strong> 3.koha. 7.klasside arvestuses saavutas \u00a0<strong>Hanna-Marie Russak<\/strong> 7.koha.<\/p>\n<p>Palju \u00f5nne!<\/p>\n<p>Ait\u00e4h, \u00f5petajad Rahel Rae ja Geidi Siidra!<\/p>\n<p>3.04.2024<\/p>\n<hr \/>\n<p><strong>M\u00c4RGATUD INNOVAATILIST \u00d5PETAJAT\u2026<\/strong><\/p>\n<p>Meie armas ja uuendusmeelne inglise keele \u00f5petaja <strong>Meili L\u00e4\u00e4nemets<\/strong> osales veebruari l\u00f5pus moodsa \u00f5ppimise festivalil \u201eiduEDU\u201c, mis leidis aset Tallinna Arte G\u00fcmnaasiumis, Tallinna Mustam\u00e4e Reaalg\u00fcmnaasiumis ja Mustam\u00e4e Huvikoolis.<br \/>\nFestivali peateema \u201eDigisillad mitmekultuurilises hariduses\u201c fookuses oli eestikeelsele \u00f5ppele \u00fcleminek, mitmekultuurilisuse ja tehnoloogia olulisus hariduses.<br \/>\nFestivali eesm\u00e4rk oli v\u00e4\u00e4rtustada kvaliteetset haridust kui \u00f5nneliku elu vundamenti, mille saavutamiseks pannakse seeme kasvama juba varases eas.<br \/>\n\u00d5petaja Meili viis festivalil l\u00e4bi t\u00f6\u00f6toa &#8220;eTwinning annab v\u00f5imaluse r\u00e4nnata ka siis kui oled oma klassis&#8221;. T\u00f6\u00f6toas tutvustas ta eTwinningut kui suurep\u00e4rast projekt\u00f5ppe v\u00f5imalust, et muuta \u00f5ppimine ja \u00f5petamine huvitavamaks ja kaasaegsemaks. R\u00e4\u00e4giti ka sellest, kuidas eTwinningu projekte integreerida keele\u00f5ppe ja teiste \u00f5ppeainetega praktiliste n\u00e4idete abil.<\/p>\n<p>Ait\u00e4h Sulle, \u00f5petaja Meili!<\/p>\n<p><img loading=\"lazy\" decoding=\"async\" class=\"\" src=\"https:\/\/www.reiniku.edu.ee\/wp-content\/uploads\/2024\/03\/MEILI-pilt.jpg\" width=\"518\" height=\"372\" \/><\/p>\n<p>26.03.2024<\/p>\n<hr \/>\n<p><strong>KIRI K\u00dc\u00dcDITATULE<\/strong><\/p>\n<p>Eesti M\u00e4lu Instituudi poolt korraldatud m\u00e4rtsik\u00fc\u00fcditamise ohvritele p\u00fchendatud kirjav\u00f5istlusel &#8220;Kiri k\u00fc\u00fcditatule&#8221; p\u00e4lvis eripreemia <strong>Helena Umbleja<\/strong> (8.a).<\/p>\n<p>Palju \u00f5nne!<\/p>\n<p>26.03.2024<\/p>\n<hr \/>\n<p><strong>LIIVI ETLUSKONKURSS<\/strong><\/p>\n<p>Tartu Waldorfg\u00fcmnaasiumis toimus 20.m\u00e4rtsil XXXVI Liivi etluskonkursi Tartu linna eelvoor, kus osalesid ka meie kooli \u00f5pilased: <strong>Rosanna S\u00e4\u00e4lik<\/strong>, <strong>Maria Lokk<\/strong> ja <strong>Kirke Miina Tegova<\/strong>. K\u00f5ik olid v\u00e4ga tublid.<strong> Rosanna S\u00e4\u00e4lik<\/strong> saavutas <strong>3. koha<\/strong>.<\/p>\n<p>Palju \u00f5nne!<\/p>\n<p>Ait\u00e4h, \u00f5petaja Silja Russak!<\/p>\n<p>26.03.2024<\/p>\n<hr \/>\n<p><strong>HEAD TULEMUSED LOODUSTEADUSTE VALDKONNAS<\/strong><\/p>\n<p>Meie noored loodusteadlased on ennast proovile pannud veebiviktoriinides ja seal h\u00e4id kohti saavutanud.<br \/>\nVeebiviktoriin &#8220;Loogiline loodusteadus&#8221; toimus kolmes voorus. \u00dclesannete vastamine n\u00f5udis loodusainete- ja matemaatikavaldkonna teadmiste ja oskuste l\u00f5imimist.<br \/>\nEsik\u00fcmnesse mahtusid meie \u00f5pilastest:<br \/>\n3. koht <strong>Hanna-Marie Russak<\/strong> (7.d), 5. koht <strong>Eliise Reim<\/strong> (8.b), 6. koht <strong>Liisa Pool<\/strong> (8.c),<br \/>\n8. koht <strong>Pauline Mikker<\/strong> (8.a), 10. koht <strong>Mattias Muru<\/strong> (8.b).<\/p>\n<p>Astronoomiaviktoriin &#8220;Pulsar&#8221; pani proovile \u00f5pilaste astronoomia ja loodusteaduste alase v\u00f5imekuse.<br \/>\n5. klasside arvestuses jagasid 8. kohta<br \/>\n<strong>Benjamin Aas<\/strong> (5.b), <strong>Taavi Pihla<\/strong> (5.b), <strong>Aron Sten Sarv<\/strong> (5.c), <strong>Kenno Romann<\/strong> (5.b), <strong>Hendrik Seppel<\/strong> (5.b).<br \/>\n8. klasside arvestuses saavutas 6. koha <strong>Mirtel Eilmann<\/strong> (8.d), 9. koha <strong>K\u00e4rt Kallip<\/strong> (8.b).<br \/>\n9. klasside arvestuses jagasid 6. kohta <strong>Arno Kallaste<\/strong> (9.a) ja <strong>Karl Jakob Tohvre<\/strong> (9.c).<\/p>\n<p>Palju \u00f5nne!<\/p>\n<p>20.03.2024<\/p>\n<hr \/>\n<p><strong>EMAKEELEN\u00c4DALA KIRJANDUSLIK VIKTORIIN<\/strong><\/p>\n<p>R, 15.m\u00e4rtsil toimus emakeelen\u00e4dala l\u00f5petuseks v\u00f5istkondlik kirjanduslik viktoriin, mille tulemused on j\u00e4rgmised:<br \/>\n5.klass: 1.koht 5.a, 2.-3.koht 5.b, 2.-3.koht 5.d.<br \/>\n6.klass: 1.koht 6.b, 2.koht 6.d, 3.koht 6.c.<br \/>\n7.klass: 1.koht 7.b, 2.koht 7.d, 3.koht 7.e, 4.koht 7.c.<br \/>\n8.klass: 1.koht 8.c, 2.-3.koht 8.e, 2.-3.koht 8.a, 4.koht 8.d.<br \/>\n9.klass: 1.koht 9.c, 2.koht 9.a.<br \/>\nAit\u00e4h k\u00f5igile kirjandushuvilistele osalejatele ja neid innustanud \u00f5petajatele!<br \/>\n20.03.2024<\/p>\n<hr \/>\n<p><strong>K\u00d5NEV\u00d5ISTLUS<\/strong><\/p>\n<p>Emakeelep\u00e4eval, 14. m\u00e4rtsil toimus v\u00e4ga sisukas kooli k\u00f5nev\u00f5istlus.<br \/>\n7.klasside arvestuses saavutas <strong>1. koht Marta Gross, eripreemia Juhan Lensment ja Lotta Lea Arras. <\/strong><br \/>\n8. klassde arvestuses saavutas <strong>1. koht Helena Umbleja, eripreemia Grete Liis \u00d5un ja Iti M\u00f5ts.<br \/>\n<\/strong>9. klassde arvestuses saavutas 1<strong>. koht Aurelia Urm, eripreemia Eliisabet Veere ja Maria Nemsitsveridze.<\/strong><\/p>\n<p>Grand Prix saavutas Helena Umbleja.<\/p>\n<p>Palju \u00f5nne!<\/p>\n<p>20.03.2024<\/p>\n<hr \/>\n<p><strong>KOOLISISENE \u00d5IGEKIRJAOL\u00dcMPIAAD 4.-9.KLASSIDE \u00d5PILASTELE<\/strong><\/p>\n<p>Kooli \u00f5igekirjaol\u00fcmpiad oli emakeelen\u00e4dala esimene \u00fcritus. Osalesid k\u00f5ikide klasside \u00f5pilased. Iga lennu 5 parimat:<\/p>\n<p><strong>4.klass:<\/strong><\/p>\n<ol>\n<li>Mia Mariette Riis<br \/>\n2. Lilit R\u00e4\u00e4k<br \/>\n3. Anni Peterson<br \/>\n4.-5. Saara Grete Meltsas<br \/>\n4.-5. Kennet Pettai<\/li>\n<\/ol>\n<p><strong>5.klass<\/strong><br \/>\n1. Karita Lumiste<br \/>\n2. Liisa Sibul<br \/>\n3. Kirke Kallaste<br \/>\n4. Karmen Kukk<br \/>\n5. Rosanna S\u00e4\u00e4lik<br \/>\n<strong>6.klass<\/strong><br \/>\n1. Elle Marie Parveots<br \/>\n2. Saskia Kuusemets<br \/>\n3. Romet Normet<br \/>\n4. Sophia Truus<br \/>\n5. Marlee Soopalu<br \/>\n<strong>7.klass<\/strong><br \/>\n1. -2. Lotta Lea Arras<br \/>\n1.-2. Ehe J\u00e4rv<br \/>\n3. Arina Magas<br \/>\n4. Kertu Saar<br \/>\n5.-7. Matilda Pastak<br \/>\n5.-7. Madleen Poola<br \/>\n5.-7. Hanna Maria Russak<br \/>\n<strong>8.klass<\/strong><br \/>\n1. Kirke Miina Tegova<br \/>\n2. Sten Timmu Tigane<br \/>\n3. Maria Lokk<br \/>\n4. Helin R\u00e4\u00e4k<br \/>\n5. Sofia Sudajeva<br \/>\n<strong>9.klass<\/strong><br \/>\n1. Eliisabet Veere<br \/>\n2. Marie Gordeeva<br \/>\n3. Armin Ruul<br \/>\n4.-5. Priit Pedaste<br \/>\n4.-5. Markus T\u00e4tte<\/p>\n<p>Palju \u00f5nne!<\/p>\n<p>20.03.2024<\/p>\n<hr \/>\n<p><strong>NUTISPORDI PIIRKONDLIK FINAAL<\/strong><\/p>\n<p>Nutispordi piirkonna meistriv\u00f5istluste finaal toimus 12. m\u00e4rtsil.<br \/>\nMeie kooli parimad tulemused:<\/p>\n<p>1.klass<br \/>\n<strong>1.koht Rosete Marita M\u00fc\u00fcr, 7.koht Gethe Kaldmaa<\/strong><\/p>\n<p>2. klass<br \/>\n<strong>4. koht Hugo Herman Nebokat, 6.koht Liisa Luts<\/strong><\/p>\n<p>3. klass<br \/>\n<strong>5.koht Robert Looga<\/strong><\/p>\n<p>4. klass<br \/>\n<strong>1.koht Uku Kallastu, 3.koht Tanel M\u00e4llo, 4.koht Tuule Pruulmann<\/strong><\/p>\n<p>5. klass<br \/>\n<strong>2.koht Henri Raie, 5.koht Aleksander Morozov, 7.koht Sten Marten Laas<\/strong><\/p>\n<p>6. klass<br \/>\n<strong>3.koht Daniel Veldemann, 4.koht Delia Veldemann, 5.koht Teele Kutsar<\/strong><\/p>\n<p>7. klass<br \/>\n<strong>4.koht Gregor Tuur, 5.koht Eliise Kiviste<\/strong><\/p>\n<p>8. klass<br \/>\n<strong>1.koht Robert P\u00e4rn, 2.koht Rasmus Mitt, 3.koht Markus Leppik<\/strong><\/p>\n<p>9. klass<br \/>\n<strong>3. koht Karl-Erik Leppik, 4. koht Robin M\u00e4nnik, 6.koht Aron J\u00fcrgenson<\/strong><\/p>\n<p>Palju \u00f5nne!<\/p>\n<p>18.03.2024<\/p>\n<hr \/>\n<p><strong>TEHNOLOOGIA KONKURSS<\/strong><\/p>\n<p>Tartu linna 4. klasside tehnoloogia koost\u00f6\u00f6p\u00e4eva-konkurssil osalesid 4.c klassi \u00f5pilased <strong>Robin Kull<\/strong> ja <strong>Marten S\u00e4\u00e4lik<\/strong>. Robin Kull sai koos Romet Veideriga Tartu Tamme koolist <strong>1. koha<\/strong>. Marten S\u00e4\u00e4lik sai koos Mirtel Toomega Miina H\u00e4rma G\u00fcmnaasiumist <strong>2. koha.<\/strong><\/p>\n<p>Palju \u00f5nne!<\/p>\n<p>Ait\u00e4h poistele ja \u00f5petajale Helle Saue!<\/p>\n<p><img loading=\"lazy\" decoding=\"async\" class=\"\" src=\"https:\/\/www.reiniku.edu.ee\/wp-content\/uploads\/2024\/03\/4.c-poisid-scaled.jpg\" width=\"406\" height=\"307\" \/><\/p>\n<p>15.03.2024<\/p>\n<hr \/>\n<p><strong>INGLISE KEEL OL\u00dcMPIAAD 7.-8.KLASSI \u00d5PILASTELE<\/strong><\/p>\n<p>Meie parimad inglise keele tundjad osalesid linnaol\u00fcmpiaadidel. Parima tulemuse 7.klassi \u00f5pilaste seas saavutas <strong>Riho Adari<\/strong> (4.-5. koht). 8.klassi \u00f5pilaste seas olid parimad <strong>Liisa Pool<\/strong> (8. koht) ja <strong>Joonatan Sepp<\/strong> (9. koht). K\u00f5ikidel osalejatel olid tublid tulemused v\u00e4ga tasav\u00e4gises konkurentsis.<br \/>\nPalju \u00f5nne!<\/p>\n<p>Ait\u00e4h, inglise keele \u00f5petajad!<\/p>\n<p>13.03.2024<\/p>\n<hr \/>\n<p><strong>RAHVUSVAHELINE eTwinningu PROJEKT<br \/>\n<\/strong><br \/>\neTwinningu rahvusvaheline projekt &#8220;Baltic Sky&#8221; sai tunnustatud Euroopa kvaliteedim\u00e4rgiga.<\/p>\n<p>\u00d5petaja Meili L\u00e4\u00e4nemetsa poolt juhendatud<strong> 4.b, 4.c, 4.d klassi<\/strong> inglise keele koondr\u00fchma \u00f5pilaste t\u00f6\u00f6 ja koost\u00f6\u00f6 partneritega sai k\u00f5rge tunnustuse.<\/p>\n<p>KIITUS \u00f5pilastele ja \u00f5petajale Meili L\u00e4\u00e4nemets!<\/p>\n<p>J\u00f5udu ja tahtmist projektiga j\u00e4tkamiseks!<\/p>\n<p><img loading=\"lazy\" decoding=\"async\" class=\"\" src=\"https:\/\/www.reiniku.edu.ee\/wp-content\/uploads\/2024\/03\/Baltic-Sky_page-0001.jpg\" width=\"499\" height=\"353\" \/><\/p>\n<p>11.03.2024<\/p>\n<hr \/>\n<p><strong>MATEMAATIKAOL\u00dcMPIAADI PARIMAD KOOLIS JA LINNAS<\/strong><\/p>\n<p>Matemaatikaol\u00fcmpiaadi koolivooru kolm parimat:<\/p>\n<p>4.klass <strong>1.Tanel M\u00e4llo, 2.Lagle Pau, 3.Atryom Merelaid<\/strong>;<br \/>\n5.klass <strong>1.Aleksander Morozov, 2.Timo Hiiesalu, 3.Karita Lumiste<\/strong>;<br \/>\n6.klass <strong>1.Ville Virum\u00e4e, 2.Markus Tasa, 3.Morten Muru<\/strong>;<br \/>\n7.klass <strong>1.Riho Adari, 2.Arina Magas, 3.Hanna-Marie Russak<\/strong>;<br \/>\n8.klass <strong>1.K\u00e4rt Kallip, 2.Robert P\u00e4rn, 3.Markus Leppik<\/strong>;<br \/>\n9.klass <strong>1.-2.Taavet Siimon, 1.-2.Armin Ruul, 3. Priit Pedaste<\/strong>.<\/p>\n<p>Matemaatikaol\u00fcmpiaadi linnavooru meie kooli edukamad:<\/p>\n<p>4.klass 13. kohta (95 osalejat) jagasid <strong>Tuule Pruulmann<\/strong> ja <strong>Tanel M\u00e4llo<\/strong>;<br \/>\n5. klass 4.-7.koht \u00a0<strong>Aleksander Morozov<\/strong>;<br \/>\n6.klass <strong>3.koht<\/strong> <strong>Morten Muru<\/strong>;<br \/>\n7.klass <strong>1.koht<\/strong> <strong>Riho Adari<\/strong>, 6.koht <strong>Arina Magas<\/strong>, 10.koht <strong>Mattias Adari<\/strong>;<br \/>\n8.klass 8.koht <strong>Robert P\u00e4rn<\/strong>;<br \/>\n9.klass <strong>2.koht<\/strong> <strong>Armin Ruul<\/strong>, 6.koht <strong>Taavet Siimon<\/strong>.<\/p>\n<p>Palju \u00f5nne!<\/p>\n<p>Ait\u00e4h, matemaatika\u00f5petajad!<\/p>\n<p>4.04.2024<\/p>\n<hr \/>\n<p><strong>INGLISE KEELE KOOLISISENE OL\u00dcMPIAAD 7. JA 8.KLASSI \u00d5PILASTELE<\/strong><\/p>\n<p>Viimasel koolin\u00e4dalal enne vaheaega toimusid koolisisesed inglise keele ol\u00fcmpiaadid 7. ja 8. klassi \u00f5pilastele.<\/p>\n<p>7. klassi parimad:<br \/>\n1. ja 2. kohta j\u00e4id jagama <strong>Mattias Hendrik Teemus<\/strong> ja <strong>Riho Adari<\/strong> (m\u00f5lemad 7.b); 3.-5. kohta j\u00e4id jagama <strong>Arina Magas<\/strong> (7.b), <strong>Loore-Lii Soomelt<\/strong> (7.e) ja <strong>Mattias Adari<\/strong> (7.c).<\/p>\n<p>8. klassi parimad:<br \/>\n1. koha saavutas <strong>Oliver Mutso<\/strong> (8.e), 2. koha saavutas <strong>Aleksander Seisler<\/strong> (8.c), 3.-4. kohta j\u00e4id jagama <strong>Markus Leppik<\/strong> ja <strong>Anni Olle (m\u00f5lemad<\/strong> 8.e).<\/p>\n<p>Need \u00f5pilased esindavad ka kooli linnaol\u00fcmpiaadidel 7. m\u00e4rtsil.<\/p>\n<p>Palju \u00f5nne!<\/p>\n<p>Ait\u00e4h, \u00f5petajad Riina Reinhold, Meili L\u00e4\u00e4nemets, Tiia Kalberg, Kristi Sarapuu!<\/p>\n<p>4.04.2024<\/p>\n<hr \/>\n<p><strong>TARTU LINNA AJALOO OL\u00dcMPIAAD<\/strong><br \/>\nTublid ajaloohuvilised saavutasid j\u00e4rgnevad tulemused.<\/p>\n<p>6.klassi teemaks olid antiikol\u00fcmpiam\u00e4ngud:<br \/>\n<strong>1. koht Taaniel Antons<\/strong> (6.b), vabariiklikus j\u00e4rjestuses 2.koht.<\/p>\n<p>7.klass teemaks oli katoliku kirik:<br \/>\n5. koht <strong>Kaur Arand Kalvik<\/strong> (7.a), vabariiklikus j\u00e4rjestuses 17.koht.<br \/>\n7. koht <strong>Loore-Lii Soomelt<\/strong> (7.e).<\/p>\n<p>8.klass teemaks oli t\u00f6\u00f6stusp\u00f6\u00f6re:<br \/>\n9. koht <strong>Maria Lokk<\/strong> (8.a).<\/p>\n<p>Palju \u00f5nne!<\/p>\n<p>Ait\u00e4h, ajaloo\u00f5petajad!<\/p>\n<p>4.04.2024<\/p>\n<hr \/>\n<p><strong>LUULEPR\u00d5MM<\/strong><\/p>\n<p>Vabariiklikul koolinoorte luulepr\u00f5mmil, kus noored oma luulet esitasid, sai <strong>Helena Umbleja<\/strong> (8.a) eripreemia.<\/p>\n<p>Palju \u00f5nne!<\/p>\n<p>23.02.2024<\/p>\n<hr \/>\n<p><strong>\u00a0INGLISE KEELE \u00d5PILASV\u00d5ISTLUS<\/strong><\/p>\n<p>18. veebruaril toimus Huvikool Keeltekoda Cambridge&#8217;i ettevalmistuskeskuse poolt korraldatud Tartu linna inglise keele \u00f5pilasv\u00f5itlus ENGLISH A1 WHIZZ 2024, kus saavutas<strong> Jan Aron Heinoja<\/strong> (4.c) III koha.<\/p>\n<p>Palju \u00f5nne!<\/p>\n<p>Ait\u00e4h, \u00f5petaja Meili L\u00e4\u00e4nemets!<\/p>\n<p>23.02.2024<\/p>\n<hr \/>\n<p><strong>\u00dcLERIIKLIK ETLUSKONKURSS<\/strong><\/p>\n<p>Reedel, 16. veebruaril toimus Palamusel \u00fcleriiklik \u00f5pilasetlejate konkurss. Sel aastal anti kolmes vanuser\u00fchmas v\u00e4lja parima ilulugeja aunimetused ning eripreemiad. Meie kooli \u00f5pilased said kahes vanuser\u00fchmas parima ilulugeja tiitli:<\/p>\n<p>4.\u20136. klass \u2013 <strong>Tuule Pruulmann<\/strong> 4.b (juhendaja \u00a0Merike K\u00e4rner)<\/p>\n<p>7.\u20139. klass \u2013 <strong>Markus Kadaste<\/strong> 9.a (juhendaja \u00a0Silja Russak)<\/p>\n<p>Ei saa m\u00e4rkimata j\u00e4tta, et\u00a010.\u201312. klassi parimaks ilulugejaks tunnistati <strong>Arabella Antons<\/strong> (Hugo Treffneri g\u00fcmnaasium), kes on v\u00e4rske Mart Reiniku kooli vilistlane.<\/p>\n<p>Palju, palju \u00f5nne ja suur ait\u00e4h suurep\u00e4rase saavutuse eest!<\/p>\n<p>T\u00e4name, \u00f5petaja Merike K\u00e4rner ja Silja Russak!<\/p>\n<p>19.02.2024<\/p>\n<hr \/>\n<p><strong>VABARIIKLIK NUPUTA V\u00d5ISTLUS<\/strong><\/p>\n<p>L, 17.02 toimus vabariiklik NUPUTA v\u00f5istkondlik matemaatika\u00fclesannete lahendamise v\u00f5istlus 7. klassi kolmeliikmelistele v\u00f5istkondadele.<br \/>\nV\u00f5istlusel osales 34 parimat nuputajate v\u00f5istkonda.<br \/>\nMeie kooli 7.b klassi v\u00f5istkond koosseisus <strong>Riho Adari<\/strong>, <strong>Karl Aleksander Olli<\/strong> ja <strong>Mattias Hendrik<\/strong> <strong>Teemus<\/strong> saavutas 6.-7. koha. Eelnevalt olid nad v\u00f5itnud Tartu linna Nuputa v\u00f5istluse.<br \/>\nPalju \u00f5nne!<\/p>\n<p>Ait\u00e4h, \u00f5petaja Maire Oja!<\/p>\n<p>19.02.2024<\/p>\n<hr \/>\n<p><strong>\u00d5PILASETLEJATE RIIGIKONKURSS<\/strong><\/p>\n<p>R, 16.02 toimunud vabariiklikul etluskonkursil l\u00e4ks meie kooli \u00f5pilastel v\u00e4ga h\u00e4sti. Sel aastal anti kolmes vanuser\u00fchmas v\u00e4lja parima ilulugeja aunimetused ning eripreemiad.<\/p>\n<p>Parim ilulugeja on 4.\u20136. klasside arvestuses <strong>Tuule Pruulmann<\/strong> (4.b) ning 7.\u20139. klasside arvestuses <strong>Markus Kadaste <\/strong>(9.a).<\/p>\n<p>Palju \u00f5nne!<\/p>\n<p>Ait\u00e4h, \u00f5petajad Merike K\u00e4rner ja Silja Russak!<\/p>\n<p>18.02.2024<\/p>\n<hr \/>\n<p><strong>TEHNOLOOGIAKONKURSS 8.KLASSIDELE<\/strong><\/p>\n<p>E, 12.02 toimus Tartu linna 8.klasside \u00f5pilaste tehnoloogia\u00f5petuse konkurss. Teemaks oli \u201eKarbi valmistamine\u201c.<\/p>\n<p><strong>I kohad<\/strong> said meie kooli \u00f5pilased <strong>Richard Bunder<\/strong> (8.b) ja <strong>Rasmus Mitt<\/strong> (8.b).<\/p>\n<p>Palju \u00f5nne!<\/p>\n<p>Ait\u00e4h, \u00f5petaja Aivar Sarapuu!<\/p>\n<p>15.02.2024<\/p>\n<hr \/>\n<p><strong>LUULEKONKURSS<\/strong><\/p>\n<p>N, 8.02 toimus Forseliuse koolis Vello Saage luulekonkurss. Meie koolist osales lausa seitse \u00f5pilast: Rosanna S\u00e4\u00e4lik, Sofia Lebedko, Helena Umbleja, Iti M\u00f5ts, Maria Lokk, Kirke Miina Tegova ja Markus Kadaste. K\u00f5ik olid v\u00e4ga tublid.<\/p>\n<p><strong>Markus Kadaste<\/strong> saavutas<strong> I koha,<\/strong>\u00a0<strong>Rosanna S\u00e4\u00e4lik<\/strong> ja <strong>Iti M\u00f5ts eripreemiad<\/strong>.<\/p>\n<p>Palju \u00f5nne!<\/p>\n<p>Ait\u00e4h, \u00f5petaja Silja Russak!<\/p>\n<p>9.02.2024<\/p>\n<hr \/>\n<p><strong>TEHNOLOOGIA\u00d5PETUSE KONKURSS 7.KLASSIDELE<\/strong><\/p>\n<p>K, 7.02 toimus Tartu linna tehnoloogia\u00f5petuse konkurss 7.klassidele. Teemaks oli \u201eKiiktool\u201c.<\/p>\n<p>Meie kooli \u00f5pilased olid edukad. <strong>Gregor Tuur<\/strong>\u00a0(7.b) ja <strong>Kristjan Lokotar\u00a0<\/strong>(7.b) saavutasid <strong>II koha.<\/strong><\/p>\n<p>Palju \u00f5nne!<\/p>\n<p>Ait\u00e4h, \u00f5petaja Aivar Sarapuu!<\/p>\n<p>8.02.2024<\/p>\n<hr \/>\n<p><strong>V\u00d5ISTULUGEMINE HANSENIST TAMMSAARENI<\/strong><\/p>\n<p>Reedel, 02.02.2024 toimus Albus XXI &#8220;Hansenist Tammsaareni&#8221; v\u00f5istulugemine. Tartu linnast\u00a0 osales 12 ja\u00a0 maakonnast 2 \u00f5pilast.<\/p>\n<p>\u00d5pilasi hinnati kolmes vanuser\u00fchmas: 4.-6. klass, 7.-9. klass ja g\u00fcmnaasium. Kolme vanuseastme peale anti v\u00e4lja 17 auhinda ning peapreemia.<\/p>\n<p>Tartu \u00f5pilased esinesid v\u00e4ga edukalt, tuues koju 8 auhinda ja peapreemia. Meie kooli \u00f5pilased olid eriti tublid.<\/p>\n<p>Noorem vanuseastmes saavutas <strong>I koha Rosanna S\u00e4\u00e4lik <\/strong>(5.a). Keskmine vanuseastmes saavutas <strong>I koha Kirke Miina Tegova\u00a0<\/strong>(8.a) ja <strong>II koha Markus Kadaste<\/strong> (9.a). <strong>Peapreemia<\/strong> p\u00e4lvis <strong>Kirke Miina Tegova<\/strong>.<\/p>\n<p>Palju \u00f5nne!<\/p>\n<p>Suur t\u00e4nu k\u00f5igi \u00f5pilaste juhendajale, \u00f5petaja Silja Russakule!<\/p>\n<p>5.02.2024<\/p>\n<hr \/>\n<p><strong>ARVUSTUSV\u00d5ISTLUS KAPSAS<\/strong><\/p>\n<p>Reedel, 26. jaanuaril kuulutati Eesti Lastekirjanduse Keskuses v\u00e4lja teist aastat toimunud arvustusv\u00f5istluse Kapsas v\u00f5itjad. Konkurss oli suunatud 6.\u20139. klassi \u00f5pilastele \u00fcle Eesti ja v\u00f5istlusele saadeti kokku 88 t\u00f6\u00f6d.<br \/>\n\u00c4ra m\u00e4rgiti <strong>Markus Kadaste<\/strong> (9.a) raamatuarvustus KIWA teosele \u201eKummiliimiallikad\u201c.<\/p>\n<p>Palju \u00f5nne!<\/p>\n<p>Ait\u00e4h, \u00f5petaja Silja Russak!<\/p>\n<p>1.02 2024<\/p>\n<hr \/>\n<p><strong>6.KLASSIDE INGLISE KEELE KOOLIOL\u00dcMPIAAD<\/strong><\/p>\n<p>Eesmisel n\u00e4dala toimunud 6. klasside inglise keele kooliol\u00fcmpiaadi tulemused on selgunud.<\/p>\n<p><strong>1.koha<\/strong> sai <strong>Madleen Lindasalu<\/strong> (6.a).<\/p>\n<p><strong>2.koha<\/strong> saavutasid v\u00f5rdsete punktidega 5 \u00f5pilast: <strong>Elle Marie Parveots<\/strong> (6.b), <strong>Lenna Haidak<\/strong> (6.a), <strong>Ville Virum\u00e4e<\/strong> (6.b), <strong>Romet Normet<\/strong> (6.b) ja <strong>Saskia Kuusemets<\/strong> (6.b).<\/p>\n<p><strong style=\"font-size: 1rem;\">3.koha<\/strong><span style=\"font-size: 1rem;\"> sai <\/span><strong style=\"font-size: 1rem;\">Kevin Leinus<\/strong><span style=\"font-size: 1rem;\"> (6.c).<\/span><\/p>\n<p>Palju \u00f5nne!<\/p>\n<p>Suur t\u00e4nu, inglise keele \u00f5petajad!<\/p>\n<p>1.02.2024<\/p>\n<hr \/>\n<p><strong>JOONISTUSKONKURSS\u00a0<\/strong><\/p>\n<p>Tartu linna ja maakonna 1.-3. klassi \u00f5pilaste joonistuskonkursile\u00a0&#8220;Talvine aialindude toidulaud&#8221; saabus 261 suurep\u00e4rast t\u00f6\u00f6d. V\u00e4lja valiti iga vanuseklassi 3 parimat t\u00f6\u00f6d, 6 eripreemia saajat ja n\u00e4itusele minevad t\u00f6\u00f6d.<\/p>\n<p>Meie koolist said 1. kl arvestuses eripreemia <strong>Mirtel Raja<\/strong> (1.a) ja Rosetta <strong>Marita M\u00fc\u00fcr<\/strong> (1.a), 2. klasside arvestuses sai kolme parima hulka <strong>Yeganeh Shourgashti<\/strong> (2.b).<\/p>\n<p>Ait\u00e4h joonistajatele ja juhendajatele Terje K\u00e4\u00e4rik, Tiina Hang!<\/p>\n<p>1. veebruaril kell 18.00 toimub Tartu L\u00f5unakeskuse aatriumi laval n\u00e4ituse avamine ja parimate t\u00f6\u00f6de autasustamine.<\/p>\n<p>31.01.2024<\/p>\n<hr \/>\n<p class=\"post-title\" data-suhtlus-page-title=\"Bioloogiaol\u00fcmpiaadi koolivoor\"><strong>BIOLOOGIAOL\u00dcMPIAADI KOOLIVOOR<\/strong><\/p>\n<p data-suhtlus-page-title=\"Bioloogiaol\u00fcmpiaadi koolivoor\">Bioloogiaol\u00fcmpiaadi koolivooru tulemused:<\/p>\n<p>6. klass<br \/>\n1. Taaniel Antons (6b)<br \/>\n2. Saskia Kuusemets (6b)<br \/>\n3. Morten Hindrik Muru (6b)<br \/>\n4. Merit Niidumaa (6a)<\/p>\n<p>7. klass<br \/>\n1. Kaitlyn Victoria Kerr (7d)<br \/>\n2. Kaisa Karja (7b)<br \/>\n3. Hanna- Marie Russak (7d)<br \/>\n4. Ehe J\u00e4rv (7b)<br \/>\n5. Loore-Lii Soomelt (7e)<\/p>\n<p>8. klass<br \/>\n1. Reivo Kalle Toomik (8b)<br \/>\n2. Birgit Vilba (8b)<br \/>\n3. Kristjan Koort (8c)<br \/>\n4. Aleksander Ljubajev (8b)<br \/>\n5. Richard Bunder (8b)<\/p>\n<p>9. klass<br \/>\n1. Lisanne Tasa (9b)<br \/>\n2. Carmen Ilvesmets (9b)<br \/>\n3. Piret Vaaderpall (9b)<br \/>\n4. Eliisabet Veere (9a)<br \/>\n5. Karl-Oskar Soomelt (9e)<\/p>\n<p>Bioloogiaol\u00fcmpiaadi piirkonnavoor toimub 27.03.2024<\/p>\n<p>29.01.2024<\/p>\n<hr \/>\n<p class=\"post-title\" data-suhtlus-page-title=\"F\u00fc\u00fcsikaol\u00fcmpiaadi koolivoor\"><strong>F\u00dc\u00dcSIKAOL\u00dcMPIAADI KOOLIVOOR<\/strong><\/p>\n<p>F\u00fc\u00fcsikaol\u00fcmpiaadi koolivooru tulemused:<\/p>\n<p>8. kl<br \/>\n1. koht &#8211; K\u00e4rt Kallip 8.B<br \/>\n2. koht &#8211; Rasmus Mitt 8.B<br \/>\n3.-4. koht &#8211; Elsa Ehalill J\u00f5gi ja Robert P\u00e4rn<\/p>\n<p>9. kl<br \/>\n1. koht &#8211; Armin Ruul 9.A<br \/>\n2. koht &#8211; Rasmus Karro 9.E<br \/>\n3. koht &#8211; Karl Terep 9.A<\/p>\n<p>F\u00fc\u00fcsikaol\u00fcmpiaadi piirkonnavoor toimub 09.02.2024.<\/p>\n<p>29.01.2024<\/p>\n<hr \/>\n<p><strong>TARTU TUNNUSTAS 2023. AASTA TUBLIMAID NOORTEVALDKONNA TEGIJAID<\/strong><\/p>\n<p class=\"text-highlight-4 article-title\">Teist aastat j\u00e4rjest tuli Tartu linna aasta noore tegija tiitel meie kooli!<br \/>\n2023. aasta \u00fcks kahest noorest tegijast on meie 9.c klassi \u00f5pilane <strong>KERTTU VAU<\/strong>!<\/p>\n<p>Palju \u00f5nne, Kerttu ja ait\u00e4h Tartu linnale selle erilise tunnustuse eest!<\/p>\n<p>T\u00e4psem info:<br \/>\n<span style=\"color: #0000ff;\"><a style=\"color: #0000ff;\" href=\"https:\/\/tartu.ee\/et\/uudised\/tartu-tunnustas-2023-aasta-tublimaid-noortevaldkonna-tegijaid\" target=\"_blank\" rel=\"noopener noreferrer\">https:\/\/tartu.ee\/et\/uudised\/tartu-tunnustas-2023-aasta-tublimaid-noortevaldkonna-tegijaid<\/a><\/span><\/p>\n<p><a href=\"https:\/\/www.reiniku.edu.ee\/wp-content\/uploads\/2024\/01\/download.jpg\"><img loading=\"lazy\" decoding=\"async\" class=\"alignnone size-full wp-image-6604\" src=\"https:\/\/www.reiniku.edu.ee\/wp-content\/uploads\/2024\/01\/download.jpg\" alt=\"\" width=\"540\" height=\"720\" srcset=\"https:\/\/www.reiniku.edu.ee\/wp-content\/uploads\/2024\/01\/download.jpg 540w, https:\/\/www.reiniku.edu.ee\/wp-content\/uploads\/2024\/01\/download-225x300.jpg 225w\" sizes=\"auto, (max-width: 540px) 100vw, 540px\" \/><\/a><\/p>\n<p>25.01.2024<\/p>\n<hr \/>\n<p><strong>\u00d5PETAJATE STREIK<\/strong><\/p>\n<p>Tartu Mart Reiniku Koolis toimub 22.-24. jaanuaril haridust\u00f6\u00f6tajate ameti\u00fchingute poolt korraldatud toetusstreik.<br \/>\nPalume lastevanemate ja \u00f5pilaste m\u00f5istvat suhtumist, kuna tavap\u00e4rane \u00f5ppet\u00f6\u00f6 on streigi ajal tugevalt h\u00e4iritud. Tartu Mart Reiniku Kool on k\u00fcll avatud, kuid suurel osal \u00f5pilastel tavap\u00e4rast \u00f5ppetegevust streigi t\u00f5ttu ei toimu. V\u00f5imaluse korral palume last neil p\u00e4evil kooli mitte saata.<\/p>\n<p>Kool korraldab \u00f5ppet\u00f6\u00f6 eritunniplaani alusel j\u00e4rgnevatele klassidele: 1d; 3c; 4b; 4c ja 4d. Klassijuhataja saadab t\u00e4psema info Stuudiumi. Toimub \u00f5pilaste toitlustamine.<\/p>\n<p>K\u00f5ikidel \u00fclej\u00e4\u00e4nud klassidel korralist \u00f5ppet\u00f6\u00f6d ei toimu ja palume \u00f5pilastel kooli mitte tulla. Aine\u00f5petajad annavad Stuudiumi kaudu \u00f5pilastele teada iseseisvalt omandatava(d) teema(d) vastavalt tunniplaanile kodut\u00f6\u00f6 alla. Iseseisev t\u00f6\u00f6 pannakse Stuudiumisse kirja hiljemalt 19.01. \u00f5htuks. \u00d5pilased v\u00f5tab toidult maha kool. Kui laps ikkagi tuleb kooli, siis palun sellest teada anda hiljemalt 19.01. kella 12.00-ks aadressil kool@reiniku.edu.ee, et saaksime korraldada ka nendele \u00f5pilastele eakohased tegevused ja toitlustuse.<\/p>\n<div>Orkester teeb proovi kolmap\u00e4eval 24. jaanuaril kell 11.00-13.00.<\/div>\n<div><\/div>\n<p>16.01.2024<\/p>\n<hr \/>\n<p><strong>TARTU LINNA JA MAAKONNA \u00d5PILASTE ETLUSKONKURSS<\/strong><\/p>\n<p>Reede,19.jaanuaril toimus Laulupeomuuseumis Tartu linna ja maakonna \u00f5pilaste etluskonkurss. Konkursil osales 31 Tartu linna ning 12 Tartu maakonna \u00f5pilast. \u00d5pilasi hindas \u017e\u00fcrii koosseisus Anne-Mai Tevahi, Anett Pillmann ja Erko Sild.<\/p>\n<p>Meie kooli \u00f5pilased olid v\u00e4ga edukad. 4.-6.klassi \u00f5pilaste vanuser\u00fchmas saavutas <strong>Tuule Pruulmann<\/strong> (4.b) <strong>3.koha<\/strong> ja <strong>Lenna Haidak<\/strong> (6.a) eripreemia.<\/p>\n<p>7.-9.klassi \u00f5pilaste vanuser\u00fchmas p\u00e4lvis <strong>1.koha Markus Kadaste<\/strong> (9.a).<\/p>\n<p>\u00d5pilasetlejate riigikonkursil Palamusel esindavad meie kooli Tuule ja Markus.<\/p>\n<p>Palju \u00f5nne!<\/p>\n<p>Ait\u00e4h, \u00f5petajad Merike K\u00e4rner, Esta Salmistu-Vaas ja Silja Russak!<\/p>\n<p><a href=\"https:\/\/www.reiniku.edu.ee\/wp-content\/uploads\/2024\/02\/DSC_6218-scaled.jpg\"><img loading=\"lazy\" decoding=\"async\" class=\"alignnone wp-image-6675 \" src=\"https:\/\/www.reiniku.edu.ee\/wp-content\/uploads\/2024\/02\/DSC_6218-1024x768.jpg\" alt=\"\" width=\"384\" height=\"288\" srcset=\"https:\/\/www.reiniku.edu.ee\/wp-content\/uploads\/2024\/02\/DSC_6218-1024x768.jpg 1024w, https:\/\/www.reiniku.edu.ee\/wp-content\/uploads\/2024\/02\/DSC_6218-300x225.jpg 300w, https:\/\/www.reiniku.edu.ee\/wp-content\/uploads\/2024\/02\/DSC_6218-768x576.jpg 768w, https:\/\/www.reiniku.edu.ee\/wp-content\/uploads\/2024\/02\/DSC_6218-1536x1152.jpg 1536w, https:\/\/www.reiniku.edu.ee\/wp-content\/uploads\/2024\/02\/DSC_6218-2048x1536.jpg 2048w, https:\/\/www.reiniku.edu.ee\/wp-content\/uploads\/2024\/02\/DSC_6218-624x468.jpg 624w\" sizes=\"auto, (max-width: 384px) 100vw, 384px\" \/><\/a><\/p>\n<p>22.01.2024<\/p>\n<hr \/>\n<p><strong>MRK J\u00d5ULUTERVITUS<\/strong><\/p>\n<p><a href=\"https:\/\/www.reiniku.edu.ee\/wp-content\/uploads\/2023\/12\/Tartu-Mart-Reiniku-Kooli-joulutervitus.jpg\"><img loading=\"lazy\" decoding=\"async\" class=\"alignnone size-large wp-image-6566\" src=\"https:\/\/www.reiniku.edu.ee\/wp-content\/uploads\/2023\/12\/Tartu-Mart-Reiniku-Kooli-joulutervitus-1024x726.jpg\" alt=\"\" width=\"625\" height=\"443\" srcset=\"https:\/\/www.reiniku.edu.ee\/wp-content\/uploads\/2023\/12\/Tartu-Mart-Reiniku-Kooli-joulutervitus-1024x726.jpg 1024w, https:\/\/www.reiniku.edu.ee\/wp-content\/uploads\/2023\/12\/Tartu-Mart-Reiniku-Kooli-joulutervitus-300x213.jpg 300w, https:\/\/www.reiniku.edu.ee\/wp-content\/uploads\/2023\/12\/Tartu-Mart-Reiniku-Kooli-joulutervitus-768x545.jpg 768w, https:\/\/www.reiniku.edu.ee\/wp-content\/uploads\/2023\/12\/Tartu-Mart-Reiniku-Kooli-joulutervitus-1536x1090.jpg 1536w, https:\/\/www.reiniku.edu.ee\/wp-content\/uploads\/2023\/12\/Tartu-Mart-Reiniku-Kooli-joulutervitus-624x443.jpg 624w, https:\/\/www.reiniku.edu.ee\/wp-content\/uploads\/2023\/12\/Tartu-Mart-Reiniku-Kooli-joulutervitus.jpg 1748w\" sizes=\"auto, (max-width: 625px) 100vw, 625px\" \/><\/a><\/p>\n<p>21.12.2023<\/p>\n<hr \/>\n<p><strong>MRK J\u00d5ULUKONTSERT<br \/>\n<a href=\"https:\/\/www.reiniku.edu.ee\/wp-content\/uploads\/2023\/12\/jo\u0303ulukontsert-scaled.jpg\" target=\"_blank\" rel=\"noopener\"><img loading=\"lazy\" decoding=\"async\" class=\"alignnone wp-image-6552 size-large\" src=\"https:\/\/www.reiniku.edu.ee\/wp-content\/uploads\/2023\/12\/jo\u0303ulukontsert-731x1024.jpg\" alt=\"\" width=\"625\" height=\"876\" srcset=\"https:\/\/www.reiniku.edu.ee\/wp-content\/uploads\/2023\/12\/jo\u0303ulukontsert-731x1024.jpg 731w, https:\/\/www.reiniku.edu.ee\/wp-content\/uploads\/2023\/12\/jo\u0303ulukontsert-214x300.jpg 214w, https:\/\/www.reiniku.edu.ee\/wp-content\/uploads\/2023\/12\/jo\u0303ulukontsert-768x1075.jpg 768w, https:\/\/www.reiniku.edu.ee\/wp-content\/uploads\/2023\/12\/jo\u0303ulukontsert-1097x1536.jpg 1097w, https:\/\/www.reiniku.edu.ee\/wp-content\/uploads\/2023\/12\/jo\u0303ulukontsert-1463x2048.jpg 1463w, https:\/\/www.reiniku.edu.ee\/wp-content\/uploads\/2023\/12\/jo\u0303ulukontsert-624x874.jpg 624w, https:\/\/www.reiniku.edu.ee\/wp-content\/uploads\/2023\/12\/jo\u0303ulukontsert-scaled.jpg 1829w\" sizes=\"auto, (max-width: 625px) 100vw, 625px\" \/><\/a><br \/>\n<\/strong><\/p>\n<p><strong><span style=\"color: #993300;\"><a style=\"color: #993300;\" href=\"https:\/\/www.reiniku.edu.ee\/wp-content\/uploads\/2023\/12\/MRK-Jo\u0303ulukontsert-2023-1-compressed.pdf\">J\u00f5ulukontserdi kava<\/a><\/span><\/strong><\/p>\n<p>14.12.2023<\/p>\n<hr \/>\n<h3 class=\"post-title\" data-suhtlus-page-title=\"Keemiaol\u00fcmpiaadi koolivoor\">KEEMIAOL\u00dcMPIAADI KOOLIVOOR<\/h3>\n<p>Keemiaol\u00fcmpiaadi koolivooru tulemused:<\/p>\n<p>8. klass<br \/>\n1. Richard Bunder (8b)<br \/>\n2. Joonatan Sepp (8b)<br \/>\n3. K\u00e4rt Kallip (8b)<br \/>\n4. Jakob Parveots (8b)<br \/>\n5.-6. Rasmus Mitt (8b) ja Mirtel Eilmann (8d)<\/p>\n<p>9. klass<br \/>\n1. Taavet Siimon (9c)<br \/>\n2. Armin Ruul (9a)<br \/>\n3. Rasmus Karro (9e)<br \/>\n4. Eliisabet Veere (9a)<br \/>\n5. Lauri Laugmaa (9c)<\/p>\n<p>Piirkonnavoor toimub 7. veebruaril.<\/p>\n<p>13.12.2023<\/p>\n<hr \/>\n<p><strong>KUNSTIKONKURSS\u00a0 &#8220;REINIKU KOOL TULEVIKUS&#8221;\u00a0<\/strong><\/p>\n<p>Kooli aastap\u00e4eva n\u00e4dala raames toimunud kunstikonkursi &#8220;Reiniku kool<br \/>\ntulevikus&#8221; tulemused on selgunud.<\/p>\n<p>1.-3.kl<br \/>\nI koht &#8211; Diana Makarova 2.d<br \/>\nII koht &#8211; Gerda Lokk 3.a<br \/>\nIII koht &#8211; Isabel Saarma 2.b<\/p>\n<p>4.-6. kl<br \/>\nI koht &#8211; Giselle Saarem\u00f5ts 4.b<br \/>\nII -III koht &#8211; Delisa Erin 4.c ja Saskia Kuusemets 6.b<\/p>\n<p>7.-9.kl<br \/>\nI koht &#8211; Aleksandra Klaos 7.e<br \/>\nII koht &#8211; Lotta Lea Arras 7.e<br \/>\nIII koht &#8211; Andra Niidumaa 8.d<\/p>\n<p>\u0179\u00fcriisse kuulusid Tartu Lastekunstikooli direktor Keret Altpere, meie<br \/>\n\u00f5petajad Helle Saue, Marit Laur ja Silja Lokk ning \u00f5pilaste esindajatena<br \/>\nIsabel Gering ja Karita Lumiste.<\/p>\n<p>N\u00e4itus on k\u00f5ikidele vaatamiseks \u00fcleval Vanemuise 48<br \/>\nI korrusel kuni j\u00f5uluvaheajani!<\/p>\n<p>Suur t\u00e4nu \u00f5petaja Helle Sauele konkursi korraldamise eest!<br \/>\nSuur t\u00e4nu k\u00f5ikidele osalenud \u00f5pilastele ja \u00f5petajatele, kes \u00f5pilasi<br \/>\ninnustasid!<\/p>\n<p><a href=\"https:\/\/www.reiniku.edu.ee\/wp-content\/uploads\/2023\/12\/IMG_3984-scaled.jpg\"><img loading=\"lazy\" decoding=\"async\" class=\"alignnone size-large wp-image-6548\" src=\"https:\/\/www.reiniku.edu.ee\/wp-content\/uploads\/2023\/12\/IMG_3984-1024x768.jpg\" alt=\"\" width=\"625\" height=\"469\" srcset=\"https:\/\/www.reiniku.edu.ee\/wp-content\/uploads\/2023\/12\/IMG_3984-1024x768.jpg 1024w, https:\/\/www.reiniku.edu.ee\/wp-content\/uploads\/2023\/12\/IMG_3984-300x225.jpg 300w, https:\/\/www.reiniku.edu.ee\/wp-content\/uploads\/2023\/12\/IMG_3984-768x576.jpg 768w, https:\/\/www.reiniku.edu.ee\/wp-content\/uploads\/2023\/12\/IMG_3984-1536x1152.jpg 1536w, https:\/\/www.reiniku.edu.ee\/wp-content\/uploads\/2023\/12\/IMG_3984-2048x1536.jpg 2048w, https:\/\/www.reiniku.edu.ee\/wp-content\/uploads\/2023\/12\/IMG_3984-624x468.jpg 624w\" sizes=\"auto, (max-width: 625px) 100vw, 625px\" \/><\/a><\/p>\n<p>13.12.2023<\/p>\n<hr \/>\n<p><strong>\u00dcHINE J\u00d5ULUHOMMIK<\/strong><\/p>\n<p>T\u00e4na toimus koolis 4. klasside \u00f5pilastele \u00fchine inglisekeelne j\u00f5uluhommik. Lauldi j\u00f5ululaule ja m\u00e4ngiti toredaid m\u00e4nge.<\/p>\n<p><a href=\"https:\/\/www.reiniku.edu.ee\/wp-content\/uploads\/2023\/12\/service-peek.ope_.jpg\"><img loading=\"lazy\" decoding=\"async\" class=\"alignnone size-large wp-image-6550\" src=\"https:\/\/www.reiniku.edu.ee\/wp-content\/uploads\/2023\/12\/service-peek.ope_-1024x1024.jpg\" alt=\"\" width=\"625\" height=\"625\" srcset=\"https:\/\/www.reiniku.edu.ee\/wp-content\/uploads\/2023\/12\/service-peek.ope_-1024x1024.jpg 1024w, https:\/\/www.reiniku.edu.ee\/wp-content\/uploads\/2023\/12\/service-peek.ope_-300x300.jpg 300w, https:\/\/www.reiniku.edu.ee\/wp-content\/uploads\/2023\/12\/service-peek.ope_-150x150.jpg 150w, https:\/\/www.reiniku.edu.ee\/wp-content\/uploads\/2023\/12\/service-peek.ope_-768x768.jpg 768w, https:\/\/www.reiniku.edu.ee\/wp-content\/uploads\/2023\/12\/service-peek.ope_-624x624.jpg 624w, https:\/\/www.reiniku.edu.ee\/wp-content\/uploads\/2023\/12\/service-peek.ope_.jpg 1200w\" sizes=\"auto, (max-width: 625px) 100vw, 625px\" \/><\/a><br \/>\n13.12.2023<\/p>\n<hr \/>\n<p><strong>KOOLI ETLUSKONKURSS<\/strong><\/p>\n<p>T\u00e4na toimus meie kooli 4.-9.klassi \u00f5pilaste etluskonkurss, kus iga \u00f5pilane esitas \u00fche luuletuse ja katkendi proosatekstist. Oli \u00e4\u00e4rmiselt liigutav ja huvitav kuulamine, sest tekstid olid eriilmelised ning meeleolukad.<\/p>\n<p>4.-6.klassi \u00f5pilasi oli esinemas 12. <strong>1.koha<\/strong> saavutas <strong>Tuule Pruulmann<\/strong> (4.b), <strong>2.koha Lenna Haidak<\/strong> (6.a) ja <strong>3.koha Rosanna S\u00e4\u00e4lik<\/strong> (5.a).<\/p>\n<p>7.-9.klassi \u00f5pilasi oli esinemas samuti 12. <strong>1.koha<\/strong> saavutas <strong>Markus Kadaste<\/strong> (9.a), <strong>2.koha Kirke Miina Tegova<\/strong> (8.a) ja <strong>3.koha<\/strong> <strong>Maria Lokk (8.a)<\/strong>. Markus ja Kirke Miina esindavad meie kooli Tartu linna ja maakonna 4.-12.klassi \u00f5pilaste etluskonkursil.<\/p>\n<p>Palju \u00f5nne!<\/p>\n<p>Suur t\u00e4nu k\u00f5igile \u00f5pilaste juhendajatele-\u00f5petajatele!<\/p>\n<p><a href=\"https:\/\/www.reiniku.edu.ee\/wp-content\/uploads\/2023\/12\/IMG_4055-scaled.jpg\" target=\"_blank\" rel=\"noopener\"><img loading=\"lazy\" decoding=\"async\" class=\"alignnone wp-image-6541 size-large\" src=\"https:\/\/www.reiniku.edu.ee\/wp-content\/uploads\/2023\/12\/IMG_4055-1024x768.jpg\" alt=\"\" width=\"625\" height=\"469\" srcset=\"https:\/\/www.reiniku.edu.ee\/wp-content\/uploads\/2023\/12\/IMG_4055-1024x768.jpg 1024w, https:\/\/www.reiniku.edu.ee\/wp-content\/uploads\/2023\/12\/IMG_4055-300x225.jpg 300w, https:\/\/www.reiniku.edu.ee\/wp-content\/uploads\/2023\/12\/IMG_4055-768x576.jpg 768w, https:\/\/www.reiniku.edu.ee\/wp-content\/uploads\/2023\/12\/IMG_4055-1536x1152.jpg 1536w, https:\/\/www.reiniku.edu.ee\/wp-content\/uploads\/2023\/12\/IMG_4055-2048x1536.jpg 2048w, https:\/\/www.reiniku.edu.ee\/wp-content\/uploads\/2023\/12\/IMG_4055-624x468.jpg 624w\" sizes=\"auto, (max-width: 625px) 100vw, 625px\" \/><\/a><\/p>\n<p><a href=\"https:\/\/www.reiniku.edu.ee\/wp-content\/uploads\/2023\/12\/IMG_4056-scaled.jpg\" target=\"_blank\" rel=\"noopener\"><img loading=\"lazy\" decoding=\"async\" class=\"alignnone wp-image-6542 size-large\" src=\"https:\/\/www.reiniku.edu.ee\/wp-content\/uploads\/2023\/12\/IMG_4056-1024x768.jpg\" alt=\"\" width=\"625\" height=\"469\" srcset=\"https:\/\/www.reiniku.edu.ee\/wp-content\/uploads\/2023\/12\/IMG_4056-1024x768.jpg 1024w, https:\/\/www.reiniku.edu.ee\/wp-content\/uploads\/2023\/12\/IMG_4056-300x225.jpg 300w, https:\/\/www.reiniku.edu.ee\/wp-content\/uploads\/2023\/12\/IMG_4056-768x576.jpg 768w, https:\/\/www.reiniku.edu.ee\/wp-content\/uploads\/2023\/12\/IMG_4056-1536x1152.jpg 1536w, https:\/\/www.reiniku.edu.ee\/wp-content\/uploads\/2023\/12\/IMG_4056-2048x1536.jpg 2048w, https:\/\/www.reiniku.edu.ee\/wp-content\/uploads\/2023\/12\/IMG_4056-624x468.jpg 624w\" sizes=\"auto, (max-width: 625px) 100vw, 625px\" \/><\/a><\/p>\n<p>7.12.2023<\/p>\n<hr \/>\n<p><strong>9.KLASSI \u00d5PILASTE INGLISE KEELE OL\u00dcMPIAAD<\/strong><\/p>\n<p>30.novembril toimus inglise keele ol\u00fcmpiaadi koolivoor 9.klassidele. V\u00f5itjaks osutus <strong>Eliisabet Veere<\/strong> (9.a). <strong>Romet Terasmaa<\/strong> (9.b) ja <strong>Gregor T\u00fcrner<\/strong> (9.c) \u00a0j\u00e4id jagama 2.-3.kohta. Tublilt esinesid ka Taavet Siimon (9.c), Hanna Gloria Adson (9.c) ja Ronald Markus M\u00fc\u00fcr (9.b), kes jagasid 4.-6. kohta. \u00a0Palju \u00f5nne!<\/p>\n<p>Ait\u00e4h, \u00f5petajad Kristi Sarapuu, Tiia Kalberg ja Kadri Kriipsalu!<\/p>\n<p>7.12.2023<\/p>\n<hr \/>\n<p><strong>MRK male meistriv\u00f5istlused<\/strong><\/p>\n<p>Teisip\u00e4eval toimusid \u00fcle mitme aasta Mart Reiniku Kooli male meistriv\u00f5istlused. V\u00f5istluse korraldasid oma loovt\u00f6\u00f6 raames 8.b klassi \u00f5pilased <strong>K\u00e4rt Kallip<\/strong> ja <strong>Arabel Pedoson<\/strong>. Osa v\u00f5ttis 20 noormaletajat.<br \/>\nM\u00e4ngiti \u0160veitsi s\u00fcsteemis 7 vooru. 6,5 punktiga jagasid esikohta vennad <strong>Riho<\/strong> ja <strong>Mattias Adari<\/strong>, kolmandat kohta jagasid <strong>Rasmus Mitt<\/strong> ja <strong>Kenno Romann<\/strong>. T\u00fcdrukutest v\u00f5itis <strong>Marta Gross<\/strong> <strong>Lenne Mia Arrase<\/strong> eest. Nooremate poiste seas saavutas esikoha <strong>Keijo Romann<\/strong>, <strong>Uku Kallastu<\/strong> ja<strong> Brennet Veldre <\/strong>ees. Loodame, et turniir saab n\u00fc\u00fcd j\u00e4lle \u00a0toimuma iga-aastaselt.<\/p>\n<p><a href=\"https:\/\/www.reiniku.edu.ee\/wp-content\/uploads\/2023\/12\/Male-scaled.jpg\" target=\"_blank\" rel=\"noopener\"><img loading=\"lazy\" decoding=\"async\" class=\"alignnone wp-image-6530 size-large\" src=\"https:\/\/www.reiniku.edu.ee\/wp-content\/uploads\/2023\/12\/Male-1024x771.jpg\" alt=\"\" width=\"625\" height=\"471\" srcset=\"https:\/\/www.reiniku.edu.ee\/wp-content\/uploads\/2023\/12\/Male-1024x771.jpg 1024w, https:\/\/www.reiniku.edu.ee\/wp-content\/uploads\/2023\/12\/Male-300x226.jpg 300w, https:\/\/www.reiniku.edu.ee\/wp-content\/uploads\/2023\/12\/Male-768x578.jpg 768w, https:\/\/www.reiniku.edu.ee\/wp-content\/uploads\/2023\/12\/Male-1536x1157.jpg 1536w, https:\/\/www.reiniku.edu.ee\/wp-content\/uploads\/2023\/12\/Male-2048x1542.jpg 2048w, https:\/\/www.reiniku.edu.ee\/wp-content\/uploads\/2023\/12\/Male-624x470.jpg 624w\" sizes=\"auto, (max-width: 625px) 100vw, 625px\" \/><\/a><\/p>\n<p>06.12.2023<\/p>\n<hr \/>\n<p><strong>J\u00d5ULULAAT<\/strong><\/p>\n<p>Ootame teid k\u00f5iki j\u00f5ululaadale juba sellel p\u00fchap\u00e4eval Riia 25 koolimajja!<\/p>\n<p><img loading=\"lazy\" decoding=\"async\" class=\"alignnone wp-image-6527 size-large\" src=\"https:\/\/www.reiniku.edu.ee\/wp-content\/uploads\/2023\/12\/jouluaat-1024x577.jpeg\" alt=\"\" width=\"625\" height=\"352\" srcset=\"https:\/\/www.reiniku.edu.ee\/wp-content\/uploads\/2023\/12\/jouluaat-1024x577.jpeg 1024w, https:\/\/www.reiniku.edu.ee\/wp-content\/uploads\/2023\/12\/jouluaat-300x169.jpeg 300w, https:\/\/www.reiniku.edu.ee\/wp-content\/uploads\/2023\/12\/jouluaat-768x433.jpeg 768w, https:\/\/www.reiniku.edu.ee\/wp-content\/uploads\/2023\/12\/jouluaat-1536x865.jpeg 1536w, https:\/\/www.reiniku.edu.ee\/wp-content\/uploads\/2023\/12\/jouluaat-624x352.jpeg 624w, https:\/\/www.reiniku.edu.ee\/wp-content\/uploads\/2023\/12\/jouluaat.jpeg 1640w\" sizes=\"auto, (max-width: 625px) 100vw, 625px\" \/><\/p>\n<p>06.12.2023<\/p>\n<hr \/>\n<p><strong>\u00d5PILASLEIUTAJATE RIIKLIK\u00a0 KONKURSS<\/strong><\/p>\n<p>\u00d5pilasleiutajate riiklikul konkursil v\u00f5itis 5.c klassi \u00f5pilane <strong>Annabel Aru<\/strong> II kooliastmes suurep\u00e4rase <strong>3. koha<\/strong>. Hobustest inspireeritud leiutis p\u00e4lvis \u017e\u00fcrii t\u00e4helepanu oma loogilisuse ja tulevikuperspektiiviga.<br \/>\nNoorte leiutajate inspireerimise ja juhendamise eest 2. vanuser\u00fchmas p\u00e4lvis \u00f5petaja Marit Laur Merkuur O\u00dc eripreemia.<br \/>\nTartu Mart Reiniku Kool paistis \u017e\u00fcriile silma rohke osav\u00f5tuga, kus k\u00f5ik t\u00f6\u00f6d olid v\u00e4ga head. Tunnustamaks head juhendamist ja koolipoolset toetust ning pakkudes ka edaspidiseks motivatsiooni, anti konkursi \u00fcks suurimaid auhindu <strong>&#8220;Parima kooli preemia&#8221;<\/strong> just meile.<\/p>\n<p>Palju \u00f5nne, Annabel ja \u00f5petaja Marit!<\/p>\n<p>Austasustamisel tehtud pildid<br \/>\n<a href=\"https:\/\/drive.google.com\/file\/d\/1SJ9SRGUTBdf4HxHOGxJdmHMt_XcE7RC9\/view?usp=sharing\">https:\/\/drive.google.com\/file\/d\/1SJ9SRGUTBdf4HxHOGxJdmHMt_XcE7RC9\/view?usp=sharing<\/a><br \/>\n<a href=\"https:\/\/drive.google.com\/file\/d\/1lcn31ZXqtVA-ANG56Ein0rpFwx8q2LJw\/view?usp=sharing\">https:\/\/drive.google.com\/file\/d\/1lcn31ZXqtVA-ANG56Ein0rpFwx8q2LJw\/view?usp=sharing<\/a><\/p>\n<p>SUUR AIT\u00c4H k\u00f5igile osav\u00f5tnud \u00f5pilastele ja nende juhendajatele!<\/p>\n<p>6.12.2023<\/p>\n<hr \/>\n<p><strong>MRK ORKESTER JUUBELI 50 KONTSERT<\/strong><\/p>\n<p>Kutsume teid k\u00f5iki meie orkestri juubelikontserdile!<\/p>\n<p><a href=\"https:\/\/www.reiniku.edu.ee\/wp-content\/uploads\/2023\/10\/MRK_orkester50.jpg\"><img loading=\"lazy\" decoding=\"async\" class=\"alignleft size-full wp-image-6437\" src=\"https:\/\/www.reiniku.edu.ee\/wp-content\/uploads\/2023\/10\/MRK_orkester50.jpg\" alt=\"\" width=\"595\" height=\"841\" srcset=\"https:\/\/www.reiniku.edu.ee\/wp-content\/uploads\/2023\/10\/MRK_orkester50.jpg 595w, https:\/\/www.reiniku.edu.ee\/wp-content\/uploads\/2023\/10\/MRK_orkester50-212x300.jpg 212w\" sizes=\"auto, (max-width: 595px) 100vw, 595px\" \/><\/a><\/p>\n<p>&nbsp;<\/p>\n<p>&nbsp;<\/p>\n<p>&nbsp;<\/p>\n<p>&nbsp;<\/p>\n<p>&nbsp;<\/p>\n<p>&nbsp;<\/p>\n<p>&nbsp;<\/p>\n<p>&nbsp;<\/p>\n<p>&nbsp;<\/p>\n<p>&nbsp;<\/p>\n<p>&nbsp;<\/p>\n<p>&nbsp;<\/p>\n<p>&nbsp;<\/p>\n<p>&nbsp;<\/p>\n<p>&nbsp;<\/p>\n<p>&nbsp;<\/p>\n<p>&nbsp;<\/p>\n<p>&nbsp;<\/p>\n<p>&nbsp;<\/p>\n<p>&nbsp;<\/p>\n<p style=\"text-align: left;\">30.10.2023<\/p>\n<hr \/>\n<p><strong>MRK VALGUSPIDU<\/strong><\/p>\n<p>Muudame koos \u00fche jaheda novembri\u00f5htu soojaks ja s\u00e4ravaks!<br \/>\nTule kogu perega!<\/p>\n<p><a href=\"https:\/\/www.reiniku.edu.ee\/wp-content\/uploads\/2023\/10\/Valguspidu.jpg\"><img loading=\"lazy\" decoding=\"async\" class=\"alignleft size-full wp-image-6439\" src=\"https:\/\/www.reiniku.edu.ee\/wp-content\/uploads\/2023\/10\/Valguspidu.jpg\" alt=\"\" width=\"1080\" height=\"1080\" srcset=\"https:\/\/www.reiniku.edu.ee\/wp-content\/uploads\/2023\/10\/Valguspidu.jpg 1080w, https:\/\/www.reiniku.edu.ee\/wp-content\/uploads\/2023\/10\/Valguspidu-300x300.jpg 300w, https:\/\/www.reiniku.edu.ee\/wp-content\/uploads\/2023\/10\/Valguspidu-1024x1024.jpg 1024w, https:\/\/www.reiniku.edu.ee\/wp-content\/uploads\/2023\/10\/Valguspidu-150x150.jpg 150w, https:\/\/www.reiniku.edu.ee\/wp-content\/uploads\/2023\/10\/Valguspidu-768x768.jpg 768w, https:\/\/www.reiniku.edu.ee\/wp-content\/uploads\/2023\/10\/Valguspidu-624x624.jpg 624w\" sizes=\"auto, (max-width: 1080px) 100vw, 1080px\" \/><\/a><\/p>\n<p>30.11.2023<\/p>\n<hr \/>\n<p><strong>PROJEKTIP\u00c4EV &#8220;MRK ROHELISEMAKS&#8221;<\/strong><\/p>\n<p>Novembri l\u00f5pus toimus \u00fclekooliline projektip\u00e4ev &#8220;MRK&#8221; rohelisemaks. Peamisteks m\u00e4rks\u00f5nadeks olid taaskasutamine, s\u00e4\u00e4stev eluviis, rohep\u00f6\u00f6re ning oluliseks teemaks, kuidas oma \u00f6koloogilist jalaj\u00e4lge v\u00e4hendada. T\u00e4psemalt toimunu kohta saad lugeda <a href=\"https:\/\/tartuharidusehaal.weebly.com\/\" target=\"_blank\" rel=\"noopener\">Tartu Hariduse H\u00e4\u00e4le<\/a> detsembrikuisest postitusest<\/p>\n<p>29.11.2023<\/p>\n<hr \/>\n<p><strong>KOIDULAULIKU VALGEL<\/strong><\/p>\n<p>Etluskonkursi &#8220;Koidulauliku valgel&#8221; piirkondlikus voorus esindasid meie kooli Maria Lokk ja Kirke Miina Tegova (8.a) ning Markus Kadaste (9.a). <strong>Markus Kadaste<\/strong> saavutas oma vanuser\u00fchmas <strong>1.<\/strong> <strong>koha <\/strong>ning <strong>Maria Lokk 3. koha<\/strong>. Samuti valiti Markus parimaks Koidula luule esitajaks ning ta esindab Tartu linna vabariiklikul konkursil P\u00e4rnus.<\/p>\n<p>Palju \u00f5nne!<\/p>\n<p>Ait\u00e4h, \u00f5petaja Silja Russak!<\/p>\n<p>20.11.2023<\/p>\n<hr \/>\n<p><strong>VILISTLASTE KORVPALLITURNIIR 25.11.2023<\/strong><\/p>\n<p>Ootame k\u00f5iki vilistlasi osalema kooli aastap\u00e4eva n\u00e4dala raames toimuvale korvpalliturniirile!<br \/>\nTurniir toimub laup\u00e4eval, 25. novembril kell 10.00 Vanemuise 48 v\u00f5imlas.<br \/>\nRegistreerimine: tiiu.peterson@reiniku.edu.ee<\/p>\n<p>16.10.2023<\/p>\n<hr \/>\n<p><strong>DAILY KOOLITOITLUSTUSE RAHULOLU UURING<\/strong><\/p>\n<p>Daily koolitoitlustus viib l\u00e4bi rahulolu uuringu perioodil <strong>13.-25.11.2023<\/strong>.<\/p>\n<p>Eesm\u00e4rgiks saada adekvaatset tagasisidet oma igap\u00e4evat\u00f6\u00f6le ning vastavust ootustele.<br \/>\nUuringu tulemusi jagatakse ka kooli juhtkonnaga.<br \/>\nK\u00fcsitlus viiakse l\u00e4bi veebip\u00f5hiselt, millele saavad vastata \u00f5pilased ja koolit\u00f6\u00f6tajad.<\/p>\n<p>Link k\u00fcsitlusele: <a href=\"https:\/\/forms.office.com\/e\/WWe3iGxNv8\">https:\/\/forms.office.com\/e\/WWe3iGxNv8<\/a><\/p>\n<p><a href=\"https:\/\/www.reiniku.edu.ee\/wp-content\/uploads\/2023\/11\/kysiltluse-banner-981x654-1.png\"><img loading=\"lazy\" decoding=\"async\" class=\"alignleft size-medium wp-image-6472\" src=\"https:\/\/www.reiniku.edu.ee\/wp-content\/uploads\/2023\/11\/kysiltluse-banner-981x654-1-300x200.png\" alt=\"\" width=\"300\" height=\"200\" srcset=\"https:\/\/www.reiniku.edu.ee\/wp-content\/uploads\/2023\/11\/kysiltluse-banner-981x654-1-300x200.png 300w, https:\/\/www.reiniku.edu.ee\/wp-content\/uploads\/2023\/11\/kysiltluse-banner-981x654-1-768x513.png 768w, https:\/\/www.reiniku.edu.ee\/wp-content\/uploads\/2023\/11\/kysiltluse-banner-981x654-1-624x417.png 624w, https:\/\/www.reiniku.edu.ee\/wp-content\/uploads\/2023\/11\/kysiltluse-banner-981x654-1.png 982w\" sizes=\"auto, (max-width: 300px) 100vw, 300px\" \/><\/a><\/p>\n<p>&nbsp;<\/p>\n<p>&nbsp;<\/p>\n<p>&nbsp;<\/p>\n<p>&nbsp;<\/p>\n<p>&nbsp;<\/p>\n<p>09.11.2023<\/p>\n<hr \/>\n<p><strong>L\u00d5BUS OTSIMISM\u00c4NG\u00a0<\/strong><\/p>\n<div class=\"xdj266r x11i5rnm xat24cr x1mh8g0r x1vvkbs x126k92a\">\n<div dir=\"auto\">Meie kooli 4.b klassi \u00f5pilased <strong>Lilit R\u00e4\u00e4k<\/strong>, <strong>Mia Mariette Riis<\/strong>, <strong>Jakob M\u00f6lder<\/strong> ja <strong>Tuule Pruulmann<\/strong><\/div>\n<div dir=\"auto\"><\/div>\n<div dir=\"auto\">osalesid Tartu Descartes&#8217;i koolis Tartu linna koolide v\u00f5istlusm\u00e4ngus &#8220;Rene\u00b4d otsides&#8221;.<\/div>\n<\/div>\n<div class=\"x11i5rnm xat24cr x1mh8g0r x1vvkbs xtlvy1s x126k92a\">\n<div dir=\"auto\"><\/div>\n<div dir=\"auto\">M\u00e4ng kujutas endast \u00f5htuh\u00e4maruses taskulampide valguses pimedas koolimajas<\/div>\n<div dir=\"auto\"><\/div>\n<div dir=\"auto\">\u00fclesannete otsimist ja salakirjade lahendamist.<\/div>\n<div dir=\"auto\"><\/div>\n<\/div>\n<div class=\"x11i5rnm xat24cr x1mh8g0r x1vvkbs xtlvy1s x126k92a\">\n<div dir=\"auto\">Meie kooli v\u00f5istlejad olid v\u00e4ga tublid!<\/div>\n<div dir=\"auto\"><\/div>\n<div dir=\"auto\">Nad leidsid \u00fcles k\u00f5ik \u00fclesanded ja lahendasid salakirjad \u00f5igesti.<\/div>\n<div dir=\"auto\"><\/div>\n<div dir=\"auto\">Kokkuv\u00f5ttes saavutati suurep\u00e4rane II koht!<\/div>\n<\/div>\n<p><a href=\"https:\/\/www.reiniku.edu.ee\/wp-content\/uploads\/2023\/11\/Pilt-scaled.jpg\"><img loading=\"lazy\" decoding=\"async\" class=\"alignnone size-large wp-image-6488\" src=\"https:\/\/www.reiniku.edu.ee\/wp-content\/uploads\/2023\/11\/Pilt-1024x768.jpg\" alt=\"\" width=\"625\" height=\"469\" srcset=\"https:\/\/www.reiniku.edu.ee\/wp-content\/uploads\/2023\/11\/Pilt-1024x768.jpg 1024w, https:\/\/www.reiniku.edu.ee\/wp-content\/uploads\/2023\/11\/Pilt-300x225.jpg 300w, https:\/\/www.reiniku.edu.ee\/wp-content\/uploads\/2023\/11\/Pilt-768x576.jpg 768w, https:\/\/www.reiniku.edu.ee\/wp-content\/uploads\/2023\/11\/Pilt-1536x1152.jpg 1536w, https:\/\/www.reiniku.edu.ee\/wp-content\/uploads\/2023\/11\/Pilt-2048x1536.jpg 2048w, https:\/\/www.reiniku.edu.ee\/wp-content\/uploads\/2023\/11\/Pilt-624x468.jpg 624w\" sizes=\"auto, (max-width: 625px) 100vw, 625px\" \/><\/a><\/p>\n<p>Palju \u00f5nne!<\/p>\n<p>Ait\u00e4h, \u00f5petaja Merike K\u00e4rner!<\/p>\n<p>17.11.2023<\/p>\n<hr \/>\n<p><strong>RAHVASTEPALLI KARIKAV\u00d5ISTLUS<\/strong><\/p>\n<p>Tartu koolide rahvastepalli karikav\u00f5istlustel saavutasid meie\u00a0 3.klassi t\u00fctarlapsed 2. koha.<\/p>\n<div>V\u00f5istkonnas m\u00e4ngisid: <strong>Stella Kuldm\u00e4e<\/strong>, <strong>Grete P\u00e4\u00e4ro<\/strong>, <strong>Emma Ojamaa<\/strong> 3.d klassist, <strong>Adele Arumetsa<\/strong><\/div>\n<div><\/div>\n<div>3.b klassist,\u00a0<strong>Kristella Leius<\/strong>,\u00a0<strong>Marleen Sulp<\/strong>,\u00a0<strong>Florentine Oidram<\/strong>,\u00a0<strong>Marian T\u00e4tte<\/strong>\u00a0 3.a klassist.<\/div>\n<div><\/div>\n<div><\/div>\n<div>Palju \u00f5nne!<\/div>\n<div><\/div>\n<div>Ait\u00e4h, \u00f5petajad!<\/div>\n<p><img loading=\"lazy\" decoding=\"async\" class=\"alignnone wp-image-6485 size-large\" style=\"margin-top: 0.857143rem; margin-right: 1.71429rem; margin-bottom: 0.857143rem; color: #0f3647;\" src=\"https:\/\/www.reiniku.edu.ee\/wp-content\/uploads\/2023\/11\/3.kl-rahvastepall-1024x816.jpg\" alt=\"\" width=\"625\" height=\"498\" srcset=\"https:\/\/www.reiniku.edu.ee\/wp-content\/uploads\/2023\/11\/3.kl-rahvastepall-1024x816.jpg 1024w, https:\/\/www.reiniku.edu.ee\/wp-content\/uploads\/2023\/11\/3.kl-rahvastepall-300x239.jpg 300w, https:\/\/www.reiniku.edu.ee\/wp-content\/uploads\/2023\/11\/3.kl-rahvastepall-768x612.jpg 768w, https:\/\/www.reiniku.edu.ee\/wp-content\/uploads\/2023\/11\/3.kl-rahvastepall-1536x1224.jpg 1536w, https:\/\/www.reiniku.edu.ee\/wp-content\/uploads\/2023\/11\/3.kl-rahvastepall-2048x1632.jpg 2048w, https:\/\/www.reiniku.edu.ee\/wp-content\/uploads\/2023\/11\/3.kl-rahvastepall-624x497.jpg 624w\" sizes=\"auto, (max-width: 625px) 100vw, 625px\" \/><\/p>\n<div><\/div>\n<div>15.11.2023<\/div>\n<p>&nbsp;<\/p>\n<hr \/>\n<p><b>MRK VILISTLAS\u00d5HTUPOOLIK<\/b><\/p>\n<p>Tule kuula, mida meie vilistlased r\u00e4\u00e4givad!<\/p>\n<p><img loading=\"lazy\" decoding=\"async\" class=\"alignnone size-full wp-image-6460\" src=\"https:\/\/www.reiniku.edu.ee\/wp-content\/uploads\/2023\/11\/Nimetu.jpg\" alt=\"\" width=\"714\" height=\"1017\" srcset=\"https:\/\/www.reiniku.edu.ee\/wp-content\/uploads\/2023\/11\/Nimetu.jpg 714w, https:\/\/www.reiniku.edu.ee\/wp-content\/uploads\/2023\/11\/Nimetu-211x300.jpg 211w, https:\/\/www.reiniku.edu.ee\/wp-content\/uploads\/2023\/11\/Nimetu-624x889.jpg 624w\" sizes=\"auto, (max-width: 714px) 100vw, 714px\" \/><\/p>\n<p>06.11.2023<\/p>\n<hr \/>\n<p>&nbsp;<\/p>\n<p><strong>KIRJANDUSFESTIVAL LUUP<\/strong><\/p>\n<p>16.-21. oktoobril toimus laste ja noorte kirjandusfestival Luup, millest v\u00f5tsid osa ka meie kooli \u00f5pilased. 7.-8. klasside kirjanduslikus veebiviktoriinis saavutas 7.b klassi v\u00f5istkond koosseisus <strong>Ehe<\/strong> <strong>J\u00e4rv<\/strong>, <strong>Artur Kuperjanov<\/strong> ja <strong>Charlotte Marie Suits 2.koha<\/strong>. Tubli viienda tulemuse tegid <strong>Taaniel<\/strong> <strong>Antons<\/strong>, <strong>Sofi Marie Puusepp<\/strong> ja <strong>Elle Marie Parveots<\/strong> 6.b klassist ja tublid olid ka <strong>Iti M\u00f5ts<\/strong> ning <strong>Helena Umbleja<\/strong> 8.a klassist. Osales 21 v\u00f5istkonda \u00fcle vabariigi.<\/p>\n<p>Luulev\u00f5istlusele saadeti Eestimaa erinevatest paikadest kokku 278 luuletust. P\u00f5hikooli noorema astme (4. -6. kl) t\u00f6id oli 116. <strong>Elle Parveots<\/strong> 6.b klassist sai <strong>2. koha<\/strong> ning <strong>Karl Kasekamp<\/strong> sai hea loomet\u00f6\u00f6 preemia. Vanema (7. &#8211; 9. kl) vanuser\u00fchma t\u00f6id oli 133. <strong>Iti M\u00f5ts<\/strong> 8.a klassist sai <strong>1. koha<\/strong> ning hea loomet\u00f6\u00f6 preemiad said <strong>Markus Kadaste<\/strong> ning <strong>Ida Marie M\u00f6lder<\/strong> 9.a klassist.<\/p>\n<p>Luulepr\u00f5mmile (see on omaluule v\u00f5istuesitamine) l\u00e4ksid <strong>Iti M\u00f5ts<\/strong> ja <strong>Helena Umbleja<\/strong>. <strong>Helena<\/strong> saavutas oma vanuser\u00fchmas <strong>esikoha<\/strong>.<\/p>\n<p>4.klasside ettelugemise v\u00f5istluse &#8220;Padakonna vada&#8221; Tartu linna eelvoorus sai 4.c klassi \u00f5pilane <strong>Sona Sahakyan<\/strong> eriauhinna publikuga t\u00f6\u00f6tamise eest.<\/p>\n<p>Palju \u00f5nne!<\/p>\n<p>Ait\u00e4h, \u00f5petajad Silja Russak ja Krista Bernhardt!<\/p>\n<p>25.10.2023<\/p>\n<hr \/>\n<p><strong>28.ORIENTEERUMISM\u00c4NGU TULEMUSED<\/strong><\/p>\n<p>Orienteerumism\u00e4ng on selleks korraks l\u00f5ppenud! Palju \u00f5nne v\u00f5itjatele!<\/p>\n<p><a href=\"https:\/\/www.reiniku.edu.ee\/wp-content\/uploads\/2023\/10\/Orienteerumismangu-tulemused.pdf\">K\u00f5ik orienteerumism\u00e4ngu tulemused<\/a><\/p>\n<p><img loading=\"lazy\" decoding=\"async\" class=\"alignnone wp-image-6419 size-large\" src=\"https:\/\/www.reiniku.edu.ee\/wp-content\/uploads\/2023\/10\/20231019_092800-1024x768.jpg\" alt=\"\" width=\"625\" height=\"469\" srcset=\"https:\/\/www.reiniku.edu.ee\/wp-content\/uploads\/2023\/10\/20231019_092800-1024x768.jpg 1024w, https:\/\/www.reiniku.edu.ee\/wp-content\/uploads\/2023\/10\/20231019_092800-300x225.jpg 300w, https:\/\/www.reiniku.edu.ee\/wp-content\/uploads\/2023\/10\/20231019_092800-768x576.jpg 768w, https:\/\/www.reiniku.edu.ee\/wp-content\/uploads\/2023\/10\/20231019_092800-1536x1152.jpg 1536w, https:\/\/www.reiniku.edu.ee\/wp-content\/uploads\/2023\/10\/20231019_092800-2048x1536.jpg 2048w, https:\/\/www.reiniku.edu.ee\/wp-content\/uploads\/2023\/10\/20231019_092800-624x468.jpg 624w\" sizes=\"auto, (max-width: 625px) 100vw, 625px\" \/> <img loading=\"lazy\" decoding=\"async\" class=\"alignnone wp-image-6420 size-large\" src=\"https:\/\/www.reiniku.edu.ee\/wp-content\/uploads\/2023\/10\/20231019_092652-1024x768.jpg\" alt=\"\" width=\"625\" height=\"469\" srcset=\"https:\/\/www.reiniku.edu.ee\/wp-content\/uploads\/2023\/10\/20231019_092652-1024x768.jpg 1024w, https:\/\/www.reiniku.edu.ee\/wp-content\/uploads\/2023\/10\/20231019_092652-300x225.jpg 300w, https:\/\/www.reiniku.edu.ee\/wp-content\/uploads\/2023\/10\/20231019_092652-768x576.jpg 768w, https:\/\/www.reiniku.edu.ee\/wp-content\/uploads\/2023\/10\/20231019_092652-1536x1152.jpg 1536w, https:\/\/www.reiniku.edu.ee\/wp-content\/uploads\/2023\/10\/20231019_092652-2048x1536.jpg 2048w, https:\/\/www.reiniku.edu.ee\/wp-content\/uploads\/2023\/10\/20231019_092652-624x468.jpg 624w\" sizes=\"auto, (max-width: 625px) 100vw, 625px\" \/><\/p>\n<p>19.10.2023<\/p>\n<hr \/>\n<p><strong>MRK HEA TEGU 12 ON L\u00d5PPENUD!<\/strong><\/p>\n<p><img loading=\"lazy\" decoding=\"async\" class=\"alignnone wp-image-6417 size-full\" src=\"https:\/\/www.reiniku.edu.ee\/wp-content\/uploads\/2023\/10\/Tulemused-1.jpg\" alt=\"\" width=\"1280\" height=\"720\" srcset=\"https:\/\/www.reiniku.edu.ee\/wp-content\/uploads\/2023\/10\/Tulemused-1.jpg 1280w, https:\/\/www.reiniku.edu.ee\/wp-content\/uploads\/2023\/10\/Tulemused-1-300x169.jpg 300w, https:\/\/www.reiniku.edu.ee\/wp-content\/uploads\/2023\/10\/Tulemused-1-1024x576.jpg 1024w, https:\/\/www.reiniku.edu.ee\/wp-content\/uploads\/2023\/10\/Tulemused-1-768x432.jpg 768w, https:\/\/www.reiniku.edu.ee\/wp-content\/uploads\/2023\/10\/Tulemused-1-624x351.jpg 624w\" sizes=\"auto, (max-width: 1280px) 100vw, 1280px\" \/><\/p>\n<p>18.11.2023<\/p>\n<hr \/>\n<p><strong>MRK ORKESTER 50!<\/strong><\/p>\n<p>Kampaania kestab 09.10-17.10! Osale juba t\u00e4na!<\/p>\n<p><img loading=\"lazy\" decoding=\"async\" class=\"alignnone wp-image-6394 size-full\" src=\"https:\/\/www.reiniku.edu.ee\/wp-content\/uploads\/2023\/10\/MRK_orkester_A4_plakat-png.png\" alt=\"\" width=\"1280\" height=\"1810\" srcset=\"https:\/\/www.reiniku.edu.ee\/wp-content\/uploads\/2023\/10\/MRK_orkester_A4_plakat-png.png 1280w, https:\/\/www.reiniku.edu.ee\/wp-content\/uploads\/2023\/10\/MRK_orkester_A4_plakat-png-212x300.png 212w, https:\/\/www.reiniku.edu.ee\/wp-content\/uploads\/2023\/10\/MRK_orkester_A4_plakat-png-724x1024.png 724w, https:\/\/www.reiniku.edu.ee\/wp-content\/uploads\/2023\/10\/MRK_orkester_A4_plakat-png-768x1086.png 768w, https:\/\/www.reiniku.edu.ee\/wp-content\/uploads\/2023\/10\/MRK_orkester_A4_plakat-png-1086x1536.png 1086w, https:\/\/www.reiniku.edu.ee\/wp-content\/uploads\/2023\/10\/MRK_orkester_A4_plakat-png-624x882.png 624w\" sizes=\"auto, (max-width: 1280px) 100vw, 1280px\" \/><\/p>\n<p>09.10.2023<\/p>\n<hr \/>\n<p><strong>RAHVUSVAHELINE eTwinningu PROJEKT\u00a0<\/strong><\/p>\n<div class=\"post-body formatted-text\">Eelmisel \u00f5ppeaastal osales\u00a0 <strong>3. klasside<\/strong> \u00f5pilaste inglise keele grupp rahvusvahelises projektis &#8220;Baltic<\/div>\n<div><\/div>\n<div class=\"post-body formatted-text\">Sky&#8221;. Lisaks meie kooli \u00f5pilastele osalesid projektis ka \u00f5pilased Leedust, Saksamaalt, Poolast<\/div>\n<div><\/div>\n<div class=\"post-body formatted-text\">Soomest.<\/div>\n<div class=\"post-body formatted-text\">\n<p>Projekti eesm\u00e4rk oli tundma \u00f5ppida L\u00e4\u00e4nemere \u00fcmbruse piirkondi ja taevast selle kohal ning \u00fcmber. Projekti tegevused viidi l\u00e4bi inglise keele tundides kogu \u00f5ppeaasta jooksul, mis sisaldasid rohkelt mitmesuguseid digitaalseid ja praktilisi \u00fclesandeid.<\/p>\n<p>Projekt sai tunnustuse osaliseks ja sellele omistati KVALITEEDIM\u00c4RK.<\/p>\n<p>Projekti kohta saab p\u00f5hjalikumalt lugeda Haridus- ja Noorteameti blogist.<br \/>\n<a class=\"st-link\" href=\"https:\/\/stuudium.link\/?link=https%3A%2F%2Fblogi.harno.ee%2Ftartu-mart-reiniku-kooli-3-klassi-opilased-heitsid-pilgud-taevasse%2F&amp;sp=c2NsPXJlaW5pa3U&amp;ssig=231016-083645b9a56e570105bdd72403109511f39de05e\" target=\"_blank\" rel=\"noopener\"><i class=\"slh\">https:\/\/<\/i>blogi.harno.ee\/tartu-mart-reiniku-kooli-3-klassi-opi<i class=\"slh\">lased-heitsid-pilgud-taevasse\/<\/i><i class=\"slsfx\">\u2026<\/i><\/a><\/p>\n<\/div>\n<div class=\"attached-files\" data-suhtlus-role=\"remove-on-collapse\">\n<div class=\"attached-file attached-file-without-preview\">\n<div class=\"attached-file-inner\"><a class=\"attached-file-main-link\" href=\"https:\/\/reiniku.ope.ee\/suhtlus\/api\/files\/get\/6792521\" target=\"_blank\" rel=\"noopener\" data-metadata-url=\"https:\/\/reiniku.ope.ee\/suhtlus\/api\/files\/get\/6792521?return_format=json\"><span class=\"force-wrap\">national_quality_label-project_nql_pdf-2965803-user_34158-1d9f498f94.pdf<\/span><\/a><\/div>\n<\/div>\n<\/div>\n<p>&nbsp;<\/p>\n<p>Palju \u00f5nne!<\/p>\n<p>Ait\u00e4h \u00f5pilastele ja nende \u00f5petaja Meili L\u00e4\u00e4nemetsale!<\/p>\n<p>16.10.2023<\/p>\n<hr \/>\n<p><strong>AVATUD KOOLIS\u00d6\u00d6KLATE N\u00c4DAL<\/strong><\/p>\n<p>Lapsevanemad ja k\u00fclalised on oodatud Vanemuise 48 s\u00f6\u00f6klasse l\u00f5unas\u00f6\u00f6ki s\u00f6\u00f6ma.<\/p>\n<p><strong>Toimumise aeg: 02.- 06.10.2023 kell 13.15-14.30<\/strong><\/p>\n<p>Hind 2.22 \u20ac<\/p>\n<p>L\u00f5una eest saab tasuda kohapeal.<\/p>\n<p>Koolitoitlustaja sooviks on Avatud koolis\u00f6\u00f6klate n\u00e4dala raames anda lastevanematele v\u00f5imalus n\u00e4ha ja maitsta toiduvalikut,<br \/>\nmida igap\u00e4evaselt lastele pakutakse ning kuidas on \u00fcle\u00fcldiselt korraldatud koolil\u00f5una pakkumine.<br \/>\nLisaks koolitoiduga tutvumisele on see hea v\u00f5imalus keset t\u00f6\u00f6p\u00e4eva soodsalt t\u00e4isv\u00e4\u00e4rtuslikku l\u00f5unas\u00f6\u00f6ki nautida.<\/p>\n<p>Avatud koolis\u00f6\u00f6klate n\u00e4dala raames pakutakse lastevanematele t\u00e4pselt samasugust toitu nagu igap\u00e4evaselt \u00f5pilastele.<\/p>\n<p><a href=\"https:\/\/www.reiniku.edu.ee\/wp-content\/uploads\/2023\/09\/banner_2023.png\"><img loading=\"lazy\" decoding=\"async\" class=\"alignleft size-full wp-image-6364\" src=\"https:\/\/www.reiniku.edu.ee\/wp-content\/uploads\/2023\/09\/banner_2023.png\" alt=\"\" width=\"700\" height=\"283\" srcset=\"https:\/\/www.reiniku.edu.ee\/wp-content\/uploads\/2023\/09\/banner_2023.png 700w, https:\/\/www.reiniku.edu.ee\/wp-content\/uploads\/2023\/09\/banner_2023-300x121.png 300w, https:\/\/www.reiniku.edu.ee\/wp-content\/uploads\/2023\/09\/banner_2023-624x252.png 624w\" sizes=\"auto, (max-width: 700px) 100vw, 700px\" \/><\/a><\/p>\n<p>&nbsp;<\/p>\n<p>&nbsp;<\/p>\n<p>&nbsp;<\/p>\n<p>&nbsp;<\/p>\n<p>&nbsp;<\/p>\n<p>25.09.2023<\/p>\n<hr \/>\n<p><strong>LAULUPEOMUUSEUMI JOONISTUSV\u00d5ISTLUS<\/strong><\/p>\n<p>28. septembril toimus Laulupeomuuseumis \u00fcritus sarjast \u201eLiikumisaasta 2023\u201c, 14. Laulupeomuuseumi joonistusv\u00f5istlus \u201eLiigume koos\u201c.<\/p>\n<p>Joonistusv\u00f5istlusel osalesid lapsed vanuses 7-12 aastat, viiest Tartu linna ja viiest Tartumaa koolist.<\/p>\n<p><strong>I koha<\/strong> saavutas meie kooli \u00f5pilane\u00a0 <strong>Anna Soe<\/strong> (<strong>3.d<\/strong>).<\/p>\n<p>Meie koolist osales veel Adele Arumetsa (3.b), kes k\u00fcll seekord auhinda ei saanud,<br \/>\naga oli ikkagi tubli.<\/p>\n<p>Palju \u00f5nne joonistajatele!<\/p>\n<p>Ait\u00e4h, \u00f5petaja Evi V\u00e4hi!<\/p>\n<p>5.10.2023<\/p>\n<hr \/>\n<p><strong>MRK 12. HEA TEGU<\/strong><\/p>\n<p>Algamas on j\u00e4rjekorras 12. MRK Hea Tegu<\/p>\n<p><img loading=\"lazy\" decoding=\"async\" class=\"alignnone wp-image-6336 size-large\" src=\"https:\/\/www.reiniku.edu.ee\/wp-content\/uploads\/2023\/09\/HT-2023_pages-to-jpg-0001-724x1024.jpg\" alt=\"\" width=\"625\" height=\"884\" srcset=\"https:\/\/www.reiniku.edu.ee\/wp-content\/uploads\/2023\/09\/HT-2023_pages-to-jpg-0001-724x1024.jpg 724w, https:\/\/www.reiniku.edu.ee\/wp-content\/uploads\/2023\/09\/HT-2023_pages-to-jpg-0001-212x300.jpg 212w, https:\/\/www.reiniku.edu.ee\/wp-content\/uploads\/2023\/09\/HT-2023_pages-to-jpg-0001-768x1086.jpg 768w, https:\/\/www.reiniku.edu.ee\/wp-content\/uploads\/2023\/09\/HT-2023_pages-to-jpg-0001-1086x1536.jpg 1086w, https:\/\/www.reiniku.edu.ee\/wp-content\/uploads\/2023\/09\/HT-2023_pages-to-jpg-0001-624x882.jpg 624w, https:\/\/www.reiniku.edu.ee\/wp-content\/uploads\/2023\/09\/HT-2023_pages-to-jpg-0001.jpg 1241w\" sizes=\"auto, (max-width: 625px) 100vw, 625px\" \/><\/p>\n<p><a href=\"https:\/\/www.youtube.com\/watch?v=bEW4vFymoh4&amp;fbclid=IwAR2zvRAKqJMWXI3C-q3eIYOFpHKeus5g6yTNt11UgWKy1tfI_Xwu-WIKjgA\" target=\"_blank\" rel=\"noopener\">Jaanus Pilleri video Ukrainas n\u00e4htust<\/a><\/p>\n<p>18.09.2023<\/p>\n<hr \/>\n<p><strong>28. AJALOORINGI ORIENTEERUMISM\u00c4NG<\/strong><\/p>\n<p>Alanud on j\u00e4rjekorras juba 28. orienteerumism\u00e4ng<\/p>\n<p><a href=\"https:\/\/www.reiniku.edu.ee\/wp-content\/uploads\/2023\/09\/Kus-28.-orient.pdf\" target=\"_blank\" rel=\"noopener\">28. orienteerumism\u00e4ngu k\u00fcsimused<\/a><\/p>\n<p><a href=\"https:\/\/www.reiniku.edu.ee\/wp-content\/uploads\/2023\/09\/28.-orient-VASTUSTELEHT.docx\" target=\"_blank\" rel=\"noopener\">Orienteerumism\u00e4ngu vastusteleht<\/a><\/p>\n<p><img loading=\"lazy\" decoding=\"async\" class=\"alignnone wp-image-6334 size-large\" src=\"https:\/\/www.reiniku.edu.ee\/wp-content\/uploads\/2023\/09\/reklaam-1024x576.jpg\" alt=\"\" width=\"625\" height=\"352\" srcset=\"https:\/\/www.reiniku.edu.ee\/wp-content\/uploads\/2023\/09\/reklaam-1024x576.jpg 1024w, https:\/\/www.reiniku.edu.ee\/wp-content\/uploads\/2023\/09\/reklaam-300x169.jpg 300w, https:\/\/www.reiniku.edu.ee\/wp-content\/uploads\/2023\/09\/reklaam-768x432.jpg 768w, https:\/\/www.reiniku.edu.ee\/wp-content\/uploads\/2023\/09\/reklaam-624x351.jpg 624w, https:\/\/www.reiniku.edu.ee\/wp-content\/uploads\/2023\/09\/reklaam.jpg 1280w\" sizes=\"auto, (max-width: 625px) 100vw, 625px\" \/><\/p>\n<p>18.09.2023<\/p>\n<hr \/>\n<p><strong>AASTA P\u00d5HIKOOLI AINE\u00d5PETAJA JA KLASSIJUHATAJA<\/strong><\/p>\n<p><a href=\"https:\/\/www.reiniku.edu.ee\/wp-content\/uploads\/2023\/09\/foto.jpeg\"><img loading=\"lazy\" decoding=\"async\" class=\"alignleft size-large wp-image-6299\" src=\"https:\/\/www.reiniku.edu.ee\/wp-content\/uploads\/2023\/09\/foto-768x1024.jpeg\" alt=\"\" width=\"625\" height=\"833\" srcset=\"https:\/\/www.reiniku.edu.ee\/wp-content\/uploads\/2023\/09\/foto-768x1024.jpeg 768w, https:\/\/www.reiniku.edu.ee\/wp-content\/uploads\/2023\/09\/foto-225x300.jpeg 225w, https:\/\/www.reiniku.edu.ee\/wp-content\/uploads\/2023\/09\/foto-624x832.jpeg 624w, https:\/\/www.reiniku.edu.ee\/wp-content\/uploads\/2023\/09\/foto.jpeg 791w\" sizes=\"auto, (max-width: 625px) 100vw, 625px\" \/><\/a><\/p>\n<p>&nbsp;<\/p>\n<p>&nbsp;<\/p>\n<p>&nbsp;<\/p>\n<p>&nbsp;<\/p>\n<p>&nbsp;<\/p>\n<p>&nbsp;<\/p>\n<p>&nbsp;<\/p>\n<p>&nbsp;<\/p>\n<p>&nbsp;<\/p>\n<p>&nbsp;<\/p>\n<p>&nbsp;<\/p>\n<p>&nbsp;<\/p>\n<p>&nbsp;<\/p>\n<p>&nbsp;<\/p>\n<p>&nbsp;<\/p>\n<p>&nbsp;<\/p>\n<p>&nbsp;<\/p>\n<p>&nbsp;<\/p>\n<p>&nbsp;<\/p>\n<p>&nbsp;<\/p>\n<p>Oleme uhked ja r\u00f5\u00f5msad!<\/p>\n<p>Aasta p\u00f5hikooli aine\u00f5petaja laureaat &#8211; SILJA RUSSAK<br \/>\nAasta klassijuhataja laureaat &#8211; URMAS HEIN<\/p>\n<p>Palju \u00f5nne!<br \/>\n6.09.2023<\/p>\n<hr \/>\n","protected":false},"excerpt":{"rendered":"<p>HEA S\u00dcGISEL KOOLITULEVA LAPSE VANEM! TARTU MART REINIKU KOOL OOTAB ENDALE K\u00dcLLA\u00a0 S\u00dcGISEL KOOLITULEVAID LAPSI KOOS VANEMATEGA. KOOLI ja \u00d5PETAJAGA TUTVUMINE toimub neljap\u00e4eval, 6. juunil kell 18.00 &#8211; ~19.40 algklasside \u00f5ppehoones Riia 25. Olete oodatud! 31.05.2024 29.AJALOORINGI ORIENTEERUMISM\u00c4NGU TULEMUSED JA VASTUSED 29. Ajalooringi orienteerumism\u00e4ng on l\u00f5ppenud, vastused teada ja tulemused avaldatud! Orienteerumism\u00e4ngu tulemused Orienteerumism\u00e4ngu vastused [&hellip;]<\/p>\n","protected":false},"author":11,"featured_media":0,"parent":0,"menu_order":0,"comment_status":"closed","ping_status":"closed","template":"","meta":{"footnotes":""},"class_list":["post-7100","page","type-page","status-publish","hentry"],"_links":{"self":[{"href":"https:\/\/www.reiniku.edu.ee\/index.php\/wp-json\/wp\/v2\/pages\/7100","targetHints":{"allow":["GET"]}}],"collection":[{"href":"https:\/\/www.reiniku.edu.ee\/index.php\/wp-json\/wp\/v2\/pages"}],"about":[{"href":"https:\/\/www.reiniku.edu.ee\/index.php\/wp-json\/wp\/v2\/types\/page"}],"author":[{"embeddable":true,"href":"https:\/\/www.reiniku.edu.ee\/index.php\/wp-json\/wp\/v2\/users\/11"}],"replies":[{"embeddable":true,"href":"https:\/\/www.reiniku.edu.ee\/index.php\/wp-json\/wp\/v2\/comments?post=7100"}],"version-history":[{"count":4,"href":"https:\/\/www.reiniku.edu.ee\/index.php\/wp-json\/wp\/v2\/pages\/7100\/revisions"}],"predecessor-version":[{"id":7106,"href":"https:\/\/www.reiniku.edu.ee\/index.php\/wp-json\/wp\/v2\/pages\/7100\/revisions\/7106"}],"wp:attachment":[{"href":"https:\/\/www.reiniku.edu.ee\/index.php\/wp-json\/wp\/v2\/media?parent=7100"}],"curies":[{"name":"wp","href":"https:\/\/api.w.org\/{rel}","templated":true}]}}