{"id":7663,"date":"2025-09-30T12:18:29","date_gmt":"2025-09-30T09:18:29","guid":{"rendered":"https:\/\/www.reiniku.edu.ee\/?page_id=7663"},"modified":"2025-09-30T12:25:16","modified_gmt":"2025-09-30T09:25:16","slug":"oppeaasta-2024-25","status":"publish","type":"page","link":"https:\/\/www.reiniku.edu.ee\/index.php\/oppeaasta-2024-25\/","title":{"rendered":"\u00d5ppeaasta 2024\/2025"},"content":{"rendered":"<hr \/>\n<p><strong>2025\/2026 \u00d5PPEAASTA AVAAKTUSED<\/strong><\/p>\n<p>Kooliaasta avaaktused toimuvad esmasp\u00e4eval, 1.septembril<\/p>\n<p>kell 11.00 2.-9. klassid staadionil<br \/>\nkell 13.00 1. klassid Riia 25 aulas<\/p>\n<p>21.08.2025<\/p>\n<hr \/>\n<p><strong>\u00d5PIKUTE V\u00c4LJASTAMINE\u00a0<\/strong><\/p>\n<p>RIIA 25 \u00d5PPEHOONE<br \/>\n<strong>reede 22.08.2025<\/strong><\/p>\n<table width=\"127\">\n<tbody>\n<tr>\n<td width=\"63\">9.00<\/td>\n<td width=\"64\">2. a<\/td>\n<\/tr>\n<tr>\n<td>9.15<\/td>\n<td>2. b<\/td>\n<\/tr>\n<tr>\n<td>9.30<\/td>\n<td>2. c<\/td>\n<\/tr>\n<tr>\n<td>9.45<\/td>\n<td>2. d<\/td>\n<\/tr>\n<tr>\n<td><\/td>\n<td><\/td>\n<\/tr>\n<tr>\n<td>10.15<\/td>\n<td>3. a<\/td>\n<\/tr>\n<tr>\n<td>10.40<\/td>\n<td>3. b<\/td>\n<\/tr>\n<tr>\n<td>11.00<\/td>\n<td>3. c<\/td>\n<\/tr>\n<tr>\n<td>11.20<\/td>\n<td>3. d<\/td>\n<\/tr>\n<tr>\n<td>11.40<\/td>\n<td>3. e<\/td>\n<\/tr>\n<tr>\n<td><\/td>\n<td><\/td>\n<\/tr>\n<tr>\n<td>12.00<\/td>\n<td>4. a<\/td>\n<\/tr>\n<tr>\n<td>12.30<\/td>\n<td>4. b<\/td>\n<\/tr>\n<tr>\n<td>13.00<\/td>\n<td>4. c<\/td>\n<\/tr>\n<tr>\n<td>13.30<\/td>\n<td>4. d<\/td>\n<\/tr>\n<\/tbody>\n<\/table>\n<p>VANEMUISE 48 \u00d5PPEHOONE<\/p>\n<table width=\"637\">\n<tbody>\n<tr>\n<td colspan=\"2\" width=\"127\"><strong>esmasp\u00e4ev 25.08<\/strong><\/td>\n<td width=\"45\"><\/td>\n<td colspan=\"2\" width=\"128\"><strong>teisip\u00e4ev 26.08<\/strong><\/td>\n<td width=\"34\"><\/td>\n<td colspan=\"2\" width=\"128\"><strong>kolmap\u00e4ev 27.08<\/strong><\/td>\n<td width=\"47\"><\/td>\n<td colspan=\"2\" width=\"128\"><strong>neljap\u00e4ev 28.08<\/strong><\/td>\n<\/tr>\n<tr>\n<td>9.00<\/td>\n<td>9. a<\/td>\n<td><\/td>\n<td>10.00<\/td>\n<td>8. a<\/td>\n<td><\/td>\n<td>9.00<\/td>\n<td>7. a<\/td>\n<td><\/td>\n<td>10.00<\/td>\n<td>5. a<\/td>\n<\/tr>\n<tr>\n<td>9.45<\/td>\n<td>9. b<\/td>\n<td><\/td>\n<td>10.45<\/td>\n<td>8. b<\/td>\n<td><\/td>\n<td>9.45<\/td>\n<td>7. b<\/td>\n<td><\/td>\n<td>10.45<\/td>\n<td>5. b<\/td>\n<\/tr>\n<tr>\n<td>10.30<\/td>\n<td>9. c<\/td>\n<td><\/td>\n<td>11.30<\/td>\n<td>8. c<\/td>\n<td><\/td>\n<td>10.30<\/td>\n<td>7. c<\/td>\n<td><\/td>\n<td>11.30<\/td>\n<td>5. c<\/td>\n<\/tr>\n<tr>\n<td>11.15<\/td>\n<td>9. d<\/td>\n<td><\/td>\n<td>12.15<\/td>\n<td>8. d<\/td>\n<td><\/td>\n<td>11.15<\/td>\n<td>7. d<\/td>\n<td><\/td>\n<td>12.15<\/td>\n<td>5. d<\/td>\n<\/tr>\n<tr>\n<td>12.00<\/td>\n<td>9. e<\/td>\n<td><\/td>\n<td><\/td>\n<td><\/td>\n<td><\/td>\n<td><\/td>\n<td><\/td>\n<td><\/td>\n<td><\/td>\n<td><\/td>\n<\/tr>\n<tr>\n<td>12.45<\/td>\n<td>9. k<\/td>\n<td><\/td>\n<td><\/td>\n<td><\/td>\n<td><\/td>\n<td>12.30<\/td>\n<td>6. a<\/td>\n<td><\/td>\n<td><\/td>\n<td><\/td>\n<\/tr>\n<tr>\n<td><\/td>\n<td><\/td>\n<td><\/td>\n<td><\/td>\n<td><\/td>\n<td><\/td>\n<td>13.00<\/td>\n<td>6. b<\/td>\n<td><\/td>\n<td><\/td>\n<td><\/td>\n<\/tr>\n<tr>\n<td><\/td>\n<td><\/td>\n<td><\/td>\n<td><\/td>\n<td><\/td>\n<td><\/td>\n<td>13.45<\/td>\n<td>6. c<\/td>\n<td><\/td>\n<td><\/td>\n<td><\/td>\n<\/tr>\n<\/tbody>\n<\/table>\n<p>18.08.2025<\/p>\n<hr \/>\n<p><strong>MRK LAULU- JA TANTSUPEOL<\/strong><\/p>\n<p>Tantsitud, lauldud ja meeldej\u00e4\u00e4vad hetked kogutud!<br \/>\nSel korral andis hoogu nii v\u00e4ike p\u00e4ike kui ka korralikult karastav vihm!<br \/>\nIgal juhul saime tugevamaks!<br \/>\nAit\u00e4h \u00f5petajatele, kes meie vahvad tantsu- ja laululapsed peole aitasid!<br \/>\nSuur t\u00e4nu \u00f5pilaste juhendamise ja motiveerimise eest: Sirje Pallo, Tiiu Loite, Hiiele Schasmin, Triin Saariste ja Imbi P\u00e4rtelpoeg!<br \/>\nN\u00fc\u00fcd suvega edasi!<\/p>\n<p>14.07.2025<\/p>\n<hr \/>\n<p><strong>LOODUSFOTOKONKURSS<\/strong><\/p>\n<p>S\u00fcgisel tuleb taas loodusfotokonkurss. J\u00e4\u00e4dvusta suvel Eestimaa imelist loodust!<\/p>\n<p><img loading=\"lazy\" decoding=\"async\" class=\"\" src=\"https:\/\/www.reiniku.edu.ee\/wp-content\/uploads\/2025\/06\/Green-Simple-Flowers-Page-Border-Poster.jpg\" width=\"348\" height=\"492\" \/><\/p>\n<p>25.06.2025<\/p>\n<hr \/>\n<p><strong>TARTU XIII V\u00d5IMLEMISPIDU &#8220;RAAMATUTE V\u00d5LUMAAILM&#8221;<\/strong><\/p>\n<p>Tartu XIII v\u00f5imlemispeol &#8220;Raamatute v\u00f5lumaailm&#8221; osalesid ka meie tantsulise v\u00f5imlemise huviringi \u00f5pilased!<\/p>\n<p>Suur t\u00e4nu meie tublidele tantsijatele ja \u00f5petaja Sirje Pallole \u00f5pilaste juhendamise eest!<\/p>\n<div dir=\"auto\"><img loading=\"lazy\" decoding=\"async\" class=\"\" src=\"https:\/\/www.reiniku.edu.ee\/wp-content\/uploads\/2025\/06\/20250610_142415.jpg\" width=\"381\" height=\"286\" \/><\/div>\n<div dir=\"auto\"><img loading=\"lazy\" decoding=\"async\" class=\"\" src=\"https:\/\/www.reiniku.edu.ee\/wp-content\/uploads\/2025\/06\/20250610_163726.jpg\" width=\"382\" height=\"287\" \/><\/div>\n<div dir=\"auto\">\n<p><img loading=\"lazy\" decoding=\"async\" class=\"\" src=\"https:\/\/www.reiniku.edu.ee\/wp-content\/uploads\/2025\/06\/20250610_163845.jpg\" width=\"383\" height=\"287\" \/><\/p>\n<p><img loading=\"lazy\" decoding=\"async\" class=\"\" src=\"https:\/\/www.reiniku.edu.ee\/wp-content\/uploads\/2025\/06\/20250610_163939.jpg\" width=\"382\" height=\"286\" \/><\/p>\n<\/div>\n<div dir=\"auto\">\n<p><img loading=\"lazy\" decoding=\"async\" class=\"\" src=\"https:\/\/www.reiniku.edu.ee\/wp-content\/uploads\/2025\/06\/20250610_164041.jpg\" width=\"381\" height=\"286\" \/><\/p>\n<\/div>\n<div dir=\"auto\">11.06.2025<\/div>\n<hr \/>\n<p><strong>NORDPLUS JUNIOR RAHVUSVAHELINE PROJEKT<\/strong><\/p>\n<p>Loe l\u00e4hemalt siit: <a href=\"https:\/\/www.reiniku.edu.ee\/wp-content\/uploads\/2025\/06\/Loppes-Nordplus-Junior-rahvusvaheline-projekt.pdf\">Nordplus Junior rahvusvaheline projekt\u00a0<\/a><\/p>\n<p><img loading=\"lazy\" decoding=\"async\" class=\"\" src=\"https:\/\/www.reiniku.edu.ee\/wp-content\/uploads\/2025\/06\/IMG_5457-1-scaled.jpeg\" width=\"365\" height=\"487\" \/><\/p>\n<p><img loading=\"lazy\" decoding=\"async\" class=\"\" src=\"https:\/\/www.reiniku.edu.ee\/wp-content\/uploads\/2025\/06\/IMG_5549-scaled.jpeg\" width=\"459\" height=\"345\" \/><\/p>\n<p>10.06.2025<\/p>\n<hr \/>\n<p><strong>AJALOORINGI 31. ORIENTEERUMISM\u00c4NG<\/strong><\/p>\n<p>Selgunud on kevadise Ajalooringi orienteerumism\u00e4ngu tulemused.<\/p>\n<p>Tulemused on leitavad <a href=\"https:\/\/www.reiniku.edu.ee\/wp-content\/uploads\/2025\/05\/31.-orient-TULEMUSED-1.pdf\">siit!<\/a><\/p>\n<p><img loading=\"lazy\" decoding=\"async\" class=\"alignnone wp-image-7499 size-medium\" src=\"https:\/\/www.reiniku.edu.ee\/wp-content\/uploads\/2025\/05\/64f732f6-8787-40d8-829c-969cabac9f16-300x225.jpg\" alt=\"\" width=\"300\" height=\"225\" srcset=\"https:\/\/www.reiniku.edu.ee\/wp-content\/uploads\/2025\/05\/64f732f6-8787-40d8-829c-969cabac9f16-300x225.jpg 300w, https:\/\/www.reiniku.edu.ee\/wp-content\/uploads\/2025\/05\/64f732f6-8787-40d8-829c-969cabac9f16-1024x768.jpg 1024w, https:\/\/www.reiniku.edu.ee\/wp-content\/uploads\/2025\/05\/64f732f6-8787-40d8-829c-969cabac9f16-768x576.jpg 768w, https:\/\/www.reiniku.edu.ee\/wp-content\/uploads\/2025\/05\/64f732f6-8787-40d8-829c-969cabac9f16-1536x1152.jpg 1536w, https:\/\/www.reiniku.edu.ee\/wp-content\/uploads\/2025\/05\/64f732f6-8787-40d8-829c-969cabac9f16-624x468.jpg 624w, https:\/\/www.reiniku.edu.ee\/wp-content\/uploads\/2025\/05\/64f732f6-8787-40d8-829c-969cabac9f16.jpg 2048w\" sizes=\"auto, (max-width: 300px) 100vw, 300px\" \/> <img loading=\"lazy\" decoding=\"async\" class=\"alignnone wp-image-7502 size-medium\" src=\"https:\/\/www.reiniku.edu.ee\/wp-content\/uploads\/2025\/05\/f6102d30-2836-4240-bed0-15f612717143-300x225.jpg\" alt=\"\" width=\"300\" height=\"225\" srcset=\"https:\/\/www.reiniku.edu.ee\/wp-content\/uploads\/2025\/05\/f6102d30-2836-4240-bed0-15f612717143-300x225.jpg 300w, https:\/\/www.reiniku.edu.ee\/wp-content\/uploads\/2025\/05\/f6102d30-2836-4240-bed0-15f612717143-1024x768.jpg 1024w, https:\/\/www.reiniku.edu.ee\/wp-content\/uploads\/2025\/05\/f6102d30-2836-4240-bed0-15f612717143-768x576.jpg 768w, https:\/\/www.reiniku.edu.ee\/wp-content\/uploads\/2025\/05\/f6102d30-2836-4240-bed0-15f612717143-1536x1152.jpg 1536w, https:\/\/www.reiniku.edu.ee\/wp-content\/uploads\/2025\/05\/f6102d30-2836-4240-bed0-15f612717143-624x468.jpg 624w, https:\/\/www.reiniku.edu.ee\/wp-content\/uploads\/2025\/05\/f6102d30-2836-4240-bed0-15f612717143.jpg 2048w\" sizes=\"auto, (max-width: 300px) 100vw, 300px\" \/> <img loading=\"lazy\" decoding=\"async\" class=\"alignnone wp-image-7501 size-medium\" src=\"https:\/\/www.reiniku.edu.ee\/wp-content\/uploads\/2025\/05\/08949f84-6c21-4d55-875e-b528bd2ed36b-300x225.jpg\" alt=\"\" width=\"300\" height=\"225\" srcset=\"https:\/\/www.reiniku.edu.ee\/wp-content\/uploads\/2025\/05\/08949f84-6c21-4d55-875e-b528bd2ed36b-300x225.jpg 300w, https:\/\/www.reiniku.edu.ee\/wp-content\/uploads\/2025\/05\/08949f84-6c21-4d55-875e-b528bd2ed36b-1024x768.jpg 1024w, https:\/\/www.reiniku.edu.ee\/wp-content\/uploads\/2025\/05\/08949f84-6c21-4d55-875e-b528bd2ed36b-768x576.jpg 768w, https:\/\/www.reiniku.edu.ee\/wp-content\/uploads\/2025\/05\/08949f84-6c21-4d55-875e-b528bd2ed36b-1536x1152.jpg 1536w, https:\/\/www.reiniku.edu.ee\/wp-content\/uploads\/2025\/05\/08949f84-6c21-4d55-875e-b528bd2ed36b-624x468.jpg 624w, https:\/\/www.reiniku.edu.ee\/wp-content\/uploads\/2025\/05\/08949f84-6c21-4d55-875e-b528bd2ed36b.jpg 2048w\" sizes=\"auto, (max-width: 300px) 100vw, 300px\" \/> <img loading=\"lazy\" decoding=\"async\" class=\"alignnone wp-image-7500 size-medium\" src=\"https:\/\/www.reiniku.edu.ee\/wp-content\/uploads\/2025\/05\/407d3492-ca29-433b-8a4c-cce89a42345f-300x225.jpg\" alt=\"\" width=\"300\" height=\"225\" srcset=\"https:\/\/www.reiniku.edu.ee\/wp-content\/uploads\/2025\/05\/407d3492-ca29-433b-8a4c-cce89a42345f-300x225.jpg 300w, https:\/\/www.reiniku.edu.ee\/wp-content\/uploads\/2025\/05\/407d3492-ca29-433b-8a4c-cce89a42345f-1024x768.jpg 1024w, https:\/\/www.reiniku.edu.ee\/wp-content\/uploads\/2025\/05\/407d3492-ca29-433b-8a4c-cce89a42345f-768x576.jpg 768w, https:\/\/www.reiniku.edu.ee\/wp-content\/uploads\/2025\/05\/407d3492-ca29-433b-8a4c-cce89a42345f-1536x1152.jpg 1536w, https:\/\/www.reiniku.edu.ee\/wp-content\/uploads\/2025\/05\/407d3492-ca29-433b-8a4c-cce89a42345f-624x468.jpg 624w, https:\/\/www.reiniku.edu.ee\/wp-content\/uploads\/2025\/05\/407d3492-ca29-433b-8a4c-cce89a42345f.jpg 2048w\" sizes=\"auto, (max-width: 300px) 100vw, 300px\" \/><\/p>\n<p>Vastused leiad <a href=\"https:\/\/drive.google.com\/file\/d\/1RgtCtt_6t2mdSt6dYUNkazH9zat1228A\/view?usp=sharing\" target=\"_blank\" rel=\"noopener\">siit!<\/a><\/p>\n<p>Palju \u00f5nne k\u00f5igile v\u00f5itjatele!<\/p>\n<p>30.05.2025<\/p>\n<hr \/>\n<p><strong>V\u00d5ISTLUS DEUTSCHE SPUREN<\/strong><\/p>\n<p>Selgusid 8.-11. klasside piirkondliku v\u00f5istluse Deutsche Spuren tulemused. Meie 8.klassi v\u00f5istkond, kuhu kuulusid <strong>Oliver Adov<\/strong>, <strong>Lukas Metslaid<\/strong> ja <strong>Henrik Johannes Engelbrecht<\/strong>, v\u00f5itis <strong>3. koha<\/strong>.<\/p>\n<p>Palju \u00f5nne!<\/p>\n<p>28.05.2025<\/p>\n<p>Ait\u00e4h, \u00f5petaja Sirje Viileberg!<\/p>\n<hr \/>\n<p><strong>LUGEDA V\u00d5I MITTE LUGEDA?<\/strong><\/p>\n<p>President Alar Karis algatas neljandat korda kirja- ja m\u00f5ttetalgud kooli\u00f5pilastele vanuses 7\u201319 ning kutsus eesti raamatu aasta puhul m\u00f5tisklema teemal \u201eLugeda v\u00f5i mitte lugeda?\u201d. Tublimatest tublimad osalejad on kutsutud presidendi kantselei roosiaeda t\u00e4nu\u00fcritusele.<br \/>\nMeie kooli tublimast tublim on <strong>Taaniel Antons<\/strong> (7.b).<br \/>\nPalju \u00f5nne!<\/p>\n<p>Ait\u00e4h, \u00f5petaja Silja Russak!<\/p>\n<p>28.05.2025<\/p>\n<hr \/>\n<p><strong>MART REINIKU KOOLI MUUSIKAPIDU\u00a0<\/strong><\/p>\n<p><img loading=\"lazy\" decoding=\"async\" class=\"\" src=\"https:\/\/www.reiniku.edu.ee\/wp-content\/uploads\/2025\/04\/Mart-Reiniku-kooli.jpg\" width=\"372\" height=\"526\" \/><\/p>\n<p>30.04.2025<\/p>\n<hr \/>\n<p><strong>TARTU LINNA JA MAAKONNA P\u00d5HIKOOLI\u00d5PILASTE K\u00d5NEV\u00d5ISTLUS<\/strong><\/p>\n<p>14.mail toimus Hansa koolis Tartu linna ja maakonna p\u00f5hikooli\u00f5pilaste k\u00f5nev\u00f5istlus.<br \/>\nMeie kooli esindasid 2 v\u00f5istkonda: <strong>Kristjan Lokotar<\/strong>, <strong>Kristella P\u00f5lluste<\/strong> ja <strong>Ehe J\u00e4rv<\/strong> 8.b klassist ning <strong>Romet Normet<\/strong>, <strong>Taaniel Antons<\/strong> ja <strong>Elle Marie Parveots<\/strong> 7.b klassist. Tublid olid m\u00f5lemad v\u00f5istkonnad. 8.b klassi v\u00f5istkond sai ettevalmistatud k\u00f5ne eripreemia.<\/p>\n<p><strong>Parima k\u00f5neleja<\/strong> tiitli p\u00e4lvis <strong>Kristjan Lokotar<\/strong>.<\/p>\n<p>Palju \u00f5nne!<\/p>\n<p>Ait\u00e4h, \u00f5petaja Silja Russak!<\/p>\n<p>16.05.2025<\/p>\n<hr \/>\n<p><strong>LOODUSM\u00c4NG\u00a0<\/strong><\/p>\n<p>Tartu linna 2. klasside loodusm\u00e4ngul Ilmatsalus saavutas meie kooli v\u00f5istkond suurep\u00e4rase 2. koha.<\/p>\n<p>V\u00f5istkonda kuulusid:<br \/>\n2.a Lars Herman Timmermann<br \/>\n2.b Lenna Sild<br \/>\n2.c Villem Peterson<\/p>\n<p>Palju \u00f5nne, tublid looduse tundjad!<\/p>\n<p>T\u00e4name osalejaid ja nende \u00f5petajaid.<\/p>\n<p><img loading=\"lazy\" decoding=\"async\" class=\"\" src=\"https:\/\/www.reiniku.edu.ee\/wp-content\/uploads\/2025\/05\/Screenshot_2025-05-15-13-42-27-905_com.miui_.gallery-edit.jpg\" width=\"360\" height=\"519\" \/><\/p>\n<p>15.05.2025<\/p>\n<hr \/>\n<p><strong>KARIKATUURIV\u00d5ISTLUSE KOOLISISENE H\u00c4\u00c4LETUS<\/strong><\/p>\n<p>Karikatuuriv\u00f5istlusel &#8220;Mida naerad koolij\u00fcts&#8221; teemal &#8220;Keha+kaal=kehakaal&#8221; toimus koolisisene h\u00e4\u00e4letus.<\/p>\n<p>V\u00f5itjaks osutusid:\u00a0<strong><br \/>\nI koht\u00a0<\/strong>Grete Liis \u00d5un (9.e)<br \/>\n<strong>II koht<\/strong> Hanna Uuemaa (9.e)<br \/>\n<strong>III koht<\/strong> Helene-Mai Metsare (9.e) ja Lotta Lea Arras (8.e)<\/p>\n<div>\n<div>Palju \u00f5nne!<\/div>\n<\/div>\n<div><\/div>\n<div><\/div>\n<div><\/div>\n<div>\n<div><img loading=\"lazy\" decoding=\"async\" class=\"\" src=\"https:\/\/www.reiniku.edu.ee\/wp-content\/uploads\/2025\/04\/IMG_9130-2-scaled.jpeg\" width=\"400\" height=\"265\" \/><\/div>\n<\/div>\n<div><\/div>\n<div><img loading=\"lazy\" decoding=\"async\" class=\"\" src=\"https:\/\/www.reiniku.edu.ee\/wp-content\/uploads\/2025\/04\/IMG_9131-scaled.jpeg\" width=\"402\" height=\"302\" \/><\/div>\n<div><\/div>\n<div><img loading=\"lazy\" decoding=\"async\" class=\"\" src=\"https:\/\/www.reiniku.edu.ee\/wp-content\/uploads\/2025\/04\/IMG_9132-scaled.jpeg\" width=\"401\" height=\"301\" \/><\/div>\n<div><\/div>\n<div><img loading=\"lazy\" decoding=\"async\" class=\"\" src=\"https:\/\/www.reiniku.edu.ee\/wp-content\/uploads\/2025\/04\/IMG_9133-scaled.jpeg\" width=\"319\" height=\"425\" \/><\/div>\n<div><\/div>\n<div>23.04.2025<\/div>\n<hr \/>\n<p>Vabariikliku karikatuuriv\u00f5istlusel \u201cMida naerad koolij\u00fcts\u201d sai <strong>Nele Meier<\/strong> (8.a) <strong>II koha<\/strong> ja <strong>Kertu Saar<\/strong> (8.a) <strong>III-IV koha<\/strong> t\u00f6\u00f6ga teemal \u201cKeha+ kaal= kehakaal\u201d.<\/p>\n<p><img loading=\"lazy\" decoding=\"async\" class=\"\" src=\"https:\/\/www.reiniku.edu.ee\/wp-content\/uploads\/2025\/04\/490528216_1223704116213451_8628938017899235500_n.jpg\" width=\"360\" height=\"403\" \/><\/p>\n<p><img loading=\"lazy\" decoding=\"async\" class=\"\" src=\"https:\/\/www.reiniku.edu.ee\/wp-content\/uploads\/2025\/04\/153f40e2-7e8b-4cbf-8189-e7dcc13150ce-1.jpg\" width=\"442\" height=\"319\" \/><\/p>\n<p>Palju \u00f5nne!<\/p>\n<p>22.04.2025<\/p>\n<hr \/>\n<p><strong>\u00d5PILASTE TEADUSFESTIVAL 2025<\/strong><\/p>\n<p><strong>Kaarel Jagom\u00e4gi<\/strong> (9.b) saavutas \u00f5pilaste teadust\u00f6\u00f6de riiklikul konkursil p\u00f5hikoolide arvestuses<strong> II<\/strong> <strong>koha<\/strong> uurimist\u00f6\u00f6ga &#8220;Minu vanavanaisa lugu &#8211; Saarepeedilt Kol\u00f5male ja tagasi&#8221;.<\/p>\n<p>Palju \u00f5nne!<\/p>\n<p>Ait\u00e4h, juhendaja Karolina Antons<\/p>\n<div class=\"xdj266r x11i5rnm xat24cr x1mh8g0r x1vvkbs x126k92a\"><\/div>\n<div class=\"x11i5rnm xat24cr x1mh8g0r x1vvkbs xtlvy1s x126k92a\">\n<div dir=\"auto\"><img loading=\"lazy\" decoding=\"async\" class=\"\" src=\"https:\/\/www.reiniku.edu.ee\/wp-content\/uploads\/2025\/04\/486023331_1214562757127587_7357114998131254164_n.jpg\" width=\"504\" height=\"378\" \/><\/div>\n<div dir=\"auto\"><\/div>\n<div dir=\"auto\">10.04.2025<\/div>\n<\/div>\n<hr \/>\n<p><strong>KOOLITEATRITE FESTIVAL<\/strong><\/p>\n<p>Meie kooli n\u00e4itering K\u00e4rjelind saavutas Tartu Kooliteatrite Festivalil I koha.<br \/>\nLisaks p\u00e4lvisid lavak\u00f5ne eripreemia <strong>Rosanna S\u00e4\u00e4lik<\/strong> ja <strong>Ketriin Laanesaar<\/strong>.<\/p>\n<p>Palju \u00f5nne!<\/p>\n<p>Ait\u00e4h, juhendajad Terje K\u00e4\u00e4rik ja Ave R\u00fc\u00fcson!<\/p>\n<p><img loading=\"lazy\" decoding=\"async\" class=\"\" src=\"https:\/\/www.reiniku.edu.ee\/wp-content\/uploads\/2025\/04\/481250929_1212095870707609_3135856079242724746_n.jpg\" width=\"524\" height=\"393\" \/><\/p>\n<p>07.04.2025<\/p>\n<hr \/>\n<p><strong>AJALOOV\u00d5ISTLUS MAMMUT<\/strong><\/p>\n<p>Ajaloov\u00f5istlusel Mammut l\u00e4ks meie kooli \u00f5pilastel v\u00e4ga h\u00e4sti.<\/p>\n<p>5.klasside arvestuses osales 1287 \u00f5pilast.<br \/>\nMeie kooli parimad olid 4. koht <strong>Uku Kallastu<\/strong> (5.b) ja 6.koht <strong>Kaidi Karja<\/strong> (5.a).<br \/>\n6.klasside arvestuses osales 1721 \u00f5pilast.<br \/>\nMeie parimad olid <strong>2. koht Nora Ts\u00e4kko<\/strong> (6.c), <strong>3. koht Hendrik Seppel<\/strong> (6.b), 5.koht <strong>Elisabeth Ts\u00e4kko<\/strong> (6.c) ja 7. koht <strong>Aleksander Morozov<\/strong> (6.b).<br \/>\n7.klasside arvestuses osales 1558 \u00f5pilast.<br \/>\nMeie parimad olid <strong>2. koht Taaniel Antons<\/strong> (7.b), <strong>3. koht Merit Eilmann<\/strong> (7.d) ja 10. koht <strong>Lenna Kallastu<\/strong> (7.d).<br \/>\n8.klasside arvestuses osales 1588 \u00f5pilast.<br \/>\nParimad olid 11. koht <strong>Sandra S\u00e4\u00e4lik<\/strong> (8.b) ja 13. koht <strong>Marta Piir<\/strong> (8.a).<\/p>\n<p>Palju \u00f5nne!<\/p>\n<p>7.04.2025<\/p>\n<hr \/>\n<p><strong>VASTUV\u00d5TT MUUSIKAKLASSI 2025\/2026 \u00d5PPEAASTA<\/strong><\/p>\n<div class=\"entry-content\">\n<p>Tartu Mart Reiniku Kool avab s\u00fcgisel koolitulevatele lastele\u00a0<strong>muusikaklassi.<\/strong><\/p>\n<p><iframe loading=\"lazy\" title=\"MRK muusikaklass 2025\/2026\" width=\"528\" height=\"938\" src=\"https:\/\/www.youtube.com\/embed\/o87tWFUhiCw?feature=oembed\" frameborder=\"0\" allow=\"accelerometer; autoplay; clipboard-write; encrypted-media; gyroscope; picture-in-picture; web-share\" referrerpolicy=\"strict-origin-when-cross-origin\" allowfullscreen><\/iframe><\/p>\n<p><strong>MUUSIKAKLASS<\/strong>\u00a0moodustatakse koolis toimuva vestluse ja musitseerimise alusel.<\/p>\n<p><strong>Vestlused 2025\/2026. \u00f5a 1. kl muusikaklassi soovijatele toimuvad<br \/>\n8<\/strong><strong>. aprillil kell 14.30-18.00\u00a0<\/strong>ja<strong>\u00a010. aprillil kell 14.30-18.00\u00a0<\/strong>Vanemuine 48 \u00f5ppehoones.<\/p>\n<p><strong>Muusikaklassi soovijail palume broneerida eelnevalt vestluse aeg<\/strong>\u00a0(igale lapsele planeeritud 15 minutit)\u00a0<strong>telefonil 736 1960 v\u00f5i sekret\u00e4ri juures<\/strong>\u00a0(Vanemuise 48). Seda v\u00f5ib teha enne taotluse esitamist.<\/p>\n<p>L\u00fchivestlused toimuvad kahes osas:<\/p>\n<ul>\n<li>Klassi\u00f5petaja vestleb lapsega (soovi korral vanema juuresolekul).<\/li>\n<\/ul>\n<ul>\n<li>Muusika\u00f5petaja vestleb ja musitseerib koos lapsega: laps laulab ette omal valikul eelnevalt \u00f5pitud laulu, koputab j\u00e4rele r\u00fctme, kuulab helik\u00f5rgusi ja laulab j\u00e4rele.<\/li>\n<\/ul>\n<p>Muusika\u00f5petaja vestleb vanema(te)ga.<\/p>\n<p>Muusikaklassi klassijuhatajaks saab \u00f5petaja Siret P\u00e4rli.<br \/>\nMuusika\u00f5petajad on Triin Saariste ja Imbi P\u00e4rtelpoeg.<\/p>\n<p>Tulemuste teavitamine toimub individuaalselt e-posti teel aprillikuu jooksul. Muusikaklassi \u00f5pilaste nimekirja kodulehel ei avaldata.<\/p>\n<p>Esmased uute esimeste klasside nimekirjad saavad paika juunikuu esimese n\u00e4dala jooksul.<\/p>\n<p><strong>Uute 2025\/2026 \u00f5a 1. klasside tutvumis\u00fcritus\u00a0<\/strong><strong>toimub\u00a0<\/strong><strong>11. juunil<\/strong><strong>\u00a0kell 18.00 algklasside \u00f5ppehoones\u00a0<\/strong>(Riia 25)<strong>.<\/strong><\/p>\n<p>18.03.2025<\/p>\n<hr \/>\n<p><strong>\u00d5IGEKIRJAOL\u00dcMPIAAD<\/strong><\/p>\n<p>Reedel, 28.aprillil toimus Tartu linna ja maakonna \u00f5igekirjaol\u00fcmpiaad. Meie parimad on<br \/>\n5.klasside arvestuses <strong>Lilit R\u00e4\u00e4k<\/strong> (5.a), kes saavutas <strong>1.koha<\/strong>;<br \/>\n7.klasside arvestuses <strong>Elle Marie Parveots<\/strong> (7.b), kes saavutas <strong>1.koha<\/strong>;<br \/>\n9.klasside arvestuses jagasid Maria Lokk (9.a) ja Sten Timmu Tigane (9.a)\u00a0 9.-10.kohta.<\/p>\n<p>Palju \u00f5nne!<\/p>\n<p>1.04.2025<\/p>\n<hr \/>\n<\/div>\n<p><strong>VABARIIKLIK LUULEKONKURSS \u201eMEIE EESTIMAA\u201c<\/strong><\/p>\n<p>Meie kooli \u00f5pilased osalesid 3.\u20139. klassi \u00f5pilastele m\u00f5eldud vabariiklikul omaloomingulisel luulekonkursil \u201cMeie Eestimaa\u201d. Konkursi alateemaks oli \u201cEesti kirjandus\u201d ning luulevormiks makarooniline luule.<br \/>\nKonkursist v\u00f5tsid osa 48 kooli \u00f5pilased ning konkursile laekus 248 luuletust. \u017d\u00fcrii (kirjanik Contra, t\u00f5lkija ja ajakirja Hea Laps toimetaja Anna-Magdaleena Kangro, kirjanik Kristina Ruder ning Rannu Kooli klassi\u00f5petaja K\u00fcllike Ots) valis igast klassist v\u00e4lja 7 paremat luuletust.<br \/>\nMeie parimad on<br \/>\n<strong>Agaate Matto<\/strong> 6.koht ja <strong>Grete Liis Tani<\/strong> 7.koht (5.a),<br \/>\n<strong>Karita Lumiste<\/strong> 2.koht (6.a),<br \/>\n<strong>Taaniel Antons<\/strong> 7.koht (7.b),<br \/>\n<strong>Ehe J\u00e4rv <\/strong>1.koht ja <strong>Greta Veenpere<\/strong> 6.koht (8.b),<br \/>\n<strong>Pauline Mikker<\/strong> 2.koht (9.a).<\/p>\n<p>Ehe v\u00f5idut\u00f6\u00f6:<\/p>\n<p><em>Kivir\u00e4hk, Contra, Ellen Niit,<\/em><br \/>\n<em>nendega you have to meet.<\/em><br \/>\n<em>Usu mind, et Urmas Vadi<\/em><br \/>\n<em>p\u00e4ris kindlalt ain\u2019t nobody.<\/em><br \/>\n<em>Kristiina Kass ja Kairi Look<\/em><br \/>\n<em>keeping kirjandus in good look.<\/em><br \/>\n<em>\u00d5nnepalu T\u00f5nu so deep,<\/em><br \/>\n<em>\u00f6\u00f6kapil lebab \u201cPiiririik\u201d.<\/em><br \/>\n<em>And don\u2019t forget Oskar Luts,<\/em><br \/>\n<em>he put history in books.<\/em><\/p>\n<p>Palju \u00f5nne!<\/p>\n<p>25.03.2025<\/p>\n<hr \/>\n<p><strong>\u00d5PILANE TEADUSFESTIVALI II VOORUS<\/strong><\/p>\n<p>Suur r\u00f5\u00f5m on teada anda, et Kaarel Jagom\u00e4e uurimist\u00f6\u00f6 oma vanavanaisast on valitud peagi Tartus toimuval Teadusfestivalil II vooru. Kokku sai edasi 100 t\u00f6\u00f6d, p\u00f5hikoolist vaid 18.<br \/>\nKaarli posterettekandega &#8220;Minu vanavanaisa lugu &#8211; Saarepeedilt Kol\u00f5male ja tagasi&#8221; saab tutvuda 8. ja 9. aprillil Ahhaas.<\/p>\n<p>Palju \u00f5nne!<\/p>\n<p>25.03.2025<\/p>\n<hr \/>\n<p><strong>RAHVUSVAHELINE MATEMAATIKA\u00dcLESANNETE LAHENDAMISE V\u00d5ISTLUS NABOJ<\/strong><\/p>\n<p>Meie kooli v\u00f5istkond koosseisus <strong>Arina Magas<\/strong> (8.b), <strong>Riho Adari<\/strong> (8.b), <strong>Robert P\u00e4rn<\/strong> (9.b), <strong>Rasmus Mitt<\/strong> (9.b) ja <strong>Markus Leppik<\/strong> (9.e) osales rahvusvahelisel matemaatika\u00fclesannete lahendamise v\u00f5istlusel Naboj ja saavutas Eestis p\u00f5hikoolide arvestuses <strong>1. koha<\/strong> ning Euroopa 15 riigi arvestuses, kus osales 785 v\u00f5istkonda, 126. koha.<\/p>\n<p>Palju \u00f5nne!<\/p>\n<p>17.03.2025<\/p>\n<hr \/>\n<p><strong>MRK LIIKUMISPIDU &#8220;REINIK LOEB&#8221;<\/strong><\/p>\n<p>Liikumispidu on sel aastal inspireeritud eestikeelse raamatu 500. aastap\u00e4evast.<br \/>\nTantsulistesse etteastetesse on kaasatud suur osa kooli 1.-9. klasside \u00f5pilastest.<br \/>\nVaatama on oodatud k\u00f5ik lapsevanemad, vanavanemad, \u00f5ed-vennad, s\u00f5brad ja k\u00f5ik teisedki tantsuhuvilised!<\/p>\n<p>Kohapeal on v\u00f5imalik osta kavalehte (1\u20ac sularahas).<\/p>\n<p><img loading=\"lazy\" decoding=\"async\" class=\"\" src=\"https:\/\/www.reiniku.edu.ee\/wp-content\/uploads\/2025\/02\/Reinik-LOEB.jpg\" width=\"494\" height=\"494\" \/><\/p>\n<p>10.03.2025<\/p>\n<hr \/>\n<p><strong>KOOLI K\u00d5NEV\u00d5ISTLUS<\/strong><\/p>\n<p>Teisip\u00e4eval, 11. m\u00e4rtsil toimus kooli 7.-9. klasside k\u00f5nev\u00f5istlus.<br \/>\nKohad jagunesid j\u00e4rgmiselt:<\/p>\n<p>7. klassid<br \/>\n1. <strong>Romet Normet<\/strong>, 2. <strong>Elle Marie Parveots<\/strong>, 3. <strong>Taaniel Antons<\/strong>.<br \/>\nEripreemia <strong>Marlen K\u00e4rg<\/strong>.<\/p>\n<p>8. klassid<br \/>\n1. <strong>Kristelle P\u00f5lluste<\/strong>, 2. <strong>Kristjan Lokotar<\/strong>, 3. <strong>Lotta Lea Arras<\/strong>.<br \/>\nEripreemia <strong>Nele Meier<\/strong>.<\/p>\n<p>9. klassid<br \/>\n1. <strong>Oliver Ipits,<\/strong> 2. <strong>Grete Liis \u00d5un<\/strong>, 3. <strong>Helena Umbleja<\/strong>.<br \/>\nEripreemia <strong>Grettel Tamm.<\/strong><\/p>\n<p>Palju \u00f5nne!<br \/>\nT\u00e4name k\u00f5iki v\u00e4ga tublisid osalejaid ja nende \u00f5petajaid.<\/p>\n<p>13.03.2025<\/p>\n<hr \/>\n<p><strong>NUTISPORDI TARTUMAA FINAALI TIPPSORDI TULEMUSED<\/strong><\/p>\n<p>Nutispordi Tartumaa finaali tippspordi tulemused on j\u00e4rgnevad:<br \/>\n2.klass<br \/>\n<strong>Herman Kvell<\/strong> 1.koht, <strong>Rosete Marita M\u00fc\u00fcr<\/strong> 5.koht, <strong>Lenna Sild<\/strong> 7.koht;<br \/>\n3.klass<br \/>\n<strong>Hugo Herman Nebokat<\/strong> 1.koht, <strong>Liisa Luts<\/strong> 6.koht;<br \/>\n4.klass<br \/>\n<strong>Robert Looga<\/strong> 5.koht, <strong>Marta Kvell<\/strong> 6.koht;<br \/>\n5.klass<br \/>\n<strong>Uku Kallastu<\/strong> 3.koht, <strong>Tanel M\u00e4llo<\/strong> 4.koht, <strong>Ats Villem Maks<\/strong> 5.koht;<br \/>\n6.klass<br \/>\n<strong>Henri Raie<\/strong> 2.koht, <strong>Sten Marten Laas<\/strong> 5.koht,<strong> Aleksander Morozov<\/strong> 7.koht;<br \/>\n7.klass<br \/>\n<strong>Daniel Veldemann<\/strong> 2.koht, <strong>Delia Veldemann<\/strong> 4.koht, <strong>Romet Normet<\/strong> 6.koht;<br \/>\n8.klass<br \/>\n<strong>Arina Magas<\/strong> 5.koht, <strong>Eliise Kiviste<\/strong> 6.koht, <strong>Emma K\u00f5vamaa<\/strong> 7.koht;<br \/>\n9.klass<br \/>\n<strong>Robert P\u00e4rn<\/strong> 1.koht, <strong>Markus Leppik<\/strong> 2.koht, <strong>Tanel M\u00e4rtson<\/strong> 3.koht.<\/p>\n<p>Palju \u00f5nne!<\/p>\n<p>11.03.2025<\/p>\n<hr \/>\n<p><strong>RAAMATUKOGU V\u00c4LJAKUTSE<\/strong><\/p>\n<p>Kutsume 5.-9. klassi \u00f5pilasi osalema raamatukogum\u00e4ngus &#8220;Raamatukogu v\u00e4ljakutse&#8221;. M\u00e4ng kestab terve aasta, aga algab juba t\u00e4na!<br \/>\nVasta igal kuul \u00fche teema k\u00fcsimustele, k\u00fcsimused ja vastused leiad meie kooli raamatukogust.<br \/>\nParimaid ootavad 2026.a. m\u00e4rtsis v\u00e4\u00e4rikad auhinnad!<\/p>\n<p><img loading=\"lazy\" decoding=\"async\" class=\"\" src=\"https:\/\/www.reiniku.edu.ee\/wp-content\/uploads\/2025\/03\/Book-Drive-2017-copy-1.jpg\" width=\"505\" height=\"357\" \/><\/p>\n<p>03.03.2025<\/p>\n<hr \/>\n<p><strong>TEHNOLOOGIA\u00d5PETUSE KONKURSS 7.KLASSI \u00d5PILASTELE<\/strong><\/p>\n<p>Eile toimus Tartu linna 7.klassidel tehnoloogia\u00f5petuse konkurss Tartu Variku Koolis.<br \/>\nKonkursi t\u00f6\u00f6ks oli minirannatool. <strong>1.koha<\/strong> saavutas <strong>Rihhard Sups <\/strong>(7.d)<strong>, <\/strong>\u00a0<strong>2.koha Morten Hindrik Muru <\/strong>(7.b).<\/p>\n<p>Palju \u00f5nne!<\/p>\n<p>Ait\u00e4h, \u00f5petaja Aivar Sarapuu!<\/p>\n<p>6.03.2025<\/p>\n<hr \/>\n<p><strong>MATEMAATIKAOL\u00dcMPIAADI LINNAVOORU TULEMUSED<\/strong><\/p>\n<p>Matemaatikaol\u00fcmpiaadi linnavooru parimad tulemused:<\/p>\n<p>4.klass (95 osalejat):<br \/>\n7.-11.koht Marta Kvell, 24.koht Hanna Greta Antalainen<\/p>\n<p>5.klass:<br \/>\n7.koht Lagle Pau, 10.koht Tuule Pruulmann, 13.koht Artyom Merelaid.<br \/>\n6.klass:<br \/>\n1.koht Aleksander Morozov, 9.koht Benjamin Aas.<br \/>\n7.klass:<br \/>\n8.koht Olle Kivitar, 9.koht Morten Hindrik Muru.<br \/>\n8.klass:<br \/>\n2.koht Riho Adari, 14.koht Arina Magas.<br \/>\n9.klass:<br \/>\n10.koht Robert P\u00e4rn.<\/p>\n<p>Palju \u00f5nne!<\/p>\n<p>3.03.2025<\/p>\n<hr \/>\n<p><strong>INGLISKEELNE M\u00c4LUM\u00c4NG JEOPARDY<\/strong><\/p>\n<p>Meie kooli 7.klassi \u00f5pilaste v\u00f5istkond koosseisus \u00a0<strong>Kertu M\u00e4rtson<\/strong> (7.b), <strong>Elle Marie Parveots<\/strong> (7.b) ja <strong>Rico Hellenurm<\/strong> (7.c) saavutas ingliskeelses m\u00e4lum\u00e4ngus &#8220;Jeopardy&#8221; Tartu linnas <strong>2.koha<\/strong>.<\/p>\n<p>Palju \u00f5nne!<\/p>\n<p>25.02.2025<\/p>\n<hr \/>\n<p><strong>5.-9.KLASSI \u00d5PILASTE KOOLI \u00d5IGEKIRJAOL\u00dcMPIAAD<\/strong><\/p>\n<p>Kooli \u00f5igekirjaol\u00fcmpiaadi esiviisikud klasside kaupa:<br \/>\n5. klass<br \/>\n1. Lilit R\u00e4\u00e4k (5.a), 2. Tuule Pruulmann (5.b), 3. Mariam Alamouri (5.c), 4. August Sikkor (5.b), 5. Agaate Matto (5.a);<br \/>\n6. klass<br \/>\n1. Karita Lumiste (6.a), 2. Karmen Kukk (6.b), 3. Aron Sten Sarv (6.c), 4. Kirke Kallaste (6.d), 5. Liisa Sibul (6.a);<br \/>\n7.kl<br \/>\n1. Elle Marie Parveots (7.b), 2. Romet Normet (7.b), 3. Saskia Kuusemets (7.b), 4. Lenna Haidak (7.a), 5. Sophia Truus (7.d);<br \/>\n8. klass 1. Lotta Lea Arras( 8.e), 2. Hanna-Marie Russak (8.d), 3. Ehe J\u00e4rv (8.b), 4. Kertu Saar (8.a),<br \/>\n5. Matilda Pastak (8.a);<br \/>\n9.kl<br \/>\n1. Maria Lokk (9.a), 2. Robert P\u00e4rn (9.b), 3. Sten T. Tigane (9.a), 4.-5. Helena Umbleja (9.a),<br \/>\n4.-5. Kirke Miina Tegova (9.a).<\/p>\n<p>Palju \u00f5nne!<\/p>\n<p>21.02.2025<\/p>\n<hr \/>\n<p><strong>INGLISE KEELE \u00d5PILASV\u00d5ISTLUS<\/strong><br \/>\n15. veebruaril osalesid mitmed meie kooli 4. ja 5. klassi \u00f5pilased Huvikool &#8220;Keeltekoda&#8221; korraldatud inglise keele \u00f5pilasv\u00f5istlusel ENGLISH A1 ja 2 WHIZZ 2025. Osalejad olid Tartu linna ja maakonna \u00f5pilased.<br \/>\nParimad tulemused:<br \/>\n<strong>K\u00e4tlin K\u00e4go<\/strong> (4.b) saavutas <strong>3.koha<\/strong> English A1 Whizz v\u00f5istlusel.<br \/>\n<strong>Moon Kask<\/strong> (4.d) sai 4.-7.koha samas arvestuses.<br \/>\n<strong>Stella Arjus<\/strong> (5.b) saavutas 5.-8.koha English A2 Whizz v\u00f5istlusel.<\/p>\n<p>Palju \u00f5nne!<br \/>\n19.02.2025<\/p>\n<hr \/>\n<p><strong>GEOGRAAFIAOL\u00dcMPIAAD<\/strong><br \/>\n11. veebruaril toimus geograafiaol\u00fcmpiaadi Tartu linnavoor.<br \/>\n7. klassi \u00f5pilaste arvestuses saavutas \u00a0<strong>2. koha<\/strong> <strong>Saskia Kuusemets<\/strong> (7.b).<br \/>\nVeel j\u00f5udis esik\u00fcmnesse 8. klassi \u00f5pilaste arvestuses <strong>Oskar Maasing<\/strong> (8.c).<\/p>\n<p>Palju \u00f5nne!<\/p>\n<p>19.02.2025<\/p>\n<hr \/>\n<p><strong>ETLUSKONKURSS<\/strong><\/p>\n<p>Vabariiklik \u00f5pilasetlejate konkurss toimus reedel, 14.veebruaril Toris. <strong>Rosanna S\u00e4\u00e4lik<\/strong> (6.a) saavutas <strong>1.koha<\/strong> 4.-6.klasside arvestuses.<\/p>\n<p>Palju \u00f5nne!<\/p>\n<p>Ait\u00e4h, \u00f5petaja Silja Russak!<\/p>\n<p>17.02.2025<\/p>\n<hr \/>\n<p><strong>PALLILAHING I KOHT<\/strong><\/p>\n<p>Pallilahingu Tartu etapi v\u00f5istlused toimusid 10. ja 11. veebruaril NET spordihallis. Mart Reiniku kooli<br \/>\npoisid v\u00f5itsid oma alagrupis kolm kohtumist ning p\u00e4\u00e4sesid finaali. Finaalis oldi parim ning seega v\u00f5ideti Tartu etapp. V\u00f5it kindlustas edasip\u00e4\u00e4su vabariiklikule finaalturniirile, mis toimub 17.veebruaril Tartu \u00dclikooli spordihoones. Poiste v\u00f5istkond m\u00e4ngis koosseisus: <strong>Oliver Laur<\/strong> (3.a), <strong>M\u00e4rten Muoni<\/strong> (3.a), <strong>M\u00e4rt T\u00f5rva<\/strong> (3.b), <strong>Germo Tuur<\/strong> (3.c), <strong>Brenneth Onno<\/strong> (3.c), <strong>Hugo Herman Nebokat<\/strong> (3.c), <strong>Ruuben Sepp<\/strong> (3.c), <strong>Patrik Palatu<\/strong> (3.d), <strong>Tom Tagen<\/strong> (3.d).<\/p>\n<p>Palju \u00f5nne ja edu finaalis!<\/p>\n<p>Ait\u00e4h, kehalise kasvatuse \u00f5petajad!<\/p>\n<p><img loading=\"lazy\" decoding=\"async\" class=\"\" src=\"https:\/\/www.reiniku.edu.ee\/wp-content\/uploads\/2025\/02\/Pallilahing-I-koht.jpg\" width=\"484\" height=\"412\" \/><\/p>\n<p>12.02.2025<\/p>\n<hr \/>\n<p><strong>AJALOORING KUTSUB LUGEMA JA OSALEMA M\u00c4LUM\u00c4NGUS<\/strong><\/p>\n<p><img loading=\"lazy\" decoding=\"async\" class=\"\" src=\"https:\/\/www.reiniku.edu.ee\/wp-content\/uploads\/2025\/02\/Loeme-loeme-ajalugu.jpg\" width=\"494\" height=\"639\" \/><\/p>\n<p>11.02.2025<\/p>\n<hr \/>\n<p><strong>VELLO SAAGE NIMELINE LUULEKONKURSS<\/strong><\/p>\n<p>Reedel, 7.02 \u00a0toimus Forseliuse koolis Vello Saage nimeline luulekonkurss. 4.-6.klassi \u00f5pilaste arvestuses saavutas <strong>1.koha Sofia Lebedko<\/strong> (6.a) ja 7.-9.klassi \u00f5pilaste arvestuses sai <strong>1.koha Iti<\/strong> <strong>M\u00f5ts<\/strong> (9.a).<\/p>\n<p>Palju \u00f5nne!<\/p>\n<p>Ait\u00e4h, \u00f5petaja Silja Russak!<\/p>\n<p>10.02.2025<\/p>\n<hr \/>\n<p><strong>TEHNOLOOGIA\u00d5PETUSE KONKURSS<\/strong><\/p>\n<p>Eile toimus Tartu linna 8.klasside \u00f5pilaste tehnoloogia\u00f5petuse konkurss, mille t\u00f6\u00f6ks oli tappliitega kasti valmistamine.<\/p>\n<p><strong>1.koha<\/strong> saavutasid <strong>Henri Johannes Engelbrecht<\/strong> ja <strong>Kristjan Lokotar<\/strong>.<\/p>\n<p>Palju \u00f5nne!<\/p>\n<p>Ait\u00e4h, \u00f5petaja Aivar Sarapuu!<\/p>\n<p>7.02.2025<\/p>\n<hr \/>\n<p><strong>PRESIDENDI K\u00dcLASTUS<\/strong><\/p>\n<p>M\u00f5ni hommik on erilisem kui teine.<\/p>\n<p>30. jaanuari hommikul oli meil suur au ja r\u00f5\u00f5m v\u00f5tta enda koolis vastu Eesti Vabariigi presidenti Alar Karist. Eesti raamatu aasta puhul k\u00fclastas president kooli raamatukogu, esinesid meie kooli silmapaistvad etlejad ning arutasime erinevatel raamatuid puudutavatel teemadel.<\/p>\n<p>Imeline algus lugemist t\u00e4is aastale!<\/p>\n<p><img loading=\"lazy\" decoding=\"async\" class=\"\" src=\"https:\/\/www.reiniku.edu.ee\/wp-content\/uploads\/2025\/02\/475507439_1027792882502512_4398615860427813504_n-1.jpg\" width=\"528\" height=\"352\" \/><\/p>\n<div class=\"x11i5rnm xat24cr x1mh8g0r x1vvkbs xtlvy1s x126k92a\">\n<div dir=\"auto\"><\/div>\n<div dir=\"auto\">04.02.2025<\/div>\n<\/div>\n<div dir=\"auto\">\n<hr \/>\n<\/div>\n<div class=\"x11i5rnm xat24cr x1mh8g0r x1vvkbs xtlvy1s x126k92a\">\n<div dir=\"auto\"><\/div>\n<\/div>\n<p><strong>MATEMAATIKAOL\u00dcMPIAADI KOOLIVOORU TULEMUSED<\/strong><\/p>\n<p>5.klass<br \/>\n1.Tanel M\u00e4llo (5.b), 2.-3. Tuule Pruulmann (5.b), Lagle Pau (5.b), 4. Artyom Merelaid (5.b)<br \/>\n5. Marita Kroodo (5.b).<br \/>\n6.klass<br \/>\n1. Aleksander Morozov (6.b), 2. Benjamin Aas (6.b), 3. Timo Hiiesalu (6.b), 4. Kenno Romann (6.b), 5.-6. Johannes Metslaid (6.b), Johannes Labi (6.b).<br \/>\n7.klass<br \/>\n1. Romet Normet (7.b), 2. Elle Marie Parveots (7.b), 3. Saskia Kuusemets (7.b), 4. Olle Kivitar (7.b), 5. Ville Virum\u00e4e (7.b).<br \/>\n8.klass<br \/>\n1. Arina Magas (8.b), 2. Riho Adari (8.b), 3. Mattias Hendrik Teemus (8.b), 4. Karl Aleksander Olli (8.b), 5. Mariliis P\u00e4rn (8.b).<br \/>\n9.klass<br \/>\n1. Jakob Parveots (9.b), 2. Rasmus Mitt (9.b), 3. Robert P\u00e4rn (9.b), 4. Markus Leppik (9.e),<br \/>\n5.Joonatan Sepp (9.b).<\/p>\n<p>Palju \u00f5nne!<\/p>\n<p>4.02.2025<\/p>\n<hr \/>\n<p><strong>HANSENIST TAMMSAARENI V\u00d5ISTULUGEMINE<\/strong><\/p>\n<p>Reedel, 31.jaanuaril toimus Albus Hansenist Tammsaareni v\u00f5istulugemine. Meie kooli esindasid <strong>Rosanna S\u00e4\u00e4lik<\/strong> (6.a), <strong>Kirke Miina Tegova<\/strong> (9.a) ja <strong>Katri Kade<\/strong> (9.a). K\u00f5ik olid v\u00e4ga tublid. <strong>Rosanna<\/strong> sai oma vanuseklassis <strong>eripreemia<\/strong> ja <strong>publikupreemia <\/strong>ning <strong>Kirke Miina<\/strong> oma vanuseklassis <strong>3.koha<\/strong>.<\/p>\n<p>Palju \u00f5nne!<\/p>\n<p>Ait\u00e4h, \u00f5petaja Silja Russak!<\/p>\n<p>3.02.2025<\/p>\n<hr \/>\n<p><strong>\u00dcHISKONNA\u00d5PETUSE OL\u00dcMPIAAD<\/strong><\/p>\n<p>\u00dchiskonna\u00f5petuse ol\u00fcmpiaadil saavutas v\u00f5istkond koosseisus <strong>Helin R\u00e4\u00e4k<\/strong>, <strong>Ronja Arjus<\/strong>, <strong>Pauline Mikker<\/strong> ja <strong>Eliise Marianne Miljan<\/strong> (9.a) Tartu linnas <strong>2.koha<\/strong>.<br \/>\n9.c ja 9.e liitmeeskond koosseisus <strong>Oliver Ipits<\/strong>, <strong>Karola Nebokat<\/strong>, <strong>Helena Talvik<\/strong> ja <strong>Villiam Vilep<\/strong> p\u00e4lvisid 5.-9.koha.<br \/>\nIndividuaalses v\u00f5istluses oli parim Helin R\u00e4\u00e4k, kes p\u00e4lvis Tartu linnas 8.koha.<\/p>\n<p>Palju \u00f5nne!<\/p>\n<p>Ait\u00e4h, \u00f5petaja Karolina Antons!<\/p>\n<p>3.02.2025<\/p>\n<hr \/>\n<p><strong>7.KLASSI \u00d5PILASTE INGLISKEELSE M\u00c4LUM\u00c4NGU \u201eJEOPARDY\u201c TULEMUSED<\/strong><strong><br \/>\n<\/strong><\/p>\n<p>Ingliskeelse kuldvillaku 6 parimat on j\u00e4rgmised:<\/p>\n<p><strong>1.koht Kertu M\u00e4rtson<\/strong> (7.b), <strong>Elle Marie Parveots<\/strong> (7.b), <strong>2.koht Rico Hellenurm<\/strong> (7.c), <strong>3. koht<\/strong> <strong>Karl Kasekamp<\/strong> (7.b) ja <strong>Markus Tasa<\/strong> (7.b), <strong>4.koht Uku Toom M\u00e4nnik<\/strong> (7.c), <strong>5.koht Saskia<\/strong> <strong>Kuusemets <\/strong>(7.b), <strong>6.koht Ville Virum\u00e4e<\/strong> (7.b).<\/p>\n<p>Palju \u00f5nne!<\/p>\n<p>3.02.2025<\/p>\n<hr \/>\n<p><strong>INGLISE KEELE SCRABBLE V\u00d5ISTLUS<\/strong><\/p>\n<p>Neljap\u00e4eval, 23. jaanuaril toimus 6. klasside ingliskeelse Scrabble&#8217; v\u00f5istlus. Osales 14 lennu tublimat s\u00f5naseadjat. Peale kolme m\u00e4nguvooru oli <strong>turniiri v\u00f5itja<\/strong> <strong>Sander Vassiljev<\/strong> (6.a), ainult \u00fche punktiga j\u00e4i temast maha<span style=\"font-size: 1rem;\"> ja sai <strong>2.koha <\/strong><\/span><strong style=\"font-size: 1rem;\">Hannes Gross<\/strong><span style=\"font-size: 1rem;\"> (6.c). Nemad esindavad meie kooli j\u00e4rgmisel n\u00e4dalal ka linnav\u00f5istlusel. V\u00e4ga tubli <\/span><strong style=\"font-size: 1rem;\">3. koha<\/strong><span style=\"font-size: 1rem;\"> sai <\/span><strong style=\"font-size: 1rem;\">Rosanna S\u00e4\u00e4lik<\/strong><span style=\"font-size: 1rem;\"> (6.a) ja <\/span><strong style=\"font-size: 1rem;\">4. koha<\/strong> <strong style=\"font-size: 1rem;\">Aron Sten Sarv<\/strong><span style=\"font-size: 1rem;\"> (6.c).<\/span><\/p>\n<p>Palju \u00f5nne!<\/p>\n<p>3.02.2025<\/p>\n<hr \/>\n<p><strong>5.KLASSIDE INGLISE KEELE KOOLIOL\u00dcMPIAADI TULEMUSED<\/strong><\/p>\n<p>5. klasside inglise keele kooliol\u00fcmpiaadi tulemused on j\u00e4rgmised:<br \/>\n1.-2. koht <strong>Lagle Pau<\/strong> ja <strong>Stella Arjus<\/strong> (5.b), 3.-4.koht <strong>Lilit R\u00e4\u00e4k<\/strong> (5.a) ja <strong>Mia Mariette Riis<\/strong> (5.a), 5.koht <strong>Laurelin Maasing<\/strong> (5.c).<\/p>\n<p>Palju \u00f5nne!<br \/>\n23.01.2025<\/p>\n<hr \/>\n<p><strong>REAAL- JA LOODUSAINETE VIKTORIIN<\/strong><\/p>\n<p>Tartu Jaan Poska G\u00fcmnaasiumis toimus reaal- ja loodusainete viktoriin. Meie kooli v\u00f5istkond, kuhu kuulusid <strong>Hanna-Marie Russak<\/strong> (8.d), <strong>Maria Lokk<\/strong> (9.a), <strong>Rasmus Mitt<\/strong> (9.b) ja <strong>Markus Leppik<\/strong> (9.e), saavutas <strong>1.koha<\/strong>.<\/p>\n<p>Palju \u00f5nne!<\/p>\n<p>20.01.2025<\/p>\n<hr \/>\n<p><strong>TARTU LINNA ETLUSKONKURSS<\/strong><\/p>\n<p>Eile toimus \u00f5pilasetlejate riigikonkursi Tartu linna eelvoor. Nooremas vanuseastmes saavutas <strong>Rosanna S\u00e4\u00e4lik<\/strong> (6.a) <strong>1.koha<\/strong> ja <strong>Sofia Lebedko<\/strong> (6.a) sai <strong>eripreemia<\/strong>. Keskmises vanuseastmes esindasid meie kooli <strong>Katri Kade<\/strong> ja <strong>Juhan H\u00f5lpus<\/strong> (9.a) ja olid ka v\u00e4ga tublid.<\/p>\n<p>Palju \u00f5nne!<\/p>\n<p>Ait\u00e4h, \u00f5petaja Silja Russak!<\/p>\n<p>17.01.2025<\/p>\n<hr \/>\n<p><strong>BIOLOOGIAOL\u00dcMPIAADI KOOLIVOORU TULEMUSED<\/strong><\/p>\n<p>7. klass<br \/>\n1. <strong>Merlin Aru<\/strong> (7.a), 2. <strong>Taaniel Antons<\/strong> (7.b), 3. <strong>Lenna Haidak<\/strong> (7.a), 4. <strong>Saskia Kuusemets<\/strong> (7.b)<br \/>\n8. klass<br \/>\n1. <strong>Kirke Laas<\/strong> (8.b), 2. <strong>Arina Magas<\/strong> (8.b), 3. <strong>Kristjan Lokotar<\/strong> (8.b), 4. <strong>Ehe J\u00e4rv<\/strong> (8.b), 5. <strong>Madleen Poola<\/strong> (8.a), 6. <strong>Lisavetta P\u00e4\u00e4ro<\/strong> (8.d)<br \/>\n9. klass<br \/>\n1. <strong>Marie Raudmets<\/strong> (9.c), 2. <strong>Kaarel Jagom\u00e4gi<\/strong> (9.b), 3.<strong> Birgit Vilba<\/strong> (9.b), 4.<strong> Arthur Holst<\/strong> (9.a),<br \/>\n5. <strong>Maria Lokk<\/strong> (9.a)<\/p>\n<p>Palju \u00f5nne!<\/p>\n<p>17.01.2025<\/p>\n<hr \/>\n<p><strong>F\u00dc\u00dcSIKA\u00dcL\u00dcMPIAADI KOOLIVOORU TULEMUSED<\/strong><\/p>\n<p>8. klass<br \/>\n1. <strong>Kristjan Lokotar<\/strong> (8.b), 2. <strong>Mattias Adari<\/strong> (8.c), 3. <strong>Hanna-Marie Russak<\/strong> (8.d)<br \/>\n9. klass<br \/>\n1. <strong>Maria Lokk<\/strong> (9.a), 2.-4. <strong>Richard Bunder<\/strong>, <strong>Rasmus Mitt<\/strong> ja <strong>K\u00e4rt Kallip<\/strong> (9.b)<\/p>\n<p>Palju \u00f5nne!<\/p>\n<p>17.01.2025<\/p>\n<hr \/>\n<p><strong>MRK S\u00d5UDEERGOMEETRIV\u00d5ISTLUSED<\/strong><\/p>\n<p>6. jaanuaril toimusid traditsioonilised, j\u00e4rjekorras \u00fcheteistk\u00fcmnendad, \u00a0Reiniku kooli Concept2 s\u00f5udeergomeetriv\u00f5istlused. \u00dchtekokku osales 340 last kuuendatest kuni \u00fcheksandatate klassideni, v\u00f5istlusdistantsiks 500 meetrit. Esmakordselt osalesid seekord ka mitmed meie aktiivsed lapsevanemad! Uue kooli rekordi p\u00fcstitas 8b klassi \u00f5pilane Kristjan Lokotar. J\u00e4rgmisel aastal j\u00e4lle!<\/p>\n<p>Tublimad:<br \/>\n6. klassi t\u00fcdrukud<br \/>\n1. Janeli Vana 02.08,9; Lenna Soer 02.10,8; Sofie V\u00fcrst 02.12,0<\/p>\n<p>6. klassi poisid<br \/>\n1. Markus Laur Ilves 01.58,3; Edward Tarv 01.59,7; Ott Halling 02.00, 6<\/p>\n<p>7. klassi t\u00fcdrukud<br \/>\n1. Karmen Karja 01.56,8; Piia Hanna Rosenberg 01.59,5; Anna Svit\u0161kar 02.00,2<\/p>\n<p>7. klassi poisid<br \/>\n1. Taaniel Antons 01.36,6; Henri Milton Stockmann 01.40,; Kristofer Org 01.41,7<\/p>\n<p>8. klassi t\u00fcdrukud<br \/>\n1. Kaisa Karja 01.47,4; Celia Raja 01.50,5; Ehe J\u00e4rv 01.52,5<\/p>\n<p>8. klassi poisid<br \/>\n1. Kristjan Lokotar 01.28,4; Mikk Johann Mikker 01.35,1; Dominic Valkenklau 01.38,4<\/p>\n<p>9. klassi t\u00fcdrukud<br \/>\n1. Pauline Mikker 01.53,0; K\u00e4rt Kallip 01.55,2; Mey Margaret Manglus 01.57,5<\/p>\n<p>9. klassi poisid<br \/>\n1. Markus Vassiljev 01.31,1; Oliver Ipits 01.33,4; Dante Veldemann 01.34,1<\/p>\n<p>Emad<br \/>\n1. Anneli Lodi 1.59,3; Tuuli Otsus 2.10,5; Kanni Labi 2.12,8<\/p>\n<p>Isad<br \/>\n1. Kaupo Karja 1.29,5; Silver Kuusik 1.29,6; Janek Vana 1.36,3<\/p>\n<p>Nais\u00f5petajad<br \/>\n1. Merili Songi 1.56,6<\/p>\n<p>Mees\u00f5petajad<br \/>\n1. Kaspar Sula 1.25,3; Georg Klimusev 1.30,2<\/p>\n<p>16.01.2025<\/p>\n<hr \/>\n<p><strong>MRK LOODUSFOTO KONKURSS<\/strong><\/p>\n<p><span style=\"font-weight: 400;\">MRK Loodusfoto konkurss \u201cLoo(dus) foto\u201d j\u00f5udis l\u00f5pusirgele ja 19. detsembril toimus autasustamine. Kokku laekus \u00fcle 150 eriilmselise loodusfoto, millest \u017e\u00fcrii valis parimad ning andis v\u00e4lja ka 14. fotole eripreemiad.\u00a0<\/span><\/p>\n<p><span style=\"font-weight: 400;\">Fotokonkursi v\u00f5itis vilistlane Kristjan Noormets fotoga \u201cJean-Claude van Damme\u201d.<br \/>\n<img loading=\"lazy\" decoding=\"async\" class=\"\" src=\"https:\/\/www.reiniku.edu.ee\/wp-content\/uploads\/2025\/01\/Kuvatommis-89.jpg\" width=\"491\" height=\"328\" \/><\/span><\/p>\n<p>&nbsp;<\/p>\n<p><span style=\"font-weight: 400;\">1.-3. kl \u00f5pilaste \u00fcldv\u00f5itja Ruuben Sepp fotoga \u201cVirmalised\u201d<br \/>\n<img loading=\"lazy\" decoding=\"async\" class=\"\" src=\"https:\/\/www.reiniku.edu.ee\/wp-content\/uploads\/2025\/01\/1.-3.kl-voitja-Ruuben_Sepp_Virmalised-scaled.jpg\" width=\"314\" height=\"419\" \/><br \/>\n<\/span><\/p>\n<p><span style=\"font-weight: 400;\">4.-6. kl \u00fcldv\u00f5itja Otto Klaos fotoga \u201cHiid\u00e4mblik\u201d<br \/>\n<img loading=\"lazy\" decoding=\"async\" class=\"\" src=\"https:\/\/www.reiniku.edu.ee\/wp-content\/uploads\/2025\/01\/4.-6.kl-voitja-Otto-Klaos-Hiidamblik-1-min-scaled.jpg\" width=\"481\" height=\"361\" \/><\/span><\/p>\n<p><span style=\"font-weight: 400;\">7.-9. kl v\u00f5itja Kaarel Jagom\u00e4gi fotoga \u201cKuldsed luiged\u201d<br \/>\n<img loading=\"lazy\" decoding=\"async\" class=\"\" src=\"https:\/\/www.reiniku.edu.ee\/wp-content\/uploads\/2025\/01\/Kuvatommis-90.jpg\" width=\"493\" height=\"231\" \/><\/span><\/p>\n<p><span style=\"font-weight: 400;\">\u00d5petajatest v\u00f5itis Kaire Soer fotoga \u201cEriarvamus\u201d<img loading=\"lazy\" decoding=\"async\" class=\"\" src=\"https:\/\/www.reiniku.edu.ee\/wp-content\/uploads\/2025\/01\/Kuvatommis-91.jpg\" width=\"397\" height=\"529\" \/><\/span><\/p>\n<p><span style=\"font-weight: 400;\">Vilistlaste v\u00f5itjaks osutus Kristjan Noormets \u201cToidukuller\u201d<br \/>\n<img loading=\"lazy\" decoding=\"async\" class=\"\" src=\"https:\/\/www.reiniku.edu.ee\/wp-content\/uploads\/2025\/01\/Kuvatommis-92.jpg\" width=\"472\" height=\"326\" \/><br \/>\n<\/span><\/p>\n<p><span style=\"font-weight: 400;\">Lastevanemate seast tuli v\u00f5itjaks Vladimir Karjalainen \u201cMetsa maadam\u201d<br \/>\n<img loading=\"lazy\" decoding=\"async\" class=\"\" src=\"https:\/\/www.reiniku.edu.ee\/wp-content\/uploads\/2025\/01\/Lapsevanemate-voitja-Vladimir-Karjalainen-Metsa-maadam-min-scaled.jpg\" width=\"509\" height=\"382\" \/><br \/>\n<\/span><\/p>\n<p><span style=\"font-weight: 400;\">V\u00f5idut\u00f6\u00f6dest ja eripreemia saanud fotodest avatakse jaanuaris n\u00e4itus.\u00a0<\/span><\/p>\n<p>06.01.2025<\/p>\n<hr \/>\n<p><strong>J\u00d5ULUKONTSERT\u00a0<\/strong><\/p>\n<p>Olete oodatud!<\/p>\n<p><img loading=\"lazy\" decoding=\"async\" class=\"\" src=\"https:\/\/www.reiniku.edu.ee\/wp-content\/uploads\/2024\/12\/joulukontsert.jpg\" width=\"385\" height=\"545\" \/><\/p>\n<p><img loading=\"lazy\" decoding=\"async\" class=\"\" src=\"https:\/\/www.reiniku.edu.ee\/wp-content\/uploads\/2024\/12\/2.jpg\" width=\"473\" height=\"334\" \/><\/p>\n<p><img loading=\"lazy\" decoding=\"async\" class=\"\" src=\"https:\/\/www.reiniku.edu.ee\/wp-content\/uploads\/2024\/12\/3.jpg\" width=\"478\" height=\"338\" \/><\/p>\n<hr \/>\n<p><strong>KOIDULAULIKU VALGEL<\/strong><\/p>\n<p>Eile toimus P\u00e4rnu Koidula muuseumis \u00fcleriigiline noorte etluskonkurss \u201cKoidulauliku valgel\u201d, mida peetakse Lydia Koidula nooruslinnas alates 1997. aastast ja mis toob P\u00e4rnusse Eesti parimad luulelugejad.<br \/>\nT\u00e4navu esitati Koidula luuletuste k\u00f5rval Anna Haava ja Lauri R\u00e4ppi loomingut.<br \/>\n<strong>Kirke Miina Tegova<\/strong> (9.a) sai Koidula muuseumi eripreemia.<\/p>\n<p>Palju \u00f5nne!<\/p>\n<p>Ait\u00e4h, \u00f5petaja Silja Russak!<\/p>\n<p>13.12.2024<\/p>\n<hr \/>\n<p><strong>KOOLISISENE KEEMIAOL\u00dcMPIAAD<\/strong><\/p>\n<p>Keemiaol\u00fcmpiaadi koolivooru tulemused\u00a0 on j\u00e4rgmised:<br \/>\n8. klass<\/p>\n<p><strong>1.Kristjan Lokotar<\/strong> (8b), <strong>2.-3. Kelly Mirell Tamme<\/strong> (8b) ja <strong>Hanna-Marie Russak<\/strong> (8d),<br \/>\n4. Mattias Adari (8c), 5.-6. Matilda Pastak (8a) ja Kaitlyn Victoria Kerr (8d).<\/p>\n<p>9. klass<br \/>\n<strong>1. Maria Lokk<\/strong> (9a), <strong>2. Rasmus Mitt<\/strong> (9b), <strong>3. Robert P\u00e4rn<\/strong> (9b), 4.-5. K\u00e4rt Kallip (9b) ja Marie Raudmets (9c).<br \/>\nPalju \u00f5nne!<\/p>\n<p>Ait\u00e4h, \u00f5petajad Kaire Soer ja Gea Kiudorf!<\/p>\n<p>13.12.2024<\/p>\n<hr \/>\n<p><strong>4. KLASSIDE INGLISEKEELNE J\u00d5ULUHOMMIK<\/strong><\/p>\n<p>T\u00e4na toimus traditsiooniline inglisekeelne j\u00f5uluhommik 4. klassi \u00f5pilastele. Iga inglise keele \u00f5ppegrupp oli \u00f5ppinud selgeks \u00fche j\u00f5ululaulu, mis esitati teistele. Koos lauldi ka \u00fchiselt j\u00f5ululaule ja m\u00e4ngiti m\u00e4nge.<\/p>\n<p>Meeleolu oli l\u00f5bus!<\/p>\n<p><img loading=\"lazy\" decoding=\"async\" class=\"\" src=\"https:\/\/www.reiniku.edu.ee\/wp-content\/uploads\/2024\/12\/20241211_113948-COLLAGE.jpg\" width=\"479\" height=\"479\" \/><\/p>\n<p>12.12.2024<\/p>\n<hr \/>\n<p><strong>KOOLI ETLUSKONKURSS<\/strong><\/p>\n<p>Neljap\u00e4eval, 5. detsembril toimunud kooli etluskonkursil olid parimad nooremas vanuseastmes: <strong>I koht Sofia Lebedko<\/strong> (6.a), <strong>II-III kohta<\/strong> jagasid <strong>Rosanna S\u00e4\u00e4lik<\/strong> (6.a) \u00a0ja <strong>Kirke Kallaste<\/strong> (6.d).<br \/>\nEripreemia said <strong>Marta Kvell<\/strong> (4.b) ja <strong>Johann Laurend<\/strong> (5.b).<br \/>\nVanemas vanuseastmes: <strong>I koht<\/strong><strong> Kirke Miina Tegova<\/strong> (9.a), <strong>II koht<\/strong><strong> Juhan H\u00f5lpus<\/strong> (9.a), \u00a0\u00a0\u00a0<strong>III-IV kohta<\/strong> jagasid <strong>Katri Kade<\/strong> (9.a) ja <strong>Helin R\u00e4\u00e4k<\/strong> (9.a).<\/p>\n<p>Palju \u00f5nne!<\/p>\n<p>Ait\u00e4h \u00f5pilasi juhendanud \u00f5petajatele: Kaia Tuhkur, Siret P\u00e4rli, Sandra P\u00f5ldaru, Silja Russak ja Esta Salmistu-Vaas<\/p>\n<p>10.12.2024<\/p>\n<hr \/>\n<p><strong>TUGISPETSIALISTIDE T\u00c4NU\u00dcRITUS<\/strong><\/p>\n<p>Hariduse Tugiteenuste Keskus korraldab igal aastal Tartu linna haridusasutuste tugispetsialistide t\u00e4nu\u00fcrituse, kus tunnustatakse erinevates valdkondades \u00fchte spetsialisti sisuka ja s\u00fcdamega tehtud t\u00f6\u00f6 eest.<br \/>\nSel aastal noppisid kuldsed \u00f5unad meie kooli ps\u00fchholoog <strong>C\u00e4tlin Tuuling<\/strong> ja sotsiaalpedagoog <strong>Lagle Prei<\/strong>!<\/p>\n<p>Oleme uhked ja t\u00e4nulikud, et te meil olemas olete!<br \/>\nSuur t\u00e4nu kogu meie kooli tugimeeskonnale selle olulise ja hindamatu t\u00f6\u00f6 eest!<\/p>\n<p><img loading=\"lazy\" decoding=\"async\" class=\"\" src=\"https:\/\/www.reiniku.edu.ee\/wp-content\/uploads\/2024\/12\/469170472_1117828426801021_4373756099335976298_n.jpg\" width=\"484\" height=\"363\" \/><\/p>\n<p>4.12.2024<\/p>\n<div class=\"x11i5rnm xat24cr x1mh8g0r x1vvkbs xtlvy1s x126k92a\">\n<hr \/>\n<p><strong>MRK MALEMEISTRIV\u00d5ISTLUSED<\/strong><\/p>\n<p>MRK malemeistriv\u00f5istlusel osales 25 last, m\u00e4ngiti 7 vooru \u0161veitsi s\u00fcsteemis. Tulemused olid j\u00e4rgmised:<br \/>\nnoorematest t\u00fcdrukutest sai <strong>I koha<\/strong> <strong>Emma- Emilia Po\u0161lin<\/strong>, nooremate poiste hulgas saavutasid <strong>I koha<\/strong><strong> Keijo Romann<\/strong>, <strong>II koha Johannes Pokbinder<\/strong> ja <strong>III koha Germo Tuur<\/strong>.<br \/>\nVanematest t\u00fcdrukutest sai <strong>I koha Arabel Pedoson<\/strong>, <strong>II koha K\u00e4rt Kallip<\/strong> ja <strong>III koha Lenne<\/strong> <strong>Mia Arras<\/strong>. Vanematest poistest saavutas <strong>I koha Kenno Romann<\/strong>, \u00a0<strong>II- V kohta<\/strong> jagasid <strong>Hannes Gross<\/strong>, <strong>Rasmus Mitt<\/strong>, <strong>Mattias Adari<\/strong>, <strong>J\u00fcri Sammet<\/strong> ja <strong>Karl Aleksander Olli<\/strong>.<\/p>\n<p>Palju \u00f5nne!<\/p>\n<p>Ait\u00e4h, \u00f5petaja Urmas Hein!<\/p>\n<p><img loading=\"lazy\" decoding=\"async\" class=\"\" src=\"https:\/\/www.reiniku.edu.ee\/wp-content\/uploads\/2024\/12\/IMG_20241204_112807-scaled.jpg\" width=\"531\" height=\"400\" \/><\/p>\n<p>6.12.2024<\/p>\n<hr \/>\n<p><strong>KOOLISISENE INGLISE KEELE OL\u00dcMPIAAD<br \/>\n<\/strong>Novembri l\u00f5pus toimus koolisisene inglise keele ol\u00fcmpiaad. \u00dclekaaluka I koha v\u00f5itis <strong>Liisa<\/strong> <strong>Pool <\/strong>(9.c). <strong>II<\/strong> ja <strong>III kohta<\/strong> j\u00e4id jagama <strong>Joonatan Sepp<\/strong> (9.b) ja <strong>Marie Raudmets<\/strong> (9.c). Neile j\u00e4rgnesid v\u00f5rdsete tulemustega Adeele Vulf (9.b), Grettel Tamm (9.e) ja Sebastian Sumerik Dias (9.d).<\/p>\n<p>Palju \u00f5nne!<br \/>\nTublisid \u00f5pilasi juhendasid Meili L\u00e4\u00e4nemets, Kersti Loot, Kristi Sarapuu ja Kadri Kriipsalu.<\/p>\n<p>6.12.2024<\/p>\n<hr \/>\n<p><strong>\u00d5PILASLEIUTAJATE RIIKLIK KONKURSS<\/strong><\/p>\n<p>\u00d5pilasleiutajate riiklikul konkursil l\u00e4ks meie kooli \u00f5pilastele v\u00e4ga h\u00e4sti.<br \/>\n<strong>Merete Kennik<\/strong> (6.c) sai oma leiutise &#8220;Helendav abiline&#8221; eest Transpordiameti <strong>eripreemia<\/strong>.<br \/>\n<strong>Merlin Aru<\/strong> (7.a) sai leiutisega &#8220;Ahhoi, bussijuht!&#8221; oma vanuseastmes <strong>3.koha<\/strong>.<\/p>\n<p>Lisaks teenis Merlin lausa <strong>kolm eripreemiat<\/strong>:<br \/>\n* Transpordiameti eripreemia;<br \/>\n* Vivita\/Lahenduste laboratooriumi eripreemia;<br \/>\n* Kirjastus Argo eripreemia.<\/p>\n<p>Palju \u00f5nne!<\/p>\n<p>Ait\u00e4h, \u00f5petaja Marit Laur!<\/p>\n<p><img loading=\"lazy\" decoding=\"async\" class=\"alignnone\" src=\"https:\/\/www.reiniku.edu.ee\/wp-content\/uploads\/2024\/12\/DSC8523-545-scaled.jpg\" alt=\"\" width=\"406\" height=\"270\" \/><\/p>\n<p><img loading=\"lazy\" decoding=\"async\" class=\"alignnone\" style=\"margin-top: 0.857143rem; margin-bottom: 0.857143rem;\" src=\"https:\/\/www.reiniku.edu.ee\/wp-content\/uploads\/2024\/12\/DSC8089-212-scaled.jpg\" alt=\"\" width=\"405\" height=\"270\" \/><\/p>\n<p>02.12.2024<\/p>\n<div dir=\"auto\">\n<hr \/>\n<\/div>\n<\/div>\n<p><strong>OOTAME K\u00d5IKI MRK J\u00d5ULULAADALE!<\/strong><\/p>\n<p><img loading=\"lazy\" decoding=\"async\" class=\"\" src=\"https:\/\/www.reiniku.edu.ee\/wp-content\/uploads\/2024\/11\/Mrk-joululaat.jpg\" width=\"339\" height=\"480\" \/><\/p>\n<p>29.11.24<\/p>\n<hr \/>\n<p class=\"post-title\" data-suhtlus-page-title=\"Daily koolitoitlustuse rahulolu uuring 25.11-8.12.2024\"><span class=\"post-title-main\"><strong>DAILY KOOLITOITLUSTUSE RAHULOLU UURING<\/strong><\/span><\/p>\n<p class=\"post-title\" data-suhtlus-page-title=\"Daily koolitoitlustuse rahulolu uuring 25.11-8.12.2024\"><span class=\"post-title-main\">Toimub iga aastane Daily koolitoitlustuse rahulolu uuring.<\/span><\/p>\n<p>Sel aastal toimub uuring perioodil 25.11-8.12.2024.<\/p>\n<p>Uuringu eesm\u00e4rgiks on saada v\u00f5imalikult adekvaatne hinnang toitlustaja igap\u00e4evat\u00f6\u00f6le.<\/p>\n<p>K\u00fcsitlusele oodatakse vastama k\u00f5iki \u00f5pilasi ja koolit\u00f6\u00f6tajaid.<\/p>\n<p>Link k\u00fcsitlusele:\u00a0<a class=\"st-link\" href=\"https:\/\/stuudium.link\/?link=https%3A%2F%2Fforms.office.com%2Fe%2FPwchFQcWAb&amp;sp=c2NsPXJlaW5pa3U&amp;ssig=241126-c393db7634abb14bee9dcf32fd228ec17cd895b2\" target=\"_blank\" rel=\"noopener\"><i class=\"slh\">https:\/\/<\/i>forms.office.com\/e\/PwchFQcWAb<\/a><\/p>\n<p>26.11.24<\/p>\n<hr \/>\n<p><strong>TEHNOLOOGIA\u00d5PETUSE KONKURSS 9.KL \u00d5PILASTELE<\/strong><\/p>\n<p>Eile toimunud tehnoloogia\u00f5petuse konkursi teemaks oli tappliitega k\u00f6\u00f6gitarvik. <strong>I koha<\/strong> v\u00e4\u00e4riliseks tunnistati <strong>Juhan H\u00f5lpus<\/strong> (9.a) ja <strong>II koha<\/strong> saavutas <strong>Rasmus Mitt<\/strong> (9.b).<\/p>\n<p>Palju \u00f5nne!<\/p>\n<p>Ait\u00e4h, \u00f5petaja Aivar Sarapuu!<\/p>\n<p>28.11.2024<\/p>\n<hr \/>\n<p><strong>OTSIMISM\u00c4NG RENE&#8217;D OTSIDES<\/strong><\/p>\n<p>Tartu Descartes&#8217;i Koolis toimus 20. novembril l\u00f5bus otsimism\u00e4ng RENE&#8217;D OTSIDES.<\/p>\n<p>Meie koolist osales <strong>4.d klassi v\u00f5istkond<\/strong> koosseisus: <strong>Georg L\u00e4tt, Lukas Lauk, Marii Tamm, Joosep Franz Tender<\/strong>.<\/p>\n<p>Omavahelise koost\u00f6\u00f6 ja aktiivse osalemise eest anti \u00f5pilastele t\u00e4nukiri.<\/p>\n<p>Palju \u00f5nne!<\/p>\n<p><img loading=\"lazy\" decoding=\"async\" class=\"\" src=\"https:\/\/www.reiniku.edu.ee\/wp-content\/uploads\/2024\/11\/TANUKIRI-REINIKU_page-0001.jpg\" width=\"444\" height=\"314\" \/><\/p>\n<p>26.11.2024<\/p>\n<hr \/>\n<p><strong>Armas vilistlane, Sinu kool saab juba sel aastal 135-aastaseks!<\/strong><\/p>\n<p><span style=\"font-weight: 400;\">Oled v\u00e4ga oodatud kooli juubelit t\u00e4histama laup\u00e4eval, <\/span><span style=\"font-weight: 400;\">23. novembril 2024.<\/span><\/p>\n<p><span style=\"font-weight: 400;\">Kell 18.00 toimub AKTUS Riia 25 aulas (praeguse kooli algklasside hoones)<\/span><\/p>\n<p><span style=\"font-weight: 400;\">P\u00e4rast aktust liigume Vanemuise 48 koolimajja, kus toimub meeleolukas s\u00fcnnip\u00e4evapidu!<\/span><\/p>\n<p><span style=\"font-weight: 400;\">\u00d5htule annab s\u00e4ra ansambel REGATT.<\/span><\/p>\n<p><span style=\"font-weight: 400;\">Pane varakult see kuup\u00e4ev enda kalendrisse kirja ja kutsu klassikaaslased ka peole!<\/span><\/p>\n<p><span style=\"font-weight: 400;\">Osav\u00f5tutasu:<\/span><\/p>\n<p><span style=\"font-weight: 400;\">25 \u20ac (kuni 31. oktoober)<\/span><\/p>\n<p><span style=\"font-weight: 400;\">30 \u20ac (1.- 20. november)<\/span><\/p>\n<p><span style=\"font-weight: 400;\">35 \u20ac (p\u00e4rast 20. novembrit on v\u00f5imalik osav\u00f5tutasu maksta ainult vilistlas\u00f5htul kohapeal sularahas v\u00f5i kaardimaksega)<\/span><\/p>\n<p><span style=\"font-weight: 400;\">Osav\u00f5tutasu palume tasuda \u00fclekandega (kuni 20.11):<\/span><\/p>\n<p><span style=\"font-weight: 400;\">Saaja: <\/span><span style=\"font-weight: 400;\">Tartu Linnavalitsus<\/span><\/p>\n<p><span style=\"font-weight: 400;\">Saaja konto: <\/span><span style=\"font-weight: 400;\">\u00a0EE621010102000178008<\/span><\/p>\n<p><span style=\"font-weight: 400;\">Viitenumber: <\/span><span style=\"font-weight: 400;\">16409219000004<\/span><\/p>\n<p><span style=\"font-weight: 400;\">Selgitus: MRK 135, l\u00f5petamise aasta ja nimi l\u00f5petamise ajal<\/span><\/p>\n<p><span style=\"font-weight: 400;\">Soovi korral saab samale arvele kanda ka omapoolse panuse kooli kingituse jaoks, milleks on juba kauaoodatud valge ekraan kooli algklasside maja aulasse, kus toimuvad k\u00f5ik meie kooli aktused ja suuremad s\u00fcndmused.<\/span><\/p>\n<p><span style=\"font-weight: 400;\">Kingituses osalemiseks lisa selgitusse juurde m\u00e4rks\u00f5na \u201ckingitus\u201d.<\/span><\/p>\n<p><span style=\"font-weight: 400;\">Vilistlas\u00f5htu info t\u00e4ieneb s\u00fcgise alguses!<\/span><\/p>\n<p><span style=\"font-weight: 400;\">R\u00f5\u00f5msa kohtumiseni!<\/span><\/p>\n<p><img loading=\"lazy\" decoding=\"async\" class=\"\" src=\"https:\/\/www.reiniku.edu.ee\/wp-content\/uploads\/2024\/06\/MRK_FB_header_1352.jpg\" width=\"467\" height=\"178\" \/><\/p>\n<p>&nbsp;<\/p>\n<hr \/>\n<p><strong>ERM-i V\u00d5ISTUJOONISTAMINE<\/strong><\/p>\n<p>Eesti Rahva Muuseumi koolidevaheline v\u00f5istujoonistamine toimus 13. novembril juba 28. korda. Joonistamise teema sel aastal oli &#8220;\u00d5udselt ilus&#8221;. V\u00f5istlusele oodati 120. osalejat. V\u00f5istlejate \u00fclesandeks oli joonistada pilt, millel on kujutatud \u00fcks ERMi n\u00e4itustel leiduv ese, pilt vms.<\/p>\n<p>1.-3. klasside arvestuses saavutas<strong> I koha<\/strong> meie kooli <strong>2.a <\/strong>klassi \u00f5pilane<strong> MIRTEL RAJA<\/strong>.<\/p>\n<p>Meie \u00f5pilaste t\u00f6\u00f6d: <a href=\"https:\/\/drive.google.com\/drive\/folders\/10AX_lap-DZ8BQXrG1adUY0-GFV09bbQK\">https:\/\/drive.google.com\/drive\/folders\/10AX_lap-DZ8BQXrG1adUY0-GFV09bbQK<\/a><\/p>\n<p>Palju \u00f5nne!<\/p>\n<p>18.11.2024<\/p>\n<hr \/>\n<p><strong>KOIDULAULIKU VALGEL<\/strong><\/p>\n<p>Eile, 14.11 toimunud Tartu linna ja maakonna etluskonkursil \u201eKoidulauliku valgel\u201c saavutas <strong>Kirke Miina Tegova<\/strong> (9.a) <strong>I koha<\/strong>, <strong>Rosanna S\u00e4\u00e4lik<\/strong> (6.a) sai <strong>3.koha<\/strong> ja v\u00e4ga tubli oli ka <strong>Maria Lokk<\/strong> (9.a). Kirke Miina esindab Tartu linna vabariiklikul konkursil.<\/p>\n<p>Palju \u00f5nne!<\/p>\n<p>Ait\u00e4h, \u00f5petaja Silja Russak!<\/p>\n<p>15.11.2024<\/p>\n<hr \/>\n<p><strong>30. MRK ORIENTEERUMISM\u00c4NG<\/strong><\/p>\n<p>L\u00f5ppenud on j\u00e4rjelt juba 30. MRK Orienteerumism\u00e4ng!<\/p>\n<p>K\u00fcsimused leiad <strong><a href=\"https:\/\/drive.google.com\/file\/d\/1sQ_GCtt7S5PXLCMp1xf_v2BVUdiUtvSX\/view?usp=sharing\" target=\"_blank\" rel=\"noopener\">siit<\/a><\/strong><\/p>\n<p>Vastused on leitavad <strong><a href=\"https:\/\/www.reiniku.edu.ee\/wp-content\/uploads\/2024\/11\/Vastused-30.orient-1_compressed.pdf\" target=\"_blank\" rel=\"noopener\">siit!<\/a><\/strong><\/p>\n<p>Tulemused on leitavad <strong><a href=\"https:\/\/www.reiniku.edu.ee\/wp-content\/uploads\/2024\/11\/30.orient-TULEMUSED_compressed.pdf\" target=\"_blank\" rel=\"noopener\">siit!<\/a><\/strong><\/p>\n<p>T\u00e4nus\u00f5nad k\u00f5igile tublidele osalejatele!<\/p>\n<p><img loading=\"lazy\" decoding=\"async\" class=\"alignnone wp-image-7148 size-medium\" src=\"https:\/\/www.reiniku.edu.ee\/wp-content\/uploads\/2024\/11\/Orient-opilane-300x225.jpg\" alt=\"\" width=\"300\" height=\"225\" srcset=\"https:\/\/www.reiniku.edu.ee\/wp-content\/uploads\/2024\/11\/Orient-opilane-300x225.jpg 300w, https:\/\/www.reiniku.edu.ee\/wp-content\/uploads\/2024\/11\/Orient-opilane-1024x768.jpg 1024w, https:\/\/www.reiniku.edu.ee\/wp-content\/uploads\/2024\/11\/Orient-opilane-768x576.jpg 768w, https:\/\/www.reiniku.edu.ee\/wp-content\/uploads\/2024\/11\/Orient-opilane-624x468.jpg 624w, https:\/\/www.reiniku.edu.ee\/wp-content\/uploads\/2024\/11\/Orient-opilane.jpg 1280w\" sizes=\"auto, (max-width: 300px) 100vw, 300px\" \/><img loading=\"lazy\" decoding=\"async\" class=\"alignnone wp-image-7147 size-medium\" src=\"https:\/\/www.reiniku.edu.ee\/wp-content\/uploads\/2024\/11\/Orient-Paul-I-300x225.jpg\" alt=\"\" width=\"300\" height=\"225\" srcset=\"https:\/\/www.reiniku.edu.ee\/wp-content\/uploads\/2024\/11\/Orient-Paul-I-300x225.jpg 300w, https:\/\/www.reiniku.edu.ee\/wp-content\/uploads\/2024\/11\/Orient-Paul-I-1024x768.jpg 1024w, https:\/\/www.reiniku.edu.ee\/wp-content\/uploads\/2024\/11\/Orient-Paul-I-768x576.jpg 768w, https:\/\/www.reiniku.edu.ee\/wp-content\/uploads\/2024\/11\/Orient-Paul-I-624x468.jpg 624w, https:\/\/www.reiniku.edu.ee\/wp-content\/uploads\/2024\/11\/Orient-Paul-I.jpg 1280w\" sizes=\"auto, (max-width: 300px) 100vw, 300px\" \/><img loading=\"lazy\" decoding=\"async\" class=\"alignnone wp-image-7146 size-medium\" src=\"https:\/\/www.reiniku.edu.ee\/wp-content\/uploads\/2024\/11\/Orient-opetajad-300x225.jpg\" alt=\"\" width=\"300\" height=\"225\" srcset=\"https:\/\/www.reiniku.edu.ee\/wp-content\/uploads\/2024\/11\/Orient-opetajad-300x225.jpg 300w, https:\/\/www.reiniku.edu.ee\/wp-content\/uploads\/2024\/11\/Orient-opetajad-1024x768.jpg 1024w, https:\/\/www.reiniku.edu.ee\/wp-content\/uploads\/2024\/11\/Orient-opetajad-768x576.jpg 768w, https:\/\/www.reiniku.edu.ee\/wp-content\/uploads\/2024\/11\/Orient-opetajad-624x468.jpg 624w, https:\/\/www.reiniku.edu.ee\/wp-content\/uploads\/2024\/11\/Orient-opetajad.jpg 1280w\" sizes=\"auto, (max-width: 300px) 100vw, 300px\" \/><\/p>\n<p>19.11.2024<\/p>\n<hr \/>\n<p><strong>VILISTLASTURNIIR KORVPALLIS<\/strong><\/p>\n<p>Kutsume k\u00f5iki vilistlasi korvpalliturniirile 23.11 kell 10.00 Riia 25 koolimaja v\u00f5imlasse!<\/p>\n<p>Registreerimine kuni 20.11 &#8211; tiiu.peterson@reiniku.edu.ee.<\/p>\n<p><img loading=\"lazy\" decoding=\"async\" class=\"alignnone\" src=\"https:\/\/www.reiniku.edu.ee\/wp-content\/uploads\/2024\/10\/vilistlasturniir-korvpallis-copy.jpg\" width=\"438\" height=\"367\" \/><\/p>\n<p>18.10.2024<\/p>\n<hr \/>\n<p><strong>AJALOOVIKTORIIN MAMMUT<\/strong><\/p>\n<p>\u00dcleriigilisel ajalooviktoriinil Mammut l\u00e4ks meie kooli \u00f5pilastel h\u00e4sti. Tegemist oli Eesti NATOsse ja Euroopa Liitu kuulumise 20. s\u00fcnnip\u00e4evale p\u00fchendatud viktoriiniga.<br \/>\nParimad olid:<br \/>\n5.klass (osales 629 \u00f5pilast)<br \/>\n5. koht <strong>Laurelin Maasing<\/strong><br \/>\n6. klass (osales 1188 \u00f5pilast)<br \/>\n<strong>1. koht Nora Ts\u00e4kko<\/strong>, 4. koht <strong>Hendrik Seppel<\/strong>, 12. koht <strong>Aleksander Morozov, <\/strong>13. koht <strong>Elisabeth Ts\u00e4kko<\/strong><br \/>\n7. klass (osales 836 \u00f5pilast)<br \/>\n6. koht <strong>Lenna Kallastu<\/strong>, 7. koht <strong>Merit Eilmann<\/strong>, 12. koht <strong>Taaniel Antons<\/strong><br \/>\n9. klass (osales 1387 \u00f5pilast)<br \/>\n5. koht <strong>Anni Olle<\/strong><\/p>\n<p>Palju \u00f5nne!<\/p>\n<p>Ait\u00e4h, ajaloo\u00f5petajad Karolina Antons, Margot Nigol ja Georg Klimu\u0161ev!<\/p>\n<p>31.10.2024<\/p>\n<hr \/>\n<p><strong>LUULEV\u00d5ISTLUS VIIEVIIS<\/strong><\/p>\n<p>Laste ja noorte kirjandusfestivali LUUP luulev\u00f5istlusele \u201eViieviisi\u201c laekus 264 luuletust 51 koolist.<br \/>\nTunnustava \u00e4ram\u00e4rkimise oma luuletuse eest sai <strong>Helena Umbleja<\/strong> (9.a).<\/p>\n<p>Palju \u00f5nne!<\/p>\n<p>31.10.2024<\/p>\n<hr \/>\n<p><strong>eTwinningu PROJEKT<\/strong><\/p>\n<p>Eelmisel \u00f5ppeaastal osalesid 4. bcd klassi (praegused 5. kl \u00f5pilased) inglise keele \u00fchendr\u00fchma lapsed terve \u00f5ppeaasta jooksul rahvusvahelises eTwinningu projektis &#8220;Waters of Wisdom&#8221;. Projekt oli edukas ja sai <strong>riikliku kvaliteedim\u00e4rgi<\/strong>.<br \/>\nProjektis osalesid lisaks meie lastele \u00f5pilased Leedust, Saksamaalt ja T\u00fcrgist, kes k\u00f5ik elavad linnades ja asulates, mis asuvad veekogude (j\u00e4rvede, j\u00f5gede v\u00f5i mere) l\u00e4heduses. \u00d5pilased tegid koost\u00f6\u00f6d teistes riikides elavate eakaaslastega ja arendasid oma digioskusi.<br \/>\nTegevuste k\u00e4igus \u00f5pilased tutvusid p\u00f5hjalikult oma kodukoha veekoguga, meil siis Emaj\u00f5ega. Uurisid ja v\u00f5rdlesid erinevate veekogude floorat ja faunat ning vee puhtust.<br \/>\nLisaks toimus mitmeid lisategevusi nagu n\u00e4iteks projekti logo konkurss, turvalise internetip\u00e4eva t\u00e4histamine, j\u00f5ulutervituste koostamine AI abiga ja oma veekogude pildistamine kevadel.<\/p>\n<p>PALJU \u00d5NNE suurep\u00e4rase tunnustuse eest!<br \/>\nSUUR AIT\u00c4H k\u00f5igile projektis osalejatele!<br \/>\nEriline T\u00c4NU, \u00f5petaja Meilile, rahvusvahelise eTwinningu projekti eestvedamise ja sellega tegelemise eest!<\/p>\n<p>17.10.2024<\/p>\n<hr \/>\n<p><strong>KIRJANDUSLIK VEEBIM\u00c4NG<\/strong><\/p>\n<p>Sel n\u00e4dalal toimus kirjanduslik veebiviktoriin 7.-8.kl \u00f5pilastele . 8.b kl v\u00f5istkond koosseisus <strong>Ehe J\u00e4rv<\/strong>, <strong>Artur Kuperjanov<\/strong> ja <strong>Mariliis P\u00e4rn<\/strong> sai <strong>2.koha<\/strong>. V\u00e4ga tublid olid ka 7.b kl \u00f5pilased <strong>Taaniel Antons<\/strong>, <strong>Mihkel Maks<\/strong> ja <strong>Saskia Kuusemets<\/strong>, kes olid kolmandad.<\/p>\n<p>Palju \u00f5nne!<\/p>\n<p>Ait\u00e4h, \u00f5petaja Silja Russak!<\/p>\n<p>16.10.2024<\/p>\n<hr \/>\n<p><strong>JALGPALLURITE V\u00d5IT<\/strong><\/p>\n<p>Annelinna staadionil toimunud Tartu koolide meistriv\u00f5istlustel saavutasid eelmisel n\u00e4dalal meie kooli vanemad poisid <strong>I koha<\/strong>. Selle aasta v\u00f5istkonda iseloomustas v\u00e4ga \u00fchtlane, s\u00f5bralik ja h\u00e4sti kokkum\u00e4ngiv koosseis, kuhu kuulusid: <strong>Karl Markus Rand<\/strong>, <strong>Jasper K\u00fclanurm<\/strong>, <strong>Ronald Sepp<\/strong>, <strong>Kristjan Koort<\/strong>, <strong>Daniel Songisepp<\/strong>, <strong>Rasmus Mitt<\/strong>, <strong>Oskar Klaassen<\/strong>, <strong>Richard Bunder<\/strong>, <strong>Reivo Kalle<\/strong> <strong>Toomik<\/strong>, <strong>Arthur Holst<\/strong>, <strong>Gregor Tuur<\/strong>, <strong>Hugo Pastak<\/strong> ja <strong>Karel Kroodo<\/strong>.<\/p>\n<p>Tublid olid ka meie nooremad poisid <strong>Jakob M\u00f6lder<\/strong>, <strong>Aron Lind<\/strong>, <strong>Artyom Merelaid<\/strong>, <strong>Joonas<\/strong> <strong>Peterson<\/strong>, <strong>Marten S\u00e4\u00e4lik<\/strong>, <strong>Joosep Jaguson<\/strong>, <strong>Rasmus Proovel<\/strong>, <strong>Ardo Metsj\u00f5e<\/strong>, <strong>Romet Rannu<\/strong>, <strong>Uku Rebane<\/strong>.<\/p>\n<p><img loading=\"lazy\" decoding=\"async\" class=\"\" src=\"https:\/\/www.reiniku.edu.ee\/wp-content\/uploads\/2024\/10\/461702413_1073011511282713_5538372734356642853_n.jpg\" width=\"501\" height=\"392\" \/><\/p>\n<p>07.10.2024<\/p>\n<hr \/>\n<p><strong>Avatud koolis\u00f6\u00f6klate n\u00e4dal. Tulge kooli l\u00f5unale \u2013 Vanemuise 48<\/strong><\/p>\n<p><strong>Toimumise aeg: 07.10-11.10 kell 13.15-14.15<br \/>\n<\/strong>Hind: <strong>2.54<\/strong><br \/>\nL\u00f5una eest saab tasuda kohapeal. Koolitoitlustaja sooviks on Avatud koolis\u00f6\u00f6klate n\u00e4dala raames anda lastevanematele v\u00f5imalus n\u00e4ha ja maitsta toiduvalikut, mida igap\u00e4evaselt lastele pakutakse ning kuidas on \u00fcle\u00fcldiselt korraldatud koolil\u00f5una pakkumine. Lisaks koolitoiduga tutvumisele on see hea v\u00f5imalus keset t\u00f6\u00f6p\u00e4eva soodsalt t\u00e4isv\u00e4\u00e4rtuslikku l\u00f5unas\u00f6\u00f6ki nautida.<\/p>\n<p><span style=\"font-size: 1rem;\">Avatud koolis\u00f6\u00f6klate n\u00e4dala raames pakutakse lastevanematele t\u00e4pselt samasugust toitu nagu igap\u00e4evaselt \u00f5pilastele.<\/span><\/p>\n<p>30.09.2024<\/p>\n<hr \/>\n<p><strong>AASTA P\u00d5HIKOOLI AINE\u00d5PETAJA<\/strong><\/p>\n<p><img loading=\"lazy\" decoding=\"async\" class=\"\" src=\"https:\/\/www.reiniku.edu.ee\/wp-content\/uploads\/2024\/09\/IMG_4808.jpeg\" width=\"421\" height=\"562\" \/><\/p>\n<p>Oleme uhked ja r\u00f5\u00f5msad!<\/p>\n<p>Aasta p\u00f5hikooli aine\u00f5petaja laureaat \u2013 SIRJE VIILEBERG<\/p>\n<p>Palju \u00f5nne!<br \/>\n09.09.2024<\/p>\n<hr \/>\n<p><strong>LOODUSFOTO KONKURSS<\/strong><\/p>\n<p>MRK loodusfoto konkurss &#8220;Loo(dus) foto&#8221; ootab pilte! Mine LOO(dusesse) v\u00f5i leia oma pildivaramust m\u00f5ni \u00e4ge foto Eestis vabas looduses elavast linnust, loomast, taimest, seenest v\u00f5i hoopiski maastikust.<br \/>\nSaada pealkirjastatud (ja saamislooga) foto aadressile mrk.bioloogia@gmail.com.<\/p>\n<p>Osalema ootame k\u00f5iki \u00f5pilasi, vilistlasi, \u00f5petajaid ja lapsevanemaid. Iga osaleja maksimum piltide arv on 3.<\/p>\n<p>Fotode saatmise t\u00e4htaeg 27. oktoober 2024. Nii, et mine LOO(dusesse)!<\/p>\n<p><img loading=\"lazy\" decoding=\"async\" class=\"alignnone wp-image-6917 size-large\" src=\"https:\/\/www.reiniku.edu.ee\/wp-content\/uploads\/2024\/09\/Loodusfotokonkurss_1-724x1024.jpg\" alt=\"\" width=\"625\" height=\"884\" srcset=\"https:\/\/www.reiniku.edu.ee\/wp-content\/uploads\/2024\/09\/Loodusfotokonkurss_1-724x1024.jpg 724w, https:\/\/www.reiniku.edu.ee\/wp-content\/uploads\/2024\/09\/Loodusfotokonkurss_1-212x300.jpg 212w, https:\/\/www.reiniku.edu.ee\/wp-content\/uploads\/2024\/09\/Loodusfotokonkurss_1-768x1086.jpg 768w, https:\/\/www.reiniku.edu.ee\/wp-content\/uploads\/2024\/09\/Loodusfotokonkurss_1-1086x1536.jpg 1086w, https:\/\/www.reiniku.edu.ee\/wp-content\/uploads\/2024\/09\/Loodusfotokonkurss_1-624x882.jpg 624w, https:\/\/www.reiniku.edu.ee\/wp-content\/uploads\/2024\/09\/Loodusfotokonkurss_1.jpg 1287w\" sizes=\"auto, (max-width: 625px) 100vw, 625px\" \/><\/p>\n<p>10.09.2024<\/p>\n<hr \/>\n<p><strong>KOOLIRAHU<\/strong><\/p>\n<p>2. septembril kuulutati ka meie koolis v\u00e4lja koolirahu. Leping sai juhtkonna, \u00f5petajate ja \u00f5pilaste nimel allkirjad.<\/p>\n<p><img loading=\"lazy\" decoding=\"async\" class=\"alignnone size-large wp-image-6876\" src=\"https:\/\/www.reiniku.edu.ee\/wp-content\/uploads\/2024\/09\/scan-1-725x1024.jpg\" alt=\"\" width=\"625\" height=\"883\" srcset=\"https:\/\/www.reiniku.edu.ee\/wp-content\/uploads\/2024\/09\/scan-1-725x1024.jpg 725w, https:\/\/www.reiniku.edu.ee\/wp-content\/uploads\/2024\/09\/scan-1-212x300.jpg 212w, https:\/\/www.reiniku.edu.ee\/wp-content\/uploads\/2024\/09\/scan-1-768x1085.jpg 768w, https:\/\/www.reiniku.edu.ee\/wp-content\/uploads\/2024\/09\/scan-1-1087x1536.jpg 1087w, https:\/\/www.reiniku.edu.ee\/wp-content\/uploads\/2024\/09\/scan-1-1449x2048.jpg 1449w, https:\/\/www.reiniku.edu.ee\/wp-content\/uploads\/2024\/09\/scan-1-624x882.jpg 624w, https:\/\/www.reiniku.edu.ee\/wp-content\/uploads\/2024\/09\/scan-1-scaled.jpg 1812w\" sizes=\"auto, (max-width: 625px) 100vw, 625px\" \/><\/p>\n<p>02.09.2024<\/p>\n<hr \/>\n<p><strong>2024\/2025 \u00d5PPEAASTA\u00a0 AVAAKTUSED<\/strong><\/p>\n<p>Kooliaasta avaaktused toimuvad esmasp\u00e4eval, 2. septembril<\/p>\n<p>kell 11.00 2.-9. klassid staadionil<br \/>\nkell 13.00 1. klassid Riia 25 aulas<\/p>\n<p>Ilusat suvevaheaega!<\/p>\n","protected":false},"excerpt":{"rendered":"<p>2025\/2026 \u00d5PPEAASTA AVAAKTUSED Kooliaasta avaaktused toimuvad esmasp\u00e4eval, 1.septembril kell 11.00 2.-9. klassid staadionil kell 13.00 1. klassid Riia 25 aulas 21.08.2025 \u00d5PIKUTE V\u00c4LJASTAMINE\u00a0 RIIA 25 \u00d5PPEHOONE reede 22.08.2025 9.00 2. a 9.15 2. b 9.30 2. c 9.45 2. d 10.15 3. a 10.40 3. b 11.00 3. c 11.20 3. d 11.40 3. e [&hellip;]<\/p>\n","protected":false},"author":11,"featured_media":0,"parent":0,"menu_order":0,"comment_status":"closed","ping_status":"closed","template":"","meta":{"footnotes":""},"class_list":["post-7663","page","type-page","status-publish","hentry"],"_links":{"self":[{"href":"https:\/\/www.reiniku.edu.ee\/index.php\/wp-json\/wp\/v2\/pages\/7663","targetHints":{"allow":["GET"]}}],"collection":[{"href":"https:\/\/www.reiniku.edu.ee\/index.php\/wp-json\/wp\/v2\/pages"}],"about":[{"href":"https:\/\/www.reiniku.edu.ee\/index.php\/wp-json\/wp\/v2\/types\/page"}],"author":[{"embeddable":true,"href":"https:\/\/www.reiniku.edu.ee\/index.php\/wp-json\/wp\/v2\/users\/11"}],"replies":[{"embeddable":true,"href":"https:\/\/www.reiniku.edu.ee\/index.php\/wp-json\/wp\/v2\/comments?post=7663"}],"version-history":[{"count":9,"href":"https:\/\/www.reiniku.edu.ee\/index.php\/wp-json\/wp\/v2\/pages\/7663\/revisions"}],"predecessor-version":[{"id":7674,"href":"https:\/\/www.reiniku.edu.ee\/index.php\/wp-json\/wp\/v2\/pages\/7663\/revisions\/7674"}],"wp:attachment":[{"href":"https:\/\/www.reiniku.edu.ee\/index.php\/wp-json\/wp\/v2\/media?parent=7663"}],"curies":[{"name":"wp","href":"https:\/\/api.w.org\/{rel}","templated":true}]}}